{"id":10671,"date":"2018-02-14T08:44:39","date_gmt":"2018-02-14T08:44:39","guid":{"rendered":"https:\/\/marianocardenas.com\/en\/trabajos-realizados\/"},"modified":"2021-04-15T11:54:25","modified_gmt":"2021-04-15T11:54:25","slug":"work-done","status":"publish","type":"page","link":"https:\/\/marianocardenas.com\/en\/work-done\/","title":{"rendered":"Work Done"},"content":{"rendered":"[vc_row type=&#8221;full_width_background&#8221; full_screen_row_position=&#8221;middle&#8221; column_margin=&#8221;default&#8221; column_direction=&#8221;default&#8221; column_direction_tablet=&#8221;default&#8221; column_direction_phone=&#8221;default&#8221; scene_position=&#8221;center&#8221; text_color=&#8221;dark&#8221; text_align=&#8221;left&#8221; row_border_radius=&#8221;none&#8221; row_border_radius_applies=&#8221;bg&#8221; overlay_strength=&#8221;0.3&#8243; gradient_direction=&#8221;left_to_right&#8221; shape_divider_position=&#8221;bottom&#8221; bg_image_animation=&#8221;none&#8221; shape_type=&#8221;&#8221;][vc_column column_padding=&#8221;no-extra-padding&#8221; column_padding_tablet=&#8221;inherit&#8221; column_padding_phone=&#8221;inherit&#8221; column_padding_position=&#8221;all&#8221; background_color_opacity=&#8221;1&#8243; background_hover_color_opacity=&#8221;1&#8243; column_shadow=&#8221;none&#8221; column_border_radius=&#8221;none&#8221; column_link_target=&#8221;_self&#8221; gradient_direction=&#8221;left_to_right&#8221; overlay_strength=&#8221;0.3&#8243; width=&#8221;1\/1&#8243; tablet_width_inherit=&#8221;default&#8221; tablet_text_alignment=&#8221;default&#8221; phone_text_alignment=&#8221;default&#8221; column_border_width=&#8221;none&#8221; column_border_style=&#8221;solid&#8221; bg_image_animation=&#8221;none&#8221;][divider line_type=&#8221;No Line&#8221; custom_height=&#8221;90&#8243;][vc_gallery type=&#8221;image_grid&#8221; layout=&#8221;fullwidth&#8221; item_spacing=&#8221;default&#8221; gallery_style=&#8221;7&#8243; load_in_animation=&#8221;none&#8221; img_size=&#8221;full&#8221; el_class=&#8221;hue&#8221;][vc_column_text]\n<p class=\"titleTrealizados\" style=\"text-align: center;\">Cinema<\/p>\n<hr \/>\n[\/vc_column_text][vc_column_text]\r\n\t\r\n\t\t\r\n\t<div class=\"owl-carousel owl-theme owl-loaded owl-drag animated-in\" data-enable-animation=\"true\" data-loop=\"true\" data-animation-delay=\"0\" data-autorotate=\"\" data-autorotation-speed=\"5000\" data-column-padding=\"0\" data-desktop-cols=\"5\" data-desktop-small-cols=\"4\" data-tablet-cols=\"2\" data-mobile-cols=\"1\"><div class=\"owl-stage-outer\"><div class=\"owl-stage\" style=\"transform: translate3d(-1366px, 0px, 0px); transition: all 0s ease 0s; width: 4;\"><div class=\"owl-item active\" style=\"width: 381px !important; opacity: 1; transform: translate(0px, 0px);\"><div class=\"carousel-item\">\r\n            \t\t\t<!--<div class=\"col elastic-portfolio-item element\" data-project-cat=\"\" data-default-color=\"true\" data-title-color=\"\" data-subtitle-color=\"\" style=\"width: 381px; position: relative!important; left: 0px; top: 0px\r\n\t\t\t\t\t\t\t<div class=\"inner-wrap\" data-animation=\"none\">-->\r\n\r\n\t\t\t\t\t\t\t\r\n\t\t\t\t\t\t\t\t\t\t\t\t\t\t\r\n\t\t\t\t\t\t\t<div class=\"work-item style-2 fade\">\r\n\t\t\t\t\t\t\t\r\n\t\t\t\t\t\t\t\t<img loading=\"lazy\" decoding=\"async\" width=\"270\" height=\"480\" src=\"https:\/\/marianocardenas.com\/wp-content\/uploads\/2023\/03\/Mari_dos-119061049-large.jpg\" class=\"skip-lazy attachment-full imgfadeIn\" alt=\"\" loading=\"lazy\" srcset=\"https:\/\/marianocardenas.com\/wp-content\/uploads\/2023\/03\/Mari_dos-119061049-large.jpg 380w, https:\/\/marianocardenas.com\/wp-content\/uploads\/2023\/03\/Mari_dos-119061049-large.jpg 142w\" sizes=\"auto, (max-width: 380px) 100vw, 380px\">\t\t\t\r\n\t\t\t\t\t\t\t\t<span class=\"estreno2\">2022<\/span>\r\n\t\t\t\t\t\t\t\t<div class=\"work-info-bg\"><\/div>\r\n\t\t\t\t\t\t\t\t<div class=\"work-info\"> \r\n\t\t\t\t\t\t\t\t\t\t<a href=\"https:\/\/marianocardenas.com\/wp-content\/uploads\/2023\/03\/Mari_dos-119061049-large.jpg\" class=\"gallery magnific\"><\/a><div class=\"infoS2\"><span class=\"tipe\">Cine<\/span><br>\r\n\t\t\t\t\t\t\t\t\t\t\t<span class=\"title\">Maridos<\/span><br>\r\n\t\t\t\t\t\t\t\t\t\t\t<span class=\"estreno\">2022<\/span><br>\r\n\t\t\t\t\t\t\t\t\t\t\t<span class=\"sinopsis\">Dirigida por Luc\u00eda Alemany<\/span><\/div><div class=\"vert-center\">\r\n\t\t\t\t\t\t\t\t\t<\/div><!--\/vert-center-->\r\n\t\t\t\t\t\t\t\t<\/div>\r\n\t\t\t\t\t\t\t<\/div><!--work-item<\/div><\/div>-->\r\n\t\t\t\t\t\t<\/div><\/div><div class=\"owl-item active\" style=\"width: 381px !important; opacity: 1; transform: translate(0px, 0px);\"><div class=\"carousel-item\">\r\n            \t\t\t<!--<div class=\"col elastic-portfolio-item element\" data-project-cat=\"\" data-default-color=\"true\" data-title-color=\"\" data-subtitle-color=\"\" style=\"width: 381px; position: relative!important; left: 0px; top: 0px\r\n\t\t\t\t\t\t\t<div class=\"inner-wrap\" data-animation=\"none\">-->\r\n\r\n\t\t\t\t\t\t\t\r\n\t\t\t\t\t\t\t\t\t\t\t\t\t\t\r\n\t\t\t\t\t\t\t<div class=\"work-item style-2 fade\">\r\n\t\t\t\t\t\t\t\r\n\t\t\t\t\t\t\t\t<img loading=\"lazy\" decoding=\"async\" width=\"270\" height=\"480\" src=\"https:\/\/marianocardenas.com\/wp-content\/uploads\/2023\/03\/CAMPEONEX-2.jpg\" class=\"skip-lazy attachment-full imgfadeIn\" alt=\"\" loading=\"lazy\" srcset=\"https:\/\/marianocardenas.com\/wp-content\/uploads\/2023\/03\/CAMPEONEX-2.jpg 380w, https:\/\/marianocardenas.com\/wp-content\/uploads\/2023\/03\/CAMPEONEX-2.jpg 142w\" sizes=\"auto, (max-width: 380px) 100vw, 380px\">\t\t\t\r\n\t\t\t\t\t\t\t\t<span class=\"estreno2\">2022<\/span>\r\n\t\t\t\t\t\t\t\t<div class=\"work-info-bg\"><\/div>\r\n\t\t\t\t\t\t\t\t<div class=\"work-info\"> \r\n\t\t\t\t\t\t\t\t\t\t<a href=\"https:\/\/marianocardenas.com\/wp-content\/uploads\/2023\/03\/CAMPEONEX-2.jpg\" class=\"gallery magnific\"><\/a><div class=\"infoS2\"><span class=\"tipe\">Cine<\/span><br>\r\n\t\t\t\t\t\t\t\t\t\t\t<span class=\"title\">Campeones 2<\/span><br>\r\n\t\t\t\t\t\t\t\t\t\t\t<span class=\"estreno\">2022<\/span><br>\r\n\t\t\t\t\t\t\t\t\t\t\t<span class=\"sinopsis\">Dirigida por Javier Fesser<\/span><\/div><div class=\"vert-center\">\r\n\t\t\t\t\t\t\t\t\t<\/div><!--\/vert-center-->\r\n\t\t\t\t\t\t\t\t<\/div>\r\n\t\t\t\t\t\t\t<\/div><!--work-item<\/div><\/div>-->\r\n\t\t\t\t\t\t<\/div><\/div><div class=\"owl-item active\" style=\"width: 381px !important; opacity: 1; transform: translate(0px, 0px);\"><div class=\"carousel-item\">\r\n            \t\t\t<!--<div class=\"col elastic-portfolio-item element\" data-project-cat=\"\" data-default-color=\"true\" data-title-color=\"\" data-subtitle-color=\"\" style=\"width: 381px; position: relative!important; left: 0px; top: 0px\r\n\t\t\t\t\t\t\t<div class=\"inner-wrap\" data-animation=\"none\">-->\r\n\r\n\t\t\t\t\t\t\t\r\n\t\t\t\t\t\t\t\t\t\t\t\t\t\t\r\n\t\t\t\t\t\t\t<div class=\"work-item style-2 fade\">\r\n\t\t\t\t\t\t\t\r\n\t\t\t\t\t\t\t\t<img loading=\"lazy\" decoding=\"async\" width=\"270\" height=\"480\" src=\"https:\/\/marianocardenas.com\/wp-content\/uploads\/2023\/03\/mi-otro-jon.jpg\" class=\"skip-lazy attachment-full imgfadeIn\" alt=\"\" loading=\"lazy\" srcset=\"https:\/\/marianocardenas.com\/wp-content\/uploads\/2023\/03\/mi-otro-jon.jpg 380w, https:\/\/marianocardenas.com\/wp-content\/uploads\/2023\/03\/mi-otro-jon.jpg 142w\" sizes=\"auto, (max-width: 380px) 100vw, 380px\">\t\t\t\r\n\t\t\t\t\t\t\t\t<span class=\"estreno2\">2022<\/span>\r\n\t\t\t\t\t\t\t\t<div class=\"work-info-bg\"><\/div>\r\n\t\t\t\t\t\t\t\t<div class=\"work-info\"> \r\n\t\t\t\t\t\t\t\t\t\t<a href=\"https:\/\/marianocardenas.com\/wp-content\/uploads\/2023\/03\/mi-otro-jon.jpg\" class=\"gallery magnific\"><\/a><div class=\"infoS2\"><span class=\"tipe\">Cine<\/span><br>\r\n\t\t\t\t\t\t\t\t\t\t\t<span class=\"title\">Mi otro Jon<\/span><br>\r\n\t\t\t\t\t\t\t\t\t\t\t<span class=\"estreno\">2022<\/span><br>\r\n\t\t\t\t\t\t\t\t\t\t\t<span class=\"sinopsis\">Dirigida por Paco Arango<\/span><\/div><div class=\"vert-center\">\r\n\t\t\t\t\t\t\t\t\t<\/div><!--\/vert-center-->\r\n\t\t\t\t\t\t\t\t<\/div>\r\n\t\t\t\t\t\t\t<\/div><!--work-item<\/div><\/div>-->\r\n\t\t\t\t\t\t<\/div><\/div><div class=\"owl-item active\" style=\"width: 381px !important; opacity: 1; transform: translate(0px, 0px);\"><div class=\"carousel-item\">\r\n            \t\t\t<!--<div class=\"col elastic-portfolio-item element\" data-project-cat=\"\" data-default-color=\"true\" data-title-color=\"\" data-subtitle-color=\"\" style=\"width: 381px; position: relative!important; left: 0px; top: 0px\r\n\t\t\t\t\t\t\t<div class=\"inner-wrap\" data-animation=\"none\">-->\r\n\r\n\t\t\t\t\t\t\t\r\n\t\t\t\t\t\t\t\t\t\t\t\t\t\t\r\n\t\t\t\t\t\t\t<div class=\"work-item style-2 fade\">\r\n\t\t\t\t\t\t\t\r\n\t\t\t\t\t\t\t\t<img loading=\"lazy\" decoding=\"async\" width=\"270\" height=\"480\" src=\"https:\/\/marianocardenas.com\/wp-content\/uploads\/2022\/01\/La_piel_del_tambor.jpg\" class=\"skip-lazy attachment-full imgfadeIn\" alt=\"\" loading=\"lazy\" srcset=\"https:\/\/marianocardenas.com\/wp-content\/uploads\/2022\/01\/La_piel_del_tambor.jpg 380w, https:\/\/marianocardenas.com\/wp-content\/uploads\/2022\/01\/La_piel_del_tambor.jpg 142w\" sizes=\"auto, (max-width: 380px) 100vw, 380px\">\t\t\t\r\n\t\t\t\t\t\t\t\t<span class=\"estreno2\">2022<\/span>\r\n\t\t\t\t\t\t\t\t<div class=\"work-info-bg\"><\/div>\r\n\t\t\t\t\t\t\t\t<div class=\"work-info\"> \r\n\t\t\t\t\t\t\t\t\t\t<a href=\"https:\/\/marianocardenas.com\/wp-content\/uploads\/2022\/01\/La_piel_del_tambor.jpg\" class=\"gallery magnific\"><\/a><div class=\"infoS2\"><span class=\"tipe\">Cine<\/span><br>\r\n\t\t\t\t\t\t\t\t\t\t\t<span class=\"title\">La piel del tambor<\/span><br>\r\n\t\t\t\t\t\t\t\t\t\t\t<span class=\"estreno\">2022<\/span><br>\r\n\t\t\t\t\t\t\t\t\t\t\t<span class=\"sinopsis\">Dirigida por Sergio Dow<\/span><\/div><div class=\"vert-center\">\r\n\t\t\t\t\t\t\t\t\t<\/div><!--\/vert-center-->\r\n\t\t\t\t\t\t\t\t<\/div>\r\n\t\t\t\t\t\t\t<\/div><!--work-item<\/div><\/div>-->\r\n\t\t\t\t\t\t<\/div><\/div><div class=\"owl-item active\" style=\"width: 381px !important; opacity: 1; transform: translate(0px, 0px);\"><div class=\"carousel-item\">\r\n            \t\t\t<!--<div class=\"col elastic-portfolio-item element\" data-project-cat=\"\" data-default-color=\"true\" data-title-color=\"\" data-subtitle-color=\"\" style=\"width: 381px; position: relative!important; left: 0px; top: 0px\r\n\t\t\t\t\t\t\t<div class=\"inner-wrap\" data-animation=\"none\">-->\r\n\r\n\t\t\t\t\t\t\t\r\n\t\t\t\t\t\t\t\t\t\t\t\t\t\t\r\n\t\t\t\t\t\t\t<div class=\"work-item style-2 fade\">\r\n\t\t\t\t\t\t\t\r\n\t\t\t\t\t\t\t\t<img loading=\"lazy\" decoding=\"async\" width=\"270\" height=\"480\" src=\"https:\/\/marianocardenas.com\/wp-content\/uploads\/2022\/01\/RAINBOW.jpg\" class=\"skip-lazy attachment-full imgfadeIn\" alt=\"\" loading=\"lazy\" srcset=\"https:\/\/marianocardenas.com\/wp-content\/uploads\/2022\/01\/RAINBOW.jpg 380w, https:\/\/marianocardenas.com\/wp-content\/uploads\/2022\/01\/RAINBOW.jpg 142w\" sizes=\"auto, (max-width: 380px) 100vw, 380px\">\t\t\t\r\n\t\t\t\t\t\t\t\t<span class=\"estreno2\">2022<\/span>\r\n\t\t\t\t\t\t\t\t<div class=\"work-info-bg\"><\/div>\r\n\t\t\t\t\t\t\t\t<div class=\"work-info\"> \r\n\t\t\t\t\t\t\t\t\t\t<a href=\"https:\/\/marianocardenas.com\/wp-content\/uploads\/2022\/01\/RAINBOW.jpg\" class=\"gallery magnific\"><\/a><div class=\"infoS2\"><span class=\"tipe\">Cine<\/span><br>\r\n\t\t\t\t\t\t\t\t\t\t\t<span class=\"title\">Rainbow<\/span><br>\r\n\t\t\t\t\t\t\t\t\t\t\t<span class=\"estreno\">2022<\/span><br>\r\n\t\t\t\t\t\t\t\t\t\t\t<span class=\"sinopsis\">Dirigida por Paco Le\u00f3n<\/span><\/div><div class=\"vert-center\">\r\n\t\t\t\t\t\t\t\t\t<\/div><!--\/vert-center-->\r\n\t\t\t\t\t\t\t\t<\/div>\r\n\t\t\t\t\t\t\t<\/div><!--work-item<\/div><\/div>-->\r\n\t\t\t\t\t\t<\/div><\/div><div class=\"owl-item active\" style=\"width: 381px !important; opacity: 1; transform: translate(0px, 0px);\"><div class=\"carousel-item\">\r\n            \t\t\t<!--<div class=\"col elastic-portfolio-item element\" data-project-cat=\"\" data-default-color=\"true\" data-title-color=\"\" data-subtitle-color=\"\" style=\"width: 381px; position: relative!important; left: 0px; top: 0px\r\n\t\t\t\t\t\t\t<div class=\"inner-wrap\" data-animation=\"none\">-->\r\n\r\n\t\t\t\t\t\t\t\r\n\t\t\t\t\t\t\t\t\t\t\t\t\t\t\r\n\t\t\t\t\t\t\t<div class=\"work-item style-2 fade\">\r\n\t\t\t\t\t\t\t\r\n\t\t\t\t\t\t\t\t<img loading=\"lazy\" decoding=\"async\" width=\"270\" height=\"480\" src=\"https:\/\/marianocardenas.com\/wp-content\/uploads\/2022\/01\/MODELO-77.jpg\" class=\"skip-lazy attachment-full imgfadeIn\" alt=\"\" loading=\"lazy\" srcset=\"https:\/\/marianocardenas.com\/wp-content\/uploads\/2022\/01\/MODELO-77.jpg 380w, https:\/\/marianocardenas.com\/wp-content\/uploads\/2022\/01\/MODELO-77.jpg 142w\" sizes=\"auto, (max-width: 380px) 100vw, 380px\">\t\t\t\r\n\t\t\t\t\t\t\t\t<span class=\"estreno2\">2022<\/span>\r\n\t\t\t\t\t\t\t\t<div class=\"work-info-bg\"><\/div>\r\n\t\t\t\t\t\t\t\t<div class=\"work-info\"> \r\n\t\t\t\t\t\t\t\t\t\t<a href=\"https:\/\/marianocardenas.com\/wp-content\/uploads\/2022\/01\/MODELO-77.jpg\" class=\"gallery magnific\"><\/a><div class=\"infoS2\"><span class=\"tipe\">Cine<\/span><br>\r\n\t\t\t\t\t\t\t\t\t\t\t<span class=\"title\">Modelo 77<\/span><br>\r\n\t\t\t\t\t\t\t\t\t\t\t<span class=\"estreno\">2022<\/span><br>\r\n\t\t\t\t\t\t\t\t\t\t\t<span class=\"sinopsis\">Dirigida por Alberto Rodriguez<\/span><\/div><div class=\"vert-center\">\r\n\t\t\t\t\t\t\t\t\t<\/div><!--\/vert-center-->\r\n\t\t\t\t\t\t\t\t<\/div>\r\n\t\t\t\t\t\t\t<\/div><!--work-item<\/div><\/div>-->\r\n\t\t\t\t\t\t<\/div><\/div><div class=\"owl-item active\" style=\"width: 381px !important; opacity: 1; transform: translate(0px, 0px);\"><div class=\"carousel-item\">\r\n            \t\t\t<!--<div class=\"col elastic-portfolio-item element\" data-project-cat=\"\" data-default-color=\"true\" data-title-color=\"\" data-subtitle-color=\"\" style=\"width: 381px; position: relative!important; left: 0px; top: 0px\r\n\t\t\t\t\t\t\t<div class=\"inner-wrap\" data-animation=\"none\">-->\r\n\r\n\t\t\t\t\t\t\t\r\n\t\t\t\t\t\t\t\t\t\t\t\t\t\t\r\n\t\t\t\t\t\t\t<div class=\"work-item style-2 fade\">\r\n\t\t\t\t\t\t\t\r\n\t\t\t\t\t\t\t\t<img loading=\"lazy\" decoding=\"async\" width=\"270\" height=\"480\" src=\"https:\/\/marianocardenas.com\/wp-content\/uploads\/2022\/01\/ALEGRIA.jpg\" class=\"skip-lazy attachment-full imgfadeIn\" alt=\"\" loading=\"lazy\" srcset=\"https:\/\/marianocardenas.com\/wp-content\/uploads\/2022\/01\/ALEGRIA.jpg 380w, https:\/\/marianocardenas.com\/wp-content\/uploads\/2022\/01\/ALEGRIA.jpg 142w\" sizes=\"auto, (max-width: 380px) 100vw, 380px\">\t\t\t\r\n\t\t\t\t\t\t\t\t<span class=\"estreno2\">2021<\/span>\r\n\t\t\t\t\t\t\t\t<div class=\"work-info-bg\"><\/div>\r\n\t\t\t\t\t\t\t\t<div class=\"work-info\"> \r\n\t\t\t\t\t\t\t\t\t\t<a href=\"https:\/\/marianocardenas.com\/wp-content\/uploads\/2022\/01\/ALEGRIA.jpg\" class=\"gallery magnific\"><\/a><a href=\"https:\/\/www.youtube.com\/watch?v=bjl6ocePXuE&ab_channel=StyleFeelFree.SFFmagazine\" data-style=\"default\" data-parent-hover=\"\" data-font-style=\"p\" data-color=\"default\" class=\"play_button_2 large nectar_video_lightbox magnific-popup homve3s\"><span><span class=\"play homev\"><span class=\"inner-wrap\"><svg version=\"1.1\" xmlns=\"http:\/\/www.w3.org\/2000\/svg\" xmlns:xlink=\"http:\/\/www.w3.org\/1999\/xlink\" width=\"600px\" height=\"800px\" x=\"0px\" y=\"0px\" viewBox=\"0 0 600 800\" enable-background=\"new 0 0 600 800\" xml:space=\"preserve\"><path fill=\"none\" d=\"M0-1.79v800L600,395L0-1.79z\"><\/path> <\/svg><\/span><\/span><\/span><\/a><div class=\"infoS2\"><span class=\"tipe\">Cine<\/span><a href=\"https:\/\/www.youtube.com\/watch?v=bjl6ocePXuE&ab_channel=StyleFeelFree.SFFmagazine\" data-style=\"default\" data-parent-hover=\"\" data-font-style=\"p\" data-color=\"default\" class=\"play_button_2 large nectar_video_lightbox magnific-popup homve3s\"><span style=\"color:white; float:right; margin-top: -5%;\"><i class=\"fa fa-play\"><\/i><\/span><\/a><br>\r\n\t\t\t\t\t\t\t\t\t\t\t<span class=\"title\">Alegr\u00eda<\/span><br>\r\n\t\t\t\t\t\t\t\t\t\t\t<span class=\"estreno\">2021<\/span><br>\r\n\t\t\t\t\t\t\t\t\t\t\t<span class=\"sinopsis\">Dirigida por Violeta Salama<\/span><\/div><div class=\"vert-center\">\r\n\t\t\t\t\t\t\t\t\t<\/div><!--\/vert-center-->\r\n\t\t\t\t\t\t\t\t<\/div>\r\n\t\t\t\t\t\t\t<\/div><!--work-item<\/div><\/div>-->\r\n\t\t\t\t\t\t<\/div><\/div><div class=\"owl-item active\" style=\"width: 381px !important; opacity: 1; transform: translate(0px, 0px);\"><div class=\"carousel-item\">\r\n            \t\t\t<!--<div class=\"col elastic-portfolio-item element\" data-project-cat=\"\" data-default-color=\"true\" data-title-color=\"\" data-subtitle-color=\"\" style=\"width: 381px; position: relative!important; left: 0px; top: 0px\r\n\t\t\t\t\t\t\t<div class=\"inner-wrap\" data-animation=\"none\">-->\r\n\r\n\t\t\t\t\t\t\t\r\n\t\t\t\t\t\t\t\t\t\t\t\t\t\t\r\n\t\t\t\t\t\t\t<div class=\"work-item style-2 fade\">\r\n\t\t\t\t\t\t\t\r\n\t\t\t\t\t\t\t\t<img loading=\"lazy\" decoding=\"async\" width=\"270\" height=\"480\" src=\"https:\/\/marianocardenas.com\/wp-content\/uploads\/2021\/03\/adios-128649700-mmed.jpg\" class=\"skip-lazy attachment-full imgfadeIn\" alt=\"\" loading=\"lazy\" srcset=\"https:\/\/marianocardenas.com\/wp-content\/uploads\/2021\/03\/adios-128649700-mmed.jpg 380w, https:\/\/marianocardenas.com\/wp-content\/uploads\/2021\/03\/adios-128649700-mmed.jpg 142w\" sizes=\"auto, (max-width: 380px) 100vw, 380px\">\t\t\t\r\n\t\t\t\t\t\t\t\t<span class=\"estreno2\">2019<\/span>\r\n\t\t\t\t\t\t\t\t<div class=\"work-info-bg\"><\/div>\r\n\t\t\t\t\t\t\t\t<div class=\"work-info\"> \r\n\t\t\t\t\t\t\t\t\t\t<a href=\"https:\/\/marianocardenas.com\/wp-content\/uploads\/2021\/03\/adios-128649700-mmed.jpg\" class=\"gallery magnific\"><\/a><div class=\"infoS2\"><span class=\"tipe\">Cine<\/span><br>\r\n\t\t\t\t\t\t\t\t\t\t\t<span class=\"title\">Adios<\/span><br>\r\n\t\t\t\t\t\t\t\t\t\t\t<span class=\"estreno\">2019<\/span><br>\r\n\t\t\t\t\t\t\t\t\t\t\t<span class=\"sinopsis\">Juan, preso en tercer grado y padre de familia, logra un permiso para asistir a la comuni\u00f3n de su hija en Sevilla. Pero la muerte accidental de la ni\u00f1a destapa todo un entramado de corrupci\u00f3n policial y narcotr\u00e1fico, y el caso acabo en manos de una inspectora testaruda, que lidiar\u00e1 con la polic\u00eda y\u00a0\u00a0con el padre de la peque\u00f1a.<\/span><\/div><div class=\"vert-center\">\r\n\t\t\t\t\t\t\t\t\t<\/div><!--\/vert-center-->\r\n\t\t\t\t\t\t\t\t<\/div>\r\n\t\t\t\t\t\t\t<\/div><!--work-item<\/div><\/div>-->\r\n\t\t\t\t\t\t<\/div><\/div><div class=\"owl-item active\" style=\"width: 381px !important; opacity: 1; transform: translate(0px, 0px);\"><div class=\"carousel-item\">\r\n            \t\t\t<!--<div class=\"col elastic-portfolio-item element\" data-project-cat=\"\" data-default-color=\"true\" data-title-color=\"\" data-subtitle-color=\"\" style=\"width: 381px; position: relative!important; left: 0px; top: 0px\r\n\t\t\t\t\t\t\t<div class=\"inner-wrap\" data-animation=\"none\">-->\r\n\r\n\t\t\t\t\t\t\t\r\n\t\t\t\t\t\t\t\t\t\t\t\t\t\t\r\n\t\t\t\t\t\t\t<div class=\"work-item style-2 fade\">\r\n\t\t\t\t\t\t\t\r\n\t\t\t\t\t\t\t\t<img loading=\"lazy\" decoding=\"async\" width=\"270\" height=\"480\" src=\"https:\/\/marianocardenas.com\/wp-content\/uploads\/2021\/03\/adu-379791268-mmed.jpg\" class=\"skip-lazy attachment-full imgfadeIn\" alt=\"\" loading=\"lazy\" srcset=\"https:\/\/marianocardenas.com\/wp-content\/uploads\/2021\/03\/adu-379791268-mmed.jpg 380w, https:\/\/marianocardenas.com\/wp-content\/uploads\/2021\/03\/adu-379791268-mmed.jpg 142w\" sizes=\"auto, (max-width: 380px) 100vw, 380px\">\t\t\t\r\n\t\t\t\t\t\t\t\t<span class=\"estreno2\">2019<\/span>\r\n\t\t\t\t\t\t\t\t<div class=\"work-info-bg\"><\/div>\r\n\t\t\t\t\t\t\t\t<div class=\"work-info\"> \r\n\t\t\t\t\t\t\t\t\t\t<a href=\"https:\/\/marianocardenas.com\/wp-content\/uploads\/2021\/03\/adu-379791268-mmed.jpg\" class=\"gallery magnific\"><\/a><div class=\"infoS2\"><span class=\"tipe\">Cine<\/span><br>\r\n\t\t\t\t\t\t\t\t\t\t\t<span class=\"title\">Ad\u00fa<\/span><br>\r\n\t\t\t\t\t\t\t\t\t\t\t<span class=\"estreno\">2019<\/span><br>\r\n\t\t\t\t\t\t\t\t\t\t\t<span class=\"sinopsis\">En un intento desesperado por alcanzar Europa, un ni\u00f1o de seis a\u00f1os y su hermana mayor esperan para colarse en las bodegas de un avi\u00f3n en Camer\u00fan. No demasiado lejos, un activista medioambiental tiene que luchar contra la caza furtiva al encontrar un elefante, muerto y sin colmillos.<\/span><\/div><div class=\"vert-center\">\r\n\t\t\t\t\t\t\t\t\t<\/div><!--\/vert-center-->\r\n\t\t\t\t\t\t\t\t<\/div>\r\n\t\t\t\t\t\t\t<\/div><!--work-item<\/div><\/div>-->\r\n\t\t\t\t\t\t<\/div><\/div><div class=\"owl-item active\" style=\"width: 381px !important; opacity: 1; transform: translate(0px, 0px);\"><div class=\"carousel-item\">\r\n            \t\t\t<!--<div class=\"col elastic-portfolio-item element\" data-project-cat=\"\" data-default-color=\"true\" data-title-color=\"\" data-subtitle-color=\"\" style=\"width: 381px; position: relative!important; left: 0px; top: 0px\r\n\t\t\t\t\t\t\t<div class=\"inner-wrap\" data-animation=\"none\">-->\r\n\r\n\t\t\t\t\t\t\t\r\n\t\t\t\t\t\t\t\t\t\t\t\t\t\t\r\n\t\t\t\t\t\t\t<div class=\"work-item style-2 fade\">\r\n\t\t\t\t\t\t\t\r\n\t\t\t\t\t\t\t\t<img loading=\"lazy\" decoding=\"async\" width=\"270\" height=\"480\" src=\"https:\/\/marianocardenas.com\/wp-content\/uploads\/2021\/03\/Operaci_n_Camar_n-480089729-large.jpg\" class=\"skip-lazy attachment-full imgfadeIn\" alt=\"\" loading=\"lazy\" srcset=\"https:\/\/marianocardenas.com\/wp-content\/uploads\/2021\/03\/Operaci_n_Camar_n-480089729-large.jpg 380w, https:\/\/marianocardenas.com\/wp-content\/uploads\/2021\/03\/Operaci_n_Camar_n-480089729-large.jpg 142w\" sizes=\"auto, (max-width: 380px) 100vw, 380px\">\t\t\t\r\n\t\t\t\t\t\t\t\t<span class=\"estreno2\">2019<\/span>\r\n\t\t\t\t\t\t\t\t<div class=\"work-info-bg\"><\/div>\r\n\t\t\t\t\t\t\t\t<div class=\"work-info\"> \r\n\t\t\t\t\t\t\t\t\t\t<a href=\"https:\/\/marianocardenas.com\/wp-content\/uploads\/2021\/03\/Operaci_n_Camar_n-480089729-large.jpg\" class=\"gallery magnific\"><\/a><a href=\"https:\/\/www.youtube.com\/watch?v=mYV-dkkANtg\" data-style=\"default\" data-parent-hover=\"\" data-font-style=\"p\" data-color=\"default\" class=\"play_button_2 large nectar_video_lightbox magnific-popup homve3s\"><span><span class=\"play homev\"><span class=\"inner-wrap\"><svg version=\"1.1\" xmlns=\"http:\/\/www.w3.org\/2000\/svg\" xmlns:xlink=\"http:\/\/www.w3.org\/1999\/xlink\" width=\"600px\" height=\"800px\" x=\"0px\" y=\"0px\" viewBox=\"0 0 600 800\" enable-background=\"new 0 0 600 800\" xml:space=\"preserve\"><path fill=\"none\" d=\"M0-1.79v800L600,395L0-1.79z\"><\/path> <\/svg><\/span><\/span><\/span><\/a><div class=\"infoS2\"><span class=\"tipe\">Cine<\/span><a href=\"https:\/\/www.youtube.com\/watch?v=mYV-dkkANtg\" data-style=\"default\" data-parent-hover=\"\" data-font-style=\"p\" data-color=\"default\" class=\"play_button_2 large nectar_video_lightbox magnific-popup homve3s\"><span style=\"color:white; float:right; margin-top: -5%;\"><i class=\"fa fa-play\"><\/i><\/span><\/a><br>\r\n\t\t\t\t\t\t\t\t\t\t\t<span class=\"title\">Operaci\u00f3n Camar\u00f3n<\/span><br>\r\n\t\t\t\t\t\t\t\t\t\t\t<span class=\"estreno\">2019<\/span><br>\r\n\t\t\t\t\t\t\t\t\t\t\t<span class=\"sinopsis\">Sebas, un polic\u00eda novato y con aspecto de pringado, es elegido para una peligrosa misi\u00f3n: se tendr\u00e1 que infiltrar como teclista en \"Los Lolos\" una agrupaci\u00f3n de flamenco-trap que va a tocar en la boda de la hija de un traficante local.<\/span><\/div><div class=\"vert-center\">\r\n\t\t\t\t\t\t\t\t\t<\/div><!--\/vert-center-->\r\n\t\t\t\t\t\t\t\t<\/div>\r\n\t\t\t\t\t\t\t<\/div><!--work-item<\/div><\/div>-->\r\n\t\t\t\t\t\t<\/div><\/div><div class=\"owl-item active\" style=\"width: 381px !important; opacity: 1; transform: translate(0px, 0px);\"><div class=\"carousel-item\">\r\n            \t\t\t<!--<div class=\"col elastic-portfolio-item element\" data-project-cat=\"\" data-default-color=\"true\" data-title-color=\"\" data-subtitle-color=\"\" style=\"width: 381px; position: relative!important; left: 0px; top: 0px\r\n\t\t\t\t\t\t\t<div class=\"inner-wrap\" data-animation=\"none\">-->\r\n\r\n\t\t\t\t\t\t\t\r\n\t\t\t\t\t\t\t\t\t\t\t\t\t\t\r\n\t\t\t\t\t\t\t<div class=\"work-item style-2 fade\">\r\n\t\t\t\t\t\t\t\r\n\t\t\t\t\t\t\t\t<img loading=\"lazy\" decoding=\"async\" width=\"270\" height=\"480\" src=\"https:\/\/marianocardenas.com\/wp-content\/uploads\/2020\/01\/ORIGENES-SECRETOS-1.jpg\" class=\"skip-lazy attachment-full imgfadeIn\" alt=\"\" loading=\"lazy\" srcset=\"https:\/\/marianocardenas.com\/wp-content\/uploads\/2020\/01\/ORIGENES-SECRETOS-1.jpg 380w, https:\/\/marianocardenas.com\/wp-content\/uploads\/2020\/01\/ORIGENES-SECRETOS-1.jpg 142w\" sizes=\"auto, (max-width: 380px) 100vw, 380px\">\t\t\t\r\n\t\t\t\t\t\t\t\t<span class=\"estreno2\">2019<\/span>\r\n\t\t\t\t\t\t\t\t<div class=\"work-info-bg\"><\/div>\r\n\t\t\t\t\t\t\t\t<div class=\"work-info\"> \r\n\t\t\t\t\t\t\t\t\t\t<a href=\"https:\/\/marianocardenas.com\/wp-content\/uploads\/2020\/01\/ORIGENES-SECRETOS-1.jpg\" class=\"gallery magnific\"><\/a><div class=\"infoS2\"><span class=\"tipe\">Cine<\/span><br>\r\n\t\t\t\t\t\t\t\t\t\t\t<span class=\"title\">Or\u00edgenes Secretos<\/span><br>\r\n\t\t\t\t\t\t\t\t\t\t\t<span class=\"estreno\">2019<\/span><br>\r\n\t\t\t\t\t\t\t\t\t\t\t<span class=\"sinopsis\">Madrid 2019. Un asesino en serie est\u00e1 sembrando el caos. Personas an\u00f3nimas y sin conexi\u00f3n est\u00e1n siendo asesinadas imitando las primeras apariciones de los s\u00faper h\u00e9roes m\u00e1s conocidos. Cosme es el mejor detective de su comisar\u00eda y est\u00e1 a punto de jubilarse contra su voluntad.<\/span><\/div><div class=\"vert-center\">\r\n\t\t\t\t\t\t\t\t\t<\/div><!--\/vert-center-->\r\n\t\t\t\t\t\t\t\t<\/div>\r\n\t\t\t\t\t\t\t<\/div><!--work-item<\/div><\/div>-->\r\n\t\t\t\t\t\t<\/div><\/div><div class=\"owl-item active\" style=\"width: 381px !important; opacity: 1; transform: translate(0px, 0px);\"><div class=\"carousel-item\">\r\n            \t\t\t<!--<div class=\"col elastic-portfolio-item element\" data-project-cat=\"\" data-default-color=\"true\" data-title-color=\"\" data-subtitle-color=\"\" style=\"width: 381px; position: relative!important; left: 0px; top: 0px\r\n\t\t\t\t\t\t\t<div class=\"inner-wrap\" data-animation=\"none\">-->\r\n\r\n\t\t\t\t\t\t\t\r\n\t\t\t\t\t\t\t\t\t\t\t\t\t\t\r\n\t\t\t\t\t\t\t<div class=\"work-item style-2 fade\">\r\n\t\t\t\t\t\t\t\r\n\t\t\t\t\t\t\t\t<img loading=\"lazy\" decoding=\"async\" width=\"270\" height=\"480\" src=\"https:\/\/marianocardenas.com\/wp-content\/uploads\/2020\/01\/HISTORIAS-LAMENTABLES.jpg\" class=\"skip-lazy attachment-full imgfadeIn\" alt=\"\" loading=\"lazy\" srcset=\"https:\/\/marianocardenas.com\/wp-content\/uploads\/2020\/01\/HISTORIAS-LAMENTABLES.jpg 380w, https:\/\/marianocardenas.com\/wp-content\/uploads\/2020\/01\/HISTORIAS-LAMENTABLES.jpg 142w\" sizes=\"auto, (max-width: 380px) 100vw, 380px\">\t\t\t\r\n\t\t\t\t\t\t\t\t<span class=\"estreno2\">2019<\/span>\r\n\t\t\t\t\t\t\t\t<div class=\"work-info-bg\"><\/div>\r\n\t\t\t\t\t\t\t\t<div class=\"work-info\"> \r\n\t\t\t\t\t\t\t\t\t\t<a href=\"https:\/\/marianocardenas.com\/wp-content\/uploads\/2020\/01\/HISTORIAS-LAMENTABLES.jpg\" class=\"gallery magnific\"><\/a><div class=\"infoS2\"><span class=\"tipe\">Cine<\/span><br>\r\n\t\t\t\t\t\t\t\t\t\t\t<span class=\"title\">Historias Lamentables<\/span><br>\r\n\t\t\t\t\t\t\t\t\t\t\t<span class=\"estreno\">2019<\/span><br>\r\n\t\t\t\t\t\t\t\t\t\t\t<span class=\"sinopsis\">Un largometraje dividido en cuatro tramas independientes, en clave de humor.<\/span><\/div><div class=\"vert-center\">\r\n\t\t\t\t\t\t\t\t\t<\/div><!--\/vert-center-->\r\n\t\t\t\t\t\t\t\t<\/div>\r\n\t\t\t\t\t\t\t<\/div><!--work-item<\/div><\/div>-->\r\n\t\t\t\t\t\t<\/div><\/div><div class=\"owl-item active\" style=\"width: 381px !important; opacity: 1; transform: translate(0px, 0px);\"><div class=\"carousel-item\">\r\n            \t\t\t<!--<div class=\"col elastic-portfolio-item element\" data-project-cat=\"\" data-default-color=\"true\" data-title-color=\"\" data-subtitle-color=\"\" style=\"width: 381px; position: relative!important; left: 0px; top: 0px\r\n\t\t\t\t\t\t\t<div class=\"inner-wrap\" data-animation=\"none\">-->\r\n\r\n\t\t\t\t\t\t\t\r\n\t\t\t\t\t\t\t\t\t\t\t\t\t\t\r\n\t\t\t\t\t\t\t<div class=\"work-item style-2 fade\">\r\n\t\t\t\t\t\t\t\r\n\t\t\t\t\t\t\t\t<img loading=\"lazy\" decoding=\"async\" width=\"270\" height=\"480\" src=\"https:\/\/marianocardenas.com\/wp-content\/uploads\/2021\/03\/si_yo_fuera_rico-966978641-mmed.jpg\" class=\"skip-lazy attachment-full imgfadeIn\" alt=\"\" loading=\"lazy\" srcset=\"https:\/\/marianocardenas.com\/wp-content\/uploads\/2021\/03\/si_yo_fuera_rico-966978641-mmed.jpg 380w, https:\/\/marianocardenas.com\/wp-content\/uploads\/2021\/03\/si_yo_fuera_rico-966978641-mmed.jpg 142w\" sizes=\"auto, (max-width: 380px) 100vw, 380px\">\t\t\t\r\n\t\t\t\t\t\t\t\t<span class=\"estreno2\">2019<\/span>\r\n\t\t\t\t\t\t\t\t<div class=\"work-info-bg\"><\/div>\r\n\t\t\t\t\t\t\t\t<div class=\"work-info\"> \r\n\t\t\t\t\t\t\t\t\t\t<a href=\"https:\/\/marianocardenas.com\/wp-content\/uploads\/2021\/03\/si_yo_fuera_rico-966978641-mmed.jpg\" class=\"gallery magnific\"><\/a><div class=\"infoS2\"><span class=\"tipe\">Cine<\/span><br>\r\n\t\t\t\t\t\t\t\t\t\t\t<span class=\"title\">Si yo fuera rico<\/span><br>\r\n\t\t\t\t\t\t\t\t\t\t\t<span class=\"estreno\">2019<\/span><br>\r\n\t\t\t\t\t\t\t\t\t\t\t<span class=\"sinopsis\">La vida de Santi parece estar dirigi\u00e9ndose al fracaso m\u00e1s absoluto. El joven se encuentra en unos apuros econ\u00f3micos muy graves. Sin embargo, de la noche a la ma\u00f1ana, su suerte cambia para siempre. Santi consigue volverse rico, muy rico. El \u00fanico problema al que se enfrenta es que no puede contar nada del asunto a sus amigos ni a su pareja. Lejos de ser el \u00fanico inconveniente al que se enfrenta, Vanessa, la nueva esposa de un millonario fallecido, seguir\u00e1 la pista a Santi, a base de lingotazos provienientes de su nueva petaca.<\/span><\/div><div class=\"vert-center\">\r\n\t\t\t\t\t\t\t\t\t<\/div><!--\/vert-center-->\r\n\t\t\t\t\t\t\t\t<\/div>\r\n\t\t\t\t\t\t\t<\/div><!--work-item<\/div><\/div>-->\r\n\t\t\t\t\t\t<\/div><\/div><div class=\"owl-item active\" style=\"width: 381px !important; opacity: 1; transform: translate(0px, 0px);\"><div class=\"carousel-item\">\r\n            \t\t\t<!--<div class=\"col elastic-portfolio-item element\" data-project-cat=\"\" data-default-color=\"true\" data-title-color=\"\" data-subtitle-color=\"\" style=\"width: 381px; position: relative!important; left: 0px; top: 0px\r\n\t\t\t\t\t\t\t<div class=\"inner-wrap\" data-animation=\"none\">-->\r\n\r\n\t\t\t\t\t\t\t\r\n\t\t\t\t\t\t\t\t\t\t\t\t\t\t\r\n\t\t\t\t\t\t\t<div class=\"work-item style-2 fade\">\r\n\t\t\t\t\t\t\t\r\n\t\t\t\t\t\t\t\t<img loading=\"lazy\" decoding=\"async\" width=\"270\" height=\"480\" src=\"https:\/\/marianocardenas.com\/wp-content\/uploads\/2021\/03\/diecisiete-595989831-mmed.jpg\" class=\"skip-lazy attachment-full imgfadeIn\" alt=\"\" loading=\"lazy\" srcset=\"https:\/\/marianocardenas.com\/wp-content\/uploads\/2021\/03\/diecisiete-595989831-mmed.jpg 380w, https:\/\/marianocardenas.com\/wp-content\/uploads\/2021\/03\/diecisiete-595989831-mmed.jpg 142w\" sizes=\"auto, (max-width: 380px) 100vw, 380px\">\t\t\t\r\n\t\t\t\t\t\t\t\t<span class=\"estreno2\">2019<\/span>\r\n\t\t\t\t\t\t\t\t<div class=\"work-info-bg\"><\/div>\r\n\t\t\t\t\t\t\t\t<div class=\"work-info\"> \r\n\t\t\t\t\t\t\t\t\t\t<a href=\"https:\/\/marianocardenas.com\/wp-content\/uploads\/2021\/03\/diecisiete-595989831-mmed.jpg\" class=\"gallery magnific\"><\/a><div class=\"infoS2\"><span class=\"tipe\">Cine<\/span><br>\r\n\t\t\t\t\t\t\t\t\t\t\t<span class=\"title\">Diecisiete<\/span><br>\r\n\t\t\t\t\t\t\t\t\t\t\t<span class=\"estreno\">2019<\/span><br>\r\n\t\t\t\t\t\t\t\t\t\t\t<span class=\"sinopsis\">Dirigida por Daniel S\u00e1nchez Ar\u00e9valo\r\n\r\nRodada en su pr\u00e1ctica totalidad en escenarios naturales de Cantabria, la quinta pel\u00edcula de S\u00e1nchez Ar\u00e9valo es una producci\u00f3n de Jos\u00e9 Antonio F\u00e9lez a trav\u00e9s de At\u00edpica Films, y est\u00e1 protagonizada por Nacho S\u00e1nchez, en el papel de Ismael, y Biel Montoro, en el papel de H\u00e9ctor.<\/span><\/div><div class=\"vert-center\">\r\n\t\t\t\t\t\t\t\t\t<\/div><!--\/vert-center-->\r\n\t\t\t\t\t\t\t\t<\/div>\r\n\t\t\t\t\t\t\t<\/div><!--work-item<\/div><\/div>-->\r\n\t\t\t\t\t\t<\/div><\/div><div class=\"owl-item active\" style=\"width: 381px !important; opacity: 1; transform: translate(0px, 0px);\"><div class=\"carousel-item\">\r\n            \t\t\t<!--<div class=\"col elastic-portfolio-item element\" data-project-cat=\"\" data-default-color=\"true\" data-title-color=\"\" data-subtitle-color=\"\" style=\"width: 381px; position: relative!important; left: 0px; top: 0px\r\n\t\t\t\t\t\t\t<div class=\"inner-wrap\" data-animation=\"none\">-->\r\n\r\n\t\t\t\t\t\t\t\r\n\t\t\t\t\t\t\t\t\t\t\t\t\t\t\r\n\t\t\t\t\t\t\t<div class=\"work-item style-2 fade\">\r\n\t\t\t\t\t\t\t\r\n\t\t\t\t\t\t\t\t<img loading=\"lazy\" decoding=\"async\" width=\"270\" height=\"480\" src=\"https:\/\/marianocardenas.com\/wp-content\/uploads\/2021\/03\/taxi_a_gibraltar-770935587-mmed.jpg\" class=\"skip-lazy attachment-full imgfadeIn\" alt=\"\" loading=\"lazy\" srcset=\"https:\/\/marianocardenas.com\/wp-content\/uploads\/2021\/03\/taxi_a_gibraltar-770935587-mmed.jpg 380w, https:\/\/marianocardenas.com\/wp-content\/uploads\/2021\/03\/taxi_a_gibraltar-770935587-mmed.jpg 142w\" sizes=\"auto, (max-width: 380px) 100vw, 380px\">\t\t\t\r\n\t\t\t\t\t\t\t\t<span class=\"estreno2\">2019<\/span>\r\n\t\t\t\t\t\t\t\t<div class=\"work-info-bg\"><\/div>\r\n\t\t\t\t\t\t\t\t<div class=\"work-info\"> \r\n\t\t\t\t\t\t\t\t\t\t<a href=\"https:\/\/marianocardenas.com\/wp-content\/uploads\/2021\/03\/taxi_a_gibraltar-770935587-mmed.jpg\" class=\"gallery magnific\"><\/a><div class=\"infoS2\"><span class=\"tipe\">Cine<\/span><br>\r\n\t\t\t\t\t\t\t\t\t\t\t<span class=\"title\">TAXI a Gibraltar<\/span><br>\r\n\t\t\t\t\t\t\t\t\t\t\t<span class=\"estreno\">2019<\/span><br>\r\n\t\t\t\t\t\t\t\t\t\t\t<span class=\"sinopsis\">Dirigida por: Alejo Flah*\r\n\r\nTres personajes (Dani Rovira, Joaqu\u00edn Furriel, Ingrid Garc\u00eda-Jonsson), unidos por la desesperaci\u00f3n, emprenden un viaje siguiendo la promesa de un cargamento de oro perdido en los t\u00faneles del lugar m\u00e1s raro y desconocido de la Pen\u00ednsula Ib\u00e9rica: Gibraltar.<\/span><\/div><div class=\"vert-center\">\r\n\t\t\t\t\t\t\t\t\t<\/div><!--\/vert-center-->\r\n\t\t\t\t\t\t\t\t<\/div>\r\n\t\t\t\t\t\t\t<\/div><!--work-item<\/div><\/div>-->\r\n\t\t\t\t\t\t<\/div><\/div><div class=\"owl-item active\" style=\"width: 381px !important; opacity: 1; transform: translate(0px, 0px);\"><div class=\"carousel-item\">\r\n            \t\t\t<!--<div class=\"col elastic-portfolio-item element\" data-project-cat=\"\" data-default-color=\"true\" data-title-color=\"\" data-subtitle-color=\"\" style=\"width: 381px; position: relative!important; left: 0px; top: 0px\r\n\t\t\t\t\t\t\t<div class=\"inner-wrap\" data-animation=\"none\">-->\r\n\r\n\t\t\t\t\t\t\t\r\n\t\t\t\t\t\t\t\t\t\t\t\t\t\t\r\n\t\t\t\t\t\t\t<div class=\"work-item style-2 fade\">\r\n\t\t\t\t\t\t\t\r\n\t\t\t\t\t\t\t\t<img loading=\"lazy\" decoding=\"async\" width=\"270\" height=\"480\" src=\"https:\/\/marianocardenas.com\/wp-content\/uploads\/2021\/03\/mientras_dure_la_guerra-347846340-mmed.jpg\" class=\"skip-lazy attachment-full imgfadeIn\" alt=\"\" loading=\"lazy\" srcset=\"https:\/\/marianocardenas.com\/wp-content\/uploads\/2021\/03\/mientras_dure_la_guerra-347846340-mmed.jpg 380w, https:\/\/marianocardenas.com\/wp-content\/uploads\/2021\/03\/mientras_dure_la_guerra-347846340-mmed.jpg 142w\" sizes=\"auto, (max-width: 380px) 100vw, 380px\">\t\t\t\r\n\t\t\t\t\t\t\t\t<span class=\"estreno2\">2019<\/span>\r\n\t\t\t\t\t\t\t\t<div class=\"work-info-bg\"><\/div>\r\n\t\t\t\t\t\t\t\t<div class=\"work-info\"> \r\n\t\t\t\t\t\t\t\t\t\t<a href=\"https:\/\/marianocardenas.com\/wp-content\/uploads\/2021\/03\/mientras_dure_la_guerra-347846340-mmed.jpg\" class=\"gallery magnific\"><\/a><div class=\"infoS2\"><span class=\"tipe\">Cine<\/span><br>\r\n\t\t\t\t\t\t\t\t\t\t\t<span class=\"title\">Mientras dure la Guerra<\/span><br>\r\n\t\t\t\t\t\t\t\t\t\t\t<span class=\"estreno\">2019<\/span><br>\r\n\t\t\t\t\t\t\t\t\t\t\t<span class=\"sinopsis\">DirIgida por Alejandro Amenabar y protagonizada por Karra Elejalde.\r\nLa trama gira en torno a los \u00faltimos meses de vida de Miguel de Unamuno, con el estallido de laGuerra Civil y el traslado del Cuartel General del bando franquista a Salamanca.<\/span><\/div><div class=\"vert-center\">\r\n\t\t\t\t\t\t\t\t\t<\/div><!--\/vert-center-->\r\n\t\t\t\t\t\t\t\t<\/div>\r\n\t\t\t\t\t\t\t<\/div><!--work-item<\/div><\/div>-->\r\n\t\t\t\t\t\t<\/div><\/div><div class=\"owl-item active\" style=\"width: 381px !important; opacity: 1; transform: translate(0px, 0px);\"><div class=\"carousel-item\">\r\n            \t\t\t<!--<div class=\"col elastic-portfolio-item element\" data-project-cat=\"\" data-default-color=\"true\" data-title-color=\"\" data-subtitle-color=\"\" style=\"width: 381px; position: relative!important; left: 0px; top: 0px\r\n\t\t\t\t\t\t\t<div class=\"inner-wrap\" data-animation=\"none\">-->\r\n\r\n\t\t\t\t\t\t\t\r\n\t\t\t\t\t\t\t\t\t\t\t\t\t\t\r\n\t\t\t\t\t\t\t<div class=\"work-item style-2 fade\">\r\n\t\t\t\t\t\t\t\r\n\t\t\t\t\t\t\t\t<img loading=\"lazy\" decoding=\"async\" width=\"270\" height=\"480\" src=\"https:\/\/marianocardenas.com\/wp-content\/uploads\/2021\/03\/antes_de_la_quema-613885176-mmed.jpg\" class=\"skip-lazy attachment-full imgfadeIn\" alt=\"\" loading=\"lazy\" srcset=\"https:\/\/marianocardenas.com\/wp-content\/uploads\/2021\/03\/antes_de_la_quema-613885176-mmed.jpg 380w, https:\/\/marianocardenas.com\/wp-content\/uploads\/2021\/03\/antes_de_la_quema-613885176-mmed.jpg 142w\" sizes=\"auto, (max-width: 380px) 100vw, 380px\">\t\t\t\r\n\t\t\t\t\t\t\t\t<span class=\"estreno2\">2019<\/span>\r\n\t\t\t\t\t\t\t\t<div class=\"work-info-bg\"><\/div>\r\n\t\t\t\t\t\t\t\t<div class=\"work-info\"> \r\n\t\t\t\t\t\t\t\t\t\t<a href=\"https:\/\/marianocardenas.com\/wp-content\/uploads\/2021\/03\/antes_de_la_quema-613885176-mmed.jpg\" class=\"gallery magnific\"><\/a><div class=\"infoS2\"><span class=\"tipe\">Cine<\/span><br>\r\n\t\t\t\t\t\t\t\t\t\t\t<span class=\"title\">Antes de la Quema<\/span><br>\r\n\t\t\t\t\t\t\t\t\t\t\t<span class=\"estreno\">2019<\/span><br>\r\n\t\t\t\t\t\t\t\t\t\t\t<span class=\"sinopsis\">Direcci\u00f3n Fernando Colomo\r\n\r\nThriller en forma de comedia para todos los p\u00fablicos. Quique (Salva Reina) es un chirigotero en paro que intenta mantener a flote a su familia mientras prepara el pr\u00f3ximo concurso de chirigotas. Entre tanto, El Tuti (Joaqu\u00edn N\u00fa\u00f1ez), un traficante de drogas local, quiere que le ayude a robar el dep\u00f3sito de droga m\u00e1s grande de Espa\u00f1a, antes de que quemen toda la mercanc\u00eda incautada<\/span><\/div><div class=\"vert-center\">\r\n\t\t\t\t\t\t\t\t\t<\/div><!--\/vert-center-->\r\n\t\t\t\t\t\t\t\t<\/div>\r\n\t\t\t\t\t\t\t<\/div><!--work-item<\/div><\/div>-->\r\n\t\t\t\t\t\t<\/div><\/div><div class=\"owl-item active\" style=\"width: 381px !important; opacity: 1; transform: translate(0px, 0px);\"><div class=\"carousel-item\">\r\n            \t\t\t<!--<div class=\"col elastic-portfolio-item element\" data-project-cat=\"\" data-default-color=\"true\" data-title-color=\"\" data-subtitle-color=\"\" style=\"width: 381px; position: relative!important; left: 0px; top: 0px\r\n\t\t\t\t\t\t\t<div class=\"inner-wrap\" data-animation=\"none\">-->\r\n\r\n\t\t\t\t\t\t\t\r\n\t\t\t\t\t\t\t\t\t\t\t\t\t\t\r\n\t\t\t\t\t\t\t<div class=\"work-item style-2 fade\">\r\n\t\t\t\t\t\t\t\r\n\t\t\t\t\t\t\t\t<img loading=\"lazy\" decoding=\"async\" width=\"270\" height=\"480\" src=\"https:\/\/marianocardenas.com\/wp-content\/uploads\/2021\/03\/buelos_nunca_es_tarde_para_emprender-642510185-mmed.jpg\" class=\"skip-lazy attachment-full imgfadeIn\" alt=\"\" loading=\"lazy\" srcset=\"https:\/\/marianocardenas.com\/wp-content\/uploads\/2021\/03\/buelos_nunca_es_tarde_para_emprender-642510185-mmed.jpg 380w, https:\/\/marianocardenas.com\/wp-content\/uploads\/2021\/03\/buelos_nunca_es_tarde_para_emprender-642510185-mmed.jpg 142w\" sizes=\"auto, (max-width: 380px) 100vw, 380px\">\t\t\t\r\n\t\t\t\t\t\t\t\t<span class=\"estreno2\">2018<\/span>\r\n\t\t\t\t\t\t\t\t<div class=\"work-info-bg\"><\/div>\r\n\t\t\t\t\t\t\t\t<div class=\"work-info\"> \r\n\t\t\t\t\t\t\t\t\t\t<a href=\"https:\/\/marianocardenas.com\/wp-content\/uploads\/2021\/03\/buelos_nunca_es_tarde_para_emprender-642510185-mmed.jpg\" class=\"gallery magnific\"><\/a><div class=\"infoS2\"><span class=\"tipe\">Cine<\/span><br>\r\n\t\t\t\t\t\t\t\t\t\t\t<span class=\"title\">@buelos<\/span><br>\r\n\t\t\t\t\t\t\t\t\t\t\t<span class=\"estreno\">2018<\/span><br>\r\n\t\t\t\t\t\t\t\t\t\t\t<span class=\"sinopsis\">Comedia dram\u00e1tica dirigida por Santiago Requejo y protagonizada por Carlos Iglesias y Ramon Barea.<\/span><\/div><div class=\"vert-center\">\r\n\t\t\t\t\t\t\t\t\t<\/div><!--\/vert-center-->\r\n\t\t\t\t\t\t\t\t<\/div>\r\n\t\t\t\t\t\t\t<\/div><!--work-item<\/div><\/div>-->\r\n\t\t\t\t\t\t<\/div><\/div><div class=\"owl-item active\" style=\"width: 381px !important; opacity: 1; transform: translate(0px, 0px);\"><div class=\"carousel-item\">\r\n            \t\t\t<!--<div class=\"col elastic-portfolio-item element\" data-project-cat=\"\" data-default-color=\"true\" data-title-color=\"\" data-subtitle-color=\"\" style=\"width: 381px; position: relative!important; left: 0px; top: 0px\r\n\t\t\t\t\t\t\t<div class=\"inner-wrap\" data-animation=\"none\">-->\r\n\r\n\t\t\t\t\t\t\t\r\n\t\t\t\t\t\t\t\t\t\t\t\t\t\t\r\n\t\t\t\t\t\t\t<div class=\"work-item style-2 fade\">\r\n\t\t\t\t\t\t\t\r\n\t\t\t\t\t\t\t\t<img loading=\"lazy\" decoding=\"async\" width=\"270\" height=\"480\" src=\"https:\/\/marianocardenas.com\/wp-content\/uploads\/2021\/03\/perdiendo_el_este-442252559-mmed.jpg\" class=\"skip-lazy attachment-full imgfadeIn\" alt=\"\" loading=\"lazy\" srcset=\"https:\/\/marianocardenas.com\/wp-content\/uploads\/2021\/03\/perdiendo_el_este-442252559-mmed.jpg 380w, https:\/\/marianocardenas.com\/wp-content\/uploads\/2021\/03\/perdiendo_el_este-442252559-mmed.jpg 142w\" sizes=\"auto, (max-width: 380px) 100vw, 380px\">\t\t\t\r\n\t\t\t\t\t\t\t\t<span class=\"estreno2\">2018<\/span>\r\n\t\t\t\t\t\t\t\t<div class=\"work-info-bg\"><\/div>\r\n\t\t\t\t\t\t\t\t<div class=\"work-info\"> \r\n\t\t\t\t\t\t\t\t\t\t<a href=\"https:\/\/marianocardenas.com\/wp-content\/uploads\/2021\/03\/perdiendo_el_este-442252559-mmed.jpg\" class=\"gallery magnific\"><\/a><div class=\"infoS2\"><span class=\"tipe\">Cine<\/span><br>\r\n\t\t\t\t\t\t\t\t\t\t\t<span class=\"title\">Perdiendo el Este<\/span><br>\r\n\t\t\t\t\t\t\t\t\t\t\t<span class=\"estreno\">2018<\/span><br>\r\n\t\t\t\t\t\t\t\t\t\t\t<span class=\"sinopsis\">Dirigida por Paco Caballero, esta divertida comedia es la secuela de Perdiendo el Norte, cuenta con un reparto encabezado por Juli\u00e1n L\u00f3pez, Miki Escarb\u00e9 y Carmen Machi entre otros.<\/span><\/div><div class=\"vert-center\">\r\n\t\t\t\t\t\t\t\t\t<\/div><!--\/vert-center-->\r\n\t\t\t\t\t\t\t\t<\/div>\r\n\t\t\t\t\t\t\t<\/div><!--work-item<\/div><\/div>-->\r\n\t\t\t\t\t\t<\/div><\/div><div class=\"owl-item active\" style=\"width: 381px !important; opacity: 1; transform: translate(0px, 0px);\"><div class=\"carousel-item\">\r\n            \t\t\t<!--<div class=\"col elastic-portfolio-item element\" data-project-cat=\"\" data-default-color=\"true\" data-title-color=\"\" data-subtitle-color=\"\" style=\"width: 381px; position: relative!important; left: 0px; top: 0px\r\n\t\t\t\t\t\t\t<div class=\"inner-wrap\" data-animation=\"none\">-->\r\n\r\n\t\t\t\t\t\t\t\r\n\t\t\t\t\t\t\t\t\t\t\t\t\t\t\r\n\t\t\t\t\t\t\t<div class=\"work-item style-2 fade\">\r\n\t\t\t\t\t\t\t\r\n\t\t\t\t\t\t\t\t<img loading=\"lazy\" decoding=\"async\" width=\"270\" height=\"480\" src=\"https:\/\/marianocardenas.com\/wp-content\/uploads\/2018\/03\/mi-amor-perdido.jpg\" class=\"skip-lazy attachment-full imgfadeIn\" alt=\"\" loading=\"lazy\" srcset=\"https:\/\/marianocardenas.com\/wp-content\/uploads\/2018\/03\/mi-amor-perdido.jpg 380w, https:\/\/marianocardenas.com\/wp-content\/uploads\/2018\/03\/mi-amor-perdido.jpg 142w\" sizes=\"auto, (max-width: 380px) 100vw, 380px\">\t\t\t\r\n\t\t\t\t\t\t\t\t<span class=\"estreno2\">2017<\/span>\r\n\t\t\t\t\t\t\t\t<div class=\"work-info-bg\"><\/div>\r\n\t\t\t\t\t\t\t\t<div class=\"work-info\"> \r\n\t\t\t\t\t\t\t\t\t\t<a href=\"https:\/\/marianocardenas.com\/wp-content\/uploads\/2018\/03\/mi-amor-perdido.jpg\" class=\"gallery magnific\"><\/a><a href=\"https:\/\/www.youtube.com\/watch?v=B3JvuvXabUo\" data-style=\"default\" data-parent-hover=\"\" data-font-style=\"p\" data-color=\"default\" class=\"play_button_2 large nectar_video_lightbox magnific-popup homve3s\"><span><span class=\"play homev\"><span class=\"inner-wrap\"><svg version=\"1.1\" xmlns=\"http:\/\/www.w3.org\/2000\/svg\" xmlns:xlink=\"http:\/\/www.w3.org\/1999\/xlink\" width=\"600px\" height=\"800px\" x=\"0px\" y=\"0px\" viewBox=\"0 0 600 800\" enable-background=\"new 0 0 600 800\" xml:space=\"preserve\"><path fill=\"none\" d=\"M0-1.79v800L600,395L0-1.79z\"><\/path> <\/svg><\/span><\/span><\/span><\/a><div class=\"infoS2\"><span class=\"tipe\">Cine<\/span><a href=\"https:\/\/www.youtube.com\/watch?v=B3JvuvXabUo\" data-style=\"default\" data-parent-hover=\"\" data-font-style=\"p\" data-color=\"default\" class=\"play_button_2 large nectar_video_lightbox magnific-popup homve3s\"><span style=\"color:white; float:right; margin-top: -5%;\"><i class=\"fa fa-play\"><\/i><\/span><\/a><br>\r\n\t\t\t\t\t\t\t\t\t\t\t<span class=\"title\">Mi Amor Perdido<\/span><br>\r\n\t\t\t\t\t\t\t\t\t\t\t<span class=\"estreno\">2017<\/span><br>\r\n\t\t\t\t\t\t\t\t\t\t\t<span class=\"sinopsis\">Emilio Emilio Mart\u00ednez-L\u00e1zaro y Miguel Esteban dirigen una divertida comedia rom\u00e1ntica en la que una pareja de enamorados bastante exc\u00e9ntricos adoptan un gato callejero que cambiar\u00e1 sus vidas.<\/span><\/div><div class=\"vert-center\">\r\n\t\t\t\t\t\t\t\t\t<\/div><!--\/vert-center-->\r\n\t\t\t\t\t\t\t\t<\/div>\r\n\t\t\t\t\t\t\t<\/div><!--work-item<\/div><\/div>-->\r\n\t\t\t\t\t\t<\/div><\/div><div class=\"owl-item active\" style=\"width: 381px !important; opacity: 1; transform: translate(0px, 0px);\"><div class=\"carousel-item\">\r\n            \t\t\t<!--<div class=\"col elastic-portfolio-item element\" data-project-cat=\"\" data-default-color=\"true\" data-title-color=\"\" data-subtitle-color=\"\" style=\"width: 381px; position: relative!important; left: 0px; top: 0px\r\n\t\t\t\t\t\t\t<div class=\"inner-wrap\" data-animation=\"none\">-->\r\n\r\n\t\t\t\t\t\t\t\r\n\t\t\t\t\t\t\t\t\t\t\t\t\t\t\r\n\t\t\t\t\t\t\t<div class=\"work-item style-2 fade\">\r\n\t\t\t\t\t\t\t\r\n\t\t\t\t\t\t\t\t<img loading=\"lazy\" decoding=\"async\" width=\"270\" height=\"480\" src=\"https:\/\/marianocardenas.com\/wp-content\/uploads\/2021\/03\/cuando_los_angeles_duermen-356460628-mmed.jpg\" class=\"skip-lazy attachment-full imgfadeIn\" alt=\"\" loading=\"lazy\" srcset=\"https:\/\/marianocardenas.com\/wp-content\/uploads\/2021\/03\/cuando_los_angeles_duermen-356460628-mmed.jpg 380w, https:\/\/marianocardenas.com\/wp-content\/uploads\/2021\/03\/cuando_los_angeles_duermen-356460628-mmed.jpg 142w\" sizes=\"auto, (max-width: 380px) 100vw, 380px\">\t\t\t\r\n\t\t\t\t\t\t\t\t<span class=\"estreno2\">2018<\/span>\r\n\t\t\t\t\t\t\t\t<div class=\"work-info-bg\"><\/div>\r\n\t\t\t\t\t\t\t\t<div class=\"work-info\"> \r\n\t\t\t\t\t\t\t\t\t\t<a href=\"https:\/\/marianocardenas.com\/wp-content\/uploads\/2021\/03\/cuando_los_angeles_duermen-356460628-mmed.jpg\" class=\"gallery magnific\"><\/a><div class=\"infoS2\"><span class=\"tipe\">Cine<\/span><br>\r\n\t\t\t\t\t\t\t\t\t\t\t<span class=\"title\">Cuando los \u00e1ngeles duermen<\/span><br>\r\n\t\t\t\t\t\t\t\t\t\t\t<span class=\"estreno\">2018<\/span><br>\r\n\t\t\t\t\t\t\t\t\t\t\t<span class=\"sinopsis\">Pel\u00edcula de suspense dirigida por Gonzalo Bendala que cuenta como la vida de un padre de familia ejemplar se desmorona tras un accidente.<\/span><\/div><div class=\"vert-center\">\r\n\t\t\t\t\t\t\t\t\t<\/div><!--\/vert-center-->\r\n\t\t\t\t\t\t\t\t<\/div>\r\n\t\t\t\t\t\t\t<\/div><!--work-item<\/div><\/div>-->\r\n\t\t\t\t\t\t<\/div><\/div><div class=\"owl-item active\" style=\"width: 381px !important; opacity: 1; transform: translate(0px, 0px);\"><div class=\"carousel-item\">\r\n            \t\t\t<!--<div class=\"col elastic-portfolio-item element\" data-project-cat=\"\" data-default-color=\"true\" data-title-color=\"\" data-subtitle-color=\"\" style=\"width: 381px; position: relative!important; left: 0px; top: 0px\r\n\t\t\t\t\t\t\t<div class=\"inner-wrap\" data-animation=\"none\">-->\r\n\r\n\t\t\t\t\t\t\t\r\n\t\t\t\t\t\t\t\t\t\t\t\t\t\t\r\n\t\t\t\t\t\t\t<div class=\"work-item style-2 fade\">\r\n\t\t\t\t\t\t\t\r\n\t\t\t\t\t\t\t\t<img loading=\"lazy\" decoding=\"async\" width=\"270\" height=\"480\" src=\"https:\/\/marianocardenas.com\/wp-content\/uploads\/2021\/03\/tiempo_despues-322752032-mmed.jpg\" class=\"skip-lazy attachment-full imgfadeIn\" alt=\"\" loading=\"lazy\" srcset=\"https:\/\/marianocardenas.com\/wp-content\/uploads\/2021\/03\/tiempo_despues-322752032-mmed.jpg 380w, https:\/\/marianocardenas.com\/wp-content\/uploads\/2021\/03\/tiempo_despues-322752032-mmed.jpg 142w\" sizes=\"auto, (max-width: 380px) 100vw, 380px\">\t\t\t\r\n\t\t\t\t\t\t\t\t<span class=\"estreno2\">2017<\/span>\r\n\t\t\t\t\t\t\t\t<div class=\"work-info-bg\"><\/div>\r\n\t\t\t\t\t\t\t\t<div class=\"work-info\"> \r\n\t\t\t\t\t\t\t\t\t\t<a href=\"https:\/\/marianocardenas.com\/wp-content\/uploads\/2021\/03\/tiempo_despues-322752032-mmed.jpg\" class=\"gallery magnific\"><\/a><div class=\"infoS2\"><span class=\"tipe\">Cine<\/span><br>\r\n\t\t\t\t\t\t\t\t\t\t\t<span class=\"title\">Tiempo Despu\u00e9s<\/span><br>\r\n\t\t\t\t\t\t\t\t\t\t\t<span class=\"estreno\">2017<\/span><br>\r\n\t\t\t\t\t\t\t\t\t\t\t<span class=\"sinopsis\">Comedia de ciencia ficci\u00f3n dirigida por Jos\u00e9 Luis Cuerda que relata un futuro postapocal\u00edptico en el que el mundo se ha visto reducido a un edificio y las afueras.<\/span><\/div><div class=\"vert-center\">\r\n\t\t\t\t\t\t\t\t\t<\/div><!--\/vert-center-->\r\n\t\t\t\t\t\t\t\t<\/div>\r\n\t\t\t\t\t\t\t<\/div><!--work-item<\/div><\/div>-->\r\n\t\t\t\t\t\t<\/div><\/div><div class=\"owl-item active\" style=\"width: 381px !important; opacity: 1; transform: translate(0px, 0px);\"><div class=\"carousel-item\">\r\n            \t\t\t<!--<div class=\"col elastic-portfolio-item element\" data-project-cat=\"\" data-default-color=\"true\" data-title-color=\"\" data-subtitle-color=\"\" style=\"width: 381px; position: relative!important; left: 0px; top: 0px\r\n\t\t\t\t\t\t\t<div class=\"inner-wrap\" data-animation=\"none\">-->\r\n\r\n\t\t\t\t\t\t\t\r\n\t\t\t\t\t\t\t\t\t\t\t\t\t\t\r\n\t\t\t\t\t\t\t<div class=\"work-item style-2 fade\">\r\n\t\t\t\t\t\t\t\r\n\t\t\t\t\t\t\t\t<img loading=\"lazy\" decoding=\"async\" width=\"270\" height=\"480\" src=\"https:\/\/marianocardenas.com\/wp-content\/uploads\/2018\/03\/el-mundo-es-suyo.jpg\" class=\"skip-lazy attachment-full imgfadeIn\" alt=\"\" loading=\"lazy\" srcset=\"https:\/\/marianocardenas.com\/wp-content\/uploads\/2018\/03\/el-mundo-es-suyo.jpg 380w, https:\/\/marianocardenas.com\/wp-content\/uploads\/2018\/03\/el-mundo-es-suyo.jpg 142w\" sizes=\"auto, (max-width: 380px) 100vw, 380px\">\t\t\t\r\n\t\t\t\t\t\t\t\t<span class=\"estreno2\">2017<\/span>\r\n\t\t\t\t\t\t\t\t<div class=\"work-info-bg\"><\/div>\r\n\t\t\t\t\t\t\t\t<div class=\"work-info\"> \r\n\t\t\t\t\t\t\t\t\t\t<a href=\"https:\/\/marianocardenas.com\/wp-content\/uploads\/2018\/03\/el-mundo-es-suyo.jpg\" class=\"gallery magnific\"><\/a><div class=\"infoS2\"><span class=\"tipe\">Cine<\/span><br>\r\n\t\t\t\t\t\t\t\t\t\t\t<span class=\"title\">El Mundo es Suyo<\/span><br>\r\n\t\t\t\t\t\t\t\t\t\t\t<span class=\"estreno\">2017<\/span><br>\r\n\t\t\t\t\t\t\t\t\t\t\t<span class=\"sinopsis\">Comedia espa\u00f1ola dirigida por Alfonso S\u00e1nchez. Esta vez \u201cLos Compadres\u201d se codear\u00e1n con la alta sociedad sevillana.<\/span><\/div><div class=\"vert-center\">\r\n\t\t\t\t\t\t\t\t\t<\/div><!--\/vert-center-->\r\n\t\t\t\t\t\t\t\t<\/div>\r\n\t\t\t\t\t\t\t<\/div><!--work-item<\/div><\/div>-->\r\n\t\t\t\t\t\t<\/div><\/div><div class=\"owl-item active\" style=\"width: 381px !important; opacity: 1; transform: translate(0px, 0px);\"><div class=\"carousel-item\">\r\n            \t\t\t<!--<div class=\"col elastic-portfolio-item element\" data-project-cat=\"\" data-default-color=\"true\" data-title-color=\"\" data-subtitle-color=\"\" style=\"width: 381px; position: relative!important; left: 0px; top: 0px\r\n\t\t\t\t\t\t\t<div class=\"inner-wrap\" data-animation=\"none\">-->\r\n\r\n\t\t\t\t\t\t\t\r\n\t\t\t\t\t\t\t\t\t\t\t\t\t\t\r\n\t\t\t\t\t\t\t<div class=\"work-item style-2 fade\">\r\n\t\t\t\t\t\t\t\r\n\t\t\t\t\t\t\t\t<img loading=\"lazy\" decoding=\"async\" width=\"270\" height=\"480\" src=\"https:\/\/marianocardenas.com\/wp-content\/uploads\/2018\/03\/Un-hombre-de-fe.jpg\" class=\"skip-lazy attachment-full imgfadeIn\" alt=\"\" loading=\"lazy\" srcset=\"https:\/\/marianocardenas.com\/wp-content\/uploads\/2018\/03\/Un-hombre-de-fe.jpg 380w, https:\/\/marianocardenas.com\/wp-content\/uploads\/2018\/03\/Un-hombre-de-fe.jpg 142w\" sizes=\"auto, (max-width: 380px) 100vw, 380px\">\t\t\t\r\n\t\t\t\t\t\t\t\t<span class=\"estreno2\">2017<\/span>\r\n\t\t\t\t\t\t\t\t<div class=\"work-info-bg\"><\/div>\r\n\t\t\t\t\t\t\t\t<div class=\"work-info\"> \r\n\t\t\t\t\t\t\t\t\t\t<a href=\"https:\/\/marianocardenas.com\/wp-content\/uploads\/2018\/03\/Un-hombre-de-fe.jpg\" class=\"gallery magnific\"><\/a><a href=\"https:\/\/www.youtube.com\/watch?v=3iLROOj9iJk\" data-style=\"default\" data-parent-hover=\"\" data-font-style=\"p\" data-color=\"default\" class=\"play_button_2 large nectar_video_lightbox magnific-popup homve3s\"><span><span class=\"play homev\"><span class=\"inner-wrap\"><svg version=\"1.1\" xmlns=\"http:\/\/www.w3.org\/2000\/svg\" xmlns:xlink=\"http:\/\/www.w3.org\/1999\/xlink\" width=\"600px\" height=\"800px\" x=\"0px\" y=\"0px\" viewBox=\"0 0 600 800\" enable-background=\"new 0 0 600 800\" xml:space=\"preserve\"><path fill=\"none\" d=\"M0-1.79v800L600,395L0-1.79z\"><\/path> <\/svg><\/span><\/span><\/span><\/a><div class=\"infoS2\"><span class=\"tipe\">Cine<\/span><a href=\"https:\/\/www.youtube.com\/watch?v=3iLROOj9iJk\" data-style=\"default\" data-parent-hover=\"\" data-font-style=\"p\" data-color=\"default\" class=\"play_button_2 large nectar_video_lightbox magnific-popup homve3s\"><span style=\"color:white; float:right; margin-top: -5%;\"><i class=\"fa fa-play\"><\/i><\/span><\/a><br>\r\n\t\t\t\t\t\t\t\t\t\t\t<span class=\"title\">Un Hombre de F\u00e9<\/span><br>\r\n\t\t\t\t\t\t\t\t\t\t\t<span class=\"estreno\">2017<\/span><br>\r\n\t\t\t\t\t\t\t\t\t\t\t<span class=\"sinopsis\">Dirigida por Dinga Hines. Narra la historia de la vida real del portero costarricense Keylor Navas, desde sus humildes comienzos en su ciudad natal hasta su ascenso a la grandeza como futbolista de \u00e9lite.<\/span><\/div><div class=\"vert-center\">\r\n\t\t\t\t\t\t\t\t\t<\/div><!--\/vert-center-->\r\n\t\t\t\t\t\t\t\t<\/div>\r\n\t\t\t\t\t\t\t<\/div><!--work-item<\/div><\/div>-->\r\n\t\t\t\t\t\t<\/div><\/div><div class=\"owl-item active\" style=\"width: 381px !important; opacity: 1; transform: translate(0px, 0px);\"><div class=\"carousel-item\">\r\n            \t\t\t<!--<div class=\"col elastic-portfolio-item element\" data-project-cat=\"\" data-default-color=\"true\" data-title-color=\"\" data-subtitle-color=\"\" style=\"width: 381px; position: relative!important; left: 0px; top: 0px\r\n\t\t\t\t\t\t\t<div class=\"inner-wrap\" data-animation=\"none\">-->\r\n\r\n\t\t\t\t\t\t\t\r\n\t\t\t\t\t\t\t\t\t\t\t\t\t\t\r\n\t\t\t\t\t\t\t<div class=\"work-item style-2 fade\">\r\n\t\t\t\t\t\t\t\r\n\t\t\t\t\t\t\t\t<img loading=\"lazy\" decoding=\"async\" width=\"270\" height=\"480\" src=\"https:\/\/marianocardenas.com\/wp-content\/uploads\/2018\/03\/El-Aviso.jpg\" class=\"skip-lazy attachment-full imgfadeIn\" alt=\"\" loading=\"lazy\" srcset=\"https:\/\/marianocardenas.com\/wp-content\/uploads\/2018\/03\/El-Aviso.jpg 380w, https:\/\/marianocardenas.com\/wp-content\/uploads\/2018\/03\/El-Aviso.jpg 142w\" sizes=\"auto, (max-width: 380px) 100vw, 380px\">\t\t\t\r\n\t\t\t\t\t\t\t\t<span class=\"estreno2\">2017<\/span>\r\n\t\t\t\t\t\t\t\t<div class=\"work-info-bg\"><\/div>\r\n\t\t\t\t\t\t\t\t<div class=\"work-info\"> \r\n\t\t\t\t\t\t\t\t\t\t<a href=\"https:\/\/marianocardenas.com\/wp-content\/uploads\/2018\/03\/El-Aviso.jpg\" class=\"gallery magnific\"><\/a><a href=\"https:\/\/www.youtube.com\/watch?v=XgAshyfPlCU\" data-style=\"default\" data-parent-hover=\"\" data-font-style=\"p\" data-color=\"default\" class=\"play_button_2 large nectar_video_lightbox magnific-popup homve3s\"><span><span class=\"play homev\"><span class=\"inner-wrap\"><svg version=\"1.1\" xmlns=\"http:\/\/www.w3.org\/2000\/svg\" xmlns:xlink=\"http:\/\/www.w3.org\/1999\/xlink\" width=\"600px\" height=\"800px\" x=\"0px\" y=\"0px\" viewBox=\"0 0 600 800\" enable-background=\"new 0 0 600 800\" xml:space=\"preserve\"><path fill=\"none\" d=\"M0-1.79v800L600,395L0-1.79z\"><\/path> <\/svg><\/span><\/span><\/span><\/a><div class=\"infoS2\"><span class=\"tipe\">Cine<\/span><a href=\"https:\/\/www.youtube.com\/watch?v=XgAshyfPlCU\" data-style=\"default\" data-parent-hover=\"\" data-font-style=\"p\" data-color=\"default\" class=\"play_button_2 large nectar_video_lightbox magnific-popup homve3s\"><span style=\"color:white; float:right; margin-top: -5%;\"><i class=\"fa fa-play\"><\/i><\/span><\/a><br>\r\n\t\t\t\t\t\t\t\t\t\t\t<span class=\"title\">El Aviso<\/span><br>\r\n\t\t\t\t\t\t\t\t\t\t\t<span class=\"estreno\">2017<\/span><br>\r\n\t\t\t\t\t\t\t\t\t\t\t<span class=\"sinopsis\">Film criminol\u00f3gico con tintes dram\u00e1ticos dirigida por Daniel Calparsoro y protagonizada por Ra\u00fal Ar\u00e9valo, Aitor Luna y Bel\u00e9n Cuesta.<\/span><\/div><div class=\"vert-center\">\r\n\t\t\t\t\t\t\t\t\t<\/div><!--\/vert-center-->\r\n\t\t\t\t\t\t\t\t<\/div>\r\n\t\t\t\t\t\t\t<\/div><!--work-item<\/div><\/div>-->\r\n\t\t\t\t\t\t<\/div><\/div><div class=\"owl-item active\" style=\"width: 381px !important; opacity: 1; transform: translate(0px, 0px);\"><div class=\"carousel-item\">\r\n            \t\t\t<!--<div class=\"col elastic-portfolio-item element\" data-project-cat=\"\" data-default-color=\"true\" data-title-color=\"\" data-subtitle-color=\"\" style=\"width: 381px; position: relative!important; left: 0px; top: 0px\r\n\t\t\t\t\t\t\t<div class=\"inner-wrap\" data-animation=\"none\">-->\r\n\r\n\t\t\t\t\t\t\t\r\n\t\t\t\t\t\t\t\t\t\t\t\t\t\t\r\n\t\t\t\t\t\t\t<div class=\"work-item style-2 fade\">\r\n\t\t\t\t\t\t\t\r\n\t\t\t\t\t\t\t\t<img loading=\"lazy\" decoding=\"async\" width=\"270\" height=\"480\" src=\"https:\/\/marianocardenas.com\/wp-content\/uploads\/2023\/03\/CAMPEONES-1.jpg\" class=\"skip-lazy attachment-full imgfadeIn\" alt=\"\" loading=\"lazy\" srcset=\"https:\/\/marianocardenas.com\/wp-content\/uploads\/2023\/03\/CAMPEONES-1.jpg 380w, https:\/\/marianocardenas.com\/wp-content\/uploads\/2023\/03\/CAMPEONES-1.jpg 142w\" sizes=\"auto, (max-width: 380px) 100vw, 380px\">\t\t\t\r\n\t\t\t\t\t\t\t\t<span class=\"estreno2\">2017<\/span>\r\n\t\t\t\t\t\t\t\t<div class=\"work-info-bg\"><\/div>\r\n\t\t\t\t\t\t\t\t<div class=\"work-info\"> \r\n\t\t\t\t\t\t\t\t\t\t<a href=\"https:\/\/marianocardenas.com\/wp-content\/uploads\/2023\/03\/CAMPEONES-1.jpg\" class=\"gallery magnific\"><\/a><a href=\"https:\/\/www.youtube.com\/watch?v=POxh1o6EufI\" data-style=\"default\" data-parent-hover=\"\" data-font-style=\"p\" data-color=\"default\" class=\"play_button_2 large nectar_video_lightbox magnific-popup homve3s\"><span><span class=\"play homev\"><span class=\"inner-wrap\"><svg version=\"1.1\" xmlns=\"http:\/\/www.w3.org\/2000\/svg\" xmlns:xlink=\"http:\/\/www.w3.org\/1999\/xlink\" width=\"600px\" height=\"800px\" x=\"0px\" y=\"0px\" viewBox=\"0 0 600 800\" enable-background=\"new 0 0 600 800\" xml:space=\"preserve\"><path fill=\"none\" d=\"M0-1.79v800L600,395L0-1.79z\"><\/path> <\/svg><\/span><\/span><\/span><\/a><div class=\"infoS2\"><span class=\"tipe\">Cine<\/span><a href=\"https:\/\/www.youtube.com\/watch?v=POxh1o6EufI\" data-style=\"default\" data-parent-hover=\"\" data-font-style=\"p\" data-color=\"default\" class=\"play_button_2 large nectar_video_lightbox magnific-popup homve3s\"><span style=\"color:white; float:right; margin-top: -5%;\"><i class=\"fa fa-play\"><\/i><\/span><\/a><br>\r\n\t\t\t\t\t\t\t\t\t\t\t<span class=\"title\">Campeones<\/span><br>\r\n\t\t\t\t\t\t\t\t\t\t\t<span class=\"estreno\">2017<\/span><br>\r\n\t\t\t\t\t\t\t\t\t\t\t<span class=\"sinopsis\">Comedia dram\u00e1tica dirigida por Javier Fesser donde un optimista Javier Gutierrez (Marco) se convierte en entrenador de baloncesto de un equipo con discapacidad intelectual.<\/span><\/div><div class=\"vert-center\">\r\n\t\t\t\t\t\t\t\t\t<\/div><!--\/vert-center-->\r\n\t\t\t\t\t\t\t\t<\/div>\r\n\t\t\t\t\t\t\t<\/div><!--work-item<\/div><\/div>-->\r\n\t\t\t\t\t\t<\/div><\/div><div class=\"owl-item active\" style=\"width: 381px !important; opacity: 1; transform: translate(0px, 0px);\"><div class=\"carousel-item\">\r\n            \t\t\t<!--<div class=\"col elastic-portfolio-item element\" data-project-cat=\"\" data-default-color=\"true\" data-title-color=\"\" data-subtitle-color=\"\" style=\"width: 381px; position: relative!important; left: 0px; top: 0px\r\n\t\t\t\t\t\t\t<div class=\"inner-wrap\" data-animation=\"none\">-->\r\n\r\n\t\t\t\t\t\t\t\r\n\t\t\t\t\t\t\t\t\t\t\t\t\t\t\r\n\t\t\t\t\t\t\t<div class=\"work-item style-2 fade\">\r\n\t\t\t\t\t\t\t\r\n\t\t\t\t\t\t\t\t<img loading=\"lazy\" decoding=\"async\" width=\"270\" height=\"480\" src=\"https:\/\/marianocardenas.com\/wp-content\/uploads\/2016\/07\/iluminacion-cine-trailer-1898-1.jpg\" class=\"skip-lazy attachment-full imgfadeIn\" alt=\"\" loading=\"lazy\" srcset=\"https:\/\/marianocardenas.com\/wp-content\/uploads\/2016\/07\/iluminacion-cine-trailer-1898-1.jpg 380w, https:\/\/marianocardenas.com\/wp-content\/uploads\/2016\/07\/iluminacion-cine-trailer-1898-1.jpg 142w\" sizes=\"auto, (max-width: 380px) 100vw, 380px\">\t\t\t\r\n\t\t\t\t\t\t\t\t<span class=\"estreno2\">2016<\/span>\r\n\t\t\t\t\t\t\t\t<div class=\"work-info-bg\"><\/div>\r\n\t\t\t\t\t\t\t\t<div class=\"work-info\"> \r\n\t\t\t\t\t\t\t\t\t\t<a href=\"https:\/\/marianocardenas.com\/wp-content\/uploads\/2016\/07\/iluminacion-cine-trailer-1898-1.jpg\" class=\"gallery magnific\"><\/a><a href=\"https:\/\/www.youtube.com\/watch?v=RTQDpiGVuEA\" data-style=\"default\" data-parent-hover=\"\" data-font-style=\"p\" data-color=\"default\" class=\"play_button_2 large nectar_video_lightbox magnific-popup homve3s\"><span><span class=\"play homev\"><span class=\"inner-wrap\"><svg version=\"1.1\" xmlns=\"http:\/\/www.w3.org\/2000\/svg\" xmlns:xlink=\"http:\/\/www.w3.org\/1999\/xlink\" width=\"600px\" height=\"800px\" x=\"0px\" y=\"0px\" viewBox=\"0 0 600 800\" enable-background=\"new 0 0 600 800\" xml:space=\"preserve\"><path fill=\"none\" d=\"M0-1.79v800L600,395L0-1.79z\"><\/path> <\/svg><\/span><\/span><\/span><\/a><div class=\"infoS2\"><span class=\"tipe\">Cine<\/span><a href=\"https:\/\/www.youtube.com\/watch?v=RTQDpiGVuEA\" data-style=\"default\" data-parent-hover=\"\" data-font-style=\"p\" data-color=\"default\" class=\"play_button_2 large nectar_video_lightbox magnific-popup homve3s\"><span style=\"color:white; float:right; margin-top: -5%;\"><i class=\"fa fa-play\"><\/i><\/span><\/a><br>\r\n\t\t\t\t\t\t\t\t\t\t\t<span class=\"title\">1898 Los \u00faltimos de Filipinas<\/span><br>\r\n\t\t\t\t\t\t\t\t\t\t\t<span class=\"estreno\">2016<\/span><br>\r\n\t\t\t\t\t\t\t\t\t\t\t<span class=\"sinopsis\">Basado en hechos reales, filme dirigido por Salvador Calvo (Motivos personales) con gui\u00f3n de Alejandro Hern\u00e1ndez<\/span><\/div><div class=\"vert-center\">\r\n\t\t\t\t\t\t\t\t\t<\/div><!--\/vert-center-->\r\n\t\t\t\t\t\t\t\t<\/div>\r\n\t\t\t\t\t\t\t<\/div><!--work-item<\/div><\/div>-->\r\n\t\t\t\t\t\t<\/div><\/div><div class=\"owl-item active\" style=\"width: 381px !important; opacity: 1; transform: translate(0px, 0px);\"><div class=\"carousel-item\">\r\n            \t\t\t<!--<div class=\"col elastic-portfolio-item element\" data-project-cat=\"\" data-default-color=\"true\" data-title-color=\"\" data-subtitle-color=\"\" style=\"width: 381px; position: relative!important; left: 0px; top: 0px\r\n\t\t\t\t\t\t\t<div class=\"inner-wrap\" data-animation=\"none\">-->\r\n\r\n\t\t\t\t\t\t\t\r\n\t\t\t\t\t\t\t\t\t\t\t\t\t\t\r\n\t\t\t\t\t\t\t<div class=\"work-item style-2 fade\">\r\n\t\t\t\t\t\t\t\r\n\t\t\t\t\t\t\t\t<img loading=\"lazy\" decoding=\"async\" width=\"270\" height=\"480\" src=\"https:\/\/marianocardenas.com\/wp-content\/uploads\/2016\/07\/iluminacion-cine-trailer-figa.jpg\" class=\"skip-lazy attachment-full imgfadeIn\" alt=\"\" loading=\"lazy\" srcset=\"https:\/\/marianocardenas.com\/wp-content\/uploads\/2016\/07\/iluminacion-cine-trailer-figa.jpg 380w, https:\/\/marianocardenas.com\/wp-content\/uploads\/2016\/07\/iluminacion-cine-trailer-figa.jpg 142w\" sizes=\"auto, (max-width: 380px) 100vw, 380px\">\t\t\t\r\n\t\t\t\t\t\t\t\t<span class=\"estreno2\">2016<\/span>\r\n\t\t\t\t\t\t\t\t<div class=\"work-info-bg\"><\/div>\r\n\t\t\t\t\t\t\t\t<div class=\"work-info\"> \r\n\t\t\t\t\t\t\t\t\t\t<a href=\"https:\/\/marianocardenas.com\/wp-content\/uploads\/2016\/07\/iluminacion-cine-trailer-figa.jpg\" class=\"gallery magnific\"><\/a><a href=\"https:\/\/www.youtube.com\/watch?v=oEA4y08Hbq4\" data-style=\"default\" data-parent-hover=\"\" data-font-style=\"p\" data-color=\"default\" class=\"play_button_2 large nectar_video_lightbox magnific-popup homve3s\"><span><span class=\"play homev\"><span class=\"inner-wrap\"><svg version=\"1.1\" xmlns=\"http:\/\/www.w3.org\/2000\/svg\" xmlns:xlink=\"http:\/\/www.w3.org\/1999\/xlink\" width=\"600px\" height=\"800px\" x=\"0px\" y=\"0px\" viewBox=\"0 0 600 800\" enable-background=\"new 0 0 600 800\" xml:space=\"preserve\"><path fill=\"none\" d=\"M0-1.79v800L600,395L0-1.79z\"><\/path> <\/svg><\/span><\/span><\/span><\/a><div class=\"infoS2\"><span class=\"tipe\">Cine<\/span><a href=\"https:\/\/www.youtube.com\/watch?v=oEA4y08Hbq4\" data-style=\"default\" data-parent-hover=\"\" data-font-style=\"p\" data-color=\"default\" class=\"play_button_2 large nectar_video_lightbox magnific-popup homve3s\"><span style=\"color:white; float:right; margin-top: -5%;\"><i class=\"fa fa-play\"><\/i><\/span><\/a><br>\r\n\t\t\t\t\t\t\t\t\t\t\t<span class=\"title\">Plan de Fuga<\/span><br>\r\n\t\t\t\t\t\t\t\t\t\t\t<span class=\"estreno\">2016<\/span><br>\r\n\t\t\t\t\t\t\t\t\t\t\t<span class=\"sinopsis\">Escrita y dirigida por I\u00f1aki Dorronsoro (La distancia), este thriller de acci\u00f3n est\u00e1 protagonizado por Luis Tosar( Celda 211)<\/span><\/div><div class=\"vert-center\">\r\n\t\t\t\t\t\t\t\t\t<\/div><!--\/vert-center-->\r\n\t\t\t\t\t\t\t\t<\/div>\r\n\t\t\t\t\t\t\t<\/div><!--work-item<\/div><\/div>-->\r\n\t\t\t\t\t\t<\/div><\/div><div class=\"owl-item active\" style=\"width: 381px !important; opacity: 1; transform: translate(0px, 0px);\"><div class=\"carousel-item\">\r\n            \t\t\t<!--<div class=\"col elastic-portfolio-item element\" data-project-cat=\"\" data-default-color=\"true\" data-title-color=\"\" data-subtitle-color=\"\" style=\"width: 381px; position: relative!important; left: 0px; top: 0px\r\n\t\t\t\t\t\t\t<div class=\"inner-wrap\" data-animation=\"none\">-->\r\n\r\n\t\t\t\t\t\t\t\r\n\t\t\t\t\t\t\t\t\t\t\t\t\t\t\r\n\t\t\t\t\t\t\t<div class=\"work-item style-2 fade\">\r\n\t\t\t\t\t\t\t\r\n\t\t\t\t\t\t\t\t<img loading=\"lazy\" decoding=\"async\" width=\"270\" height=\"480\" src=\"https:\/\/marianocardenas.com\/wp-content\/uploads\/2016\/07\/iluminacion-cine-trailer-tunel.jpg\" class=\"skip-lazy attachment-full imgfadeIn\" alt=\"\" loading=\"lazy\" srcset=\"https:\/\/marianocardenas.com\/wp-content\/uploads\/2016\/07\/iluminacion-cine-trailer-tunel.jpg 380w, https:\/\/marianocardenas.com\/wp-content\/uploads\/2016\/07\/iluminacion-cine-trailer-tunel.jpg 142w\" sizes=\"auto, (max-width: 380px) 100vw, 380px\">\t\t\t\r\n\t\t\t\t\t\t\t\t<span class=\"estreno2\">2016<\/span>\r\n\t\t\t\t\t\t\t\t<div class=\"work-info-bg\"><\/div>\r\n\t\t\t\t\t\t\t\t<div class=\"work-info\"> \r\n\t\t\t\t\t\t\t\t\t\t<a href=\"https:\/\/marianocardenas.com\/wp-content\/uploads\/2016\/07\/iluminacion-cine-trailer-tunel.jpg\" class=\"gallery magnific\"><\/a><a href=\"https:\/\/www.youtube.com\/watch?v=PBqFlyNIM2s&t=1s\" data-style=\"default\" data-parent-hover=\"\" data-font-style=\"p\" data-color=\"default\" class=\"play_button_2 large nectar_video_lightbox magnific-popup homve3s\"><span><span class=\"play homev\"><span class=\"inner-wrap\"><svg version=\"1.1\" xmlns=\"http:\/\/www.w3.org\/2000\/svg\" xmlns:xlink=\"http:\/\/www.w3.org\/1999\/xlink\" width=\"600px\" height=\"800px\" x=\"0px\" y=\"0px\" viewBox=\"0 0 600 800\" enable-background=\"new 0 0 600 800\" xml:space=\"preserve\"><path fill=\"none\" d=\"M0-1.79v800L600,395L0-1.79z\"><\/path> <\/svg><\/span><\/span><\/span><\/a><div class=\"infoS2\"><span class=\"tipe\">Cine<\/span><a href=\"https:\/\/www.youtube.com\/watch?v=PBqFlyNIM2s&t=1s\" data-style=\"default\" data-parent-hover=\"\" data-font-style=\"p\" data-color=\"default\" class=\"play_button_2 large nectar_video_lightbox magnific-popup homve3s\"><span style=\"color:white; float:right; margin-top: -5%;\"><i class=\"fa fa-play\"><\/i><\/span><\/a><br>\r\n\t\t\t\t\t\t\t\t\t\t\t<span class=\"title\">Los del T\u00fanel<\/span><br>\r\n\t\t\t\t\t\t\t\t\t\t\t<span class=\"estreno\">2016<\/span><br>\r\n\t\t\t\t\t\t\t\t\t\t\t<span class=\"sinopsis\">Los del t\u00fanel es una comedia dram\u00e1tica dirigida por Pep\u00f3n Montero y con gui\u00f3n escrito por el propio director junto a Juan Maidag\u00e1n<\/span><\/div><div class=\"vert-center\">\r\n\t\t\t\t\t\t\t\t\t<\/div><!--\/vert-center-->\r\n\t\t\t\t\t\t\t\t<\/div>\r\n\t\t\t\t\t\t\t<\/div><!--work-item<\/div><\/div>-->\r\n\t\t\t\t\t\t<\/div><\/div><div class=\"owl-item active\" style=\"width: 381px !important; opacity: 1; transform: translate(0px, 0px);\"><div class=\"carousel-item\">\r\n            \t\t\t<!--<div class=\"col elastic-portfolio-item element\" data-project-cat=\"\" data-default-color=\"true\" data-title-color=\"\" data-subtitle-color=\"\" style=\"width: 381px; position: relative!important; left: 0px; top: 0px\r\n\t\t\t\t\t\t\t<div class=\"inner-wrap\" data-animation=\"none\">-->\r\n\r\n\t\t\t\t\t\t\t\r\n\t\t\t\t\t\t\t\t\t\t\t\t\t\t\r\n\t\t\t\t\t\t\t<div class=\"work-item style-2 fade\">\r\n\t\t\t\t\t\t\t\r\n\t\t\t\t\t\t\t\t<img loading=\"lazy\" decoding=\"async\" width=\"270\" height=\"480\" src=\"https:\/\/marianocardenas.com\/wp-content\/uploads\/2016\/07\/iluminacion-cine-trailer-caras.jpg\" class=\"skip-lazy attachment-full imgfadeIn\" alt=\"\" loading=\"lazy\" srcset=\"https:\/\/marianocardenas.com\/wp-content\/uploads\/2016\/07\/iluminacion-cine-trailer-caras.jpg 380w, https:\/\/marianocardenas.com\/wp-content\/uploads\/2016\/07\/iluminacion-cine-trailer-caras.jpg 142w\" sizes=\"auto, (max-width: 380px) 100vw, 380px\">\t\t\t\r\n\t\t\t\t\t\t\t\t<span class=\"estreno2\">2016<\/span>\r\n\t\t\t\t\t\t\t\t<div class=\"work-info-bg\"><\/div>\r\n\t\t\t\t\t\t\t\t<div class=\"work-info\"> \r\n\t\t\t\t\t\t\t\t\t\t<a href=\"https:\/\/marianocardenas.com\/wp-content\/uploads\/2016\/07\/iluminacion-cine-trailer-caras.jpg\" class=\"gallery magnific\"><\/a><a href=\"https:\/\/www.youtube.com\/watch?v=wTqsaZ79xk8\" data-style=\"default\" data-parent-hover=\"\" data-font-style=\"p\" data-color=\"default\" class=\"play_button_2 large nectar_video_lightbox magnific-popup homve3s\"><span><span class=\"play homev\"><span class=\"inner-wrap\"><svg version=\"1.1\" xmlns=\"http:\/\/www.w3.org\/2000\/svg\" xmlns:xlink=\"http:\/\/www.w3.org\/1999\/xlink\" width=\"600px\" height=\"800px\" x=\"0px\" y=\"0px\" viewBox=\"0 0 600 800\" enable-background=\"new 0 0 600 800\" xml:space=\"preserve\"><path fill=\"none\" d=\"M0-1.79v800L600,395L0-1.79z\"><\/path> <\/svg><\/span><\/span><\/span><\/a><div class=\"infoS2\"><span class=\"tipe\">Cine<\/span><a href=\"https:\/\/www.youtube.com\/watch?v=wTqsaZ79xk8\" data-style=\"default\" data-parent-hover=\"\" data-font-style=\"p\" data-color=\"default\" class=\"play_button_2 large nectar_video_lightbox magnific-popup homve3s\"><span style=\"color:white; float:right; margin-top: -5%;\"><i class=\"fa fa-play\"><\/i><\/span><\/a><br>\r\n\t\t\t\t\t\t\t\t\t\t\t<span class=\"title\">El Hombe de las Mil Caras<\/span><br>\r\n\t\t\t\t\t\t\t\t\t\t\t<span class=\"estreno\">2016<\/span><br>\r\n\t\t\t\t\t\t\t\t\t\t\t<span class=\"sinopsis\">Este thriller est\u00e1 inspirado en la novela Paesa, el esp\u00eda de las mil caras, de Manuel Cerd\u00e1n. Al frente de la direcci\u00f3n est\u00e1 Alberto Rodr\u00edguez (La Isla m\u00ednima, Grupo 7)<\/span><\/div><div class=\"vert-center\">\r\n\t\t\t\t\t\t\t\t\t<\/div><!--\/vert-center-->\r\n\t\t\t\t\t\t\t\t<\/div>\r\n\t\t\t\t\t\t\t<\/div><!--work-item<\/div><\/div>-->\r\n\t\t\t\t\t\t<\/div><\/div><div class=\"owl-item active\" style=\"width: 381px !important; opacity: 1; transform: translate(0px, 0px);\"><div class=\"carousel-item\">\r\n            \t\t\t<!--<div class=\"col elastic-portfolio-item element\" data-project-cat=\"\" data-default-color=\"true\" data-title-color=\"\" data-subtitle-color=\"\" style=\"width: 381px; position: relative!important; left: 0px; top: 0px\r\n\t\t\t\t\t\t\t<div class=\"inner-wrap\" data-animation=\"none\">-->\r\n\r\n\t\t\t\t\t\t\t\r\n\t\t\t\t\t\t\t\t\t\t\t\t\t\t\r\n\t\t\t\t\t\t\t<div class=\"work-item style-2 fade\">\r\n\t\t\t\t\t\t\t\r\n\t\t\t\t\t\t\t\t<img loading=\"lazy\" decoding=\"async\" width=\"270\" height=\"480\" src=\"https:\/\/marianocardenas.com\/wp-content\/uploads\/2016\/07\/iluminacion-cine-trailer-futuro.jpg\" class=\"skip-lazy attachment-full imgfadeIn\" alt=\"\" loading=\"lazy\" srcset=\"https:\/\/marianocardenas.com\/wp-content\/uploads\/2016\/07\/iluminacion-cine-trailer-futuro.jpg 380w, https:\/\/marianocardenas.com\/wp-content\/uploads\/2016\/07\/iluminacion-cine-trailer-futuro.jpg 142w\" sizes=\"auto, (max-width: 380px) 100vw, 380px\">\t\t\t\r\n\t\t\t\t\t\t\t\t<span class=\"estreno2\">2016<\/span>\r\n\t\t\t\t\t\t\t\t<div class=\"work-info-bg\"><\/div>\r\n\t\t\t\t\t\t\t\t<div class=\"work-info\"> \r\n\t\t\t\t\t\t\t\t\t\t<a href=\"https:\/\/marianocardenas.com\/wp-content\/uploads\/2016\/07\/iluminacion-cine-trailer-futuro.jpg\" class=\"gallery magnific\"><\/a><a href=\"https:\/\/www.youtube.com\/watch?v=azo9awCT5lE&t=1s\" data-style=\"default\" data-parent-hover=\"\" data-font-style=\"p\" data-color=\"default\" class=\"play_button_2 large nectar_video_lightbox magnific-popup homve3s\"><span><span class=\"play homev\"><span class=\"inner-wrap\"><svg version=\"1.1\" xmlns=\"http:\/\/www.w3.org\/2000\/svg\" xmlns:xlink=\"http:\/\/www.w3.org\/1999\/xlink\" width=\"600px\" height=\"800px\" x=\"0px\" y=\"0px\" viewBox=\"0 0 600 800\" enable-background=\"new 0 0 600 800\" xml:space=\"preserve\"><path fill=\"none\" d=\"M0-1.79v800L600,395L0-1.79z\"><\/path> <\/svg><\/span><\/span><\/span><\/a><div class=\"infoS2\"><span class=\"tipe\">Cine<\/span><a href=\"https:\/\/www.youtube.com\/watch?v=azo9awCT5lE&t=1s\" data-style=\"default\" data-parent-hover=\"\" data-font-style=\"p\" data-color=\"default\" class=\"play_button_2 large nectar_video_lightbox magnific-popup homve3s\"><span style=\"color:white; float:right; margin-top: -5%;\"><i class=\"fa fa-play\"><\/i><\/span><\/a><br>\r\n\t\t\t\t\t\t\t\t\t\t\t<span class=\"title\">El Futuro ya no es lo que era<\/span><br>\r\n\t\t\t\t\t\t\t\t\t\t\t<span class=\"estreno\">2016<\/span><br>\r\n\t\t\t\t\t\t\t\t\t\t\t<span class=\"sinopsis\">Pedro Luis Barbero (Tuno negro) dirige y escribe esta comedia protagonizada por Dani Rovira (Ocho apellidos catalanes), Carolina Bang (Mi gran noche)<\/span><\/div><div class=\"vert-center\">\r\n\t\t\t\t\t\t\t\t\t<\/div><!--\/vert-center-->\r\n\t\t\t\t\t\t\t\t<\/div>\r\n\t\t\t\t\t\t\t<\/div><!--work-item<\/div><\/div>-->\r\n\t\t\t\t\t\t<\/div><\/div><div class=\"owl-item active\" style=\"width: 381px !important; opacity: 1; transform: translate(0px, 0px);\"><div class=\"carousel-item\">\r\n            \t\t\t<!--<div class=\"col elastic-portfolio-item element\" data-project-cat=\"\" data-default-color=\"true\" data-title-color=\"\" data-subtitle-color=\"\" style=\"width: 381px; position: relative!important; left: 0px; top: 0px\r\n\t\t\t\t\t\t\t<div class=\"inner-wrap\" data-animation=\"none\">-->\r\n\r\n\t\t\t\t\t\t\t\r\n\t\t\t\t\t\t\t\t\t\t\t\t\t\t\r\n\t\t\t\t\t\t\t<div class=\"work-item style-2 fade\">\r\n\t\t\t\t\t\t\t\r\n\t\t\t\t\t\t\t\t<img loading=\"lazy\" decoding=\"async\" width=\"270\" height=\"480\" src=\"https:\/\/marianocardenas.com\/wp-content\/uploads\/2016\/07\/iluminacion-cine-trailer-caronte.jpg\" class=\"skip-lazy attachment-full imgfadeIn\" alt=\"\" loading=\"lazy\" srcset=\"https:\/\/marianocardenas.com\/wp-content\/uploads\/2016\/07\/iluminacion-cine-trailer-caronte.jpg 380w, https:\/\/marianocardenas.com\/wp-content\/uploads\/2016\/07\/iluminacion-cine-trailer-caronte.jpg 142w\" sizes=\"auto, (max-width: 380px) 100vw, 380px\">\t\t\t\r\n\t\t\t\t\t\t\t\t<span class=\"estreno2\">2016<\/span>\r\n\t\t\t\t\t\t\t\t<div class=\"work-info-bg\"><\/div>\r\n\t\t\t\t\t\t\t\t<div class=\"work-info\"> \r\n\t\t\t\t\t\t\t\t\t\t<a href=\"https:\/\/marianocardenas.com\/wp-content\/uploads\/2016\/07\/iluminacion-cine-trailer-caronte.jpg\" class=\"gallery magnific\"><\/a><div class=\"infoS2\"><span class=\"tipe\">Cine<\/span><br>\r\n\t\t\t\t\t\t\t\t\t\t\t<span class=\"title\">El signo de Caronte<\/span><br>\r\n\t\t\t\t\t\t\t\t\t\t\t<span class=\"estreno\">2016<\/span><br>\r\n\t\t\t\t\t\t\t\t\t\t\t<span class=\"sinopsis\">El signo de Caronte es un thriller protagonizado por Juan Diego Botto (La ignorancia de la sangre, Ismael) y M\u00e9lani Olivares (la serie de televisi\u00f3n A\u00edda).<\/span><\/div><div class=\"vert-center\">\r\n\t\t\t\t\t\t\t\t\t<\/div><!--\/vert-center-->\r\n\t\t\t\t\t\t\t\t<\/div>\r\n\t\t\t\t\t\t\t<\/div><!--work-item<\/div><\/div>-->\r\n\t\t\t\t\t\t<\/div><\/div><div class=\"owl-item active\" style=\"width: 381px !important; opacity: 1; transform: translate(0px, 0px);\"><div class=\"carousel-item\">\r\n            \t\t\t<!--<div class=\"col elastic-portfolio-item element\" data-project-cat=\"\" data-default-color=\"true\" data-title-color=\"\" data-subtitle-color=\"\" style=\"width: 381px; position: relative!important; left: 0px; top: 0px\r\n\t\t\t\t\t\t\t<div class=\"inner-wrap\" data-animation=\"none\">-->\r\n\r\n\t\t\t\t\t\t\t\r\n\t\t\t\t\t\t\t\t\t\t\t\t\t\t\r\n\t\t\t\t\t\t\t<div class=\"work-item style-2 fade\">\r\n\t\t\t\t\t\t\t\r\n\t\t\t\t\t\t\t\t<img loading=\"lazy\" decoding=\"async\" width=\"270\" height=\"480\" src=\"https:\/\/marianocardenas.com\/wp-content\/uploads\/2016\/07\/iluminacion-cine-trailer-mar.jpg\" class=\"skip-lazy attachment-full imgfadeIn\" alt=\"\" loading=\"lazy\" srcset=\"https:\/\/marianocardenas.com\/wp-content\/uploads\/2016\/07\/iluminacion-cine-trailer-mar.jpg 380w, https:\/\/marianocardenas.com\/wp-content\/uploads\/2016\/07\/iluminacion-cine-trailer-mar.jpg 142w\" sizes=\"auto, (max-width: 380px) 100vw, 380px\">\t\t\t\r\n\t\t\t\t\t\t\t\t<span class=\"estreno2\">2015<\/span>\r\n\t\t\t\t\t\t\t\t<div class=\"work-info-bg\"><\/div>\r\n\t\t\t\t\t\t\t\t<div class=\"work-info\"> \r\n\t\t\t\t\t\t\t\t\t\t<a href=\"https:\/\/marianocardenas.com\/wp-content\/uploads\/2016\/07\/iluminacion-cine-trailer-mar.jpg\" class=\"gallery magnific\"><\/a><div class=\"infoS2\"><span class=\"tipe\">Cine<\/span><br>\r\n\t\t\t\t\t\t\t\t\t\t\t<span class=\"title\">Lejos del Mar<\/span><br>\r\n\t\t\t\t\t\t\t\t\t\t\t<span class=\"estreno\">2015<\/span><br>\r\n\t\t\t\t\t\t\t\t\t\t\t<span class=\"sinopsis\">Lejos del mar es una pel\u00edcula dirigida por Imanol Uribe (Miel de naranjas) y protagonizada por Eduard Fern\u00e1ndez (El ni\u00f1o, La piel que habito)<\/span><\/div><div class=\"vert-center\">\r\n\t\t\t\t\t\t\t\t\t<\/div><!--\/vert-center-->\r\n\t\t\t\t\t\t\t\t<\/div>\r\n\t\t\t\t\t\t\t<\/div><!--work-item<\/div><\/div>-->\r\n\t\t\t\t\t\t<\/div><\/div><div class=\"owl-item active\" style=\"width: 381px !important; opacity: 1; transform: translate(0px, 0px);\"><div class=\"carousel-item\">\r\n            \t\t\t<!--<div class=\"col elastic-portfolio-item element\" data-project-cat=\"\" data-default-color=\"true\" data-title-color=\"\" data-subtitle-color=\"\" style=\"width: 381px; position: relative!important; left: 0px; top: 0px\r\n\t\t\t\t\t\t\t<div class=\"inner-wrap\" data-animation=\"none\">-->\r\n\r\n\t\t\t\t\t\t\t\r\n\t\t\t\t\t\t\t\t\t\t\t\t\t\t\r\n\t\t\t\t\t\t\t<div class=\"work-item style-2 fade\">\r\n\t\t\t\t\t\t\t\r\n\t\t\t\t\t\t\t\t<img loading=\"lazy\" decoding=\"async\" width=\"270\" height=\"480\" src=\"https:\/\/marianocardenas.com\/wp-content\/uploads\/2016\/07\/iluminacion-cine-trailer-8apaellidos.jpg\" class=\"skip-lazy attachment-full imgfadeIn\" alt=\"\" loading=\"lazy\" srcset=\"https:\/\/marianocardenas.com\/wp-content\/uploads\/2016\/07\/iluminacion-cine-trailer-8apaellidos.jpg 380w, https:\/\/marianocardenas.com\/wp-content\/uploads\/2016\/07\/iluminacion-cine-trailer-8apaellidos.jpg 142w\" sizes=\"auto, (max-width: 380px) 100vw, 380px\">\t\t\t\r\n\t\t\t\t\t\t\t\t<span class=\"estreno2\">2015<\/span>\r\n\t\t\t\t\t\t\t\t<div class=\"work-info-bg\"><\/div>\r\n\t\t\t\t\t\t\t\t<div class=\"work-info\"> \r\n\t\t\t\t\t\t\t\t\t\t<a href=\"https:\/\/marianocardenas.com\/wp-content\/uploads\/2016\/07\/iluminacion-cine-trailer-8apaellidos.jpg\" class=\"gallery magnific\"><\/a><a href=\"https:\/\/www.youtube.com\/watch?v=ebyALRLNdpA\" data-style=\"default\" data-parent-hover=\"\" data-font-style=\"p\" data-color=\"default\" class=\"play_button_2 large nectar_video_lightbox magnific-popup homve3s\"><span><span class=\"play homev\"><span class=\"inner-wrap\"><svg version=\"1.1\" xmlns=\"http:\/\/www.w3.org\/2000\/svg\" xmlns:xlink=\"http:\/\/www.w3.org\/1999\/xlink\" width=\"600px\" height=\"800px\" x=\"0px\" y=\"0px\" viewBox=\"0 0 600 800\" enable-background=\"new 0 0 600 800\" xml:space=\"preserve\"><path fill=\"none\" d=\"M0-1.79v800L600,395L0-1.79z\"><\/path> <\/svg><\/span><\/span><\/span><\/a><div class=\"infoS2\"><span class=\"tipe\">Cine<\/span><a href=\"https:\/\/www.youtube.com\/watch?v=ebyALRLNdpA\" data-style=\"default\" data-parent-hover=\"\" data-font-style=\"p\" data-color=\"default\" class=\"play_button_2 large nectar_video_lightbox magnific-popup homve3s\"><span style=\"color:white; float:right; margin-top: -5%;\"><i class=\"fa fa-play\"><\/i><\/span><\/a><br>\r\n\t\t\t\t\t\t\t\t\t\t\t<span class=\"title\">8 Apellidos Catalanes<\/span><br>\r\n\t\t\t\t\t\t\t\t\t\t\t<span class=\"estreno\">2015<\/span><br>\r\n\t\t\t\t\t\t\t\t\t\t\t<span class=\"sinopsis\">La secuela de Ocho Apellidos Vascos protagonizada de nuevo por Dani Rovira y Clara Lago ya es el mejor estreno espa\u00f1ol de 2015 arrasando en su estreno con 260.000 espectadores.<\/span><\/div><div class=\"vert-center\">\r\n\t\t\t\t\t\t\t\t\t<\/div><!--\/vert-center-->\r\n\t\t\t\t\t\t\t\t<\/div>\r\n\t\t\t\t\t\t\t<\/div><!--work-item<\/div><\/div>-->\r\n\t\t\t\t\t\t<\/div><\/div><div class=\"owl-item active\" style=\"width: 381px !important; opacity: 1; transform: translate(0px, 0px);\"><div class=\"carousel-item\">\r\n            \t\t\t<!--<div class=\"col elastic-portfolio-item element\" data-project-cat=\"\" data-default-color=\"true\" data-title-color=\"\" data-subtitle-color=\"\" style=\"width: 381px; position: relative!important; left: 0px; top: 0px\r\n\t\t\t\t\t\t\t<div class=\"inner-wrap\" data-animation=\"none\">-->\r\n\r\n\t\t\t\t\t\t\t\r\n\t\t\t\t\t\t\t\t\t\t\t\t\t\t\r\n\t\t\t\t\t\t\t<div class=\"work-item style-2 fade\">\r\n\t\t\t\t\t\t\t\r\n\t\t\t\t\t\t\t\t<img loading=\"lazy\" decoding=\"async\" width=\"270\" height=\"480\" src=\"https:\/\/marianocardenas.com\/wp-content\/uploads\/2021\/03\/la_decision_de_julia-974658135-mmed.jpg\" class=\"skip-lazy attachment-full imgfadeIn\" alt=\"\" loading=\"lazy\" srcset=\"https:\/\/marianocardenas.com\/wp-content\/uploads\/2021\/03\/la_decision_de_julia-974658135-mmed.jpg 380w, https:\/\/marianocardenas.com\/wp-content\/uploads\/2021\/03\/la_decision_de_julia-974658135-mmed.jpg 142w\" sizes=\"auto, (max-width: 380px) 100vw, 380px\">\t\t\t\r\n\t\t\t\t\t\t\t\t<span class=\"estreno2\">2015<\/span>\r\n\t\t\t\t\t\t\t\t<div class=\"work-info-bg\"><\/div>\r\n\t\t\t\t\t\t\t\t<div class=\"work-info\"> \r\n\t\t\t\t\t\t\t\t\t\t<a href=\"https:\/\/marianocardenas.com\/wp-content\/uploads\/2021\/03\/la_decision_de_julia-974658135-mmed.jpg\" class=\"gallery magnific\"><\/a><a href=\"https:\/\/www.youtube.com\/watch?v=a_U8My9GZjg\" data-style=\"default\" data-parent-hover=\"\" data-font-style=\"p\" data-color=\"default\" class=\"play_button_2 large nectar_video_lightbox magnific-popup homve3s\"><span><span class=\"play homev\"><span class=\"inner-wrap\"><svg version=\"1.1\" xmlns=\"http:\/\/www.w3.org\/2000\/svg\" xmlns:xlink=\"http:\/\/www.w3.org\/1999\/xlink\" width=\"600px\" height=\"800px\" x=\"0px\" y=\"0px\" viewBox=\"0 0 600 800\" enable-background=\"new 0 0 600 800\" xml:space=\"preserve\"><path fill=\"none\" d=\"M0-1.79v800L600,395L0-1.79z\"><\/path> <\/svg><\/span><\/span><\/span><\/a><div class=\"infoS2\"><span class=\"tipe\">Cine<\/span><a href=\"https:\/\/www.youtube.com\/watch?v=a_U8My9GZjg\" data-style=\"default\" data-parent-hover=\"\" data-font-style=\"p\" data-color=\"default\" class=\"play_button_2 large nectar_video_lightbox magnific-popup homve3s\"><span style=\"color:white; float:right; margin-top: -5%;\"><i class=\"fa fa-play\"><\/i><\/span><\/a><br>\r\n\t\t\t\t\t\t\t\t\t\t\t<span class=\"title\">La Decisi\u00f3n de Julia<\/span><br>\r\n\t\t\t\t\t\t\t\t\t\t\t<span class=\"estreno\">2015<\/span><br>\r\n\t\t\t\t\t\t\t\t\t\t\t<span class=\"sinopsis\">Pel\u00edcula dirigida por Norberto Lopez Amado y protagonizada por Marta Belaustegui (Amores Locos, Lo mejor que le puede pasar a un cruas\u00e1n)<\/span><\/div><div class=\"vert-center\">\r\n\t\t\t\t\t\t\t\t\t<\/div><!--\/vert-center-->\r\n\t\t\t\t\t\t\t\t<\/div>\r\n\t\t\t\t\t\t\t<\/div><!--work-item<\/div><\/div>-->\r\n\t\t\t\t\t\t<\/div><\/div><div class=\"owl-item active\" style=\"width: 381px !important; opacity: 1; transform: translate(0px, 0px);\"><div class=\"carousel-item\">\r\n            \t\t\t<!--<div class=\"col elastic-portfolio-item element\" data-project-cat=\"\" data-default-color=\"true\" data-title-color=\"\" data-subtitle-color=\"\" style=\"width: 381px; position: relative!important; left: 0px; top: 0px\r\n\t\t\t\t\t\t\t<div class=\"inner-wrap\" data-animation=\"none\">-->\r\n\r\n\t\t\t\t\t\t\t\r\n\t\t\t\t\t\t\t\t\t\t\t\t\t\t\r\n\t\t\t\t\t\t\t<div class=\"work-item style-2 fade\">\r\n\t\t\t\t\t\t\t\r\n\t\t\t\t\t\t\t\t<img loading=\"lazy\" decoding=\"async\" width=\"270\" height=\"480\" src=\"https:\/\/marianocardenas.com\/wp-content\/uploads\/2016\/07\/iluminacion-cine-trailer-isla.jpg\" class=\"skip-lazy attachment-full imgfadeIn\" alt=\"\" loading=\"lazy\" srcset=\"https:\/\/marianocardenas.com\/wp-content\/uploads\/2016\/07\/iluminacion-cine-trailer-isla.jpg 380w, https:\/\/marianocardenas.com\/wp-content\/uploads\/2016\/07\/iluminacion-cine-trailer-isla.jpg 142w\" sizes=\"auto, (max-width: 380px) 100vw, 380px\">\t\t\t\r\n\t\t\t\t\t\t\t\t<span class=\"estreno2\">2014<\/span>\r\n\t\t\t\t\t\t\t\t<div class=\"work-info-bg\"><\/div>\r\n\t\t\t\t\t\t\t\t<div class=\"work-info\"> \r\n\t\t\t\t\t\t\t\t\t\t<a href=\"https:\/\/marianocardenas.com\/wp-content\/uploads\/2016\/07\/iluminacion-cine-trailer-isla.jpg\" class=\"gallery magnific\"><\/a><a href=\"https:\/\/www.youtube.com\/watch?v=GErVX6VnJ2o&t=5s\" data-style=\"default\" data-parent-hover=\"\" data-font-style=\"p\" data-color=\"default\" class=\"play_button_2 large nectar_video_lightbox magnific-popup homve3s\"><span><span class=\"play homev\"><span class=\"inner-wrap\"><svg version=\"1.1\" xmlns=\"http:\/\/www.w3.org\/2000\/svg\" xmlns:xlink=\"http:\/\/www.w3.org\/1999\/xlink\" width=\"600px\" height=\"800px\" x=\"0px\" y=\"0px\" viewBox=\"0 0 600 800\" enable-background=\"new 0 0 600 800\" xml:space=\"preserve\"><path fill=\"none\" d=\"M0-1.79v800L600,395L0-1.79z\"><\/path> <\/svg><\/span><\/span><\/span><\/a><div class=\"infoS2\"><span class=\"tipe\">Cine<\/span><a href=\"https:\/\/www.youtube.com\/watch?v=GErVX6VnJ2o&t=5s\" data-style=\"default\" data-parent-hover=\"\" data-font-style=\"p\" data-color=\"default\" class=\"play_button_2 large nectar_video_lightbox magnific-popup homve3s\"><span style=\"color:white; float:right; margin-top: -5%;\"><i class=\"fa fa-play\"><\/i><\/span><\/a><br>\r\n\t\t\t\t\t\t\t\t\t\t\t<span class=\"title\">La Isla M\u00ednima<\/span><br>\r\n\t\t\t\t\t\t\t\t\t\t\t<span class=\"estreno\">2014<\/span><br>\r\n\t\t\t\t\t\t\t\t\t\t\t<span class=\"sinopsis\">Thriller dirigido por Alberto Rodr\u00edguez (Grupo 7), escrito por Rafael Cobos (Grupo 7) y protagonizado por Ra\u00fal Ar\u00e9valo (Los amantes pasajeros)<\/span><\/div><div class=\"vert-center\">\r\n\t\t\t\t\t\t\t\t\t<\/div><!--\/vert-center-->\r\n\t\t\t\t\t\t\t\t<\/div>\r\n\t\t\t\t\t\t\t<\/div><!--work-item<\/div><\/div>-->\r\n\t\t\t\t\t\t<\/div><\/div><div class=\"owl-item active\" style=\"width: 381px !important; opacity: 1; transform: translate(0px, 0px);\"><div class=\"carousel-item\">\r\n            \t\t\t<!--<div class=\"col elastic-portfolio-item element\" data-project-cat=\"\" data-default-color=\"true\" data-title-color=\"\" data-subtitle-color=\"\" style=\"width: 381px; position: relative!important; left: 0px; top: 0px\r\n\t\t\t\t\t\t\t<div class=\"inner-wrap\" data-animation=\"none\">-->\r\n\r\n\t\t\t\t\t\t\t\r\n\t\t\t\t\t\t\t\t\t\t\t\t\t\t\r\n\t\t\t\t\t\t\t<div class=\"work-item style-2 fade\">\r\n\t\t\t\t\t\t\t\r\n\t\t\t\t\t\t\t\t<img loading=\"lazy\" decoding=\"async\" width=\"270\" height=\"480\" src=\"https:\/\/marianocardenas.com\/wp-content\/uploads\/2021\/03\/open_windows-121473253-mmed.jpg\" class=\"skip-lazy attachment-full imgfadeIn\" alt=\"\" loading=\"lazy\" srcset=\"https:\/\/marianocardenas.com\/wp-content\/uploads\/2021\/03\/open_windows-121473253-mmed.jpg 380w, https:\/\/marianocardenas.com\/wp-content\/uploads\/2021\/03\/open_windows-121473253-mmed.jpg 142w\" sizes=\"auto, (max-width: 380px) 100vw, 380px\">\t\t\t\r\n\t\t\t\t\t\t\t\t<span class=\"estreno2\">2014<\/span>\r\n\t\t\t\t\t\t\t\t<div class=\"work-info-bg\"><\/div>\r\n\t\t\t\t\t\t\t\t<div class=\"work-info\"> \r\n\t\t\t\t\t\t\t\t\t\t<a href=\"https:\/\/marianocardenas.com\/wp-content\/uploads\/2021\/03\/open_windows-121473253-mmed.jpg\" class=\"gallery magnific\"><\/a><a href=\"https:\/\/www.youtube.com\/watch?v=_Qz7DDvTA-I&t=8s\" data-style=\"default\" data-parent-hover=\"\" data-font-style=\"p\" data-color=\"default\" class=\"play_button_2 large nectar_video_lightbox magnific-popup homve3s\"><span><span class=\"play homev\"><span class=\"inner-wrap\"><svg version=\"1.1\" xmlns=\"http:\/\/www.w3.org\/2000\/svg\" xmlns:xlink=\"http:\/\/www.w3.org\/1999\/xlink\" width=\"600px\" height=\"800px\" x=\"0px\" y=\"0px\" viewBox=\"0 0 600 800\" enable-background=\"new 0 0 600 800\" xml:space=\"preserve\"><path fill=\"none\" d=\"M0-1.79v800L600,395L0-1.79z\"><\/path> <\/svg><\/span><\/span><\/span><\/a><div class=\"infoS2\"><span class=\"tipe\">Cine<\/span><a href=\"https:\/\/www.youtube.com\/watch?v=_Qz7DDvTA-I&t=8s\" data-style=\"default\" data-parent-hover=\"\" data-font-style=\"p\" data-color=\"default\" class=\"play_button_2 large nectar_video_lightbox magnific-popup homve3s\"><span style=\"color:white; float:right; margin-top: -5%;\"><i class=\"fa fa-play\"><\/i><\/span><\/a><br>\r\n\t\t\t\t\t\t\t\t\t\t\t<span class=\"title\">Open Windows<\/span><br>\r\n\t\t\t\t\t\t\t\t\t\t\t<span class=\"estreno\">2014<\/span><br>\r\n\t\t\t\t\t\t\t\t\t\t\t<span class=\"sinopsis\">El director espa\u00f1ol Nacho Vigalondo vuelve al thriller, que tan buenos resultados le dio en la taquilla internacional con Los cronocr\u00edmenes.<\/span><\/div><div class=\"vert-center\">\r\n\t\t\t\t\t\t\t\t\t<\/div><!--\/vert-center-->\r\n\t\t\t\t\t\t\t\t<\/div>\r\n\t\t\t\t\t\t\t<\/div><!--work-item<\/div><\/div>-->\r\n\t\t\t\t\t\t<\/div><\/div><div class=\"owl-item active\" style=\"width: 381px !important; opacity: 1; transform: translate(0px, 0px);\"><div class=\"carousel-item\">\r\n            \t\t\t<!--<div class=\"col elastic-portfolio-item element\" data-project-cat=\"\" data-default-color=\"true\" data-title-color=\"\" data-subtitle-color=\"\" style=\"width: 381px; position: relative!important; left: 0px; top: 0px\r\n\t\t\t\t\t\t\t<div class=\"inner-wrap\" data-animation=\"none\">-->\r\n\r\n\t\t\t\t\t\t\t\r\n\t\t\t\t\t\t\t\t\t\t\t\t\t\t\r\n\t\t\t\t\t\t\t<div class=\"work-item style-2 fade\">\r\n\t\t\t\t\t\t\t\r\n\t\t\t\t\t\t\t\t<img loading=\"lazy\" decoding=\"async\" width=\"270\" height=\"480\" src=\"https:\/\/marianocardenas.com\/wp-content\/uploads\/2016\/07\/iluminacion-cine-cartel-inocentes-3.jpg\" class=\"skip-lazy attachment-full imgfadeIn\" alt=\"\" loading=\"lazy\" srcset=\"https:\/\/marianocardenas.com\/wp-content\/uploads\/2016\/07\/iluminacion-cine-cartel-inocentes-3.jpg 380w, https:\/\/marianocardenas.com\/wp-content\/uploads\/2016\/07\/iluminacion-cine-cartel-inocentes-3.jpg 142w\" sizes=\"auto, (max-width: 380px) 100vw, 380px\">\t\t\t\r\n\t\t\t\t\t\t\t\t<span class=\"estreno2\">2012<\/span>\r\n\t\t\t\t\t\t\t\t<div class=\"work-info-bg\"><\/div>\r\n\t\t\t\t\t\t\t\t<div class=\"work-info\"> \r\n\t\t\t\t\t\t\t\t\t\t<a href=\"https:\/\/marianocardenas.com\/wp-content\/uploads\/2016\/07\/iluminacion-cine-cartel-inocentes-3.jpg\" class=\"gallery magnific\"><\/a><div class=\"info2\"><span class=\"tipe\">Cine<\/span><br>\r\n\t\t\t\t\t\t\t\t\t\t\t<span class=\"title\">Casi Inocentes<\/span><br>\r\n\t\t\t\t\t\t\t\t\t\t\t<span class=\"estreno\">2012<\/span><br>\r\n\t\t\t\t\t\t\t\t\t\t\t<span class=\"sinopsis\"><\/span><\/div><\/a><div class=\"vert-center\">\r\n\t\t\t\t\t\t\t\t\t<\/div><!--\/vert-center-->\r\n\t\t\t\t\t\t\t\t<\/div>\r\n\t\t\t\t\t\t\t<\/div><!--work-item<\/div><\/div>-->\r\n\t\t\t\t\t\t<\/div><\/div><div class=\"owl-item active\" style=\"width: 381px !important; opacity: 1; transform: translate(0px, 0px);\"><div class=\"carousel-item\">\r\n            \t\t\t<!--<div class=\"col elastic-portfolio-item element\" data-project-cat=\"\" data-default-color=\"true\" data-title-color=\"\" data-subtitle-color=\"\" style=\"width: 381px; position: relative!important; left: 0px; top: 0px\r\n\t\t\t\t\t\t\t<div class=\"inner-wrap\" data-animation=\"none\">-->\r\n\r\n\t\t\t\t\t\t\t\r\n\t\t\t\t\t\t\t\t\t\t\t\t\t\t\r\n\t\t\t\t\t\t\t<div class=\"work-item style-2 fade\">\r\n\t\t\t\t\t\t\t\r\n\t\t\t\t\t\t\t\t<img loading=\"lazy\" decoding=\"async\" width=\"270\" height=\"480\" src=\"https:\/\/marianocardenas.com\/wp-content\/uploads\/2016\/07\/iluminacion-cine-cartel-mula.jpg\" class=\"skip-lazy attachment-full imgfadeIn\" alt=\"\" loading=\"lazy\" srcset=\"https:\/\/marianocardenas.com\/wp-content\/uploads\/2016\/07\/iluminacion-cine-cartel-mula.jpg 380w, https:\/\/marianocardenas.com\/wp-content\/uploads\/2016\/07\/iluminacion-cine-cartel-mula.jpg 142w\" sizes=\"auto, (max-width: 380px) 100vw, 380px\">\t\t\t\r\n\t\t\t\t\t\t\t\t<span class=\"estreno2\">2013<\/span>\r\n\t\t\t\t\t\t\t\t<div class=\"work-info-bg\"><\/div>\r\n\t\t\t\t\t\t\t\t<div class=\"work-info\"> \r\n\t\t\t\t\t\t\t\t\t\t<a href=\"https:\/\/marianocardenas.com\/wp-content\/uploads\/2016\/07\/iluminacion-cine-cartel-mula.jpg\" class=\"gallery magnific\"><\/a><div class=\"info2\"><span class=\"tipe\">Cine<\/span><br>\r\n\t\t\t\t\t\t\t\t\t\t\t<span class=\"title\">La Mula<\/span><br>\r\n\t\t\t\t\t\t\t\t\t\t\t<span class=\"estreno\">2013<\/span><br>\r\n\t\t\t\t\t\t\t\t\t\t\t<span class=\"sinopsis\"><\/span><\/div><\/a><div class=\"vert-center\">\r\n\t\t\t\t\t\t\t\t\t<\/div><!--\/vert-center-->\r\n\t\t\t\t\t\t\t\t<\/div>\r\n\t\t\t\t\t\t\t<\/div><!--work-item<\/div><\/div>-->\r\n\t\t\t\t\t\t<\/div><\/div><div class=\"owl-item active\" style=\"width: 381px !important; opacity: 1; transform: translate(0px, 0px);\"><div class=\"carousel-item\">\r\n            \t\t\t<!--<div class=\"col elastic-portfolio-item element\" data-project-cat=\"\" data-default-color=\"true\" data-title-color=\"\" data-subtitle-color=\"\" style=\"width: 381px; position: relative!important; left: 0px; top: 0px\r\n\t\t\t\t\t\t\t<div class=\"inner-wrap\" data-animation=\"none\">-->\r\n\r\n\t\t\t\t\t\t\t\r\n\t\t\t\t\t\t\t\t\t\t\t\t\t\t\r\n\t\t\t\t\t\t\t<div class=\"work-item style-2 fade\">\r\n\t\t\t\t\t\t\t\r\n\t\t\t\t\t\t\t\t<img loading=\"lazy\" decoding=\"async\" width=\"270\" height=\"480\" src=\"https:\/\/marianocardenas.com\/wp-content\/uploads\/2016\/07\/iluminacion-cine-cartel-bambi.jpg\" class=\"skip-lazy attachment-full imgfadeIn\" alt=\"\" loading=\"lazy\" srcset=\"https:\/\/marianocardenas.com\/wp-content\/uploads\/2016\/07\/iluminacion-cine-cartel-bambi.jpg 380w, https:\/\/marianocardenas.com\/wp-content\/uploads\/2016\/07\/iluminacion-cine-cartel-bambi.jpg 142w\" sizes=\"auto, (max-width: 380px) 100vw, 380px\">\t\t\t\r\n\t\t\t\t\t\t\t\t<span class=\"estreno2\">2013<\/span>\r\n\t\t\t\t\t\t\t\t<div class=\"work-info-bg\"><\/div>\r\n\t\t\t\t\t\t\t\t<div class=\"work-info\"> \r\n\t\t\t\t\t\t\t\t\t\t<a href=\"https:\/\/marianocardenas.com\/wp-content\/uploads\/2016\/07\/iluminacion-cine-cartel-bambi.jpg\" class=\"gallery magnific\"><\/a><div class=\"info2\"><span class=\"tipe\">Cine<\/span><br>\r\n\t\t\t\t\t\t\t\t\t\t\t<span class=\"title\">\u00bfQui\u00e9n mato a Bambi?<\/span><br>\r\n\t\t\t\t\t\t\t\t\t\t\t<span class=\"estreno\">2013<\/span><br>\r\n\t\t\t\t\t\t\t\t\t\t\t<span class=\"sinopsis\"><\/span><\/div><\/a><div class=\"vert-center\">\r\n\t\t\t\t\t\t\t\t\t<\/div><!--\/vert-center-->\r\n\t\t\t\t\t\t\t\t<\/div>\r\n\t\t\t\t\t\t\t<\/div><!--work-item<\/div><\/div>-->\r\n\t\t\t\t\t\t<\/div><\/div><div class=\"owl-item active\" style=\"width: 381px !important; opacity: 1; transform: translate(0px, 0px);\"><div class=\"carousel-item\">\r\n            \t\t\t<!--<div class=\"col elastic-portfolio-item element\" data-project-cat=\"\" data-default-color=\"true\" data-title-color=\"\" data-subtitle-color=\"\" style=\"width: 381px; position: relative!important; left: 0px; top: 0px\r\n\t\t\t\t\t\t\t<div class=\"inner-wrap\" data-animation=\"none\">-->\r\n\r\n\t\t\t\t\t\t\t\r\n\t\t\t\t\t\t\t\t\t\t\t\t\t\t\r\n\t\t\t\t\t\t\t<div class=\"work-item style-2 fade\">\r\n\t\t\t\t\t\t\t\r\n\t\t\t\t\t\t\t\t<img loading=\"lazy\" decoding=\"async\" width=\"270\" height=\"480\" src=\"https:\/\/marianocardenas.com\/wp-content\/uploads\/2016\/07\/iluminacion-cine-cartel-familia.jpg\" class=\"skip-lazy attachment-full imgfadeIn\" alt=\"\" loading=\"lazy\" srcset=\"https:\/\/marianocardenas.com\/wp-content\/uploads\/2016\/07\/iluminacion-cine-cartel-familia.jpg 380w, https:\/\/marianocardenas.com\/wp-content\/uploads\/2016\/07\/iluminacion-cine-cartel-familia.jpg 142w\" sizes=\"auto, (max-width: 380px) 100vw, 380px\">\t\t\t\r\n\t\t\t\t\t\t\t\t<span class=\"estreno2\">2013<\/span>\r\n\t\t\t\t\t\t\t\t<div class=\"work-info-bg\"><\/div>\r\n\t\t\t\t\t\t\t\t<div class=\"work-info\"> \r\n\t\t\t\t\t\t\t\t\t\t<a href=\"https:\/\/marianocardenas.com\/wp-content\/uploads\/2016\/07\/iluminacion-cine-cartel-familia.jpg\" class=\"gallery magnific\"><\/a><div class=\"info2\"><span class=\"tipe\">Cine<\/span><br>\r\n\t\t\t\t\t\t\t\t\t\t\t<span class=\"title\">La Gran Familia Espa\u00f1ola<\/span><br>\r\n\t\t\t\t\t\t\t\t\t\t\t<span class=\"estreno\">2013<\/span><br>\r\n\t\t\t\t\t\t\t\t\t\t\t<span class=\"sinopsis\"><\/span><\/div><\/a><div class=\"vert-center\">\r\n\t\t\t\t\t\t\t\t\t<\/div><!--\/vert-center-->\r\n\t\t\t\t\t\t\t\t<\/div>\r\n\t\t\t\t\t\t\t<\/div><!--work-item<\/div><\/div>-->\r\n\t\t\t\t\t\t<\/div><\/div><div class=\"owl-item active\" style=\"width: 381px !important; opacity: 1; transform: translate(0px, 0px);\"><div class=\"carousel-item\">\r\n            \t\t\t<!--<div class=\"col elastic-portfolio-item element\" data-project-cat=\"\" data-default-color=\"true\" data-title-color=\"\" data-subtitle-color=\"\" style=\"width: 381px; position: relative!important; left: 0px; top: 0px\r\n\t\t\t\t\t\t\t<div class=\"inner-wrap\" data-animation=\"none\">-->\r\n\r\n\t\t\t\t\t\t\t\r\n\t\t\t\t\t\t\t\t\t\t\t\t\t\t\r\n\t\t\t\t\t\t\t<div class=\"work-item style-2 fade\">\r\n\t\t\t\t\t\t\t\r\n\t\t\t\t\t\t\t\t<img loading=\"lazy\" decoding=\"async\" width=\"270\" height=\"480\" src=\"https:\/\/marianocardenas.com\/wp-content\/uploads\/2016\/07\/iluminacion-cine-cartel-grupo7.jpg\" class=\"skip-lazy attachment-full imgfadeIn\" alt=\"\" loading=\"lazy\" srcset=\"https:\/\/marianocardenas.com\/wp-content\/uploads\/2016\/07\/iluminacion-cine-cartel-grupo7.jpg 380w, https:\/\/marianocardenas.com\/wp-content\/uploads\/2016\/07\/iluminacion-cine-cartel-grupo7.jpg 142w\" sizes=\"auto, (max-width: 380px) 100vw, 380px\">\t\t\t\r\n\t\t\t\t\t\t\t\t<span class=\"estreno2\">2012<\/span>\r\n\t\t\t\t\t\t\t\t<div class=\"work-info-bg\"><\/div>\r\n\t\t\t\t\t\t\t\t<div class=\"work-info\"> \r\n\t\t\t\t\t\t\t\t\t\t<a href=\"https:\/\/marianocardenas.com\/wp-content\/uploads\/2016\/07\/iluminacion-cine-cartel-grupo7.jpg\" class=\"gallery magnific\"><\/a><div class=\"info2\"><span class=\"tipe\">Cine<\/span><br>\r\n\t\t\t\t\t\t\t\t\t\t\t<span class=\"title\">Grupo 7<\/span><br>\r\n\t\t\t\t\t\t\t\t\t\t\t<span class=\"estreno\">2012<\/span><br>\r\n\t\t\t\t\t\t\t\t\t\t\t<span class=\"sinopsis\"><\/span><\/div><\/a><div class=\"vert-center\">\r\n\t\t\t\t\t\t\t\t\t<\/div><!--\/vert-center-->\r\n\t\t\t\t\t\t\t\t<\/div>\r\n\t\t\t\t\t\t\t<\/div><!--work-item<\/div><\/div>-->\r\n\t\t\t\t\t\t<\/div><\/div><div class=\"owl-item active\" style=\"width: 381px !important; opacity: 1; transform: translate(0px, 0px);\"><div class=\"carousel-item\">\r\n            \t\t\t<!--<div class=\"col elastic-portfolio-item element\" data-project-cat=\"\" data-default-color=\"true\" data-title-color=\"\" data-subtitle-color=\"\" style=\"width: 381px; position: relative!important; left: 0px; top: 0px\r\n\t\t\t\t\t\t\t<div class=\"inner-wrap\" data-animation=\"none\">-->\r\n\r\n\t\t\t\t\t\t\t\r\n\t\t\t\t\t\t\t\t\t\t\t\t\t\t\r\n\t\t\t\t\t\t\t<div class=\"work-item style-2 fade\">\r\n\t\t\t\t\t\t\t\r\n\t\t\t\t\t\t\t\t<img loading=\"lazy\" decoding=\"async\" width=\"270\" height=\"480\" src=\"https:\/\/marianocardenas.com\/wp-content\/uploads\/2016\/07\/iluminacion-cine-cartel-dormida.jpg\" class=\"skip-lazy attachment-full imgfadeIn\" alt=\"\" loading=\"lazy\" srcset=\"https:\/\/marianocardenas.com\/wp-content\/uploads\/2016\/07\/iluminacion-cine-cartel-dormida.jpg 380w, https:\/\/marianocardenas.com\/wp-content\/uploads\/2016\/07\/iluminacion-cine-cartel-dormida.jpg 142w\" sizes=\"auto, (max-width: 380px) 100vw, 380px\">\t\t\t\r\n\t\t\t\t\t\t\t\t<span class=\"estreno2\">2011<\/span>\r\n\t\t\t\t\t\t\t\t<div class=\"work-info-bg\"><\/div>\r\n\t\t\t\t\t\t\t\t<div class=\"work-info\"> \r\n\t\t\t\t\t\t\t\t\t\t<a href=\"https:\/\/marianocardenas.com\/wp-content\/uploads\/2016\/07\/iluminacion-cine-cartel-dormida.jpg\" class=\"gallery magnific\"><\/a><div class=\"info2\"><span class=\"tipe\">Cine<\/span><br>\r\n\t\t\t\t\t\t\t\t\t\t\t<span class=\"title\">La voz dormida<\/span><br>\r\n\t\t\t\t\t\t\t\t\t\t\t<span class=\"estreno\">2011<\/span><br>\r\n\t\t\t\t\t\t\t\t\t\t\t<span class=\"sinopsis\"><\/span><\/div><\/a><div class=\"vert-center\">\r\n\t\t\t\t\t\t\t\t\t<\/div><!--\/vert-center-->\r\n\t\t\t\t\t\t\t\t<\/div>\r\n\t\t\t\t\t\t\t<\/div><!--work-item<\/div><\/div>-->\r\n\t\t\t\t\t\t<\/div><\/div><div class=\"owl-item active\" style=\"width: 381px !important; opacity: 1; transform: translate(0px, 0px);\"><div class=\"carousel-item\">\r\n            \t\t\t<!--<div class=\"col elastic-portfolio-item element\" data-project-cat=\"\" data-default-color=\"true\" data-title-color=\"\" data-subtitle-color=\"\" style=\"width: 381px; position: relative!important; left: 0px; top: 0px\r\n\t\t\t\t\t\t\t<div class=\"inner-wrap\" data-animation=\"none\">-->\r\n\r\n\t\t\t\t\t\t\t\r\n\t\t\t\t\t\t\t\t\t\t\t\t\t\t\r\n\t\t\t\t\t\t\t<div class=\"work-item style-2 fade\">\r\n\t\t\t\t\t\t\t\r\n\t\t\t\t\t\t\t\t<img loading=\"lazy\" decoding=\"async\" width=\"270\" height=\"480\" src=\"https:\/\/marianocardenas.com\/wp-content\/uploads\/2016\/07\/iluminacion-cine-cartel-amigos.jpg\" class=\"skip-lazy attachment-full imgfadeIn\" alt=\"\" loading=\"lazy\" srcset=\"https:\/\/marianocardenas.com\/wp-content\/uploads\/2016\/07\/iluminacion-cine-cartel-amigos.jpg 380w, https:\/\/marianocardenas.com\/wp-content\/uploads\/2016\/07\/iluminacion-cine-cartel-amigos.jpg 142w\" sizes=\"auto, (max-width: 380px) 100vw, 380px\">\t\t\t\r\n\t\t\t\t\t\t\t\t<span class=\"estreno2\">2011<\/span>\r\n\t\t\t\t\t\t\t\t<div class=\"work-info-bg\"><\/div>\r\n\t\t\t\t\t\t\t\t<div class=\"work-info\"> \r\n\t\t\t\t\t\t\t\t\t\t<a href=\"https:\/\/marianocardenas.com\/wp-content\/uploads\/2016\/07\/iluminacion-cine-cartel-amigos.jpg\" class=\"gallery magnific\"><\/a><div class=\"info2\"><span class=\"tipe\">Cine<\/span><br>\r\n\t\t\t\t\t\t\t\t\t\t\t<span class=\"title\">Amigos&#8230;<\/span><br>\r\n\t\t\t\t\t\t\t\t\t\t\t<span class=\"estreno\">2011<\/span><br>\r\n\t\t\t\t\t\t\t\t\t\t\t<span class=\"sinopsis\"><\/span><\/div><\/a><div class=\"vert-center\">\r\n\t\t\t\t\t\t\t\t\t<\/div><!--\/vert-center-->\r\n\t\t\t\t\t\t\t\t<\/div>\r\n\t\t\t\t\t\t\t<\/div><!--work-item<\/div><\/div>-->\r\n\t\t\t\t\t\t<\/div><\/div><div class=\"owl-item active\" style=\"width: 381px !important; opacity: 1; transform: translate(0px, 0px);\"><div class=\"carousel-item\">\r\n            \t\t\t<!--<div class=\"col elastic-portfolio-item element\" data-project-cat=\"\" data-default-color=\"true\" data-title-color=\"\" data-subtitle-color=\"\" style=\"width: 381px; position: relative!important; left: 0px; top: 0px\r\n\t\t\t\t\t\t\t<div class=\"inner-wrap\" data-animation=\"none\">-->\r\n\r\n\t\t\t\t\t\t\t\r\n\t\t\t\t\t\t\t\t\t\t\t\t\t\t\r\n\t\t\t\t\t\t\t<div class=\"work-item style-2 fade\">\r\n\t\t\t\t\t\t\t\r\n\t\t\t\t\t\t\t\t<img loading=\"lazy\" decoding=\"async\" width=\"270\" height=\"480\" src=\"https:\/\/marianocardenas.com\/wp-content\/uploads\/2016\/07\/iluminacion-cine-cartel-miedo.jpg\" class=\"skip-lazy attachment-full imgfadeIn\" alt=\"\" loading=\"lazy\" srcset=\"https:\/\/marianocardenas.com\/wp-content\/uploads\/2016\/07\/iluminacion-cine-cartel-miedo.jpg 380w, https:\/\/marianocardenas.com\/wp-content\/uploads\/2016\/07\/iluminacion-cine-cartel-miedo.jpg 142w\" sizes=\"auto, (max-width: 380px) 100vw, 380px\">\t\t\t\r\n\t\t\t\t\t\t\t\t<span class=\"estreno2\">2011<\/span>\r\n\t\t\t\t\t\t\t\t<div class=\"work-info-bg\"><\/div>\r\n\t\t\t\t\t\t\t\t<div class=\"work-info\"> \r\n\t\t\t\t\t\t\t\t\t\t<a href=\"https:\/\/marianocardenas.com\/wp-content\/uploads\/2016\/07\/iluminacion-cine-cartel-miedo.jpg\" class=\"gallery magnific\"><\/a><div class=\"info2\"><span class=\"tipe\">Cine<\/span><br>\r\n\t\t\t\t\t\t\t\t\t\t\t<span class=\"title\">No tengas miedo<\/span><br>\r\n\t\t\t\t\t\t\t\t\t\t\t<span class=\"estreno\">2011<\/span><br>\r\n\t\t\t\t\t\t\t\t\t\t\t<span class=\"sinopsis\"><\/span><\/div><\/a><div class=\"vert-center\">\r\n\t\t\t\t\t\t\t\t\t<\/div><!--\/vert-center-->\r\n\t\t\t\t\t\t\t\t<\/div>\r\n\t\t\t\t\t\t\t<\/div><!--work-item<\/div><\/div>-->\r\n\t\t\t\t\t\t<\/div><\/div><div class=\"owl-item active\" style=\"width: 381px !important; opacity: 1; transform: translate(0px, 0px);\"><div class=\"carousel-item\">\r\n            \t\t\t<!--<div class=\"col elastic-portfolio-item element\" data-project-cat=\"\" data-default-color=\"true\" data-title-color=\"\" data-subtitle-color=\"\" style=\"width: 381px; position: relative!important; left: 0px; top: 0px\r\n\t\t\t\t\t\t\t<div class=\"inner-wrap\" data-animation=\"none\">-->\r\n\r\n\t\t\t\t\t\t\t\r\n\t\t\t\t\t\t\t\t\t\t\t\t\t\t\r\n\t\t\t\t\t\t\t<div class=\"work-item style-2 fade\">\r\n\t\t\t\t\t\t\t\r\n\t\t\t\t\t\t\t\t<img loading=\"lazy\" decoding=\"async\" width=\"270\" height=\"480\" src=\"https:\/\/marianocardenas.com\/wp-content\/uploads\/2016\/07\/iluminacion-cine-cartel-vuelo.jpg\" class=\"skip-lazy attachment-full imgfadeIn\" alt=\"\" loading=\"lazy\" srcset=\"https:\/\/marianocardenas.com\/wp-content\/uploads\/2016\/07\/iluminacion-cine-cartel-vuelo.jpg 380w, https:\/\/marianocardenas.com\/wp-content\/uploads\/2016\/07\/iluminacion-cine-cartel-vuelo.jpg 142w\" sizes=\"auto, (max-width: 380px) 100vw, 380px\">\t\t\t\r\n\t\t\t\t\t\t\t\t<span class=\"estreno2\">2011<\/span>\r\n\t\t\t\t\t\t\t\t<div class=\"work-info-bg\"><\/div>\r\n\t\t\t\t\t\t\t\t<div class=\"work-info\"> \r\n\t\t\t\t\t\t\t\t\t\t<a href=\"https:\/\/marianocardenas.com\/wp-content\/uploads\/2016\/07\/iluminacion-cine-cartel-vuelo.jpg\" class=\"gallery magnific\"><\/a><div class=\"info2\"><span class=\"tipe\">Cine<\/span><br>\r\n\t\t\t\t\t\t\t\t\t\t\t<span class=\"title\">El vuelo del tren<\/span><br>\r\n\t\t\t\t\t\t\t\t\t\t\t<span class=\"estreno\">2011<\/span><br>\r\n\t\t\t\t\t\t\t\t\t\t\t<span class=\"sinopsis\"><\/span><\/div><\/a><div class=\"vert-center\">\r\n\t\t\t\t\t\t\t\t\t<\/div><!--\/vert-center-->\r\n\t\t\t\t\t\t\t\t<\/div>\r\n\t\t\t\t\t\t\t<\/div><!--work-item<\/div><\/div>-->\r\n\t\t\t\t\t\t<\/div><\/div><div class=\"owl-item active\" style=\"width: 381px !important; opacity: 1; transform: translate(0px, 0px);\"><div class=\"carousel-item\">\r\n            \t\t\t<!--<div class=\"col elastic-portfolio-item element\" data-project-cat=\"\" data-default-color=\"true\" data-title-color=\"\" data-subtitle-color=\"\" style=\"width: 381px; position: relative!important; left: 0px; top: 0px\r\n\t\t\t\t\t\t\t<div class=\"inner-wrap\" data-animation=\"none\">-->\r\n\r\n\t\t\t\t\t\t\t\r\n\t\t\t\t\t\t\t\t\t\t\t\t\t\t\r\n\t\t\t\t\t\t\t<div class=\"work-item style-2 fade\">\r\n\t\t\t\t\t\t\t\r\n\t\t\t\t\t\t\t\t<img loading=\"lazy\" decoding=\"async\" width=\"270\" height=\"480\" src=\"https:\/\/marianocardenas.com\/wp-content\/uploads\/2016\/07\/iluminacion-cine-cartel-lope.jpg\" class=\"skip-lazy attachment-full imgfadeIn\" alt=\"\" loading=\"lazy\" srcset=\"https:\/\/marianocardenas.com\/wp-content\/uploads\/2016\/07\/iluminacion-cine-cartel-lope.jpg 380w, https:\/\/marianocardenas.com\/wp-content\/uploads\/2016\/07\/iluminacion-cine-cartel-lope.jpg 142w\" sizes=\"auto, (max-width: 380px) 100vw, 380px\">\t\t\t\r\n\t\t\t\t\t\t\t\t<span class=\"estreno2\">2020<\/span>\r\n\t\t\t\t\t\t\t\t<div class=\"work-info-bg\"><\/div>\r\n\t\t\t\t\t\t\t\t<div class=\"work-info\"> \r\n\t\t\t\t\t\t\t\t\t\t<a href=\"https:\/\/marianocardenas.com\/wp-content\/uploads\/2016\/07\/iluminacion-cine-cartel-lope.jpg\" class=\"gallery magnific\"><\/a><div class=\"info2\"><span class=\"tipe\">Cine<\/span><br>\r\n\t\t\t\t\t\t\t\t\t\t\t<span class=\"title\">Lope<\/span><br>\r\n\t\t\t\t\t\t\t\t\t\t\t<span class=\"estreno\">2020<\/span><br>\r\n\t\t\t\t\t\t\t\t\t\t\t<span class=\"sinopsis\"><\/span><\/div><\/a><div class=\"vert-center\">\r\n\t\t\t\t\t\t\t\t\t<\/div><!--\/vert-center-->\r\n\t\t\t\t\t\t\t\t<\/div>\r\n\t\t\t\t\t\t\t<\/div><!--work-item<\/div><\/div>-->\r\n\t\t\t\t\t\t<\/div><\/div><div class=\"owl-item active\" style=\"width: 381px !important; opacity: 1; transform: translate(0px, 0px);\"><div class=\"carousel-item\">\r\n            \t\t\t<!--<div class=\"col elastic-portfolio-item element\" data-project-cat=\"\" data-default-color=\"true\" data-title-color=\"\" data-subtitle-color=\"\" style=\"width: 381px; position: relative!important; left: 0px; top: 0px\r\n\t\t\t\t\t\t\t<div class=\"inner-wrap\" data-animation=\"none\">-->\r\n\r\n\t\t\t\t\t\t\t\r\n\t\t\t\t\t\t\t\t\t\t\t\t\t\t\r\n\t\t\t\t\t\t\t<div class=\"work-item style-2 fade\">\r\n\t\t\t\t\t\t\t\r\n\t\t\t\t\t\t\t\t<img loading=\"lazy\" decoding=\"async\" width=\"270\" height=\"480\" src=\"https:\/\/marianocardenas.com\/wp-content\/uploads\/2016\/07\/iluminacion-cine-cartel-appetit.jpg\" class=\"skip-lazy attachment-full imgfadeIn\" alt=\"\" loading=\"lazy\" srcset=\"https:\/\/marianocardenas.com\/wp-content\/uploads\/2016\/07\/iluminacion-cine-cartel-appetit.jpg 380w, https:\/\/marianocardenas.com\/wp-content\/uploads\/2016\/07\/iluminacion-cine-cartel-appetit.jpg 142w\" sizes=\"auto, (max-width: 380px) 100vw, 380px\">\t\t\t\r\n\t\t\t\t\t\t\t\t<span class=\"estreno2\">2010<\/span>\r\n\t\t\t\t\t\t\t\t<div class=\"work-info-bg\"><\/div>\r\n\t\t\t\t\t\t\t\t<div class=\"work-info\"> \r\n\t\t\t\t\t\t\t\t\t\t<a href=\"https:\/\/marianocardenas.com\/wp-content\/uploads\/2016\/07\/iluminacion-cine-cartel-appetit.jpg\" class=\"gallery magnific\"><\/a><div class=\"info2\"><span class=\"tipe\">Cine<\/span><br>\r\n\t\t\t\t\t\t\t\t\t\t\t<span class=\"title\">Bon app\u00e9tit<\/span><br>\r\n\t\t\t\t\t\t\t\t\t\t\t<span class=\"estreno\">2010<\/span><br>\r\n\t\t\t\t\t\t\t\t\t\t\t<span class=\"sinopsis\"><\/span><\/div><\/a><div class=\"vert-center\">\r\n\t\t\t\t\t\t\t\t\t<\/div><!--\/vert-center-->\r\n\t\t\t\t\t\t\t\t<\/div>\r\n\t\t\t\t\t\t\t<\/div><!--work-item<\/div><\/div>-->\r\n\t\t\t\t\t\t<\/div><\/div><div class=\"owl-item active\" style=\"width: 381px !important; opacity: 1; transform: translate(0px, 0px);\"><div class=\"carousel-item\">\r\n            \t\t\t<!--<div class=\"col elastic-portfolio-item element\" data-project-cat=\"\" data-default-color=\"true\" data-title-color=\"\" data-subtitle-color=\"\" style=\"width: 381px; position: relative!important; left: 0px; top: 0px\r\n\t\t\t\t\t\t\t<div class=\"inner-wrap\" data-animation=\"none\">-->\r\n\r\n\t\t\t\t\t\t\t\r\n\t\t\t\t\t\t\t\t\t\t\t\t\t\t\r\n\t\t\t\t\t\t\t<div class=\"work-item style-2 fade\">\r\n\t\t\t\t\t\t\t\r\n\t\t\t\t\t\t\t\t<img loading=\"lazy\" decoding=\"async\" width=\"270\" height=\"480\" src=\"https:\/\/marianocardenas.com\/wp-content\/uploads\/2016\/07\/iluminacion-cine-cartel-cerebros.jpg\" class=\"skip-lazy attachment-full imgfadeIn\" alt=\"\" loading=\"lazy\" srcset=\"https:\/\/marianocardenas.com\/wp-content\/uploads\/2016\/07\/iluminacion-cine-cartel-cerebros.jpg 380w, https:\/\/marianocardenas.com\/wp-content\/uploads\/2016\/07\/iluminacion-cine-cartel-cerebros.jpg 142w\" sizes=\"auto, (max-width: 380px) 100vw, 380px\">\t\t\t\r\n\t\t\t\t\t\t\t\t<span class=\"estreno2\">2009<\/span>\r\n\t\t\t\t\t\t\t\t<div class=\"work-info-bg\"><\/div>\r\n\t\t\t\t\t\t\t\t<div class=\"work-info\"> \r\n\t\t\t\t\t\t\t\t\t\t<a href=\"https:\/\/marianocardenas.com\/wp-content\/uploads\/2016\/07\/iluminacion-cine-cartel-cerebros.jpg\" class=\"gallery magnific\"><\/a><div class=\"info2\"><span class=\"tipe\">Cine<\/span><br>\r\n\t\t\t\t\t\t\t\t\t\t\t<span class=\"title\">Fuga de cerebros<\/span><br>\r\n\t\t\t\t\t\t\t\t\t\t\t<span class=\"estreno\">2009<\/span><br>\r\n\t\t\t\t\t\t\t\t\t\t\t<span class=\"sinopsis\"><\/span><\/div><\/a><div class=\"vert-center\">\r\n\t\t\t\t\t\t\t\t\t<\/div><!--\/vert-center-->\r\n\t\t\t\t\t\t\t\t<\/div>\r\n\t\t\t\t\t\t\t<\/div><!--work-item<\/div><\/div>-->\r\n\t\t\t\t\t\t<\/div><\/div><div class=\"owl-item active\" style=\"width: 381px !important; opacity: 1; transform: translate(0px, 0px);\"><div class=\"carousel-item\">\r\n            \t\t\t<!--<div class=\"col elastic-portfolio-item element\" data-project-cat=\"\" data-default-color=\"true\" data-title-color=\"\" data-subtitle-color=\"\" style=\"width: 381px; position: relative!important; left: 0px; top: 0px\r\n\t\t\t\t\t\t\t<div class=\"inner-wrap\" data-animation=\"none\">-->\r\n\r\n\t\t\t\t\t\t\t\r\n\t\t\t\t\t\t\t\t\t\t\t\t\t\t\r\n\t\t\t\t\t\t\t<div class=\"work-item style-2 fade\">\r\n\t\t\t\t\t\t\t\r\n\t\t\t\t\t\t\t\t<img loading=\"lazy\" decoding=\"async\" width=\"270\" height=\"480\" src=\"https:\/\/marianocardenas.com\/wp-content\/uploads\/2021\/03\/rabia-815493490-mmed.jpg\" class=\"skip-lazy attachment-full imgfadeIn\" alt=\"\" loading=\"lazy\" srcset=\"https:\/\/marianocardenas.com\/wp-content\/uploads\/2021\/03\/rabia-815493490-mmed.jpg 380w, https:\/\/marianocardenas.com\/wp-content\/uploads\/2021\/03\/rabia-815493490-mmed.jpg 142w\" sizes=\"auto, (max-width: 380px) 100vw, 380px\">\t\t\t\r\n\t\t\t\t\t\t\t\t<span class=\"estreno2\">2009<\/span>\r\n\t\t\t\t\t\t\t\t<div class=\"work-info-bg\"><\/div>\r\n\t\t\t\t\t\t\t\t<div class=\"work-info\"> \r\n\t\t\t\t\t\t\t\t\t\t<a href=\"https:\/\/marianocardenas.com\/wp-content\/uploads\/2021\/03\/rabia-815493490-mmed.jpg\" class=\"gallery magnific\"><\/a><div class=\"info2\"><span class=\"tipe\">Cine<\/span><br>\r\n\t\t\t\t\t\t\t\t\t\t\t<span class=\"title\">Rabia<\/span><br>\r\n\t\t\t\t\t\t\t\t\t\t\t<span class=\"estreno\">2009<\/span><br>\r\n\t\t\t\t\t\t\t\t\t\t\t<span class=\"sinopsis\"><\/span><\/div><\/a><div class=\"vert-center\">\r\n\t\t\t\t\t\t\t\t\t<\/div><!--\/vert-center-->\r\n\t\t\t\t\t\t\t\t<\/div>\r\n\t\t\t\t\t\t\t<\/div><!--work-item<\/div><\/div>-->\r\n\t\t\t\t\t\t<\/div><\/div><div class=\"owl-item active\" style=\"width: 381px !important; opacity: 1; transform: translate(0px, 0px);\"><div class=\"carousel-item\">\r\n            \t\t\t<!--<div class=\"col elastic-portfolio-item element\" data-project-cat=\"\" data-default-color=\"true\" data-title-color=\"\" data-subtitle-color=\"\" style=\"width: 381px; position: relative!important; left: 0px; top: 0px\r\n\t\t\t\t\t\t\t<div class=\"inner-wrap\" data-animation=\"none\">-->\r\n\r\n\t\t\t\t\t\t\t\r\n\t\t\t\t\t\t\t\t\t\t\t\t\t\t\r\n\t\t\t\t\t\t\t<div class=\"work-item style-2 fade\">\r\n\t\t\t\t\t\t\t\r\n\t\t\t\t\t\t\t\t<img loading=\"lazy\" decoding=\"async\" width=\"270\" height=\"480\" src=\"https:\/\/marianocardenas.com\/wp-content\/uploads\/2021\/03\/desatate_tv_tv-154406298-mmed.jpg\" class=\"skip-lazy attachment-full imgfadeIn\" alt=\"\" loading=\"lazy\" srcset=\"https:\/\/marianocardenas.com\/wp-content\/uploads\/2021\/03\/desatate_tv_tv-154406298-mmed.jpg 380w, https:\/\/marianocardenas.com\/wp-content\/uploads\/2021\/03\/desatate_tv_tv-154406298-mmed.jpg 142w\" sizes=\"auto, (max-width: 380px) 100vw, 380px\">\t\t\t\r\n\t\t\t\t\t\t\t\t<span class=\"estreno2\">2009<\/span>\r\n\t\t\t\t\t\t\t\t<div class=\"work-info-bg\"><\/div>\r\n\t\t\t\t\t\t\t\t<div class=\"work-info\"> \r\n\t\t\t\t\t\t\t\t\t\t<a href=\"https:\/\/marianocardenas.com\/wp-content\/uploads\/2021\/03\/desatate_tv_tv-154406298-mmed.jpg\" class=\"gallery magnific\"><\/a><div class=\"info2\"><span class=\"tipe\">Cine<\/span><br>\r\n\t\t\t\t\t\t\t\t\t\t\t<span class=\"title\">Des\u00e1tate<\/span><br>\r\n\t\t\t\t\t\t\t\t\t\t\t<span class=\"estreno\">2009<\/span><br>\r\n\t\t\t\t\t\t\t\t\t\t\t<span class=\"sinopsis\"><\/span><\/div><\/a><div class=\"vert-center\">\r\n\t\t\t\t\t\t\t\t\t<\/div><!--\/vert-center-->\r\n\t\t\t\t\t\t\t\t<\/div>\r\n\t\t\t\t\t\t\t<\/div><!--work-item<\/div><\/div>-->\r\n\t\t\t\t\t\t<\/div><\/div><div class=\"owl-item active\" style=\"width: 381px !important; opacity: 1; transform: translate(0px, 0px);\"><div class=\"carousel-item\">\r\n            \t\t\t<!--<div class=\"col elastic-portfolio-item element\" data-project-cat=\"\" data-default-color=\"true\" data-title-color=\"\" data-subtitle-color=\"\" style=\"width: 381px; position: relative!important; left: 0px; top: 0px\r\n\t\t\t\t\t\t\t<div class=\"inner-wrap\" data-animation=\"none\">-->\r\n\r\n\t\t\t\t\t\t\t\r\n\t\t\t\t\t\t\t\t\t\t\t\t\t\t\r\n\t\t\t\t\t\t\t<div class=\"work-item style-2 fade\">\r\n\t\t\t\t\t\t\t\r\n\t\t\t\t\t\t\t\t<img loading=\"lazy\" decoding=\"async\" width=\"270\" height=\"480\" src=\"https:\/\/marianocardenas.com\/wp-content\/uploads\/2021\/03\/yo_tambien-154354999-mmed.jpg\" class=\"skip-lazy attachment-full imgfadeIn\" alt=\"\" loading=\"lazy\" srcset=\"https:\/\/marianocardenas.com\/wp-content\/uploads\/2021\/03\/yo_tambien-154354999-mmed.jpg 380w, https:\/\/marianocardenas.com\/wp-content\/uploads\/2021\/03\/yo_tambien-154354999-mmed.jpg 142w\" sizes=\"auto, (max-width: 380px) 100vw, 380px\">\t\t\t\r\n\t\t\t\t\t\t\t\t<span class=\"estreno2\">2009<\/span>\r\n\t\t\t\t\t\t\t\t<div class=\"work-info-bg\"><\/div>\r\n\t\t\t\t\t\t\t\t<div class=\"work-info\"> \r\n\t\t\t\t\t\t\t\t\t\t<a href=\"https:\/\/marianocardenas.com\/wp-content\/uploads\/2021\/03\/yo_tambien-154354999-mmed.jpg\" class=\"gallery magnific\"><\/a><div class=\"info2\"><span class=\"tipe\">Cine<\/span><br>\r\n\t\t\t\t\t\t\t\t\t\t\t<span class=\"title\">Yo tambi\u00e9n<\/span><br>\r\n\t\t\t\t\t\t\t\t\t\t\t<span class=\"estreno\">2009<\/span><br>\r\n\t\t\t\t\t\t\t\t\t\t\t<span class=\"sinopsis\"><\/span><\/div><\/a><div class=\"vert-center\">\r\n\t\t\t\t\t\t\t\t\t<\/div><!--\/vert-center-->\r\n\t\t\t\t\t\t\t\t<\/div>\r\n\t\t\t\t\t\t\t<\/div><!--work-item<\/div><\/div>-->\r\n\t\t\t\t\t\t<\/div><\/div><div class=\"owl-item active\" style=\"width: 381px !important; opacity: 1; transform: translate(0px, 0px);\"><div class=\"carousel-item\">\r\n            \t\t\t<!--<div class=\"col elastic-portfolio-item element\" data-project-cat=\"\" data-default-color=\"true\" data-title-color=\"\" data-subtitle-color=\"\" style=\"width: 381px; position: relative!important; left: 0px; top: 0px\r\n\t\t\t\t\t\t\t<div class=\"inner-wrap\" data-animation=\"none\">-->\r\n\r\n\t\t\t\t\t\t\t\r\n\t\t\t\t\t\t\t\t\t\t\t\t\t\t\r\n\t\t\t\t\t\t\t<div class=\"work-item style-2 fade\">\r\n\t\t\t\t\t\t\t\r\n\t\t\t\t\t\t\t\t<img loading=\"lazy\" decoding=\"async\" width=\"270\" height=\"480\" src=\"https:\/\/marianocardenas.com\/wp-content\/uploads\/2021\/03\/the_limits_of_control-145361899-mmed.jpg\" class=\"skip-lazy attachment-full imgfadeIn\" alt=\"\" loading=\"lazy\" srcset=\"https:\/\/marianocardenas.com\/wp-content\/uploads\/2021\/03\/the_limits_of_control-145361899-mmed.jpg 380w, https:\/\/marianocardenas.com\/wp-content\/uploads\/2021\/03\/the_limits_of_control-145361899-mmed.jpg 142w\" sizes=\"auto, (max-width: 380px) 100vw, 380px\">\t\t\t\r\n\t\t\t\t\t\t\t\t<span class=\"estreno2\">2009<\/span>\r\n\t\t\t\t\t\t\t\t<div class=\"work-info-bg\"><\/div>\r\n\t\t\t\t\t\t\t\t<div class=\"work-info\"> \r\n\t\t\t\t\t\t\t\t\t\t<a href=\"https:\/\/marianocardenas.com\/wp-content\/uploads\/2021\/03\/the_limits_of_control-145361899-mmed.jpg\" class=\"gallery magnific\"><\/a><div class=\"info2\"><span class=\"tipe\">Cine<\/span><br>\r\n\t\t\t\t\t\t\t\t\t\t\t<span class=\"title\">The limits of control<\/span><br>\r\n\t\t\t\t\t\t\t\t\t\t\t<span class=\"estreno\">2009<\/span><br>\r\n\t\t\t\t\t\t\t\t\t\t\t<span class=\"sinopsis\"><\/span><\/div><\/a><div class=\"vert-center\">\r\n\t\t\t\t\t\t\t\t\t<\/div><!--\/vert-center-->\r\n\t\t\t\t\t\t\t\t<\/div>\r\n\t\t\t\t\t\t\t<\/div><!--work-item<\/div><\/div>-->\r\n\t\t\t\t\t\t<\/div><\/div><div class=\"owl-item active\" style=\"width: 381px !important; opacity: 1; transform: translate(0px, 0px);\"><div class=\"carousel-item\">\r\n            \t\t\t<!--<div class=\"col elastic-portfolio-item element\" data-project-cat=\"\" data-default-color=\"true\" data-title-color=\"\" data-subtitle-color=\"\" style=\"width: 381px; position: relative!important; left: 0px; top: 0px\r\n\t\t\t\t\t\t\t<div class=\"inner-wrap\" data-animation=\"none\">-->\r\n\r\n\t\t\t\t\t\t\t\r\n\t\t\t\t\t\t\t\t\t\t\t\t\t\t\r\n\t\t\t\t\t\t\t<div class=\"work-item style-2 fade\">\r\n\t\t\t\t\t\t\t\r\n\t\t\t\t\t\t\t\t<img loading=\"lazy\" decoding=\"async\" width=\"270\" height=\"480\" src=\"https:\/\/marianocardenas.com\/wp-content\/uploads\/2021\/03\/camino-996322995-mmed.jpg\" class=\"skip-lazy attachment-full imgfadeIn\" alt=\"\" loading=\"lazy\" srcset=\"https:\/\/marianocardenas.com\/wp-content\/uploads\/2021\/03\/camino-996322995-mmed.jpg 380w, https:\/\/marianocardenas.com\/wp-content\/uploads\/2021\/03\/camino-996322995-mmed.jpg 142w\" sizes=\"auto, (max-width: 380px) 100vw, 380px\">\t\t\t\r\n\t\t\t\t\t\t\t\t<span class=\"estreno2\">2008<\/span>\r\n\t\t\t\t\t\t\t\t<div class=\"work-info-bg\"><\/div>\r\n\t\t\t\t\t\t\t\t<div class=\"work-info\"> \r\n\t\t\t\t\t\t\t\t\t\t<a href=\"https:\/\/marianocardenas.com\/wp-content\/uploads\/2021\/03\/camino-996322995-mmed.jpg\" class=\"gallery magnific\"><\/a><div class=\"info2\"><span class=\"tipe\">Cine<\/span><br>\r\n\t\t\t\t\t\t\t\t\t\t\t<span class=\"title\">Camino<\/span><br>\r\n\t\t\t\t\t\t\t\t\t\t\t<span class=\"estreno\">2008<\/span><br>\r\n\t\t\t\t\t\t\t\t\t\t\t<span class=\"sinopsis\"><\/span><\/div><\/a><div class=\"vert-center\">\r\n\t\t\t\t\t\t\t\t\t<\/div><!--\/vert-center-->\r\n\t\t\t\t\t\t\t\t<\/div>\r\n\t\t\t\t\t\t\t<\/div><!--work-item<\/div><\/div>-->\r\n\t\t\t\t\t\t<\/div><\/div><div class=\"owl-item active\" style=\"width: 381px !important; opacity: 1; transform: translate(0px, 0px);\"><div class=\"carousel-item\">\r\n            \t\t\t<!--<div class=\"col elastic-portfolio-item element\" data-project-cat=\"\" data-default-color=\"true\" data-title-color=\"\" data-subtitle-color=\"\" style=\"width: 381px; position: relative!important; left: 0px; top: 0px\r\n\t\t\t\t\t\t\t<div class=\"inner-wrap\" data-animation=\"none\">-->\r\n\r\n\t\t\t\t\t\t\t\r\n\t\t\t\t\t\t\t\t\t\t\t\t\t\t\r\n\t\t\t\t\t\t\t<div class=\"work-item style-2 fade\">\r\n\t\t\t\t\t\t\t\r\n\t\t\t\t\t\t\t\t<img loading=\"lazy\" decoding=\"async\" width=\"270\" height=\"480\" src=\"https:\/\/marianocardenas.com\/wp-content\/uploads\/2021\/03\/los_cronocrimenes-746728756-mmed.jpg\" class=\"skip-lazy attachment-full imgfadeIn\" alt=\"\" loading=\"lazy\" srcset=\"https:\/\/marianocardenas.com\/wp-content\/uploads\/2021\/03\/los_cronocrimenes-746728756-mmed.jpg 380w, https:\/\/marianocardenas.com\/wp-content\/uploads\/2021\/03\/los_cronocrimenes-746728756-mmed.jpg 142w\" sizes=\"auto, (max-width: 380px) 100vw, 380px\">\t\t\t\r\n\t\t\t\t\t\t\t\t<span class=\"estreno2\">2007<\/span>\r\n\t\t\t\t\t\t\t\t<div class=\"work-info-bg\"><\/div>\r\n\t\t\t\t\t\t\t\t<div class=\"work-info\"> \r\n\t\t\t\t\t\t\t\t\t\t<a href=\"https:\/\/marianocardenas.com\/wp-content\/uploads\/2021\/03\/los_cronocrimenes-746728756-mmed.jpg\" class=\"gallery magnific\"><\/a><div class=\"info2\"><span class=\"tipe\">Cine<\/span><br>\r\n\t\t\t\t\t\t\t\t\t\t\t<span class=\"title\">Los cronocr\u00edmenes<\/span><br>\r\n\t\t\t\t\t\t\t\t\t\t\t<span class=\"estreno\">2007<\/span><br>\r\n\t\t\t\t\t\t\t\t\t\t\t<span class=\"sinopsis\"><\/span><\/div><\/a><div class=\"vert-center\">\r\n\t\t\t\t\t\t\t\t\t<\/div><!--\/vert-center-->\r\n\t\t\t\t\t\t\t\t<\/div>\r\n\t\t\t\t\t\t\t<\/div><!--work-item<\/div><\/div>-->\r\n\t\t\t\t\t\t<\/div><\/div><div class=\"owl-item active\" style=\"width: 381px !important; opacity: 1; transform: translate(0px, 0px);\"><div class=\"carousel-item\">\r\n            \t\t\t<!--<div class=\"col elastic-portfolio-item element\" data-project-cat=\"\" data-default-color=\"true\" data-title-color=\"\" data-subtitle-color=\"\" style=\"width: 381px; position: relative!important; left: 0px; top: 0px\r\n\t\t\t\t\t\t\t<div class=\"inner-wrap\" data-animation=\"none\">-->\r\n\r\n\t\t\t\t\t\t\t\r\n\t\t\t\t\t\t\t\t\t\t\t\t\t\t\r\n\t\t\t\t\t\t\t<div class=\"work-item style-2 fade\">\r\n\t\t\t\t\t\t\t\r\n\t\t\t\t\t\t\t\t<img loading=\"lazy\" decoding=\"async\" width=\"270\" height=\"480\" src=\"https:\/\/marianocardenas.com\/wp-content\/uploads\/2021\/03\/caotica_ana-517119534-mmed.jpg\" class=\"skip-lazy attachment-full imgfadeIn\" alt=\"\" loading=\"lazy\" srcset=\"https:\/\/marianocardenas.com\/wp-content\/uploads\/2021\/03\/caotica_ana-517119534-mmed.jpg 380w, https:\/\/marianocardenas.com\/wp-content\/uploads\/2021\/03\/caotica_ana-517119534-mmed.jpg 142w\" sizes=\"auto, (max-width: 380px) 100vw, 380px\">\t\t\t\r\n\t\t\t\t\t\t\t\t<span class=\"estreno2\">2007<\/span>\r\n\t\t\t\t\t\t\t\t<div class=\"work-info-bg\"><\/div>\r\n\t\t\t\t\t\t\t\t<div class=\"work-info\"> \r\n\t\t\t\t\t\t\t\t\t\t<a href=\"https:\/\/marianocardenas.com\/wp-content\/uploads\/2021\/03\/caotica_ana-517119534-mmed.jpg\" class=\"gallery magnific\"><\/a><div class=\"info2\"><span class=\"tipe\">Cine<\/span><br>\r\n\t\t\t\t\t\t\t\t\t\t\t<span class=\"title\">Ca\u00f3tica Ana<\/span><br>\r\n\t\t\t\t\t\t\t\t\t\t\t<span class=\"estreno\">2007<\/span><br>\r\n\t\t\t\t\t\t\t\t\t\t\t<span class=\"sinopsis\"><\/span><\/div><\/a><div class=\"vert-center\">\r\n\t\t\t\t\t\t\t\t\t<\/div><!--\/vert-center-->\r\n\t\t\t\t\t\t\t\t<\/div>\r\n\t\t\t\t\t\t\t<\/div><!--work-item<\/div><\/div>-->\r\n\t\t\t\t\t\t<\/div><\/div><div class=\"owl-item active\" style=\"width: 381px !important; opacity: 1; transform: translate(0px, 0px);\"><div class=\"carousel-item\">\r\n            \t\t\t<!--<div class=\"col elastic-portfolio-item element\" data-project-cat=\"\" data-default-color=\"true\" data-title-color=\"\" data-subtitle-color=\"\" style=\"width: 381px; position: relative!important; left: 0px; top: 0px\r\n\t\t\t\t\t\t\t<div class=\"inner-wrap\" data-animation=\"none\">-->\r\n\r\n\t\t\t\t\t\t\t\r\n\t\t\t\t\t\t\t\t\t\t\t\t\t\t\r\n\t\t\t\t\t\t\t<div class=\"work-item style-2 fade\">\r\n\t\t\t\t\t\t\t\r\n\t\t\t\t\t\t\t\t<img loading=\"lazy\" decoding=\"async\" width=\"270\" height=\"480\" src=\"https:\/\/marianocardenas.com\/wp-content\/uploads\/2021\/03\/limoncello_s_s-320330860-mmed.jpg\" class=\"skip-lazy attachment-full imgfadeIn\" alt=\"\" loading=\"lazy\" srcset=\"https:\/\/marianocardenas.com\/wp-content\/uploads\/2021\/03\/limoncello_s_s-320330860-mmed.jpg 380w, https:\/\/marianocardenas.com\/wp-content\/uploads\/2021\/03\/limoncello_s_s-320330860-mmed.jpg 142w\" sizes=\"auto, (max-width: 380px) 100vw, 380px\">\t\t\t\r\n\t\t\t\t\t\t\t\t<span class=\"estreno2\">2007<\/span>\r\n\t\t\t\t\t\t\t\t<div class=\"work-info-bg\"><\/div>\r\n\t\t\t\t\t\t\t\t<div class=\"work-info\"> \r\n\t\t\t\t\t\t\t\t\t\t<a href=\"https:\/\/marianocardenas.com\/wp-content\/uploads\/2021\/03\/limoncello_s_s-320330860-mmed.jpg\" class=\"gallery magnific\"><\/a><div class=\"info2\"><span class=\"tipe\">Cine<\/span><br>\r\n\t\t\t\t\t\t\t\t\t\t\t<span class=\"title\">Limoncello<\/span><br>\r\n\t\t\t\t\t\t\t\t\t\t\t<span class=\"estreno\">2007<\/span><br>\r\n\t\t\t\t\t\t\t\t\t\t\t<span class=\"sinopsis\"><\/span><\/div><\/a><div class=\"vert-center\">\r\n\t\t\t\t\t\t\t\t\t<\/div><!--\/vert-center-->\r\n\t\t\t\t\t\t\t\t<\/div>\r\n\t\t\t\t\t\t\t<\/div><!--work-item<\/div><\/div>-->\r\n\t\t\t\t\t\t<\/div><\/div><div class=\"owl-item active\" style=\"width: 381px !important; opacity: 1; transform: translate(0px, 0px);\"><div class=\"carousel-item\">\r\n            \t\t\t<!--<div class=\"col elastic-portfolio-item element\" data-project-cat=\"\" data-default-color=\"true\" data-title-color=\"\" data-subtitle-color=\"\" style=\"width: 381px; position: relative!important; left: 0px; top: 0px\r\n\t\t\t\t\t\t\t<div class=\"inner-wrap\" data-animation=\"none\">-->\r\n\r\n\t\t\t\t\t\t\t\r\n\t\t\t\t\t\t\t\t\t\t\t\t\t\t\r\n\t\t\t\t\t\t\t<div class=\"work-item style-2 fade\">\r\n\t\t\t\t\t\t\t\r\n\t\t\t\t\t\t\t\t<img loading=\"lazy\" decoding=\"async\" width=\"270\" height=\"480\" src=\"https:\/\/marianocardenas.com\/wp-content\/uploads\/2021\/03\/goal_2_living_the_dream-899075167-mmed.jpg\" class=\"skip-lazy attachment-full imgfadeIn\" alt=\"\" loading=\"lazy\" srcset=\"https:\/\/marianocardenas.com\/wp-content\/uploads\/2021\/03\/goal_2_living_the_dream-899075167-mmed.jpg 380w, https:\/\/marianocardenas.com\/wp-content\/uploads\/2021\/03\/goal_2_living_the_dream-899075167-mmed.jpg 142w\" sizes=\"auto, (max-width: 380px) 100vw, 380px\">\t\t\t\r\n\t\t\t\t\t\t\t\t<span class=\"estreno2\">2007<\/span>\r\n\t\t\t\t\t\t\t\t<div class=\"work-info-bg\"><\/div>\r\n\t\t\t\t\t\t\t\t<div class=\"work-info\"> \r\n\t\t\t\t\t\t\t\t\t\t<a href=\"https:\/\/marianocardenas.com\/wp-content\/uploads\/2021\/03\/goal_2_living_the_dream-899075167-mmed.jpg\" class=\"gallery magnific\"><\/a><div class=\"info2\"><span class=\"tipe\">Cine<\/span><br>\r\n\t\t\t\t\t\t\t\t\t\t\t<span class=\"title\">Gol 2: Viviendo el sue\u00f1o<\/span><br>\r\n\t\t\t\t\t\t\t\t\t\t\t<span class=\"estreno\">2007<\/span><br>\r\n\t\t\t\t\t\t\t\t\t\t\t<span class=\"sinopsis\"><\/span><\/div><\/a><div class=\"vert-center\">\r\n\t\t\t\t\t\t\t\t\t<\/div><!--\/vert-center-->\r\n\t\t\t\t\t\t\t\t<\/div>\r\n\t\t\t\t\t\t\t<\/div><!--work-item<\/div><\/div>-->\r\n\t\t\t\t\t\t<\/div><\/div><div class=\"owl-item active\" style=\"width: 381px !important; opacity: 1; transform: translate(0px, 0px);\"><div class=\"carousel-item\">\r\n            \t\t\t<!--<div class=\"col elastic-portfolio-item element\" data-project-cat=\"\" data-default-color=\"true\" data-title-color=\"\" data-subtitle-color=\"\" style=\"width: 381px; position: relative!important; left: 0px; top: 0px\r\n\t\t\t\t\t\t\t<div class=\"inner-wrap\" data-animation=\"none\">-->\r\n\r\n\t\t\t\t\t\t\t\r\n\t\t\t\t\t\t\t\t\t\t\t\t\t\t\r\n\t\t\t\t\t\t\t<div class=\"work-item style-2 fade\">\r\n\t\t\t\t\t\t\t\r\n\t\t\t\t\t\t\t\t<img loading=\"lazy\" decoding=\"async\" width=\"270\" height=\"480\" src=\"https:\/\/marianocardenas.com\/wp-content\/uploads\/2021\/03\/volando_voy-769341774-mmed.jpg\" class=\"skip-lazy attachment-full imgfadeIn\" alt=\"\" loading=\"lazy\" srcset=\"https:\/\/marianocardenas.com\/wp-content\/uploads\/2021\/03\/volando_voy-769341774-mmed.jpg 380w, https:\/\/marianocardenas.com\/wp-content\/uploads\/2021\/03\/volando_voy-769341774-mmed.jpg 142w\" sizes=\"auto, (max-width: 380px) 100vw, 380px\">\t\t\t\r\n\t\t\t\t\t\t\t\t<span class=\"estreno2\">2006<\/span>\r\n\t\t\t\t\t\t\t\t<div class=\"work-info-bg\"><\/div>\r\n\t\t\t\t\t\t\t\t<div class=\"work-info\"> \r\n\t\t\t\t\t\t\t\t\t\t<a href=\"https:\/\/marianocardenas.com\/wp-content\/uploads\/2021\/03\/volando_voy-769341774-mmed.jpg\" class=\"gallery magnific\"><\/a><div class=\"info2\"><span class=\"tipe\">Cine<\/span><br>\r\n\t\t\t\t\t\t\t\t\t\t\t<span class=\"title\">Volando voy<\/span><br>\r\n\t\t\t\t\t\t\t\t\t\t\t<span class=\"estreno\">2006<\/span><br>\r\n\t\t\t\t\t\t\t\t\t\t\t<span class=\"sinopsis\"><\/span><\/div><\/a><div class=\"vert-center\">\r\n\t\t\t\t\t\t\t\t\t<\/div><!--\/vert-center-->\r\n\t\t\t\t\t\t\t\t<\/div>\r\n\t\t\t\t\t\t\t<\/div><!--work-item<\/div><\/div>-->\r\n\t\t\t\t\t\t<\/div><\/div><div class=\"owl-item active\" style=\"width: 381px !important; opacity: 1; transform: translate(0px, 0px);\"><div class=\"carousel-item\">\r\n            \t\t\t<!--<div class=\"col elastic-portfolio-item element\" data-project-cat=\"\" data-default-color=\"true\" data-title-color=\"\" data-subtitle-color=\"\" style=\"width: 381px; position: relative!important; left: 0px; top: 0px\r\n\t\t\t\t\t\t\t<div class=\"inner-wrap\" data-animation=\"none\">-->\r\n\r\n\t\t\t\t\t\t\t\r\n\t\t\t\t\t\t\t\t\t\t\t\t\t\t\r\n\t\t\t\t\t\t\t<div class=\"work-item style-2 fade\">\r\n\t\t\t\t\t\t\t\r\n\t\t\t\t\t\t\t\t<img loading=\"lazy\" decoding=\"async\" width=\"270\" height=\"480\" src=\"https:\/\/marianocardenas.com\/wp-content\/uploads\/2021\/03\/candida-821097010-mmed.jpg\" class=\"skip-lazy attachment-full imgfadeIn\" alt=\"\" loading=\"lazy\" srcset=\"https:\/\/marianocardenas.com\/wp-content\/uploads\/2021\/03\/candida-821097010-mmed.jpg 380w, https:\/\/marianocardenas.com\/wp-content\/uploads\/2021\/03\/candida-821097010-mmed.jpg 142w\" sizes=\"auto, (max-width: 380px) 100vw, 380px\">\t\t\t\r\n\t\t\t\t\t\t\t\t<span class=\"estreno2\">2006<\/span>\r\n\t\t\t\t\t\t\t\t<div class=\"work-info-bg\"><\/div>\r\n\t\t\t\t\t\t\t\t<div class=\"work-info\"> \r\n\t\t\t\t\t\t\t\t\t\t<a href=\"https:\/\/marianocardenas.com\/wp-content\/uploads\/2021\/03\/candida-821097010-mmed.jpg\" class=\"gallery magnific\"><\/a><div class=\"info2\"><span class=\"tipe\">Cine<\/span><br>\r\n\t\t\t\t\t\t\t\t\t\t\t<span class=\"title\">Candida<\/span><br>\r\n\t\t\t\t\t\t\t\t\t\t\t<span class=\"estreno\">2006<\/span><br>\r\n\t\t\t\t\t\t\t\t\t\t\t<span class=\"sinopsis\"><\/span><\/div><\/a><div class=\"vert-center\">\r\n\t\t\t\t\t\t\t\t\t<\/div><!--\/vert-center-->\r\n\t\t\t\t\t\t\t\t<\/div>\r\n\t\t\t\t\t\t\t<\/div><!--work-item<\/div><\/div>-->\r\n\t\t\t\t\t\t<\/div><\/div><div class=\"owl-item active\" style=\"width: 381px !important; opacity: 1; transform: translate(0px, 0px);\"><div class=\"carousel-item\">\r\n            \t\t\t<!--<div class=\"col elastic-portfolio-item element\" data-project-cat=\"\" data-default-color=\"true\" data-title-color=\"\" data-subtitle-color=\"\" style=\"width: 381px; position: relative!important; left: 0px; top: 0px\r\n\t\t\t\t\t\t\t<div class=\"inner-wrap\" data-animation=\"none\">-->\r\n\r\n\t\t\t\t\t\t\t\r\n\t\t\t\t\t\t\t\t\t\t\t\t\t\t\r\n\t\t\t\t\t\t\t<div class=\"work-item style-2 fade\">\r\n\t\t\t\t\t\t\t\r\n\t\t\t\t\t\t\t\t<img loading=\"lazy\" decoding=\"async\" width=\"270\" height=\"480\" src=\"https:\/\/marianocardenas.com\/wp-content\/uploads\/2021\/03\/ausentes-883590226-mmed.jpg\" class=\"skip-lazy attachment-full imgfadeIn\" alt=\"\" loading=\"lazy\" srcset=\"https:\/\/marianocardenas.com\/wp-content\/uploads\/2021\/03\/ausentes-883590226-mmed.jpg 380w, https:\/\/marianocardenas.com\/wp-content\/uploads\/2021\/03\/ausentes-883590226-mmed.jpg 142w\" sizes=\"auto, (max-width: 380px) 100vw, 380px\">\t\t\t\r\n\t\t\t\t\t\t\t\t<span class=\"estreno2\">2005<\/span>\r\n\t\t\t\t\t\t\t\t<div class=\"work-info-bg\"><\/div>\r\n\t\t\t\t\t\t\t\t<div class=\"work-info\"> \r\n\t\t\t\t\t\t\t\t\t\t<a href=\"https:\/\/marianocardenas.com\/wp-content\/uploads\/2021\/03\/ausentes-883590226-mmed.jpg\" class=\"gallery magnific\"><\/a><div class=\"info2\"><span class=\"tipe\">Cine<\/span><br>\r\n\t\t\t\t\t\t\t\t\t\t\t<span class=\"title\">Ausentes<\/span><br>\r\n\t\t\t\t\t\t\t\t\t\t\t<span class=\"estreno\">2005<\/span><br>\r\n\t\t\t\t\t\t\t\t\t\t\t<span class=\"sinopsis\"><\/span><\/div><\/a><div class=\"vert-center\">\r\n\t\t\t\t\t\t\t\t\t<\/div><!--\/vert-center-->\r\n\t\t\t\t\t\t\t\t<\/div>\r\n\t\t\t\t\t\t\t<\/div><!--work-item<\/div><\/div>-->\r\n\t\t\t\t\t\t<\/div><\/div><div class=\"owl-item active\" style=\"width: 381px !important; opacity: 1; transform: translate(0px, 0px);\"><div class=\"carousel-item\">\r\n            \t\t\t<!--<div class=\"col elastic-portfolio-item element\" data-project-cat=\"\" data-default-color=\"true\" data-title-color=\"\" data-subtitle-color=\"\" style=\"width: 381px; position: relative!important; left: 0px; top: 0px\r\n\t\t\t\t\t\t\t<div class=\"inner-wrap\" data-animation=\"none\">-->\r\n\r\n\t\t\t\t\t\t\t\r\n\t\t\t\t\t\t\t\t\t\t\t\t\t\t\r\n\t\t\t\t\t\t\t<div class=\"work-item style-2 fade\">\r\n\t\t\t\t\t\t\t\r\n\t\t\t\t\t\t\t\t<img loading=\"lazy\" decoding=\"async\" width=\"270\" height=\"480\" src=\"https:\/\/marianocardenas.com\/wp-content\/uploads\/2021\/03\/malas_temporadas-669936191-mmed.jpg\" class=\"skip-lazy attachment-full imgfadeIn\" alt=\"\" loading=\"lazy\" srcset=\"https:\/\/marianocardenas.com\/wp-content\/uploads\/2021\/03\/malas_temporadas-669936191-mmed.jpg 380w, https:\/\/marianocardenas.com\/wp-content\/uploads\/2021\/03\/malas_temporadas-669936191-mmed.jpg 142w\" sizes=\"auto, (max-width: 380px) 100vw, 380px\">\t\t\t\r\n\t\t\t\t\t\t\t\t<span class=\"estreno2\">2005<\/span>\r\n\t\t\t\t\t\t\t\t<div class=\"work-info-bg\"><\/div>\r\n\t\t\t\t\t\t\t\t<div class=\"work-info\"> \r\n\t\t\t\t\t\t\t\t\t\t<a href=\"https:\/\/marianocardenas.com\/wp-content\/uploads\/2021\/03\/malas_temporadas-669936191-mmed.jpg\" class=\"gallery magnific\"><\/a><div class=\"info2\"><span class=\"tipe\">Cine<\/span><br>\r\n\t\t\t\t\t\t\t\t\t\t\t<span class=\"title\">Malas Temporadas<\/span><br>\r\n\t\t\t\t\t\t\t\t\t\t\t<span class=\"estreno\">2005<\/span><br>\r\n\t\t\t\t\t\t\t\t\t\t\t<span class=\"sinopsis\"><\/span><\/div><\/a><div class=\"vert-center\">\r\n\t\t\t\t\t\t\t\t\t<\/div><!--\/vert-center-->\r\n\t\t\t\t\t\t\t\t<\/div>\r\n\t\t\t\t\t\t\t<\/div><!--work-item<\/div><\/div>-->\r\n\t\t\t\t\t\t<\/div><\/div><div class=\"owl-item active\" style=\"width: 381px !important; opacity: 1; transform: translate(0px, 0px);\"><div class=\"carousel-item\">\r\n            \t\t\t<!--<div class=\"col elastic-portfolio-item element\" data-project-cat=\"\" data-default-color=\"true\" data-title-color=\"\" data-subtitle-color=\"\" style=\"width: 381px; position: relative!important; left: 0px; top: 0px\r\n\t\t\t\t\t\t\t<div class=\"inner-wrap\" data-animation=\"none\">-->\r\n\r\n\t\t\t\t\t\t\t\r\n\t\t\t\t\t\t\t\t\t\t\t\t\t\t\r\n\t\t\t\t\t\t\t<div class=\"work-item style-2 fade\">\r\n\t\t\t\t\t\t\t\r\n\t\t\t\t\t\t\t\t<img loading=\"lazy\" decoding=\"async\" width=\"270\" height=\"480\" src=\"https:\/\/marianocardenas.com\/wp-content\/uploads\/2021\/03\/7_virgenes-483661126-mmed.jpg\" class=\"skip-lazy attachment-full imgfadeIn\" alt=\"\" loading=\"lazy\" srcset=\"https:\/\/marianocardenas.com\/wp-content\/uploads\/2021\/03\/7_virgenes-483661126-mmed.jpg 380w, https:\/\/marianocardenas.com\/wp-content\/uploads\/2021\/03\/7_virgenes-483661126-mmed.jpg 142w\" sizes=\"auto, (max-width: 380px) 100vw, 380px\">\t\t\t\r\n\t\t\t\t\t\t\t\t<span class=\"estreno2\">2005<\/span>\r\n\t\t\t\t\t\t\t\t<div class=\"work-info-bg\"><\/div>\r\n\t\t\t\t\t\t\t\t<div class=\"work-info\"> \r\n\t\t\t\t\t\t\t\t\t\t<a href=\"https:\/\/marianocardenas.com\/wp-content\/uploads\/2021\/03\/7_virgenes-483661126-mmed.jpg\" class=\"gallery magnific\"><\/a><div class=\"info2\"><span class=\"tipe\">Cine<\/span><br>\r\n\t\t\t\t\t\t\t\t\t\t\t<span class=\"title\">7 V\u00edrgenes<\/span><br>\r\n\t\t\t\t\t\t\t\t\t\t\t<span class=\"estreno\">2005<\/span><br>\r\n\t\t\t\t\t\t\t\t\t\t\t<span class=\"sinopsis\"><\/span><\/div><\/a><div class=\"vert-center\">\r\n\t\t\t\t\t\t\t\t\t<\/div><!--\/vert-center-->\r\n\t\t\t\t\t\t\t\t<\/div>\r\n\t\t\t\t\t\t\t<\/div><!--work-item<\/div><\/div>-->\r\n\t\t\t\t\t\t<\/div><\/div><div class=\"owl-item active\" style=\"width: 381px !important; opacity: 1; transform: translate(0px, 0px);\"><div class=\"carousel-item\">\r\n            \t\t\t<!--<div class=\"col elastic-portfolio-item element\" data-project-cat=\"\" data-default-color=\"true\" data-title-color=\"\" data-subtitle-color=\"\" style=\"width: 381px; position: relative!important; left: 0px; top: 0px\r\n\t\t\t\t\t\t\t<div class=\"inner-wrap\" data-animation=\"none\">-->\r\n\r\n\t\t\t\t\t\t\t\r\n\t\t\t\t\t\t\t\t\t\t\t\t\t\t\r\n\t\t\t\t\t\t\t<div class=\"work-item style-2 fade\">\r\n\t\t\t\t\t\t\t\r\n\t\t\t\t\t\t\t\t<img loading=\"lazy\" decoding=\"async\" width=\"270\" height=\"480\" src=\"https:\/\/marianocardenas.com\/wp-content\/uploads\/2021\/03\/MV5BYTA2ZTBkMmMtOWRiMi00MWIxLWI2ZDYtMmZlNjY2ZmVjYWY5XkEyXkFqcGdeQXVyMTM2Mzg4MA@@._V1_UX67_CR006798_AL_.jpg\" class=\"skip-lazy attachment-full imgfadeIn\" alt=\"\" loading=\"lazy\" srcset=\"https:\/\/marianocardenas.com\/wp-content\/uploads\/2021\/03\/MV5BYTA2ZTBkMmMtOWRiMi00MWIxLWI2ZDYtMmZlNjY2ZmVjYWY5XkEyXkFqcGdeQXVyMTM2Mzg4MA@@._V1_UX67_CR006798_AL_.jpg 380w, https:\/\/marianocardenas.com\/wp-content\/uploads\/2021\/03\/MV5BYTA2ZTBkMmMtOWRiMi00MWIxLWI2ZDYtMmZlNjY2ZmVjYWY5XkEyXkFqcGdeQXVyMTM2Mzg4MA@@._V1_UX67_CR006798_AL_.jpg 142w\" sizes=\"auto, (max-width: 380px) 100vw, 380px\">\t\t\t\r\n\t\t\t\t\t\t\t\t<span class=\"estreno2\">2005<\/span>\r\n\t\t\t\t\t\t\t\t<div class=\"work-info-bg\"><\/div>\r\n\t\t\t\t\t\t\t\t<div class=\"work-info\"> \r\n\t\t\t\t\t\t\t\t\t\t<a href=\"https:\/\/marianocardenas.com\/wp-content\/uploads\/2021\/03\/MV5BYTA2ZTBkMmMtOWRiMi00MWIxLWI2ZDYtMmZlNjY2ZmVjYWY5XkEyXkFqcGdeQXVyMTM2Mzg4MA@@._V1_UX67_CR006798_AL_.jpg\" class=\"gallery magnific\"><\/a><div class=\"info2\"><span class=\"tipe\">Cine<\/span><br>\r\n\t\t\t\t\t\t\t\t\t\t\t<span class=\"title\">V.O.<\/span><br>\r\n\t\t\t\t\t\t\t\t\t\t\t<span class=\"estreno\">2005<\/span><br>\r\n\t\t\t\t\t\t\t\t\t\t\t<span class=\"sinopsis\"><\/span><\/div><\/a><div class=\"vert-center\">\r\n\t\t\t\t\t\t\t\t\t<\/div><!--\/vert-center-->\r\n\t\t\t\t\t\t\t\t<\/div>\r\n\t\t\t\t\t\t\t<\/div><!--work-item<\/div><\/div>-->\r\n\t\t\t\t\t\t<\/div><\/div><div class=\"owl-item active\" style=\"width: 381px !important; opacity: 1; transform: translate(0px, 0px);\"><div class=\"carousel-item\">\r\n            \t\t\t<!--<div class=\"col elastic-portfolio-item element\" data-project-cat=\"\" data-default-color=\"true\" data-title-color=\"\" data-subtitle-color=\"\" style=\"width: 381px; position: relative!important; left: 0px; top: 0px\r\n\t\t\t\t\t\t\t<div class=\"inner-wrap\" data-animation=\"none\">-->\r\n\r\n\t\t\t\t\t\t\t\r\n\t\t\t\t\t\t\t\t\t\t\t\t\t\t\r\n\t\t\t\t\t\t\t<div class=\"work-item style-2 fade\">\r\n\t\t\t\t\t\t\t\r\n\t\t\t\t\t\t\t\t<img loading=\"lazy\" decoding=\"async\" width=\"270\" height=\"480\" src=\"https:\/\/marianocardenas.com\/wp-content\/uploads\/2021\/03\/cachorro-327844848-mmed.jpg\" class=\"skip-lazy attachment-full imgfadeIn\" alt=\"\" loading=\"lazy\" srcset=\"https:\/\/marianocardenas.com\/wp-content\/uploads\/2021\/03\/cachorro-327844848-mmed.jpg 380w, https:\/\/marianocardenas.com\/wp-content\/uploads\/2021\/03\/cachorro-327844848-mmed.jpg 142w\" sizes=\"auto, (max-width: 380px) 100vw, 380px\">\t\t\t\r\n\t\t\t\t\t\t\t\t<span class=\"estreno2\">2004<\/span>\r\n\t\t\t\t\t\t\t\t<div class=\"work-info-bg\"><\/div>\r\n\t\t\t\t\t\t\t\t<div class=\"work-info\"> \r\n\t\t\t\t\t\t\t\t\t\t<a href=\"https:\/\/marianocardenas.com\/wp-content\/uploads\/2021\/03\/cachorro-327844848-mmed.jpg\" class=\"gallery magnific\"><\/a><div class=\"info2\"><span class=\"tipe\">Cine<\/span><br>\r\n\t\t\t\t\t\t\t\t\t\t\t<span class=\"title\">Cachorro<\/span><br>\r\n\t\t\t\t\t\t\t\t\t\t\t<span class=\"estreno\">2004<\/span><br>\r\n\t\t\t\t\t\t\t\t\t\t\t<span class=\"sinopsis\"><\/span><\/div><\/a><div class=\"vert-center\">\r\n\t\t\t\t\t\t\t\t\t<\/div><!--\/vert-center-->\r\n\t\t\t\t\t\t\t\t<\/div>\r\n\t\t\t\t\t\t\t<\/div><!--work-item<\/div><\/div>-->\r\n\t\t\t\t\t\t<\/div><\/div><div class=\"owl-item active\" style=\"width: 381px !important; opacity: 1; transform: translate(0px, 0px);\"><div class=\"carousel-item\">\r\n            \t\t\t<!--<div class=\"col elastic-portfolio-item element\" data-project-cat=\"\" data-default-color=\"true\" data-title-color=\"\" data-subtitle-color=\"\" style=\"width: 381px; position: relative!important; left: 0px; top: 0px\r\n\t\t\t\t\t\t\t<div class=\"inner-wrap\" data-animation=\"none\">-->\r\n\r\n\t\t\t\t\t\t\t\r\n\t\t\t\t\t\t\t\t\t\t\t\t\t\t\r\n\t\t\t\t\t\t\t<div class=\"work-item style-2 fade\">\r\n\t\t\t\t\t\t\t\r\n\t\t\t\t\t\t\t\t<img loading=\"lazy\" decoding=\"async\" width=\"270\" height=\"480\" src=\"https:\/\/marianocardenas.com\/wp-content\/uploads\/2021\/03\/fragil-189603898-mmed.jpg\" class=\"skip-lazy attachment-full imgfadeIn\" alt=\"\" loading=\"lazy\" srcset=\"https:\/\/marianocardenas.com\/wp-content\/uploads\/2021\/03\/fragil-189603898-mmed.jpg 380w, https:\/\/marianocardenas.com\/wp-content\/uploads\/2021\/03\/fragil-189603898-mmed.jpg 142w\" sizes=\"auto, (max-width: 380px) 100vw, 380px\">\t\t\t\r\n\t\t\t\t\t\t\t\t<span class=\"estreno2\">2004<\/span>\r\n\t\t\t\t\t\t\t\t<div class=\"work-info-bg\"><\/div>\r\n\t\t\t\t\t\t\t\t<div class=\"work-info\"> \r\n\t\t\t\t\t\t\t\t\t\t<a href=\"https:\/\/marianocardenas.com\/wp-content\/uploads\/2021\/03\/fragil-189603898-mmed.jpg\" class=\"gallery magnific\"><\/a><div class=\"info2\"><span class=\"tipe\">Cine<\/span><br>\r\n\t\t\t\t\t\t\t\t\t\t\t<span class=\"title\">Fr\u00e1gil<\/span><br>\r\n\t\t\t\t\t\t\t\t\t\t\t<span class=\"estreno\">2004<\/span><br>\r\n\t\t\t\t\t\t\t\t\t\t\t<span class=\"sinopsis\"><\/span><\/div><\/a><div class=\"vert-center\">\r\n\t\t\t\t\t\t\t\t\t<\/div><!--\/vert-center-->\r\n\t\t\t\t\t\t\t\t<\/div>\r\n\t\t\t\t\t\t\t<\/div><!--work-item<\/div><\/div>-->\r\n\t\t\t\t\t\t<\/div><\/div><div class=\"owl-item active\" style=\"width: 381px !important; opacity: 1; transform: translate(0px, 0px);\"><div class=\"carousel-item\">\r\n            \t\t\t<!--<div class=\"col elastic-portfolio-item element\" data-project-cat=\"\" data-default-color=\"true\" data-title-color=\"\" data-subtitle-color=\"\" style=\"width: 381px; position: relative!important; left: 0px; top: 0px\r\n\t\t\t\t\t\t\t<div class=\"inner-wrap\" data-animation=\"none\">-->\r\n\r\n\t\t\t\t\t\t\t\r\n\t\t\t\t\t\t\t\t\t\t\t\t\t\t\r\n\t\t\t\t\t\t\t<div class=\"work-item style-2 fade\">\r\n\t\t\t\t\t\t\t\r\n\t\t\t\t\t\t\t\t<img loading=\"lazy\" decoding=\"async\" width=\"270\" height=\"480\" src=\"https:\/\/marianocardenas.com\/wp-content\/uploads\/2021\/03\/crimen_ferpecto-669546784-mmed.jpg\" class=\"skip-lazy attachment-full imgfadeIn\" alt=\"\" loading=\"lazy\" srcset=\"https:\/\/marianocardenas.com\/wp-content\/uploads\/2021\/03\/crimen_ferpecto-669546784-mmed.jpg 380w, https:\/\/marianocardenas.com\/wp-content\/uploads\/2021\/03\/crimen_ferpecto-669546784-mmed.jpg 142w\" sizes=\"auto, (max-width: 380px) 100vw, 380px\">\t\t\t\r\n\t\t\t\t\t\t\t\t<span class=\"estreno2\">2004<\/span>\r\n\t\t\t\t\t\t\t\t<div class=\"work-info-bg\"><\/div>\r\n\t\t\t\t\t\t\t\t<div class=\"work-info\"> \r\n\t\t\t\t\t\t\t\t\t\t<a href=\"https:\/\/marianocardenas.com\/wp-content\/uploads\/2021\/03\/crimen_ferpecto-669546784-mmed.jpg\" class=\"gallery magnific\"><\/a><div class=\"info2\"><span class=\"tipe\">Cine<\/span><br>\r\n\t\t\t\t\t\t\t\t\t\t\t<span class=\"title\">Crimen Perfecto<\/span><br>\r\n\t\t\t\t\t\t\t\t\t\t\t<span class=\"estreno\">2004<\/span><br>\r\n\t\t\t\t\t\t\t\t\t\t\t<span class=\"sinopsis\"><\/span><\/div><\/a><div class=\"vert-center\">\r\n\t\t\t\t\t\t\t\t\t<\/div><!--\/vert-center-->\r\n\t\t\t\t\t\t\t\t<\/div>\r\n\t\t\t\t\t\t\t<\/div><!--work-item<\/div><\/div>-->\r\n\t\t\t\t\t\t<\/div><\/div><div class=\"owl-item active\" style=\"width: 381px !important; opacity: 1; transform: translate(0px, 0px);\"><div class=\"carousel-item\">\r\n            \t\t\t<!--<div class=\"col elastic-portfolio-item element\" data-project-cat=\"\" data-default-color=\"true\" data-title-color=\"\" data-subtitle-color=\"\" style=\"width: 381px; position: relative!important; left: 0px; top: 0px\r\n\t\t\t\t\t\t\t<div class=\"inner-wrap\" data-animation=\"none\">-->\r\n\r\n\t\t\t\t\t\t\t\r\n\t\t\t\t\t\t\t\t\t\t\t\t\t\t\r\n\t\t\t\t\t\t\t<div class=\"work-item style-2 fade\">\r\n\t\t\t\t\t\t\t\r\n\t\t\t\t\t\t\t\t<img loading=\"lazy\" decoding=\"async\" width=\"270\" height=\"480\" src=\"https:\/\/marianocardenas.com\/wp-content\/uploads\/2021\/03\/trileros-807808570-mmed.jpg\" class=\"skip-lazy attachment-full imgfadeIn\" alt=\"\" loading=\"lazy\" srcset=\"https:\/\/marianocardenas.com\/wp-content\/uploads\/2021\/03\/trileros-807808570-mmed.jpg 380w, https:\/\/marianocardenas.com\/wp-content\/uploads\/2021\/03\/trileros-807808570-mmed.jpg 142w\" sizes=\"auto, (max-width: 380px) 100vw, 380px\">\t\t\t\r\n\t\t\t\t\t\t\t\t<span class=\"estreno2\">2004<\/span>\r\n\t\t\t\t\t\t\t\t<div class=\"work-info-bg\"><\/div>\r\n\t\t\t\t\t\t\t\t<div class=\"work-info\"> \r\n\t\t\t\t\t\t\t\t\t\t<a href=\"https:\/\/marianocardenas.com\/wp-content\/uploads\/2021\/03\/trileros-807808570-mmed.jpg\" class=\"gallery magnific\"><\/a><div class=\"info2\"><span class=\"tipe\">Cine<\/span><br>\r\n\t\t\t\t\t\t\t\t\t\t\t<span class=\"title\">Trileros<\/span><br>\r\n\t\t\t\t\t\t\t\t\t\t\t<span class=\"estreno\">2004<\/span><br>\r\n\t\t\t\t\t\t\t\t\t\t\t<span class=\"sinopsis\"><\/span><\/div><\/a><div class=\"vert-center\">\r\n\t\t\t\t\t\t\t\t\t<\/div><!--\/vert-center-->\r\n\t\t\t\t\t\t\t\t<\/div>\r\n\t\t\t\t\t\t\t<\/div><!--work-item<\/div><\/div>-->\r\n\t\t\t\t\t\t<\/div><\/div><div class=\"owl-item active\" style=\"width: 381px !important; opacity: 1; transform: translate(0px, 0px);\"><div class=\"carousel-item\">\r\n            \t\t\t<!--<div class=\"col elastic-portfolio-item element\" data-project-cat=\"\" data-default-color=\"true\" data-title-color=\"\" data-subtitle-color=\"\" style=\"width: 381px; position: relative!important; left: 0px; top: 0px\r\n\t\t\t\t\t\t\t<div class=\"inner-wrap\" data-animation=\"none\">-->\r\n\r\n\t\t\t\t\t\t\t\r\n\t\t\t\t\t\t\t\t\t\t\t\t\t\t\r\n\t\t\t\t\t\t\t<div class=\"work-item style-2 fade\">\r\n\t\t\t\t\t\t\t\r\n\t\t\t\t\t\t\t\t<img loading=\"lazy\" decoding=\"async\" width=\"270\" height=\"480\" src=\"https:\/\/marianocardenas.com\/wp-content\/uploads\/2021\/03\/800_balas-310925644-mmed.jpg\" class=\"skip-lazy attachment-full imgfadeIn\" alt=\"\" loading=\"lazy\" srcset=\"https:\/\/marianocardenas.com\/wp-content\/uploads\/2021\/03\/800_balas-310925644-mmed.jpg 380w, https:\/\/marianocardenas.com\/wp-content\/uploads\/2021\/03\/800_balas-310925644-mmed.jpg 142w\" sizes=\"auto, (max-width: 380px) 100vw, 380px\">\t\t\t\r\n\t\t\t\t\t\t\t\t<span class=\"estreno2\">2002<\/span>\r\n\t\t\t\t\t\t\t\t<div class=\"work-info-bg\"><\/div>\r\n\t\t\t\t\t\t\t\t<div class=\"work-info\"> \r\n\t\t\t\t\t\t\t\t\t\t<a href=\"https:\/\/marianocardenas.com\/wp-content\/uploads\/2021\/03\/800_balas-310925644-mmed.jpg\" class=\"gallery magnific\"><\/a><div class=\"info2\"><span class=\"tipe\">Cine<\/span><br>\r\n\t\t\t\t\t\t\t\t\t\t\t<span class=\"title\">800 balas<\/span><br>\r\n\t\t\t\t\t\t\t\t\t\t\t<span class=\"estreno\">2002<\/span><br>\r\n\t\t\t\t\t\t\t\t\t\t\t<span class=\"sinopsis\"><\/span><\/div><\/a><div class=\"vert-center\">\r\n\t\t\t\t\t\t\t\t\t<\/div><!--\/vert-center-->\r\n\t\t\t\t\t\t\t\t<\/div>\r\n\t\t\t\t\t\t\t<\/div><!--work-item<\/div><\/div>-->\r\n\t\t\t\t\t\t<\/div><\/div><div class=\"owl-item active\" style=\"width: 381px !important; opacity: 1; transform: translate(0px, 0px);\"><div class=\"carousel-item\">\r\n            \t\t\t<!--<div class=\"col elastic-portfolio-item element\" data-project-cat=\"\" data-default-color=\"true\" data-title-color=\"\" data-subtitle-color=\"\" style=\"width: 381px; position: relative!important; left: 0px; top: 0px\r\n\t\t\t\t\t\t\t<div class=\"inner-wrap\" data-animation=\"none\">-->\r\n\r\n\t\t\t\t\t\t\t\r\n\t\t\t\t\t\t\t\t\t\t\t\t\t\t\r\n\t\t\t\t\t\t\t<div class=\"work-item style-2 fade\">\r\n\t\t\t\t\t\t\t\r\n\t\t\t\t\t\t\t\t<img loading=\"lazy\" decoding=\"async\" width=\"270\" height=\"480\" src=\"https:\/\/marianocardenas.com\/wp-content\/uploads\/2021\/03\/la_caja_507-710833134-mmed.jpg\" class=\"skip-lazy attachment-full imgfadeIn\" alt=\"\" loading=\"lazy\" srcset=\"https:\/\/marianocardenas.com\/wp-content\/uploads\/2021\/03\/la_caja_507-710833134-mmed.jpg 380w, https:\/\/marianocardenas.com\/wp-content\/uploads\/2021\/03\/la_caja_507-710833134-mmed.jpg 142w\" sizes=\"auto, (max-width: 380px) 100vw, 380px\">\t\t\t\r\n\t\t\t\t\t\t\t\t<span class=\"estreno2\">2002<\/span>\r\n\t\t\t\t\t\t\t\t<div class=\"work-info-bg\"><\/div>\r\n\t\t\t\t\t\t\t\t<div class=\"work-info\"> \r\n\t\t\t\t\t\t\t\t\t\t<a href=\"https:\/\/marianocardenas.com\/wp-content\/uploads\/2021\/03\/la_caja_507-710833134-mmed.jpg\" class=\"gallery magnific\"><\/a><div class=\"info2\"><span class=\"tipe\">Cine<\/span><br>\r\n\t\t\t\t\t\t\t\t\t\t\t<span class=\"title\">La caja 507<\/span><br>\r\n\t\t\t\t\t\t\t\t\t\t\t<span class=\"estreno\">2002<\/span><br>\r\n\t\t\t\t\t\t\t\t\t\t\t<span class=\"sinopsis\"><\/span><\/div><\/a><div class=\"vert-center\">\r\n\t\t\t\t\t\t\t\t\t<\/div><!--\/vert-center-->\r\n\t\t\t\t\t\t\t\t<\/div>\r\n\t\t\t\t\t\t\t<\/div><!--work-item<\/div><\/div>-->\r\n\t\t\t\t\t\t<\/div><\/div><div class=\"owl-item active\" style=\"width: 381px !important; opacity: 1; transform: translate(0px, 0px);\"><div class=\"carousel-item\">\r\n            \t\t\t<!--<div class=\"col elastic-portfolio-item element\" data-project-cat=\"\" data-default-color=\"true\" data-title-color=\"\" data-subtitle-color=\"\" style=\"width: 381px; position: relative!important; left: 0px; top: 0px\r\n\t\t\t\t\t\t\t<div class=\"inner-wrap\" data-animation=\"none\">-->\r\n\r\n\t\t\t\t\t\t\t\r\n\t\t\t\t\t\t\t\t\t\t\t\t\t\t\r\n\t\t\t\t\t\t\t<div class=\"work-item style-2 fade\">\r\n\t\t\t\t\t\t\t\r\n\t\t\t\t\t\t\t\t<img loading=\"lazy\" decoding=\"async\" width=\"270\" height=\"480\" src=\"https:\/\/marianocardenas.com\/wp-content\/uploads\/2021\/03\/rencor-603259591-mmed.jpg\" class=\"skip-lazy attachment-full imgfadeIn\" alt=\"\" loading=\"lazy\" srcset=\"https:\/\/marianocardenas.com\/wp-content\/uploads\/2021\/03\/rencor-603259591-mmed.jpg 380w, https:\/\/marianocardenas.com\/wp-content\/uploads\/2021\/03\/rencor-603259591-mmed.jpg 142w\" sizes=\"auto, (max-width: 380px) 100vw, 380px\">\t\t\t\r\n\t\t\t\t\t\t\t\t<span class=\"estreno2\">2002<\/span>\r\n\t\t\t\t\t\t\t\t<div class=\"work-info-bg\"><\/div>\r\n\t\t\t\t\t\t\t\t<div class=\"work-info\"> \r\n\t\t\t\t\t\t\t\t\t\t<a href=\"https:\/\/marianocardenas.com\/wp-content\/uploads\/2021\/03\/rencor-603259591-mmed.jpg\" class=\"gallery magnific\"><\/a><div class=\"info2\"><span class=\"tipe\">Cine<\/span><br>\r\n\t\t\t\t\t\t\t\t\t\t\t<span class=\"title\">Rencor<\/span><br>\r\n\t\t\t\t\t\t\t\t\t\t\t<span class=\"estreno\">2002<\/span><br>\r\n\t\t\t\t\t\t\t\t\t\t\t<span class=\"sinopsis\"><\/span><\/div><\/a><div class=\"vert-center\">\r\n\t\t\t\t\t\t\t\t\t<\/div><!--\/vert-center-->\r\n\t\t\t\t\t\t\t\t<\/div>\r\n\t\t\t\t\t\t\t<\/div><!--work-item<\/div><\/div>-->\r\n\t\t\t\t\t\t<\/div><\/div><div class=\"owl-item active\" style=\"width: 381px !important; opacity: 1; transform: translate(0px, 0px);\"><div class=\"carousel-item\">\r\n            \t\t\t<!--<div class=\"col elastic-portfolio-item element\" data-project-cat=\"\" data-default-color=\"true\" data-title-color=\"\" data-subtitle-color=\"\" style=\"width: 381px; position: relative!important; left: 0px; top: 0px\r\n\t\t\t\t\t\t\t<div class=\"inner-wrap\" data-animation=\"none\">-->\r\n\r\n\t\t\t\t\t\t\t\r\n\t\t\t\t\t\t\t\t\t\t\t\t\t\t\r\n\t\t\t\t\t\t\t<div class=\"work-item style-2 fade\">\r\n\t\t\t\t\t\t\t\r\n\t\t\t\t\t\t\t\t<img loading=\"lazy\" decoding=\"async\" width=\"270\" height=\"480\" src=\"https:\/\/marianocardenas.com\/wp-content\/uploads\/2021\/03\/la_mujer_de_mi_vida-606987063-mmed.jpg\" class=\"skip-lazy attachment-full imgfadeIn\" alt=\"\" loading=\"lazy\" srcset=\"https:\/\/marianocardenas.com\/wp-content\/uploads\/2021\/03\/la_mujer_de_mi_vida-606987063-mmed.jpg 380w, https:\/\/marianocardenas.com\/wp-content\/uploads\/2021\/03\/la_mujer_de_mi_vida-606987063-mmed.jpg 142w\" sizes=\"auto, (max-width: 380px) 100vw, 380px\">\t\t\t\r\n\t\t\t\t\t\t\t\t<span class=\"estreno2\">2001<\/span>\r\n\t\t\t\t\t\t\t\t<div class=\"work-info-bg\"><\/div>\r\n\t\t\t\t\t\t\t\t<div class=\"work-info\"> \r\n\t\t\t\t\t\t\t\t\t\t<a href=\"https:\/\/marianocardenas.com\/wp-content\/uploads\/2021\/03\/la_mujer_de_mi_vida-606987063-mmed.jpg\" class=\"gallery magnific\"><\/a><div class=\"info2\"><span class=\"tipe\">Cine<\/span><br>\r\n\t\t\t\t\t\t\t\t\t\t\t<span class=\"title\">La mujer de mi vida<\/span><br>\r\n\t\t\t\t\t\t\t\t\t\t\t<span class=\"estreno\">2001<\/span><br>\r\n\t\t\t\t\t\t\t\t\t\t\t<span class=\"sinopsis\"><\/span><\/div><\/a><div class=\"vert-center\">\r\n\t\t\t\t\t\t\t\t\t<\/div><!--\/vert-center-->\r\n\t\t\t\t\t\t\t\t<\/div>\r\n\t\t\t\t\t\t\t<\/div><!--work-item<\/div><\/div>-->\r\n\t\t\t\t\t\t<\/div><\/div><div class=\"owl-item active\" style=\"width: 381px !important; opacity: 1; transform: translate(0px, 0px);\"><div class=\"carousel-item\">\r\n            \t\t\t<!--<div class=\"col elastic-portfolio-item element\" data-project-cat=\"\" data-default-color=\"true\" data-title-color=\"\" data-subtitle-color=\"\" style=\"width: 381px; position: relative!important; left: 0px; top: 0px\r\n\t\t\t\t\t\t\t<div class=\"inner-wrap\" data-animation=\"none\">-->\r\n\r\n\t\t\t\t\t\t\t\r\n\t\t\t\t\t\t\t\t\t\t\t\t\t\t\r\n\t\t\t\t\t\t\t<div class=\"work-item style-2 fade\">\r\n\t\t\t\t\t\t\t\r\n\t\t\t\t\t\t\t\t<img loading=\"lazy\" decoding=\"async\" width=\"270\" height=\"480\" src=\"https:\/\/marianocardenas.com\/wp-content\/uploads\/2021\/03\/lucia_y_el_sexo-671877441-mmed.jpg\" class=\"skip-lazy attachment-full imgfadeIn\" alt=\"\" loading=\"lazy\" srcset=\"https:\/\/marianocardenas.com\/wp-content\/uploads\/2021\/03\/lucia_y_el_sexo-671877441-mmed.jpg 380w, https:\/\/marianocardenas.com\/wp-content\/uploads\/2021\/03\/lucia_y_el_sexo-671877441-mmed.jpg 142w\" sizes=\"auto, (max-width: 380px) 100vw, 380px\">\t\t\t\r\n\t\t\t\t\t\t\t\t<span class=\"estreno2\">2001<\/span>\r\n\t\t\t\t\t\t\t\t<div class=\"work-info-bg\"><\/div>\r\n\t\t\t\t\t\t\t\t<div class=\"work-info\"> \r\n\t\t\t\t\t\t\t\t\t\t<a href=\"https:\/\/marianocardenas.com\/wp-content\/uploads\/2021\/03\/lucia_y_el_sexo-671877441-mmed.jpg\" class=\"gallery magnific\"><\/a><div class=\"info2\"><span class=\"tipe\">Cine<\/span><br>\r\n\t\t\t\t\t\t\t\t\t\t\t<span class=\"title\">Lucia y el sexo<\/span><br>\r\n\t\t\t\t\t\t\t\t\t\t\t<span class=\"estreno\">2001<\/span><br>\r\n\t\t\t\t\t\t\t\t\t\t\t<span class=\"sinopsis\"><\/span><\/div><\/a><div class=\"vert-center\">\r\n\t\t\t\t\t\t\t\t\t<\/div><!--\/vert-center-->\r\n\t\t\t\t\t\t\t\t<\/div>\r\n\t\t\t\t\t\t\t<\/div><!--work-item<\/div><\/div>-->\r\n\t\t\t\t\t\t<\/div><\/div><div class=\"owl-item active\" style=\"width: 381px !important; opacity: 1; transform: translate(0px, 0px);\"><div class=\"carousel-item\">\r\n            \t\t\t<!--<div class=\"col elastic-portfolio-item element\" data-project-cat=\"\" data-default-color=\"true\" data-title-color=\"\" data-subtitle-color=\"\" style=\"width: 381px; position: relative!important; left: 0px; top: 0px\r\n\t\t\t\t\t\t\t<div class=\"inner-wrap\" data-animation=\"none\">-->\r\n\r\n\t\t\t\t\t\t\t\r\n\t\t\t\t\t\t\t\t\t\t\t\t\t\t\r\n\t\t\t\t\t\t\t<div class=\"work-item style-2 fade\">\r\n\t\t\t\t\t\t\t\r\n\t\t\t\t\t\t\t\t<img loading=\"lazy\" decoding=\"async\" width=\"270\" height=\"480\" src=\"https:\/\/marianocardenas.com\/wp-content\/uploads\/2021\/03\/besos_para_todos-807494002-mmed.jpg\" class=\"skip-lazy attachment-full imgfadeIn\" alt=\"\" loading=\"lazy\" srcset=\"https:\/\/marianocardenas.com\/wp-content\/uploads\/2021\/03\/besos_para_todos-807494002-mmed.jpg 380w, https:\/\/marianocardenas.com\/wp-content\/uploads\/2021\/03\/besos_para_todos-807494002-mmed.jpg 142w\" sizes=\"auto, (max-width: 380px) 100vw, 380px\">\t\t\t\r\n\t\t\t\t\t\t\t\t<span class=\"estreno2\">2000<\/span>\r\n\t\t\t\t\t\t\t\t<div class=\"work-info-bg\"><\/div>\r\n\t\t\t\t\t\t\t\t<div class=\"work-info\"> \r\n\t\t\t\t\t\t\t\t\t\t<a href=\"https:\/\/marianocardenas.com\/wp-content\/uploads\/2021\/03\/besos_para_todos-807494002-mmed.jpg\" class=\"gallery magnific\"><\/a><div class=\"info2\"><span class=\"tipe\">Cine<\/span><br>\r\n\t\t\t\t\t\t\t\t\t\t\t<span class=\"title\">Besos para todos<\/span><br>\r\n\t\t\t\t\t\t\t\t\t\t\t<span class=\"estreno\">2000<\/span><br>\r\n\t\t\t\t\t\t\t\t\t\t\t<span class=\"sinopsis\"><\/span><\/div><\/a><div class=\"vert-center\">\r\n\t\t\t\t\t\t\t\t\t<\/div><!--\/vert-center-->\r\n\t\t\t\t\t\t\t\t<\/div>\r\n\t\t\t\t\t\t\t<\/div><!--work-item<\/div><\/div>-->\r\n\t\t\t\t\t\t<\/div><\/div><div class=\"owl-item active\" style=\"width: 381px !important; opacity: 1; transform: translate(0px, 0px);\"><div class=\"carousel-item\">\r\n            \t\t\t<!--<div class=\"col elastic-portfolio-item element\" data-project-cat=\"\" data-default-color=\"true\" data-title-color=\"\" data-subtitle-color=\"\" style=\"width: 381px; position: relative!important; left: 0px; top: 0px\r\n\t\t\t\t\t\t\t<div class=\"inner-wrap\" data-animation=\"none\">-->\r\n\r\n\t\t\t\t\t\t\t\r\n\t\t\t\t\t\t\t\t\t\t\t\t\t\t\r\n\t\t\t\t\t\t\t<div class=\"work-item style-2 fade\">\r\n\t\t\t\t\t\t\t\r\n\t\t\t\t\t\t\t\t<img loading=\"lazy\" decoding=\"async\" width=\"270\" height=\"480\" src=\"https:\/\/marianocardenas.com\/wp-content\/uploads\/2021\/03\/km_0_aka_kilometro_cero-925972389-mmed.jpg\" class=\"skip-lazy attachment-full imgfadeIn\" alt=\"\" loading=\"lazy\" srcset=\"https:\/\/marianocardenas.com\/wp-content\/uploads\/2021\/03\/km_0_aka_kilometro_cero-925972389-mmed.jpg 380w, https:\/\/marianocardenas.com\/wp-content\/uploads\/2021\/03\/km_0_aka_kilometro_cero-925972389-mmed.jpg 142w\" sizes=\"auto, (max-width: 380px) 100vw, 380px\">\t\t\t\r\n\t\t\t\t\t\t\t\t<span class=\"estreno2\">2000<\/span>\r\n\t\t\t\t\t\t\t\t<div class=\"work-info-bg\"><\/div>\r\n\t\t\t\t\t\t\t\t<div class=\"work-info\"> \r\n\t\t\t\t\t\t\t\t\t\t<a href=\"https:\/\/marianocardenas.com\/wp-content\/uploads\/2021\/03\/km_0_aka_kilometro_cero-925972389-mmed.jpg\" class=\"gallery magnific\"><\/a><div class=\"info2\"><span class=\"tipe\">Cine<\/span><br>\r\n\t\t\t\t\t\t\t\t\t\t\t<span class=\"title\">Km. 0<\/span><br>\r\n\t\t\t\t\t\t\t\t\t\t\t<span class=\"estreno\">2000<\/span><br>\r\n\t\t\t\t\t\t\t\t\t\t\t<span class=\"sinopsis\"><\/span><\/div><\/a><div class=\"vert-center\">\r\n\t\t\t\t\t\t\t\t\t<\/div><!--\/vert-center-->\r\n\t\t\t\t\t\t\t\t<\/div>\r\n\t\t\t\t\t\t\t<\/div><!--work-item<\/div><\/div>-->\r\n\t\t\t\t\t\t<\/div><\/div><div class=\"owl-item active\" style=\"width: 381px !important; opacity: 1; transform: translate(0px, 0px);\"><div class=\"carousel-item\">\r\n            \t\t\t<!--<div class=\"col elastic-portfolio-item element\" data-project-cat=\"\" data-default-color=\"true\" data-title-color=\"\" data-subtitle-color=\"\" style=\"width: 381px; position: relative!important; left: 0px; top: 0px\r\n\t\t\t\t\t\t\t<div class=\"inner-wrap\" data-animation=\"none\">-->\r\n\r\n\t\t\t\t\t\t\t\r\n\t\t\t\t\t\t\t\t\t\t\t\t\t\t\r\n\t\t\t\t\t\t\t<div class=\"work-item style-2 fade\">\r\n\t\t\t\t\t\t\t\r\n\t\t\t\t\t\t\t\t<img loading=\"lazy\" decoding=\"async\" width=\"270\" height=\"480\" src=\"https:\/\/marianocardenas.com\/wp-content\/uploads\/2021\/03\/y_decirte_alguna_estupidez_por_ejemplo_te_quiero-361731684-mmed.jpg\" class=\"skip-lazy attachment-full imgfadeIn\" alt=\"\" loading=\"lazy\" srcset=\"https:\/\/marianocardenas.com\/wp-content\/uploads\/2021\/03\/y_decirte_alguna_estupidez_por_ejemplo_te_quiero-361731684-mmed.jpg 380w, https:\/\/marianocardenas.com\/wp-content\/uploads\/2021\/03\/y_decirte_alguna_estupidez_por_ejemplo_te_quiero-361731684-mmed.jpg 142w\" sizes=\"auto, (max-width: 380px) 100vw, 380px\">\t\t\t\r\n\t\t\t\t\t\t\t\t<span class=\"estreno2\">2000<\/span>\r\n\t\t\t\t\t\t\t\t<div class=\"work-info-bg\"><\/div>\r\n\t\t\t\t\t\t\t\t<div class=\"work-info\"> \r\n\t\t\t\t\t\t\t\t\t\t<a href=\"https:\/\/marianocardenas.com\/wp-content\/uploads\/2021\/03\/y_decirte_alguna_estupidez_por_ejemplo_te_quiero-361731684-mmed.jpg\" class=\"gallery magnific\"><\/a><div class=\"info2\"><span class=\"tipe\">Cine<\/span><br>\r\n\t\t\t\t\t\t\t\t\t\t\t<span class=\"title\">Y decirte alguna estupidez, por ejemplo, te quiero<\/span><br>\r\n\t\t\t\t\t\t\t\t\t\t\t<span class=\"estreno\">2000<\/span><br>\r\n\t\t\t\t\t\t\t\t\t\t\t<span class=\"sinopsis\"><\/span><\/div><\/a><div class=\"vert-center\">\r\n\t\t\t\t\t\t\t\t\t<\/div><!--\/vert-center-->\r\n\t\t\t\t\t\t\t\t<\/div>\r\n\t\t\t\t\t\t\t<\/div><!--work-item<\/div><\/div>-->\r\n\t\t\t\t\t\t<\/div><\/div><div class=\"owl-item active\" style=\"width: 381px !important; opacity: 1; transform: translate(0px, 0px);\"><div class=\"carousel-item\">\r\n            \t\t\t<!--<div class=\"col elastic-portfolio-item element\" data-project-cat=\"\" data-default-color=\"true\" data-title-color=\"\" data-subtitle-color=\"\" style=\"width: 381px; position: relative!important; left: 0px; top: 0px\r\n\t\t\t\t\t\t\t<div class=\"inner-wrap\" data-animation=\"none\">-->\r\n\r\n\t\t\t\t\t\t\t\r\n\t\t\t\t\t\t\t\t\t\t\t\t\t\t\r\n\t\t\t\t\t\t\t<div class=\"work-item style-2 fade\">\r\n\t\t\t\t\t\t\t\r\n\t\t\t\t\t\t\t\t<img loading=\"lazy\" decoding=\"async\" width=\"270\" height=\"480\" src=\"https:\/\/marianocardenas.com\/wp-content\/uploads\/2021\/03\/manolito_gafotas-555118866-mmed.jpg\" class=\"skip-lazy attachment-full imgfadeIn\" alt=\"\" loading=\"lazy\" srcset=\"https:\/\/marianocardenas.com\/wp-content\/uploads\/2021\/03\/manolito_gafotas-555118866-mmed.jpg 380w, https:\/\/marianocardenas.com\/wp-content\/uploads\/2021\/03\/manolito_gafotas-555118866-mmed.jpg 142w\" sizes=\"auto, (max-width: 380px) 100vw, 380px\">\t\t\t\r\n\t\t\t\t\t\t\t\t<span class=\"estreno2\">1999<\/span>\r\n\t\t\t\t\t\t\t\t<div class=\"work-info-bg\"><\/div>\r\n\t\t\t\t\t\t\t\t<div class=\"work-info\"> \r\n\t\t\t\t\t\t\t\t\t\t<a href=\"https:\/\/marianocardenas.com\/wp-content\/uploads\/2021\/03\/manolito_gafotas-555118866-mmed.jpg\" class=\"gallery magnific\"><\/a><div class=\"info2\"><span class=\"tipe\">Cine<\/span><br>\r\n\t\t\t\t\t\t\t\t\t\t\t<span class=\"title\">Manolito Gafotas<\/span><br>\r\n\t\t\t\t\t\t\t\t\t\t\t<span class=\"estreno\">1999<\/span><br>\r\n\t\t\t\t\t\t\t\t\t\t\t<span class=\"sinopsis\"><\/span><\/div><\/a><div class=\"vert-center\">\r\n\t\t\t\t\t\t\t\t\t<\/div><!--\/vert-center-->\r\n\t\t\t\t\t\t\t\t<\/div>\r\n\t\t\t\t\t\t\t<\/div><!--work-item<\/div><\/div>-->\r\n\t\t\t\t\t\t<\/div><\/div><div class=\"owl-item active\" style=\"width: 381px !important; opacity: 1; transform: translate(0px, 0px);\"><div class=\"carousel-item\">\r\n            \t\t\t<!--<div class=\"col elastic-portfolio-item element\" data-project-cat=\"\" data-default-color=\"true\" data-title-color=\"\" data-subtitle-color=\"\" style=\"width: 381px; position: relative!important; left: 0px; top: 0px\r\n\t\t\t\t\t\t\t<div class=\"inner-wrap\" data-animation=\"none\">-->\r\n\r\n\t\t\t\t\t\t\t\r\n\t\t\t\t\t\t\t\t\t\t\t\t\t\t\r\n\t\t\t\t\t\t\t<div class=\"work-item style-2 fade\">\r\n\t\t\t\t\t\t\t\r\n\t\t\t\t\t\t\t\t<img loading=\"lazy\" decoding=\"async\" width=\"270\" height=\"480\" src=\"https:\/\/marianocardenas.com\/wp-content\/uploads\/2021\/03\/pidele_cuentas_al_rey-335956500-mmed.jpg\" class=\"skip-lazy attachment-full imgfadeIn\" alt=\"\" loading=\"lazy\" srcset=\"https:\/\/marianocardenas.com\/wp-content\/uploads\/2021\/03\/pidele_cuentas_al_rey-335956500-mmed.jpg 380w, https:\/\/marianocardenas.com\/wp-content\/uploads\/2021\/03\/pidele_cuentas_al_rey-335956500-mmed.jpg 142w\" sizes=\"auto, (max-width: 380px) 100vw, 380px\">\t\t\t\r\n\t\t\t\t\t\t\t\t<span class=\"estreno2\">1999<\/span>\r\n\t\t\t\t\t\t\t\t<div class=\"work-info-bg\"><\/div>\r\n\t\t\t\t\t\t\t\t<div class=\"work-info\"> \r\n\t\t\t\t\t\t\t\t\t\t<a href=\"https:\/\/marianocardenas.com\/wp-content\/uploads\/2021\/03\/pidele_cuentas_al_rey-335956500-mmed.jpg\" class=\"gallery magnific\"><\/a><div class=\"info2\"><span class=\"tipe\">Cine<\/span><br>\r\n\t\t\t\t\t\t\t\t\t\t\t<span class=\"title\">P\u00eddele cuentas al rey<\/span><br>\r\n\t\t\t\t\t\t\t\t\t\t\t<span class=\"estreno\">1999<\/span><br>\r\n\t\t\t\t\t\t\t\t\t\t\t<span class=\"sinopsis\"><\/span><\/div><\/a><div class=\"vert-center\">\r\n\t\t\t\t\t\t\t\t\t<\/div><!--\/vert-center-->\r\n\t\t\t\t\t\t\t\t<\/div>\r\n\t\t\t\t\t\t\t<\/div><!--work-item<\/div><\/div>-->\r\n\t\t\t\t\t\t<\/div><\/div><div class=\"owl-item active\" style=\"width: 381px !important; opacity: 1; transform: translate(0px, 0px);\"><div class=\"carousel-item\">\r\n            \t\t\t<!--<div class=\"col elastic-portfolio-item element\" data-project-cat=\"\" data-default-color=\"true\" data-title-color=\"\" data-subtitle-color=\"\" style=\"width: 381px; position: relative!important; left: 0px; top: 0px\r\n\t\t\t\t\t\t\t<div class=\"inner-wrap\" data-animation=\"none\">-->\r\n\r\n\t\t\t\t\t\t\t\r\n\t\t\t\t\t\t\t\t\t\t\t\t\t\t\r\n\t\t\t\t\t\t\t<div class=\"work-item style-2 fade\">\r\n\t\t\t\t\t\t\t\r\n\t\t\t\t\t\t\t\t<img loading=\"lazy\" decoding=\"async\" width=\"270\" height=\"480\" src=\"https:\/\/marianocardenas.com\/wp-content\/uploads\/2021\/03\/ataque_verbal-229752460-mmed.jpg\" class=\"skip-lazy attachment-full imgfadeIn\" alt=\"\" loading=\"lazy\" srcset=\"https:\/\/marianocardenas.com\/wp-content\/uploads\/2021\/03\/ataque_verbal-229752460-mmed.jpg 380w, https:\/\/marianocardenas.com\/wp-content\/uploads\/2021\/03\/ataque_verbal-229752460-mmed.jpg 142w\" sizes=\"auto, (max-width: 380px) 100vw, 380px\">\t\t\t\r\n\t\t\t\t\t\t\t\t<span class=\"estreno2\">1999<\/span>\r\n\t\t\t\t\t\t\t\t<div class=\"work-info-bg\"><\/div>\r\n\t\t\t\t\t\t\t\t<div class=\"work-info\"> \r\n\t\t\t\t\t\t\t\t\t\t<a href=\"https:\/\/marianocardenas.com\/wp-content\/uploads\/2021\/03\/ataque_verbal-229752460-mmed.jpg\" class=\"gallery magnific\"><\/a><div class=\"info2\"><span class=\"tipe\">Cine<\/span><br>\r\n\t\t\t\t\t\t\t\t\t\t\t<span class=\"title\">Ataque verbal<\/span><br>\r\n\t\t\t\t\t\t\t\t\t\t\t<span class=\"estreno\">1999<\/span><br>\r\n\t\t\t\t\t\t\t\t\t\t\t<span class=\"sinopsis\"><\/span><\/div><\/a><div class=\"vert-center\">\r\n\t\t\t\t\t\t\t\t\t<\/div><!--\/vert-center-->\r\n\t\t\t\t\t\t\t\t<\/div>\r\n\t\t\t\t\t\t\t<\/div><!--work-item<\/div><\/div>-->\r\n\t\t\t\t\t\t<\/div><\/div><div class=\"owl-item active\" style=\"width: 381px !important; opacity: 1; transform: translate(0px, 0px);\"><div class=\"carousel-item\">\r\n            \t\t\t<!--<div class=\"col elastic-portfolio-item element\" data-project-cat=\"\" data-default-color=\"true\" data-title-color=\"\" data-subtitle-color=\"\" style=\"width: 381px; position: relative!important; left: 0px; top: 0px\r\n\t\t\t\t\t\t\t<div class=\"inner-wrap\" data-animation=\"none\">-->\r\n\r\n\t\t\t\t\t\t\t\r\n\t\t\t\t\t\t\t\t\t\t\t\t\t\t\r\n\t\t\t\t\t\t\t<div class=\"work-item style-2 fade\">\r\n\t\t\t\t\t\t\t\r\n\t\t\t\t\t\t\t\t<img loading=\"lazy\" decoding=\"async\" width=\"270\" height=\"480\" src=\"https:\/\/marianocardenas.com\/wp-content\/uploads\/2021\/03\/los_amantes_del_circulo_polar-775457093-mmed.jpg\" class=\"skip-lazy attachment-full imgfadeIn\" alt=\"\" loading=\"lazy\" srcset=\"https:\/\/marianocardenas.com\/wp-content\/uploads\/2021\/03\/los_amantes_del_circulo_polar-775457093-mmed.jpg 380w, https:\/\/marianocardenas.com\/wp-content\/uploads\/2021\/03\/los_amantes_del_circulo_polar-775457093-mmed.jpg 142w\" sizes=\"auto, (max-width: 380px) 100vw, 380px\">\t\t\t\r\n\t\t\t\t\t\t\t\t<span class=\"estreno2\">1998<\/span>\r\n\t\t\t\t\t\t\t\t<div class=\"work-info-bg\"><\/div>\r\n\t\t\t\t\t\t\t\t<div class=\"work-info\"> \r\n\t\t\t\t\t\t\t\t\t\t<a href=\"https:\/\/marianocardenas.com\/wp-content\/uploads\/2021\/03\/los_amantes_del_circulo_polar-775457093-mmed.jpg\" class=\"gallery magnific\"><\/a><div class=\"info2\"><span class=\"tipe\">Cine<\/span><br>\r\n\t\t\t\t\t\t\t\t\t\t\t<span class=\"title\">Los amantes del circulo polar<\/span><br>\r\n\t\t\t\t\t\t\t\t\t\t\t<span class=\"estreno\">1998<\/span><br>\r\n\t\t\t\t\t\t\t\t\t\t\t<span class=\"sinopsis\"><\/span><\/div><\/a><div class=\"vert-center\">\r\n\t\t\t\t\t\t\t\t\t<\/div><!--\/vert-center-->\r\n\t\t\t\t\t\t\t\t<\/div>\r\n\t\t\t\t\t\t\t<\/div><!--work-item<\/div><\/div>-->\r\n\t\t\t\t\t\t<\/div><\/div><div class=\"owl-item active\" style=\"width: 381px !important; opacity: 1; transform: translate(0px, 0px);\"><div class=\"carousel-item\">\r\n            \t\t\t<!--<div class=\"col elastic-portfolio-item element\" data-project-cat=\"\" data-default-color=\"true\" data-title-color=\"\" data-subtitle-color=\"\" style=\"width: 381px; position: relative!important; left: 0px; top: 0px\r\n\t\t\t\t\t\t\t<div class=\"inner-wrap\" data-animation=\"none\">-->\r\n\r\n\t\t\t\t\t\t\t\r\n\t\t\t\t\t\t\t\t\t\t\t\t\t\t\r\n\t\t\t\t\t\t\t<div class=\"work-item style-2 fade\">\r\n\t\t\t\t\t\t\t\r\n\t\t\t\t\t\t\t\t<img loading=\"lazy\" decoding=\"async\" width=\"270\" height=\"480\" src=\"https:\/\/marianocardenas.com\/wp-content\/uploads\/2021\/03\/airbag-110139764-mmed.jpg\" class=\"skip-lazy attachment-full imgfadeIn\" alt=\"\" loading=\"lazy\" srcset=\"https:\/\/marianocardenas.com\/wp-content\/uploads\/2021\/03\/airbag-110139764-mmed.jpg 380w, https:\/\/marianocardenas.com\/wp-content\/uploads\/2021\/03\/airbag-110139764-mmed.jpg 142w\" sizes=\"auto, (max-width: 380px) 100vw, 380px\">\t\t\t\r\n\t\t\t\t\t\t\t\t<span class=\"estreno2\">1997<\/span>\r\n\t\t\t\t\t\t\t\t<div class=\"work-info-bg\"><\/div>\r\n\t\t\t\t\t\t\t\t<div class=\"work-info\"> \r\n\t\t\t\t\t\t\t\t\t\t<a href=\"https:\/\/marianocardenas.com\/wp-content\/uploads\/2021\/03\/airbag-110139764-mmed.jpg\" class=\"gallery magnific\"><\/a><div class=\"info2\"><span class=\"tipe\">Cine<\/span><br>\r\n\t\t\t\t\t\t\t\t\t\t\t<span class=\"title\">Airbag<\/span><br>\r\n\t\t\t\t\t\t\t\t\t\t\t<span class=\"estreno\">1997<\/span><br>\r\n\t\t\t\t\t\t\t\t\t\t\t<span class=\"sinopsis\"><\/span><\/div><\/a><div class=\"vert-center\">\r\n\t\t\t\t\t\t\t\t\t<\/div><!--\/vert-center-->\r\n\t\t\t\t\t\t\t\t<\/div>\r\n\t\t\t\t\t\t\t<\/div><!--work-item<\/div><\/div>-->\r\n\t\t\t\t\t\t<\/div><\/div><div class=\"owl-item active\" style=\"width: 381px !important; opacity: 1; transform: translate(0px, 0px);\"><div class=\"carousel-item\">\r\n            \t\t\t<!--<div class=\"col elastic-portfolio-item element\" data-project-cat=\"\" data-default-color=\"true\" data-title-color=\"\" data-subtitle-color=\"\" style=\"width: 381px; position: relative!important; left: 0px; top: 0px\r\n\t\t\t\t\t\t\t<div class=\"inner-wrap\" data-animation=\"none\">-->\r\n\r\n\t\t\t\t\t\t\t\r\n\t\t\t\t\t\t\t\t\t\t\t\t\t\t\r\n\t\t\t\t\t\t\t<div class=\"work-item style-2 fade\">\r\n\t\t\t\t\t\t\t\r\n\t\t\t\t\t\t\t\t<img loading=\"lazy\" decoding=\"async\" width=\"270\" height=\"480\" src=\"https:\/\/marianocardenas.com\/wp-content\/uploads\/2021\/03\/corazon_loco-150154138-mmed.jpg\" class=\"skip-lazy attachment-full imgfadeIn\" alt=\"\" loading=\"lazy\" srcset=\"https:\/\/marianocardenas.com\/wp-content\/uploads\/2021\/03\/corazon_loco-150154138-mmed.jpg 380w, https:\/\/marianocardenas.com\/wp-content\/uploads\/2021\/03\/corazon_loco-150154138-mmed.jpg 142w\" sizes=\"auto, (max-width: 380px) 100vw, 380px\">\t\t\t\r\n\t\t\t\t\t\t\t\t<span class=\"estreno2\">1997<\/span>\r\n\t\t\t\t\t\t\t\t<div class=\"work-info-bg\"><\/div>\r\n\t\t\t\t\t\t\t\t<div class=\"work-info\"> \r\n\t\t\t\t\t\t\t\t\t\t<a href=\"https:\/\/marianocardenas.com\/wp-content\/uploads\/2021\/03\/corazon_loco-150154138-mmed.jpg\" class=\"gallery magnific\"><\/a><div class=\"info2\"><span class=\"tipe\">Cine<\/span><br>\r\n\t\t\t\t\t\t\t\t\t\t\t<span class=\"title\">Coraz\u00f3n Loco<\/span><br>\r\n\t\t\t\t\t\t\t\t\t\t\t<span class=\"estreno\">1997<\/span><br>\r\n\t\t\t\t\t\t\t\t\t\t\t<span class=\"sinopsis\"><\/span><\/div><\/a><div class=\"vert-center\">\r\n\t\t\t\t\t\t\t\t\t<\/div><!--\/vert-center-->\r\n\t\t\t\t\t\t\t\t<\/div>\r\n\t\t\t\t\t\t\t<\/div><!--work-item<\/div><\/div>-->\r\n\t\t\t\t\t\t<\/div><\/div><div class=\"owl-item active\" style=\"width: 381px !important; opacity: 1; transform: translate(0px, 0px);\"><div class=\"carousel-item\">\r\n            \t\t\t<!--<div class=\"col elastic-portfolio-item element\" data-project-cat=\"\" data-default-color=\"true\" data-title-color=\"\" data-subtitle-color=\"\" style=\"width: 381px; position: relative!important; left: 0px; top: 0px\r\n\t\t\t\t\t\t\t<div class=\"inner-wrap\" data-animation=\"none\">-->\r\n\r\n\t\t\t\t\t\t\t\r\n\t\t\t\t\t\t\t\t\t\t\t\t\t\t\r\n\t\t\t\t\t\t\t<div class=\"work-item style-2 fade\">\r\n\t\t\t\t\t\t\t\r\n\t\t\t\t\t\t\t\t<img loading=\"lazy\" decoding=\"async\" width=\"270\" height=\"480\" src=\"https:\/\/marianocardenas.com\/wp-content\/uploads\/2021\/03\/la_buena_estrella-276045271-mmed.jpg\" class=\"skip-lazy attachment-full imgfadeIn\" alt=\"\" loading=\"lazy\" srcset=\"https:\/\/marianocardenas.com\/wp-content\/uploads\/2021\/03\/la_buena_estrella-276045271-mmed.jpg 380w, https:\/\/marianocardenas.com\/wp-content\/uploads\/2021\/03\/la_buena_estrella-276045271-mmed.jpg 142w\" sizes=\"auto, (max-width: 380px) 100vw, 380px\">\t\t\t\r\n\t\t\t\t\t\t\t\t<span class=\"estreno2\">1997<\/span>\r\n\t\t\t\t\t\t\t\t<div class=\"work-info-bg\"><\/div>\r\n\t\t\t\t\t\t\t\t<div class=\"work-info\"> \r\n\t\t\t\t\t\t\t\t\t\t<a href=\"https:\/\/marianocardenas.com\/wp-content\/uploads\/2021\/03\/la_buena_estrella-276045271-mmed.jpg\" class=\"gallery magnific\"><\/a><div class=\"info2\"><span class=\"tipe\">Cine<\/span><br>\r\n\t\t\t\t\t\t\t\t\t\t\t<span class=\"title\">La buena estrella<\/span><br>\r\n\t\t\t\t\t\t\t\t\t\t\t<span class=\"estreno\">1997<\/span><br>\r\n\t\t\t\t\t\t\t\t\t\t\t<span class=\"sinopsis\"><\/span><\/div><\/a><div class=\"vert-center\">\r\n\t\t\t\t\t\t\t\t\t<\/div><!--\/vert-center-->\r\n\t\t\t\t\t\t\t\t<\/div>\r\n\t\t\t\t\t\t\t<\/div><!--work-item<\/div><\/div>-->\r\n\t\t\t\t\t\t<\/div><\/div><div class=\"owl-item active\" style=\"width: 381px !important; opacity: 1; transform: translate(0px, 0px);\"><div class=\"carousel-item\">\r\n            \t\t\t<!--<div class=\"col elastic-portfolio-item element\" data-project-cat=\"\" data-default-color=\"true\" data-title-color=\"\" data-subtitle-color=\"\" style=\"width: 381px; position: relative!important; left: 0px; top: 0px\r\n\t\t\t\t\t\t\t<div class=\"inner-wrap\" data-animation=\"none\">-->\r\n\r\n\t\t\t\t\t\t\t\r\n\t\t\t\t\t\t\t\t\t\t\t\t\t\t\r\n\t\t\t\t\t\t\t<div class=\"work-item style-2 fade\">\r\n\t\t\t\t\t\t\t\r\n\t\t\t\t\t\t\t\t<img loading=\"lazy\" decoding=\"async\" width=\"270\" height=\"480\" src=\"https:\/\/marianocardenas.com\/wp-content\/uploads\/2021\/03\/99_9_la_frecuencia_del_terror-181938404-mmed.jpg\" class=\"skip-lazy attachment-full imgfadeIn\" alt=\"\" loading=\"lazy\" srcset=\"https:\/\/marianocardenas.com\/wp-content\/uploads\/2021\/03\/99_9_la_frecuencia_del_terror-181938404-mmed.jpg 380w, https:\/\/marianocardenas.com\/wp-content\/uploads\/2021\/03\/99_9_la_frecuencia_del_terror-181938404-mmed.jpg 142w\" sizes=\"auto, (max-width: 380px) 100vw, 380px\">\t\t\t\r\n\t\t\t\t\t\t\t\t<span class=\"estreno2\">1997<\/span>\r\n\t\t\t\t\t\t\t\t<div class=\"work-info-bg\"><\/div>\r\n\t\t\t\t\t\t\t\t<div class=\"work-info\"> \r\n\t\t\t\t\t\t\t\t\t\t<a href=\"https:\/\/marianocardenas.com\/wp-content\/uploads\/2021\/03\/99_9_la_frecuencia_del_terror-181938404-mmed.jpg\" class=\"gallery magnific\"><\/a><div class=\"info2\"><span class=\"tipe\">Cine<\/span><br>\r\n\t\t\t\t\t\t\t\t\t\t\t<span class=\"title\">99.9<\/span><br>\r\n\t\t\t\t\t\t\t\t\t\t\t<span class=\"estreno\">1997<\/span><br>\r\n\t\t\t\t\t\t\t\t\t\t\t<span class=\"sinopsis\"><\/span><\/div><\/a><div class=\"vert-center\">\r\n\t\t\t\t\t\t\t\t\t<\/div><!--\/vert-center-->\r\n\t\t\t\t\t\t\t\t<\/div>\r\n\t\t\t\t\t\t\t<\/div><!--work-item<\/div><\/div>-->\r\n\t\t\t\t\t\t<\/div><\/div><div class=\"owl-item active\" style=\"width: 381px !important; opacity: 1; transform: translate(0px, 0px);\"><div class=\"carousel-item\">\r\n            \t\t\t<!--<div class=\"col elastic-portfolio-item element\" data-project-cat=\"\" data-default-color=\"true\" data-title-color=\"\" data-subtitle-color=\"\" style=\"width: 381px; position: relative!important; left: 0px; top: 0px\r\n\t\t\t\t\t\t\t<div class=\"inner-wrap\" data-animation=\"none\">-->\r\n\r\n\t\t\t\t\t\t\t\r\n\t\t\t\t\t\t\t\t\t\t\t\t\t\t\r\n\t\t\t\t\t\t\t<div class=\"work-item style-2 fade\">\r\n\t\t\t\t\t\t\t\r\n\t\t\t\t\t\t\t\t<img loading=\"lazy\" decoding=\"async\" width=\"270\" height=\"480\" src=\"https:\/\/marianocardenas.com\/wp-content\/uploads\/2021\/03\/amor_de_hombre-244411227-mmed.jpg\" class=\"skip-lazy attachment-full imgfadeIn\" alt=\"\" loading=\"lazy\" srcset=\"https:\/\/marianocardenas.com\/wp-content\/uploads\/2021\/03\/amor_de_hombre-244411227-mmed.jpg 380w, https:\/\/marianocardenas.com\/wp-content\/uploads\/2021\/03\/amor_de_hombre-244411227-mmed.jpg 142w\" sizes=\"auto, (max-width: 380px) 100vw, 380px\">\t\t\t\r\n\t\t\t\t\t\t\t\t<span class=\"estreno2\">1997<\/span>\r\n\t\t\t\t\t\t\t\t<div class=\"work-info-bg\"><\/div>\r\n\t\t\t\t\t\t\t\t<div class=\"work-info\"> \r\n\t\t\t\t\t\t\t\t\t\t<a href=\"https:\/\/marianocardenas.com\/wp-content\/uploads\/2021\/03\/amor_de_hombre-244411227-mmed.jpg\" class=\"gallery magnific\"><\/a><div class=\"info2\"><span class=\"tipe\">Cine<\/span><br>\r\n\t\t\t\t\t\t\t\t\t\t\t<span class=\"title\">Amor de hombre<\/span><br>\r\n\t\t\t\t\t\t\t\t\t\t\t<span class=\"estreno\">1997<\/span><br>\r\n\t\t\t\t\t\t\t\t\t\t\t<span class=\"sinopsis\"><\/span><\/div><\/a><div class=\"vert-center\">\r\n\t\t\t\t\t\t\t\t\t<\/div><!--\/vert-center-->\r\n\t\t\t\t\t\t\t\t<\/div>\r\n\t\t\t\t\t\t\t<\/div><!--work-item<\/div><\/div>-->\r\n\t\t\t\t\t\t<\/div><\/div><div class=\"owl-item active\" style=\"width: 381px !important; opacity: 1; transform: translate(0px, 0px);\"><div class=\"carousel-item\">\r\n            \t\t\t<!--<div class=\"col elastic-portfolio-item element\" data-project-cat=\"\" data-default-color=\"true\" data-title-color=\"\" data-subtitle-color=\"\" style=\"width: 381px; position: relative!important; left: 0px; top: 0px\r\n\t\t\t\t\t\t\t<div class=\"inner-wrap\" data-animation=\"none\">-->\r\n\r\n\t\t\t\t\t\t\t\r\n\t\t\t\t\t\t\t\t\t\t\t\t\t\t\r\n\t\t\t\t\t\t\t<div class=\"work-item style-2 fade\">\r\n\t\t\t\t\t\t\t\r\n\t\t\t\t\t\t\t\t<img loading=\"lazy\" decoding=\"async\" width=\"270\" height=\"480\" src=\"https:\/\/marianocardenas.com\/wp-content\/uploads\/2021\/03\/bwana-865128351-mmed.jpg\" class=\"skip-lazy attachment-full imgfadeIn\" alt=\"\" loading=\"lazy\" srcset=\"https:\/\/marianocardenas.com\/wp-content\/uploads\/2021\/03\/bwana-865128351-mmed.jpg 380w, https:\/\/marianocardenas.com\/wp-content\/uploads\/2021\/03\/bwana-865128351-mmed.jpg 142w\" sizes=\"auto, (max-width: 380px) 100vw, 380px\">\t\t\t\r\n\t\t\t\t\t\t\t\t<span class=\"estreno2\">1996<\/span>\r\n\t\t\t\t\t\t\t\t<div class=\"work-info-bg\"><\/div>\r\n\t\t\t\t\t\t\t\t<div class=\"work-info\"> \r\n\t\t\t\t\t\t\t\t\t\t<a href=\"https:\/\/marianocardenas.com\/wp-content\/uploads\/2021\/03\/bwana-865128351-mmed.jpg\" class=\"gallery magnific\"><\/a><div class=\"info2\"><span class=\"tipe\">Cine<\/span><br>\r\n\t\t\t\t\t\t\t\t\t\t\t<span class=\"title\">Bwana<\/span><br>\r\n\t\t\t\t\t\t\t\t\t\t\t<span class=\"estreno\">1996<\/span><br>\r\n\t\t\t\t\t\t\t\t\t\t\t<span class=\"sinopsis\"><\/span><\/div><\/a><div class=\"vert-center\">\r\n\t\t\t\t\t\t\t\t\t<\/div><!--\/vert-center-->\r\n\t\t\t\t\t\t\t\t<\/div>\r\n\t\t\t\t\t\t\t<\/div><!--work-item<\/div><\/div>-->\r\n\t\t\t\t\t\t<\/div><\/div><div class=\"owl-item active\" style=\"width: 381px !important; opacity: 1; transform: translate(0px, 0px);\"><div class=\"carousel-item\">\r\n            \t\t\t<!--<div class=\"col elastic-portfolio-item element\" data-project-cat=\"\" data-default-color=\"true\" data-title-color=\"\" data-subtitle-color=\"\" style=\"width: 381px; position: relative!important; left: 0px; top: 0px\r\n\t\t\t\t\t\t\t<div class=\"inner-wrap\" data-animation=\"none\">-->\r\n\r\n\t\t\t\t\t\t\t\r\n\t\t\t\t\t\t\t\t\t\t\t\t\t\t\r\n\t\t\t\t\t\t\t<div class=\"work-item style-2 fade\">\r\n\t\t\t\t\t\t\t\r\n\t\t\t\t\t\t\t\t<img loading=\"lazy\" decoding=\"async\" width=\"270\" height=\"480\" src=\"https:\/\/marianocardenas.com\/wp-content\/uploads\/2021\/03\/mi_nombre_es_sombra-943500855-mmed.jpg\" class=\"skip-lazy attachment-full imgfadeIn\" alt=\"\" loading=\"lazy\" srcset=\"https:\/\/marianocardenas.com\/wp-content\/uploads\/2021\/03\/mi_nombre_es_sombra-943500855-mmed.jpg 380w, https:\/\/marianocardenas.com\/wp-content\/uploads\/2021\/03\/mi_nombre_es_sombra-943500855-mmed.jpg 142w\" sizes=\"auto, (max-width: 380px) 100vw, 380px\">\t\t\t\r\n\t\t\t\t\t\t\t\t<span class=\"estreno2\">1996<\/span>\r\n\t\t\t\t\t\t\t\t<div class=\"work-info-bg\"><\/div>\r\n\t\t\t\t\t\t\t\t<div class=\"work-info\"> \r\n\t\t\t\t\t\t\t\t\t\t<a href=\"https:\/\/marianocardenas.com\/wp-content\/uploads\/2021\/03\/mi_nombre_es_sombra-943500855-mmed.jpg\" class=\"gallery magnific\"><\/a><div class=\"info2\"><span class=\"tipe\">Cine<\/span><br>\r\n\t\t\t\t\t\t\t\t\t\t\t<span class=\"title\">Mi nombre es sombra<\/span><br>\r\n\t\t\t\t\t\t\t\t\t\t\t<span class=\"estreno\">1996<\/span><br>\r\n\t\t\t\t\t\t\t\t\t\t\t<span class=\"sinopsis\"><\/span><\/div><\/a><div class=\"vert-center\">\r\n\t\t\t\t\t\t\t\t\t<\/div><!--\/vert-center-->\r\n\t\t\t\t\t\t\t\t<\/div>\r\n\t\t\t\t\t\t\t<\/div><!--work-item<\/div><\/div>-->\r\n\t\t\t\t\t\t<\/div><\/div><div class=\"owl-item active\" style=\"width: 381px !important; opacity: 1; transform: translate(0px, 0px);\"><div class=\"carousel-item\">\r\n            \t\t\t<!--<div class=\"col elastic-portfolio-item element\" data-project-cat=\"\" data-default-color=\"true\" data-title-color=\"\" data-subtitle-color=\"\" style=\"width: 381px; position: relative!important; left: 0px; top: 0px\r\n\t\t\t\t\t\t\t<div class=\"inner-wrap\" data-animation=\"none\">-->\r\n\r\n\t\t\t\t\t\t\t\r\n\t\t\t\t\t\t\t\t\t\t\t\t\t\t\r\n\t\t\t\t\t\t\t<div class=\"work-item style-2 fade\">\r\n\t\t\t\t\t\t\t\r\n\t\t\t\t\t\t\t\t<img loading=\"lazy\" decoding=\"async\" width=\"270\" height=\"480\" src=\"https:\/\/marianocardenas.com\/wp-content\/uploads\/2021\/03\/cachito-899295234-mmed.jpg\" class=\"skip-lazy attachment-full imgfadeIn\" alt=\"\" loading=\"lazy\" srcset=\"https:\/\/marianocardenas.com\/wp-content\/uploads\/2021\/03\/cachito-899295234-mmed.jpg 380w, https:\/\/marianocardenas.com\/wp-content\/uploads\/2021\/03\/cachito-899295234-mmed.jpg 142w\" sizes=\"auto, (max-width: 380px) 100vw, 380px\">\t\t\t\r\n\t\t\t\t\t\t\t\t<span class=\"estreno2\">1996<\/span>\r\n\t\t\t\t\t\t\t\t<div class=\"work-info-bg\"><\/div>\r\n\t\t\t\t\t\t\t\t<div class=\"work-info\"> \r\n\t\t\t\t\t\t\t\t\t\t<a href=\"https:\/\/marianocardenas.com\/wp-content\/uploads\/2021\/03\/cachito-899295234-mmed.jpg\" class=\"gallery magnific\"><\/a><div class=\"info2\"><span class=\"tipe\">Cine<\/span><br>\r\n\t\t\t\t\t\t\t\t\t\t\t<span class=\"title\">Cachito<\/span><br>\r\n\t\t\t\t\t\t\t\t\t\t\t<span class=\"estreno\">1996<\/span><br>\r\n\t\t\t\t\t\t\t\t\t\t\t<span class=\"sinopsis\"><\/span><\/div><\/a><div class=\"vert-center\">\r\n\t\t\t\t\t\t\t\t\t<\/div><!--\/vert-center-->\r\n\t\t\t\t\t\t\t\t<\/div>\r\n\t\t\t\t\t\t\t<\/div><!--work-item<\/div><\/div>-->\r\n\t\t\t\t\t\t<\/div><\/div><div class=\"owl-item active\" style=\"width: 381px !important; opacity: 1; transform: translate(0px, 0px);\"><div class=\"carousel-item\">\r\n            \t\t\t<!--<div class=\"col elastic-portfolio-item element\" data-project-cat=\"\" data-default-color=\"true\" data-title-color=\"\" data-subtitle-color=\"\" style=\"width: 381px; position: relative!important; left: 0px; top: 0px\r\n\t\t\t\t\t\t\t<div class=\"inner-wrap\" data-animation=\"none\">-->\r\n\r\n\t\t\t\t\t\t\t\r\n\t\t\t\t\t\t\t\t\t\t\t\t\t\t\r\n\t\t\t\t\t\t\t<div class=\"work-item style-2 fade\">\r\n\t\t\t\t\t\t\t\r\n\t\t\t\t\t\t\t\t<img loading=\"lazy\" decoding=\"async\" width=\"270\" height=\"480\" src=\"https:\/\/marianocardenas.com\/wp-content\/uploads\/2021\/03\/tu_nombre_envenena_mis_suenos-850064201-mmed.jpg\" class=\"skip-lazy attachment-full imgfadeIn\" alt=\"\" loading=\"lazy\" srcset=\"https:\/\/marianocardenas.com\/wp-content\/uploads\/2021\/03\/tu_nombre_envenena_mis_suenos-850064201-mmed.jpg 380w, https:\/\/marianocardenas.com\/wp-content\/uploads\/2021\/03\/tu_nombre_envenena_mis_suenos-850064201-mmed.jpg 142w\" sizes=\"auto, (max-width: 380px) 100vw, 380px\">\t\t\t\r\n\t\t\t\t\t\t\t\t<span class=\"estreno2\">1996<\/span>\r\n\t\t\t\t\t\t\t\t<div class=\"work-info-bg\"><\/div>\r\n\t\t\t\t\t\t\t\t<div class=\"work-info\"> \r\n\t\t\t\t\t\t\t\t\t\t<a href=\"https:\/\/marianocardenas.com\/wp-content\/uploads\/2021\/03\/tu_nombre_envenena_mis_suenos-850064201-mmed.jpg\" class=\"gallery magnific\"><\/a><div class=\"info2\"><span class=\"tipe\">Cine<\/span><br>\r\n\t\t\t\t\t\t\t\t\t\t\t<span class=\"title\">Tu Nombre Envenena Mis Sue\u00f1os<\/span><br>\r\n\t\t\t\t\t\t\t\t\t\t\t<span class=\"estreno\">1996<\/span><br>\r\n\t\t\t\t\t\t\t\t\t\t\t<span class=\"sinopsis\"><\/span><\/div><\/a><div class=\"vert-center\">\r\n\t\t\t\t\t\t\t\t\t<\/div><!--\/vert-center-->\r\n\t\t\t\t\t\t\t\t<\/div>\r\n\t\t\t\t\t\t\t<\/div><!--work-item<\/div><\/div>-->\r\n\t\t\t\t\t\t<\/div><\/div><div class=\"owl-item active\" style=\"width: 381px !important; opacity: 1; transform: translate(0px, 0px);\"><div class=\"carousel-item\">\r\n            \t\t\t<!--<div class=\"col elastic-portfolio-item element\" data-project-cat=\"\" data-default-color=\"true\" data-title-color=\"\" data-subtitle-color=\"\" style=\"width: 381px; position: relative!important; left: 0px; top: 0px\r\n\t\t\t\t\t\t\t<div class=\"inner-wrap\" data-animation=\"none\">-->\r\n\r\n\t\t\t\t\t\t\t\r\n\t\t\t\t\t\t\t\t\t\t\t\t\t\t\r\n\t\t\t\t\t\t\t<div class=\"work-item style-2 fade\">\r\n\t\t\t\t\t\t\t\r\n\t\t\t\t\t\t\t\t<img loading=\"lazy\" decoding=\"async\" width=\"270\" height=\"480\" src=\"https:\/\/marianocardenas.com\/wp-content\/uploads\/2021\/03\/una_casa_en_las_afueras-568187998-mmed.jpg\" class=\"skip-lazy attachment-full imgfadeIn\" alt=\"\" loading=\"lazy\" srcset=\"https:\/\/marianocardenas.com\/wp-content\/uploads\/2021\/03\/una_casa_en_las_afueras-568187998-mmed.jpg 380w, https:\/\/marianocardenas.com\/wp-content\/uploads\/2021\/03\/una_casa_en_las_afueras-568187998-mmed.jpg 142w\" sizes=\"auto, (max-width: 380px) 100vw, 380px\">\t\t\t\r\n\t\t\t\t\t\t\t\t<span class=\"estreno2\">1995<\/span>\r\n\t\t\t\t\t\t\t\t<div class=\"work-info-bg\"><\/div>\r\n\t\t\t\t\t\t\t\t<div class=\"work-info\"> \r\n\t\t\t\t\t\t\t\t\t\t<a href=\"https:\/\/marianocardenas.com\/wp-content\/uploads\/2021\/03\/una_casa_en_las_afueras-568187998-mmed.jpg\" class=\"gallery magnific\"><\/a><div class=\"info2\"><span class=\"tipe\">Cine<\/span><br>\r\n\t\t\t\t\t\t\t\t\t\t\t<span class=\"title\">Una Casa en las Afueras<\/span><br>\r\n\t\t\t\t\t\t\t\t\t\t\t<span class=\"estreno\">1995<\/span><br>\r\n\t\t\t\t\t\t\t\t\t\t\t<span class=\"sinopsis\"><\/span><\/div><\/a><div class=\"vert-center\">\r\n\t\t\t\t\t\t\t\t\t<\/div><!--\/vert-center-->\r\n\t\t\t\t\t\t\t\t<\/div>\r\n\t\t\t\t\t\t\t<\/div><!--work-item<\/div><\/div>-->\r\n\t\t\t\t\t\t<\/div><\/div><div class=\"owl-item active\" style=\"width: 381px !important; opacity: 1; transform: translate(0px, 0px);\"><div class=\"carousel-item\">\r\n            \t\t\t<!--<div class=\"col elastic-portfolio-item element\" data-project-cat=\"\" data-default-color=\"true\" data-title-color=\"\" data-subtitle-color=\"\" style=\"width: 381px; position: relative!important; left: 0px; top: 0px\r\n\t\t\t\t\t\t\t<div class=\"inner-wrap\" data-animation=\"none\">-->\r\n\r\n\t\t\t\t\t\t\t\r\n\t\t\t\t\t\t\t\t\t\t\t\t\t\t\r\n\t\t\t\t\t\t\t<div class=\"work-item style-2 fade\">\r\n\t\t\t\t\t\t\t\r\n\t\t\t\t\t\t\t\t<img loading=\"lazy\" decoding=\"async\" width=\"270\" height=\"480\" src=\"https:\/\/marianocardenas.com\/wp-content\/uploads\/2021\/03\/nadie_hablara_de_nosotras_cuando_hayamos_muerto-312853150-mmed.jpg\" class=\"skip-lazy attachment-full imgfadeIn\" alt=\"\" loading=\"lazy\" srcset=\"https:\/\/marianocardenas.com\/wp-content\/uploads\/2021\/03\/nadie_hablara_de_nosotras_cuando_hayamos_muerto-312853150-mmed.jpg 380w, https:\/\/marianocardenas.com\/wp-content\/uploads\/2021\/03\/nadie_hablara_de_nosotras_cuando_hayamos_muerto-312853150-mmed.jpg 142w\" sizes=\"auto, (max-width: 380px) 100vw, 380px\">\t\t\t\r\n\t\t\t\t\t\t\t\t<span class=\"estreno2\">1995<\/span>\r\n\t\t\t\t\t\t\t\t<div class=\"work-info-bg\"><\/div>\r\n\t\t\t\t\t\t\t\t<div class=\"work-info\"> \r\n\t\t\t\t\t\t\t\t\t\t<a href=\"https:\/\/marianocardenas.com\/wp-content\/uploads\/2021\/03\/nadie_hablara_de_nosotras_cuando_hayamos_muerto-312853150-mmed.jpg\" class=\"gallery magnific\"><\/a><div class=\"info2\"><span class=\"tipe\">Cine<\/span><br>\r\n\t\t\t\t\t\t\t\t\t\t\t<span class=\"title\">Nadie hablara de nosotras cuando hayamos muerto<\/span><br>\r\n\t\t\t\t\t\t\t\t\t\t\t<span class=\"estreno\">1995<\/span><br>\r\n\t\t\t\t\t\t\t\t\t\t\t<span class=\"sinopsis\"><\/span><\/div><\/a><div class=\"vert-center\">\r\n\t\t\t\t\t\t\t\t\t<\/div><!--\/vert-center-->\r\n\t\t\t\t\t\t\t\t<\/div>\r\n\t\t\t\t\t\t\t<\/div><!--work-item<\/div><\/div>-->\r\n\t\t\t\t\t\t<\/div><\/div><div class=\"owl-item active\" style=\"width: 381px !important; opacity: 1; transform: translate(0px, 0px);\"><div class=\"carousel-item\">\r\n            \t\t\t<!--<div class=\"col elastic-portfolio-item element\" data-project-cat=\"\" data-default-color=\"true\" data-title-color=\"\" data-subtitle-color=\"\" style=\"width: 381px; position: relative!important; left: 0px; top: 0px\r\n\t\t\t\t\t\t\t<div class=\"inner-wrap\" data-animation=\"none\">-->\r\n\r\n\t\t\t\t\t\t\t\r\n\t\t\t\t\t\t\t\t\t\t\t\t\t\t\r\n\t\t\t\t\t\t\t<div class=\"work-item style-2 fade\">\r\n\t\t\t\t\t\t\t\r\n\t\t\t\t\t\t\t\t<img loading=\"lazy\" decoding=\"async\" width=\"270\" height=\"480\" src=\"https:\/\/marianocardenas.com\/wp-content\/uploads\/2021\/03\/moriras_en_chafarinas-541938627-mmed.jpg\" class=\"skip-lazy attachment-full imgfadeIn\" alt=\"\" loading=\"lazy\" srcset=\"https:\/\/marianocardenas.com\/wp-content\/uploads\/2021\/03\/moriras_en_chafarinas-541938627-mmed.jpg 380w, https:\/\/marianocardenas.com\/wp-content\/uploads\/2021\/03\/moriras_en_chafarinas-541938627-mmed.jpg 142w\" sizes=\"auto, (max-width: 380px) 100vw, 380px\">\t\t\t\r\n\t\t\t\t\t\t\t\t<span class=\"estreno2\">1995<\/span>\r\n\t\t\t\t\t\t\t\t<div class=\"work-info-bg\"><\/div>\r\n\t\t\t\t\t\t\t\t<div class=\"work-info\"> \r\n\t\t\t\t\t\t\t\t\t\t<a href=\"https:\/\/marianocardenas.com\/wp-content\/uploads\/2021\/03\/moriras_en_chafarinas-541938627-mmed.jpg\" class=\"gallery magnific\"><\/a><div class=\"info2\"><span class=\"tipe\">Cine<\/span><br>\r\n\t\t\t\t\t\t\t\t\t\t\t<span class=\"title\">Morir\u00e1s en Chafarinas<\/span><br>\r\n\t\t\t\t\t\t\t\t\t\t\t<span class=\"estreno\">1995<\/span><br>\r\n\t\t\t\t\t\t\t\t\t\t\t<span class=\"sinopsis\"><\/span><\/div><\/a><div class=\"vert-center\">\r\n\t\t\t\t\t\t\t\t\t<\/div><!--\/vert-center-->\r\n\t\t\t\t\t\t\t\t<\/div>\r\n\t\t\t\t\t\t\t<\/div><!--work-item<\/div><\/div>-->\r\n\t\t\t\t\t\t<\/div><\/div><div class=\"owl-item active\" style=\"width: 381px !important; opacity: 1; transform: translate(0px, 0px);\"><div class=\"carousel-item\">\r\n            \t\t\t<!--<div class=\"col elastic-portfolio-item element\" data-project-cat=\"\" data-default-color=\"true\" data-title-color=\"\" data-subtitle-color=\"\" style=\"width: 381px; position: relative!important; left: 0px; top: 0px\r\n\t\t\t\t\t\t\t<div class=\"inner-wrap\" data-animation=\"none\">-->\r\n\r\n\t\t\t\t\t\t\t\r\n\t\t\t\t\t\t\t\t\t\t\t\t\t\t\r\n\t\t\t\t\t\t\t<div class=\"work-item style-2 fade\">\r\n\t\t\t\t\t\t\t\r\n\t\t\t\t\t\t\t\t<img loading=\"lazy\" decoding=\"async\" width=\"270\" height=\"480\" src=\"https:\/\/marianocardenas.com\/wp-content\/uploads\/2021\/03\/la_pasion_turca-927621226-mmed.jpg\" class=\"skip-lazy attachment-full imgfadeIn\" alt=\"\" loading=\"lazy\" srcset=\"https:\/\/marianocardenas.com\/wp-content\/uploads\/2021\/03\/la_pasion_turca-927621226-mmed.jpg 380w, https:\/\/marianocardenas.com\/wp-content\/uploads\/2021\/03\/la_pasion_turca-927621226-mmed.jpg 142w\" sizes=\"auto, (max-width: 380px) 100vw, 380px\">\t\t\t\r\n\t\t\t\t\t\t\t\t<span class=\"estreno2\">1994<\/span>\r\n\t\t\t\t\t\t\t\t<div class=\"work-info-bg\"><\/div>\r\n\t\t\t\t\t\t\t\t<div class=\"work-info\"> \r\n\t\t\t\t\t\t\t\t\t\t<a href=\"https:\/\/marianocardenas.com\/wp-content\/uploads\/2021\/03\/la_pasion_turca-927621226-mmed.jpg\" class=\"gallery magnific\"><\/a><div class=\"info2\"><span class=\"tipe\">Cine<\/span><br>\r\n\t\t\t\t\t\t\t\t\t\t\t<span class=\"title\">La pasi\u00f3n Turca<\/span><br>\r\n\t\t\t\t\t\t\t\t\t\t\t<span class=\"estreno\">1994<\/span><br>\r\n\t\t\t\t\t\t\t\t\t\t\t<span class=\"sinopsis\"><\/span><\/div><\/a><div class=\"vert-center\">\r\n\t\t\t\t\t\t\t\t\t<\/div><!--\/vert-center-->\r\n\t\t\t\t\t\t\t\t<\/div>\r\n\t\t\t\t\t\t\t<\/div><!--work-item<\/div><\/div>-->\r\n\t\t\t\t\t\t<\/div><\/div><div class=\"owl-item active\" style=\"width: 381px !important; opacity: 1; transform: translate(0px, 0px);\"><div class=\"carousel-item\">\r\n            \t\t\t<!--<div class=\"col elastic-portfolio-item element\" data-project-cat=\"\" data-default-color=\"true\" data-title-color=\"\" data-subtitle-color=\"\" style=\"width: 381px; position: relative!important; left: 0px; top: 0px\r\n\t\t\t\t\t\t\t<div class=\"inner-wrap\" data-animation=\"none\">-->\r\n\r\n\t\t\t\t\t\t\t\r\n\t\t\t\t\t\t\t\t\t\t\t\t\t\t\r\n\t\t\t\t\t\t\t<div class=\"work-item style-2 fade\">\r\n\t\t\t\t\t\t\t\r\n\t\t\t\t\t\t\t\t<img loading=\"lazy\" decoding=\"async\" width=\"270\" height=\"480\" src=\"https:\/\/marianocardenas.com\/wp-content\/uploads\/2021\/03\/amor_propio-301079406-mmed.jpg\" class=\"skip-lazy attachment-full imgfadeIn\" alt=\"\" loading=\"lazy\" srcset=\"https:\/\/marianocardenas.com\/wp-content\/uploads\/2021\/03\/amor_propio-301079406-mmed.jpg 380w, https:\/\/marianocardenas.com\/wp-content\/uploads\/2021\/03\/amor_propio-301079406-mmed.jpg 142w\" sizes=\"auto, (max-width: 380px) 100vw, 380px\">\t\t\t\r\n\t\t\t\t\t\t\t\t<span class=\"estreno2\">1994<\/span>\r\n\t\t\t\t\t\t\t\t<div class=\"work-info-bg\"><\/div>\r\n\t\t\t\t\t\t\t\t<div class=\"work-info\"> \r\n\t\t\t\t\t\t\t\t\t\t<a href=\"https:\/\/marianocardenas.com\/wp-content\/uploads\/2021\/03\/amor_propio-301079406-mmed.jpg\" class=\"gallery magnific\"><\/a><div class=\"info2\"><span class=\"tipe\">Cine<\/span><br>\r\n\t\t\t\t\t\t\t\t\t\t\t<span class=\"title\">Amor propio<\/span><br>\r\n\t\t\t\t\t\t\t\t\t\t\t<span class=\"estreno\">1994<\/span><br>\r\n\t\t\t\t\t\t\t\t\t\t\t<span class=\"sinopsis\"><\/span><\/div><\/a><div class=\"vert-center\">\r\n\t\t\t\t\t\t\t\t\t<\/div><!--\/vert-center-->\r\n\t\t\t\t\t\t\t\t<\/div>\r\n\t\t\t\t\t\t\t<\/div><!--work-item<\/div><\/div>-->\r\n\t\t\t\t\t\t<\/div><\/div><div class=\"owl-item active\" style=\"width: 381px !important; opacity: 1; transform: translate(0px, 0px);\"><div class=\"carousel-item\">\r\n            \t\t\t<!--<div class=\"col elastic-portfolio-item element\" data-project-cat=\"\" data-default-color=\"true\" data-title-color=\"\" data-subtitle-color=\"\" style=\"width: 381px; position: relative!important; left: 0px; top: 0px\r\n\t\t\t\t\t\t\t<div class=\"inner-wrap\" data-animation=\"none\">-->\r\n\r\n\t\t\t\t\t\t\t\r\n\t\t\t\t\t\t\t\t\t\t\t\t\t\t\r\n\t\t\t\t\t\t\t<div class=\"work-item style-2 fade\">\r\n\t\t\t\t\t\t\t\r\n\t\t\t\t\t\t\t\t<img loading=\"lazy\" decoding=\"async\" width=\"270\" height=\"480\" src=\"https:\/\/marianocardenas.com\/wp-content\/uploads\/2021\/03\/intruso-711828667-mmed.jpg\" class=\"skip-lazy attachment-full imgfadeIn\" alt=\"\" loading=\"lazy\" srcset=\"https:\/\/marianocardenas.com\/wp-content\/uploads\/2021\/03\/intruso-711828667-mmed.jpg 380w, https:\/\/marianocardenas.com\/wp-content\/uploads\/2021\/03\/intruso-711828667-mmed.jpg 142w\" sizes=\"auto, (max-width: 380px) 100vw, 380px\">\t\t\t\r\n\t\t\t\t\t\t\t\t<span class=\"estreno2\">1993<\/span>\r\n\t\t\t\t\t\t\t\t<div class=\"work-info-bg\"><\/div>\r\n\t\t\t\t\t\t\t\t<div class=\"work-info\"> \r\n\t\t\t\t\t\t\t\t\t\t<a href=\"https:\/\/marianocardenas.com\/wp-content\/uploads\/2021\/03\/intruso-711828667-mmed.jpg\" class=\"gallery magnific\"><\/a><div class=\"info2\"><span class=\"tipe\">Cine<\/span><br>\r\n\t\t\t\t\t\t\t\t\t\t\t<span class=\"title\">Intruso<\/span><br>\r\n\t\t\t\t\t\t\t\t\t\t\t<span class=\"estreno\">1993<\/span><br>\r\n\t\t\t\t\t\t\t\t\t\t\t<span class=\"sinopsis\"><\/span><\/div><\/a><div class=\"vert-center\">\r\n\t\t\t\t\t\t\t\t\t<\/div><!--\/vert-center-->\r\n\t\t\t\t\t\t\t\t<\/div>\r\n\t\t\t\t\t\t\t<\/div><!--work-item<\/div><\/div>-->\r\n\t\t\t\t\t\t<\/div><\/div><div class=\"owl-item active\" style=\"width: 381px !important; opacity: 1; transform: translate(0px, 0px);\"><div class=\"carousel-item\">\r\n            \t\t\t<!--<div class=\"col elastic-portfolio-item element\" data-project-cat=\"\" data-default-color=\"true\" data-title-color=\"\" data-subtitle-color=\"\" style=\"width: 381px; position: relative!important; left: 0px; top: 0px\r\n\t\t\t\t\t\t\t<div class=\"inner-wrap\" data-animation=\"none\">-->\r\n\r\n\t\t\t\t\t\t\t\r\n\t\t\t\t\t\t\t\t\t\t\t\t\t\t\r\n\t\t\t\t\t\t\t<div class=\"work-item style-2 fade\">\r\n\t\t\t\t\t\t\t\r\n\t\t\t\t\t\t\t\t<img loading=\"lazy\" decoding=\"async\" width=\"270\" height=\"480\" src=\"https:\/\/marianocardenas.com\/wp-content\/uploads\/2021\/03\/sombras_en_una_batalla-131823535-mmed.jpg\" class=\"skip-lazy attachment-full imgfadeIn\" alt=\"\" loading=\"lazy\" srcset=\"https:\/\/marianocardenas.com\/wp-content\/uploads\/2021\/03\/sombras_en_una_batalla-131823535-mmed.jpg 380w, https:\/\/marianocardenas.com\/wp-content\/uploads\/2021\/03\/sombras_en_una_batalla-131823535-mmed.jpg 142w\" sizes=\"auto, (max-width: 380px) 100vw, 380px\">\t\t\t\r\n\t\t\t\t\t\t\t\t<span class=\"estreno2\">1993<\/span>\r\n\t\t\t\t\t\t\t\t<div class=\"work-info-bg\"><\/div>\r\n\t\t\t\t\t\t\t\t<div class=\"work-info\"> \r\n\t\t\t\t\t\t\t\t\t\t<a href=\"https:\/\/marianocardenas.com\/wp-content\/uploads\/2021\/03\/sombras_en_una_batalla-131823535-mmed.jpg\" class=\"gallery magnific\"><\/a><div class=\"info2\"><span class=\"tipe\">Cine<\/span><br>\r\n\t\t\t\t\t\t\t\t\t\t\t<span class=\"title\">Sombras en una batalla<\/span><br>\r\n\t\t\t\t\t\t\t\t\t\t\t<span class=\"estreno\">1993<\/span><br>\r\n\t\t\t\t\t\t\t\t\t\t\t<span class=\"sinopsis\"><\/span><\/div><\/a><div class=\"vert-center\">\r\n\t\t\t\t\t\t\t\t\t<\/div><!--\/vert-center-->\r\n\t\t\t\t\t\t\t\t<\/div>\r\n\t\t\t\t\t\t\t<\/div><!--work-item<\/div><\/div>-->\r\n\t\t\t\t\t\t<\/div><\/div><div class=\"owl-item active\" style=\"width: 381px !important; opacity: 1; transform: translate(0px, 0px);\"><div class=\"carousel-item\">\r\n            \t\t\t<!--<div class=\"col elastic-portfolio-item element\" data-project-cat=\"\" data-default-color=\"true\" data-title-color=\"\" data-subtitle-color=\"\" style=\"width: 381px; position: relative!important; left: 0px; top: 0px\r\n\t\t\t\t\t\t\t<div class=\"inner-wrap\" data-animation=\"none\">-->\r\n\r\n\t\t\t\t\t\t\t\r\n\t\t\t\t\t\t\t\t\t\t\t\t\t\t\r\n\t\t\t\t\t\t\t<div class=\"work-item style-2 fade\">\r\n\t\t\t\t\t\t\t\r\n\t\t\t\t\t\t\t\t<img loading=\"lazy\" decoding=\"async\" width=\"270\" height=\"480\" src=\"https:\/\/marianocardenas.com\/wp-content\/uploads\/2021\/03\/21032596_20130828114124308.jpg-c_310_420_x-f_jpg-q_x-xxyxx.jpg\" class=\"skip-lazy attachment-full imgfadeIn\" alt=\"\" loading=\"lazy\" srcset=\"https:\/\/marianocardenas.com\/wp-content\/uploads\/2021\/03\/21032596_20130828114124308.jpg-c_310_420_x-f_jpg-q_x-xxyxx.jpg 380w, https:\/\/marianocardenas.com\/wp-content\/uploads\/2021\/03\/21032596_20130828114124308.jpg-c_310_420_x-f_jpg-q_x-xxyxx.jpg 142w\" sizes=\"auto, (max-width: 380px) 100vw, 380px\">\t\t\t\r\n\t\t\t\t\t\t\t\t<span class=\"estreno2\">1993<\/span>\r\n\t\t\t\t\t\t\t\t<div class=\"work-info-bg\"><\/div>\r\n\t\t\t\t\t\t\t\t<div class=\"work-info\"> \r\n\t\t\t\t\t\t\t\t\t\t<a href=\"https:\/\/marianocardenas.com\/wp-content\/uploads\/2021\/03\/21032596_20130828114124308.jpg-c_310_420_x-f_jpg-q_x-xxyxx.jpg\" class=\"gallery magnific\"><\/a><div class=\"info2\"><span class=\"tipe\">Cine<\/span><br>\r\n\t\t\t\t\t\t\t\t\t\t\t<span class=\"title\">Hay que zurrar a los pobres<\/span><br>\r\n\t\t\t\t\t\t\t\t\t\t\t<span class=\"estreno\">1993<\/span><br>\r\n\t\t\t\t\t\t\t\t\t\t\t<span class=\"sinopsis\"><\/span><\/div><\/a><div class=\"vert-center\">\r\n\t\t\t\t\t\t\t\t\t<\/div><!--\/vert-center-->\r\n\t\t\t\t\t\t\t\t<\/div>\r\n\t\t\t\t\t\t\t<\/div><!--work-item<\/div><\/div>-->\r\n\t\t\t\t\t\t<\/div><\/div><div class=\"owl-item active\" style=\"width: 381px !important; opacity: 1; transform: translate(0px, 0px);\"><div class=\"carousel-item\">\r\n            \t\t\t<!--<div class=\"col elastic-portfolio-item element\" data-project-cat=\"\" data-default-color=\"true\" data-title-color=\"\" data-subtitle-color=\"\" style=\"width: 381px; position: relative!important; left: 0px; top: 0px\r\n\t\t\t\t\t\t\t<div class=\"inner-wrap\" data-animation=\"none\">-->\r\n\r\n\t\t\t\t\t\t\t\r\n\t\t\t\t\t\t\t\t\t\t\t\t\t\t\r\n\t\t\t\t\t\t\t<div class=\"work-item style-2 fade\">\r\n\t\t\t\t\t\t\t\r\n\t\t\t\t\t\t\t\t<img loading=\"lazy\" decoding=\"async\" width=\"270\" height=\"480\" src=\"https:\/\/marianocardenas.com\/wp-content\/uploads\/2021\/03\/tramontana-854785729-mmed.jpg\" class=\"skip-lazy attachment-full imgfadeIn\" alt=\"\" loading=\"lazy\" srcset=\"https:\/\/marianocardenas.com\/wp-content\/uploads\/2021\/03\/tramontana-854785729-mmed.jpg 380w, https:\/\/marianocardenas.com\/wp-content\/uploads\/2021\/03\/tramontana-854785729-mmed.jpg 142w\" sizes=\"auto, (max-width: 380px) 100vw, 380px\">\t\t\t\r\n\t\t\t\t\t\t\t\t<span class=\"estreno2\">1991<\/span>\r\n\t\t\t\t\t\t\t\t<div class=\"work-info-bg\"><\/div>\r\n\t\t\t\t\t\t\t\t<div class=\"work-info\"> \r\n\t\t\t\t\t\t\t\t\t\t<a href=\"https:\/\/marianocardenas.com\/wp-content\/uploads\/2021\/03\/tramontana-854785729-mmed.jpg\" class=\"gallery magnific\"><\/a><div class=\"info2\"><span class=\"tipe\">Cine<\/span><br>\r\n\t\t\t\t\t\t\t\t\t\t\t<span class=\"title\">Tramontana<\/span><br>\r\n\t\t\t\t\t\t\t\t\t\t\t<span class=\"estreno\">1991<\/span><br>\r\n\t\t\t\t\t\t\t\t\t\t\t<span class=\"sinopsis\"><\/span><\/div><\/a><div class=\"vert-center\">\r\n\t\t\t\t\t\t\t\t\t<\/div><!--\/vert-center-->\r\n\t\t\t\t\t\t\t\t<\/div>\r\n\t\t\t\t\t\t\t<\/div><!--work-item<\/div><\/div>-->\r\n\t\t\t\t\t\t<\/div><\/div><div class=\"owl-item active\" style=\"width: 381px !important; opacity: 1; transform: translate(0px, 0px);\"><div class=\"carousel-item\">\r\n            \t\t\t<!--<div class=\"col elastic-portfolio-item element\" data-project-cat=\"\" data-default-color=\"true\" data-title-color=\"\" data-subtitle-color=\"\" style=\"width: 381px; position: relative!important; left: 0px; top: 0px\r\n\t\t\t\t\t\t\t<div class=\"inner-wrap\" data-animation=\"none\">-->\r\n\r\n\t\t\t\t\t\t\t\r\n\t\t\t\t\t\t\t\t\t\t\t\t\t\t\r\n\t\t\t\t\t\t\t<div class=\"work-item style-2 fade\">\r\n\t\t\t\t\t\t\t\r\n\t\t\t\t\t\t\t\t<img loading=\"lazy\" decoding=\"async\" width=\"270\" height=\"480\" src=\"https:\/\/marianocardenas.com\/wp-content\/uploads\/2021\/03\/amantes-186766094-mmed.jpg\" class=\"skip-lazy attachment-full imgfadeIn\" alt=\"\" loading=\"lazy\" srcset=\"https:\/\/marianocardenas.com\/wp-content\/uploads\/2021\/03\/amantes-186766094-mmed.jpg 380w, https:\/\/marianocardenas.com\/wp-content\/uploads\/2021\/03\/amantes-186766094-mmed.jpg 142w\" sizes=\"auto, (max-width: 380px) 100vw, 380px\">\t\t\t\r\n\t\t\t\t\t\t\t\t<span class=\"estreno2\">1991<\/span>\r\n\t\t\t\t\t\t\t\t<div class=\"work-info-bg\"><\/div>\r\n\t\t\t\t\t\t\t\t<div class=\"work-info\"> \r\n\t\t\t\t\t\t\t\t\t\t<a href=\"https:\/\/marianocardenas.com\/wp-content\/uploads\/2021\/03\/amantes-186766094-mmed.jpg\" class=\"gallery magnific\"><\/a><div class=\"info2\"><span class=\"tipe\">Cine<\/span><br>\r\n\t\t\t\t\t\t\t\t\t\t\t<span class=\"title\">Amantes<\/span><br>\r\n\t\t\t\t\t\t\t\t\t\t\t<span class=\"estreno\">1991<\/span><br>\r\n\t\t\t\t\t\t\t\t\t\t\t<span class=\"sinopsis\"><\/span><\/div><\/a><div class=\"vert-center\">\r\n\t\t\t\t\t\t\t\t\t<\/div><!--\/vert-center-->\r\n\t\t\t\t\t\t\t\t<\/div>\r\n\t\t\t\t\t\t\t<\/div><!--work-item<\/div><\/div>-->\r\n\t\t\t\t\t\t<\/div><\/div><div class=\"owl-item active\" style=\"width: 381px !important; opacity: 1; transform: translate(0px, 0px);\"><div class=\"carousel-item\">\r\n            \t\t\t<!--<div class=\"col elastic-portfolio-item element\" data-project-cat=\"\" data-default-color=\"true\" data-title-color=\"\" data-subtitle-color=\"\" style=\"width: 381px; position: relative!important; left: 0px; top: 0px\r\n\t\t\t\t\t\t\t<div class=\"inner-wrap\" data-animation=\"none\">-->\r\n\r\n\t\t\t\t\t\t\t\r\n\t\t\t\t\t\t\t\t\t\t\t\t\t\t\r\n\t\t\t\t\t\t\t<div class=\"work-item style-2 fade\">\r\n\t\t\t\t\t\t\t\r\n\t\t\t\t\t\t\t\t<img loading=\"lazy\" decoding=\"async\" width=\"270\" height=\"480\" src=\"https:\/\/marianocardenas.com\/wp-content\/uploads\/2021\/03\/bazar_viena-947641955-mmed.jpg\" class=\"skip-lazy attachment-full imgfadeIn\" alt=\"\" loading=\"lazy\" srcset=\"https:\/\/marianocardenas.com\/wp-content\/uploads\/2021\/03\/bazar_viena-947641955-mmed.jpg 380w, https:\/\/marianocardenas.com\/wp-content\/uploads\/2021\/03\/bazar_viena-947641955-mmed.jpg 142w\" sizes=\"auto, (max-width: 380px) 100vw, 380px\">\t\t\t\r\n\t\t\t\t\t\t\t\t<span class=\"estreno2\">1990<\/span>\r\n\t\t\t\t\t\t\t\t<div class=\"work-info-bg\"><\/div>\r\n\t\t\t\t\t\t\t\t<div class=\"work-info\"> \r\n\t\t\t\t\t\t\t\t\t\t<a href=\"https:\/\/marianocardenas.com\/wp-content\/uploads\/2021\/03\/bazar_viena-947641955-mmed.jpg\" class=\"gallery magnific\"><\/a><div class=\"info2\"><span class=\"tipe\">Cine<\/span><br>\r\n\t\t\t\t\t\t\t\t\t\t\t<span class=\"title\">Bazar Viena<\/span><br>\r\n\t\t\t\t\t\t\t\t\t\t\t<span class=\"estreno\">1990<\/span><br>\r\n\t\t\t\t\t\t\t\t\t\t\t<span class=\"sinopsis\"><\/span><\/div><\/a><div class=\"vert-center\">\r\n\t\t\t\t\t\t\t\t\t<\/div><!--\/vert-center-->\r\n\t\t\t\t\t\t\t\t<\/div>\r\n\t\t\t\t\t\t\t<\/div><!--work-item<\/div><\/div>-->\r\n\t\t\t\t\t\t<\/div><\/div><div class=\"owl-item active\" style=\"width: 381px !important; opacity: 1; transform: translate(0px, 0px);\"><div class=\"carousel-item\">\r\n            \t\t\t<!--<div class=\"col elastic-portfolio-item element\" data-project-cat=\"\" data-default-color=\"true\" data-title-color=\"\" data-subtitle-color=\"\" style=\"width: 381px; position: relative!important; left: 0px; top: 0px\r\n\t\t\t\t\t\t\t<div class=\"inner-wrap\" data-animation=\"none\">-->\r\n\r\n\t\t\t\t\t\t\t\r\n\t\t\t\t\t\t\t\t\t\t\t\t\t\t\r\n\t\t\t\t\t\t\t<div class=\"work-item style-2 fade\">\r\n\t\t\t\t\t\t\t\r\n\t\t\t\t\t\t\t\t<img loading=\"lazy\" decoding=\"async\" width=\"270\" height=\"480\" src=\"https:\/\/marianocardenas.com\/wp-content\/uploads\/2021\/03\/amanece_que_no_es_poco-558688617-mmed.jpg\" class=\"skip-lazy attachment-full imgfadeIn\" alt=\"\" loading=\"lazy\" srcset=\"https:\/\/marianocardenas.com\/wp-content\/uploads\/2021\/03\/amanece_que_no_es_poco-558688617-mmed.jpg 380w, https:\/\/marianocardenas.com\/wp-content\/uploads\/2021\/03\/amanece_que_no_es_poco-558688617-mmed.jpg 142w\" sizes=\"auto, (max-width: 380px) 100vw, 380px\">\t\t\t\r\n\t\t\t\t\t\t\t\t<span class=\"estreno2\">1989<\/span>\r\n\t\t\t\t\t\t\t\t<div class=\"work-info-bg\"><\/div>\r\n\t\t\t\t\t\t\t\t<div class=\"work-info\"> \r\n\t\t\t\t\t\t\t\t\t\t<a href=\"https:\/\/marianocardenas.com\/wp-content\/uploads\/2021\/03\/amanece_que_no_es_poco-558688617-mmed.jpg\" class=\"gallery magnific\"><\/a><div class=\"info2\"><span class=\"tipe\">Cine<\/span><br>\r\n\t\t\t\t\t\t\t\t\t\t\t<span class=\"title\">Amanece que no es poco<\/span><br>\r\n\t\t\t\t\t\t\t\t\t\t\t<span class=\"estreno\">1989<\/span><br>\r\n\t\t\t\t\t\t\t\t\t\t\t<span class=\"sinopsis\"><\/span><\/div><\/a><div class=\"vert-center\">\r\n\t\t\t\t\t\t\t\t\t<\/div><!--\/vert-center-->\r\n\t\t\t\t\t\t\t\t<\/div>\r\n\t\t\t\t\t\t\t<\/div><!--work-item<\/div><\/div>-->\r\n\t\t\t\t\t\t<\/div><\/div><div class=\"owl-item active\" style=\"width: 381px !important; opacity: 1; transform: translate(0px, 0px);\"><div class=\"carousel-item\">\r\n            \t\t\t<!--<div class=\"col elastic-portfolio-item element\" data-project-cat=\"\" data-default-color=\"true\" data-title-color=\"\" data-subtitle-color=\"\" style=\"width: 381px; position: relative!important; left: 0px; top: 0px\r\n\t\t\t\t\t\t\t<div class=\"inner-wrap\" data-animation=\"none\">-->\r\n\r\n\t\t\t\t\t\t\t\r\n\t\t\t\t\t\t\t\t\t\t\t\t\t\t\r\n\t\t\t\t\t\t\t<div class=\"work-item style-2 fade\">\r\n\t\t\t\t\t\t\t\r\n\t\t\t\t\t\t\t\t<img loading=\"lazy\" decoding=\"async\" width=\"270\" height=\"480\" src=\"https:\/\/marianocardenas.com\/wp-content\/uploads\/2021\/03\/sempre_xonxa_siempre_xonxa-242209258-mmed.jpg\" class=\"skip-lazy attachment-full imgfadeIn\" alt=\"\" loading=\"lazy\" srcset=\"https:\/\/marianocardenas.com\/wp-content\/uploads\/2021\/03\/sempre_xonxa_siempre_xonxa-242209258-mmed.jpg 380w, https:\/\/marianocardenas.com\/wp-content\/uploads\/2021\/03\/sempre_xonxa_siempre_xonxa-242209258-mmed.jpg 142w\" sizes=\"auto, (max-width: 380px) 100vw, 380px\">\t\t\t\r\n\t\t\t\t\t\t\t\t<span class=\"estreno2\">1988<\/span>\r\n\t\t\t\t\t\t\t\t<div class=\"work-info-bg\"><\/div>\r\n\t\t\t\t\t\t\t\t<div class=\"work-info\"> \r\n\t\t\t\t\t\t\t\t\t\t<a href=\"https:\/\/marianocardenas.com\/wp-content\/uploads\/2021\/03\/sempre_xonxa_siempre_xonxa-242209258-mmed.jpg\" class=\"gallery magnific\"><\/a><div class=\"info2\"><span class=\"tipe\">Cine<\/span><br>\r\n\t\t\t\t\t\t\t\t\t\t\t<span class=\"title\">Sempre Xonxa<\/span><br>\r\n\t\t\t\t\t\t\t\t\t\t\t<span class=\"estreno\">1988<\/span><br>\r\n\t\t\t\t\t\t\t\t\t\t\t<span class=\"sinopsis\"><\/span><\/div><\/a><div class=\"vert-center\">\r\n\t\t\t\t\t\t\t\t\t<\/div><!--\/vert-center-->\r\n\t\t\t\t\t\t\t\t<\/div>\r\n\t\t\t\t\t\t\t<\/div><!--work-item<\/div><\/div>-->\r\n\t\t\t\t\t\t<\/div><\/div><div class=\"owl-item active\" style=\"width: 381px !important; opacity: 1; transform: translate(0px, 0px);\"><div class=\"carousel-item\">\r\n            \t\t\t<!--<div class=\"col elastic-portfolio-item element\" data-project-cat=\"\" data-default-color=\"true\" data-title-color=\"\" data-subtitle-color=\"\" style=\"width: 381px; position: relative!important; left: 0px; top: 0px\r\n\t\t\t\t\t\t\t<div class=\"inner-wrap\" data-animation=\"none\">-->\r\n\r\n\t\t\t\t\t\t\t\r\n\t\t\t\t\t\t\t\t\t\t\t\t\t\t\r\n\t\t\t\t\t\t\t<div class=\"work-item style-2 fade\">\r\n\t\t\t\t\t\t\t\r\n\t\t\t\t\t\t\t\t<img loading=\"lazy\" decoding=\"async\" width=\"270\" height=\"480\" src=\"https:\/\/marianocardenas.com\/wp-content\/uploads\/2021\/03\/gallego-537083156-mmed.jpg\" class=\"skip-lazy attachment-full imgfadeIn\" alt=\"\" loading=\"lazy\" srcset=\"https:\/\/marianocardenas.com\/wp-content\/uploads\/2021\/03\/gallego-537083156-mmed.jpg 380w, https:\/\/marianocardenas.com\/wp-content\/uploads\/2021\/03\/gallego-537083156-mmed.jpg 142w\" sizes=\"auto, (max-width: 380px) 100vw, 380px\">\t\t\t\r\n\t\t\t\t\t\t\t\t<span class=\"estreno2\">1988<\/span>\r\n\t\t\t\t\t\t\t\t<div class=\"work-info-bg\"><\/div>\r\n\t\t\t\t\t\t\t\t<div class=\"work-info\"> \r\n\t\t\t\t\t\t\t\t\t\t<a href=\"https:\/\/marianocardenas.com\/wp-content\/uploads\/2021\/03\/gallego-537083156-mmed.jpg\" class=\"gallery magnific\"><\/a><div class=\"info2\"><span class=\"tipe\">Cine<\/span><br>\r\n\t\t\t\t\t\t\t\t\t\t\t<span class=\"title\">Gallego<\/span><br>\r\n\t\t\t\t\t\t\t\t\t\t\t<span class=\"estreno\">1988<\/span><br>\r\n\t\t\t\t\t\t\t\t\t\t\t<span class=\"sinopsis\"><\/span><\/div><\/a><div class=\"vert-center\">\r\n\t\t\t\t\t\t\t\t\t<\/div><!--\/vert-center-->\r\n\t\t\t\t\t\t\t\t<\/div>\r\n\t\t\t\t\t\t\t<\/div><!--work-item<\/div><\/div>-->\r\n\t\t\t\t\t\t<\/div><\/div><div class=\"owl-item active\" style=\"width: 381px !important; opacity: 1; transform: translate(0px, 0px);\"><div class=\"carousel-item\">\r\n            \t\t\t<!--<div class=\"col elastic-portfolio-item element\" data-project-cat=\"\" data-default-color=\"true\" data-title-color=\"\" data-subtitle-color=\"\" style=\"width: 381px; position: relative!important; left: 0px; top: 0px\r\n\t\t\t\t\t\t\t<div class=\"inner-wrap\" data-animation=\"none\">-->\r\n\r\n\t\t\t\t\t\t\t\r\n\t\t\t\t\t\t\t\t\t\t\t\t\t\t\r\n\t\t\t\t\t\t\t<div class=\"work-item style-2 fade\">\r\n\t\t\t\t\t\t\t\r\n\t\t\t\t\t\t\t\t<img loading=\"lazy\" decoding=\"async\" width=\"270\" height=\"480\" src=\"https:\/\/marianocardenas.com\/wp-content\/uploads\/2021\/03\/no_hagas_planes_con_marga-505829941-mmed.jpg\" class=\"skip-lazy attachment-full imgfadeIn\" alt=\"\" loading=\"lazy\" srcset=\"https:\/\/marianocardenas.com\/wp-content\/uploads\/2021\/03\/no_hagas_planes_con_marga-505829941-mmed.jpg 380w, https:\/\/marianocardenas.com\/wp-content\/uploads\/2021\/03\/no_hagas_planes_con_marga-505829941-mmed.jpg 142w\" sizes=\"auto, (max-width: 380px) 100vw, 380px\">\t\t\t\r\n\t\t\t\t\t\t\t\t<span class=\"estreno2\">1988<\/span>\r\n\t\t\t\t\t\t\t\t<div class=\"work-info-bg\"><\/div>\r\n\t\t\t\t\t\t\t\t<div class=\"work-info\"> \r\n\t\t\t\t\t\t\t\t\t\t<a href=\"https:\/\/marianocardenas.com\/wp-content\/uploads\/2021\/03\/no_hagas_planes_con_marga-505829941-mmed.jpg\" class=\"gallery magnific\"><\/a><div class=\"info2\"><span class=\"tipe\">Cine<\/span><br>\r\n\t\t\t\t\t\t\t\t\t\t\t<span class=\"title\">No hagas planes con Marga<\/span><br>\r\n\t\t\t\t\t\t\t\t\t\t\t<span class=\"estreno\">1988<\/span><br>\r\n\t\t\t\t\t\t\t\t\t\t\t<span class=\"sinopsis\"><\/span><\/div><\/a><div class=\"vert-center\">\r\n\t\t\t\t\t\t\t\t\t<\/div><!--\/vert-center-->\r\n\t\t\t\t\t\t\t\t<\/div>\r\n\t\t\t\t\t\t\t<\/div><!--work-item<\/div><\/div>-->\r\n\t\t\t\t\t\t<\/div><\/div><div class=\"owl-item active\" style=\"width: 381px !important; opacity: 1; transform: translate(0px, 0px);\"><div class=\"carousel-item\">\r\n            \t\t\t<!--<div class=\"col elastic-portfolio-item element\" data-project-cat=\"\" data-default-color=\"true\" data-title-color=\"\" data-subtitle-color=\"\" style=\"width: 381px; position: relative!important; left: 0px; top: 0px\r\n\t\t\t\t\t\t\t<div class=\"inner-wrap\" data-animation=\"none\">-->\r\n\r\n\t\t\t\t\t\t\t\r\n\t\t\t\t\t\t\t\t\t\t\t\t\t\t\r\n\t\t\t\t\t\t\t<div class=\"work-item style-2 fade\">\r\n\t\t\t\t\t\t\t\r\n\t\t\t\t\t\t\t\t<img loading=\"lazy\" decoding=\"async\" width=\"270\" height=\"480\" src=\"https:\/\/marianocardenas.com\/wp-content\/uploads\/2021\/03\/manuel_y_clemente-498984292-mmed.jpg\" class=\"skip-lazy attachment-full imgfadeIn\" alt=\"\" loading=\"lazy\" srcset=\"https:\/\/marianocardenas.com\/wp-content\/uploads\/2021\/03\/manuel_y_clemente-498984292-mmed.jpg 380w, https:\/\/marianocardenas.com\/wp-content\/uploads\/2021\/03\/manuel_y_clemente-498984292-mmed.jpg 142w\" sizes=\"auto, (max-width: 380px) 100vw, 380px\">\t\t\t\r\n\t\t\t\t\t\t\t\t<span class=\"estreno2\">1986<\/span>\r\n\t\t\t\t\t\t\t\t<div class=\"work-info-bg\"><\/div>\r\n\t\t\t\t\t\t\t\t<div class=\"work-info\"> \r\n\t\t\t\t\t\t\t\t\t\t<a href=\"https:\/\/marianocardenas.com\/wp-content\/uploads\/2021\/03\/manuel_y_clemente-498984292-mmed.jpg\" class=\"gallery magnific\"><\/a><div class=\"info2\"><span class=\"tipe\">Cine<\/span><br>\r\n\t\t\t\t\t\t\t\t\t\t\t<span class=\"title\">Manuel y Clemente<\/span><br>\r\n\t\t\t\t\t\t\t\t\t\t\t<span class=\"estreno\">1986<\/span><br>\r\n\t\t\t\t\t\t\t\t\t\t\t<span class=\"sinopsis\"><\/span><\/div><\/a><div class=\"vert-center\">\r\n\t\t\t\t\t\t\t\t\t<\/div><!--\/vert-center-->\r\n\t\t\t\t\t\t\t\t<\/div>\r\n\t\t\t\t\t\t\t<\/div><!--work-item<\/div><\/div>-->\r\n\t\t\t\t\t\t<\/div><\/div><div class=\"owl-item active\" style=\"width: 381px !important; opacity: 1; transform: translate(0px, 0px);\"><div class=\"carousel-item\">\r\n            \t\t\t<!--<div class=\"col elastic-portfolio-item element\" data-project-cat=\"\" data-default-color=\"true\" data-title-color=\"\" data-subtitle-color=\"\" style=\"width: 381px; position: relative!important; left: 0px; top: 0px\r\n\t\t\t\t\t\t\t<div class=\"inner-wrap\" data-animation=\"none\">-->\r\n\r\n\t\t\t\t\t\t\t\r\n\t\t\t\t\t\t\t\t\t\t\t\t\t\t\r\n\t\t\t\t\t\t\t<div class=\"work-item style-2 fade\">\r\n\t\t\t\t\t\t\t\r\n\t\t\t\t\t\t\t\t<img loading=\"lazy\" decoding=\"async\" width=\"270\" height=\"480\" src=\"https:\/\/marianocardenas.com\/wp-content\/uploads\/2021\/03\/esperanza-529560984-mmed.jpg\" class=\"skip-lazy attachment-full imgfadeIn\" alt=\"\" loading=\"lazy\" srcset=\"https:\/\/marianocardenas.com\/wp-content\/uploads\/2021\/03\/esperanza-529560984-mmed.jpg 380w, https:\/\/marianocardenas.com\/wp-content\/uploads\/2021\/03\/esperanza-529560984-mmed.jpg 142w\" sizes=\"auto, (max-width: 380px) 100vw, 380px\">\t\t\t\r\n\t\t\t\t\t\t\t\t<span class=\"estreno2\">1986<\/span>\r\n\t\t\t\t\t\t\t\t<div class=\"work-info-bg\"><\/div>\r\n\t\t\t\t\t\t\t\t<div class=\"work-info\"> \r\n\t\t\t\t\t\t\t\t\t\t<a href=\"https:\/\/marianocardenas.com\/wp-content\/uploads\/2021\/03\/esperanza-529560984-mmed.jpg\" class=\"gallery magnific\"><\/a><div class=\"info2\"><span class=\"tipe\">Cine<\/span><br>\r\n\t\t\t\t\t\t\t\t\t\t\t<span class=\"title\">Esperanza<\/span><br>\r\n\t\t\t\t\t\t\t\t\t\t\t<span class=\"estreno\">1986<\/span><br>\r\n\t\t\t\t\t\t\t\t\t\t\t<span class=\"sinopsis\"><\/span><\/div><\/a><div class=\"vert-center\">\r\n\t\t\t\t\t\t\t\t\t<\/div><!--\/vert-center-->\r\n\t\t\t\t\t\t\t\t<\/div>\r\n\t\t\t\t\t\t\t<\/div><!--work-item<\/div><\/div>-->\r\n\t\t\t\t\t\t<\/div><\/div><\/div><\/div><div class=\"owl-nav disabled\"><button type=\"button\" role=\"presentation\" class=\"owl-prev\"><span aria-label=\"Previous\">\u2039<\/span><\/button><button type=\"button\" role=\"presentation\" class=\"owl-next\"><span aria-label=\"Next\">\u203a<\/span><\/button><\/div><div class=\"owl-dots disabled\"><button role=\"button\" class=\"owl-dot active\"><span><\/span><\/button><\/div><\/div>\r\n\t[\/vc_column_text][divider line_type=&#8221;No Line&#8221; custom_height=&#8221;90&#8243;][vc_column_text]\n<p class=\"titleTrealizados\" style=\"text-align: center;\">Series<\/p>\n<hr \/>\n[\/vc_column_text][vc_column_text]\r\n\t\r\n\t\t\r\n\t<div class=\"owl-carousel owl-theme owl-loaded owl-drag animated-in\" data-enable-animation=\"true\" data-loop=\"true\" data-animation-delay=\"0\" data-autorotate=\"\" data-autorotation-speed=\"5000\" data-column-padding=\"0\" data-desktop-cols=\"5\" data-desktop-small-cols=\"4\" data-tablet-cols=\"2\" data-mobile-cols=\"1\"><div class=\"owl-stage-outer\"><div class=\"owl-stage\" style=\"transform: translate3d(-1366px, 0px, 0px); transition: all 0s ease 0s; width: 4;\"><div class=\"owl-item active\" style=\"width: 381px !important; opacity: 1; transform: translate(0px, 0px);\"><div class=\"carousel-item\">\r\n            \t\t\t<!--<div class=\"col elastic-portfolio-item element\" data-project-cat=\"\" data-default-color=\"true\" data-title-color=\"\" data-subtitle-color=\"\" style=\"width: 381px; position: relative!important; left: 0px; top: 0px\r\n\t\t\t\t\t\t\t<div class=\"inner-wrap\" data-animation=\"none\">-->\r\n\r\n\t\t\t\t\t\t\t\r\n\t\t\t\t\t\t\t\t\t\t\t\t\t\t\r\n\t\t\t\t\t\t\t<div class=\"work-item style-2 fade\">\r\n\t\t\t\t\t\t\t\r\n\t\t\t\t\t\t\t\t<img loading=\"lazy\" decoding=\"async\" width=\"270\" height=\"480\" src=\"https:\/\/marianocardenas.com\/wp-content\/uploads\/2023\/03\/GALGOS.jpeg\" class=\"skip-lazy attachment-full imgfadeIn\" alt=\"\" loading=\"lazy\" srcset=\"https:\/\/marianocardenas.com\/wp-content\/uploads\/2023\/03\/GALGOS.jpeg 380w, https:\/\/marianocardenas.com\/wp-content\/uploads\/2023\/03\/GALGOS.jpeg 142w\" sizes=\"auto, (max-width: 380px) 100vw, 380px\">\t\t\t\r\n\t\t\t\t\t\t\t\t<span class=\"estreno2\">2022<\/span>\r\n\t\t\t\t\t\t\t\t<div class=\"work-info-bg\"><\/div>\r\n\t\t\t\t\t\t\t\t<div class=\"work-info\"> \r\n\t\t\t\t\t\t\t\t\t\t<a href=\"https:\/\/marianocardenas.com\/wp-content\/uploads\/2023\/03\/GALGOS.jpeg\" class=\"gallery magnific\"><\/a><div class=\"infoS2\"><span class=\"tipe\">Series TV<\/span><br>\r\n\t\t\t\t\t\t\t\t\t\t\t<span class=\"title\">Galgos<\/span><br>\r\n\t\t\t\t\t\t\t\t\t\t\t<span class=\"estreno\">2022<\/span><br>\r\n\t\t\t\t\t\t\t\t\t\t\t<span class=\"sinopsis\">Dirigida por F\u00e9lix Viscarret y Nelly Reguera<\/span><\/div><div class=\"vert-center\">\r\n\t\t\t\t\t\t\t\t\t<\/div><!--\/vert-center-->\r\n\t\t\t\t\t\t\t\t<\/div>\r\n\t\t\t\t\t\t\t<\/div><!--work-item<\/div><\/div>-->\r\n\t\t\t\t\t\t<\/div><\/div><div class=\"owl-item active\" style=\"width: 381px !important; opacity: 1; transform: translate(0px, 0px);\"><div class=\"carousel-item\">\r\n            \t\t\t<!--<div class=\"col elastic-portfolio-item element\" data-project-cat=\"\" data-default-color=\"true\" data-title-color=\"\" data-subtitle-color=\"\" style=\"width: 381px; position: relative!important; left: 0px; top: 0px\r\n\t\t\t\t\t\t\t<div class=\"inner-wrap\" data-animation=\"none\">-->\r\n\r\n\t\t\t\t\t\t\t\r\n\t\t\t\t\t\t\t\t\t\t\t\t\t\t\r\n\t\t\t\t\t\t\t<div class=\"work-item style-2 fade\">\r\n\t\t\t\t\t\t\t\r\n\t\t\t\t\t\t\t\t<img loading=\"lazy\" decoding=\"async\" width=\"270\" height=\"480\" src=\"https:\/\/marianocardenas.com\/wp-content\/uploads\/2023\/03\/sentimos-las-molestias-temporada-2.jpg\" class=\"skip-lazy attachment-full imgfadeIn\" alt=\"\" loading=\"lazy\" srcset=\"https:\/\/marianocardenas.com\/wp-content\/uploads\/2023\/03\/sentimos-las-molestias-temporada-2.jpg 380w, https:\/\/marianocardenas.com\/wp-content\/uploads\/2023\/03\/sentimos-las-molestias-temporada-2.jpg 142w\" sizes=\"auto, (max-width: 380px) 100vw, 380px\">\t\t\t\r\n\t\t\t\t\t\t\t\t<span class=\"estreno2\">2022<\/span>\r\n\t\t\t\t\t\t\t\t<div class=\"work-info-bg\"><\/div>\r\n\t\t\t\t\t\t\t\t<div class=\"work-info\"> \r\n\t\t\t\t\t\t\t\t\t\t<a href=\"https:\/\/marianocardenas.com\/wp-content\/uploads\/2023\/03\/sentimos-las-molestias-temporada-2.jpg\" class=\"gallery magnific\"><\/a><div class=\"infoS2\"><span class=\"tipe\">Series TV<\/span><br>\r\n\t\t\t\t\t\t\t\t\t\t\t<span class=\"title\">Sentimos las molestias<\/span><br>\r\n\t\t\t\t\t\t\t\t\t\t\t<span class=\"estreno\">2022<\/span><br>\r\n\t\t\t\t\t\t\t\t\t\t\t<span class=\"sinopsis\">Temporada 2. Dirigida por Cavestany y Fernandez-Armero<\/span><\/div><div class=\"vert-center\">\r\n\t\t\t\t\t\t\t\t\t<\/div><!--\/vert-center-->\r\n\t\t\t\t\t\t\t\t<\/div>\r\n\t\t\t\t\t\t\t<\/div><!--work-item<\/div><\/div>-->\r\n\t\t\t\t\t\t<\/div><\/div><div class=\"owl-item active\" style=\"width: 381px !important; opacity: 1; transform: translate(0px, 0px);\"><div class=\"carousel-item\">\r\n            \t\t\t<!--<div class=\"col elastic-portfolio-item element\" data-project-cat=\"\" data-default-color=\"true\" data-title-color=\"\" data-subtitle-color=\"\" style=\"width: 381px; position: relative!important; left: 0px; top: 0px\r\n\t\t\t\t\t\t\t<div class=\"inner-wrap\" data-animation=\"none\">-->\r\n\r\n\t\t\t\t\t\t\t\r\n\t\t\t\t\t\t\t\t\t\t\t\t\t\t\r\n\t\t\t\t\t\t\t<div class=\"work-item style-2 fade\">\r\n\t\t\t\t\t\t\t\r\n\t\t\t\t\t\t\t\t<img loading=\"lazy\" decoding=\"async\" width=\"270\" height=\"480\" src=\"https:\/\/marianocardenas.com\/wp-content\/uploads\/2023\/03\/No_me_gusta_conducir_Serie_de_TV-527952634-large.jpg\" class=\"skip-lazy attachment-full imgfadeIn\" alt=\"\" loading=\"lazy\" srcset=\"https:\/\/marianocardenas.com\/wp-content\/uploads\/2023\/03\/No_me_gusta_conducir_Serie_de_TV-527952634-large.jpg 380w, https:\/\/marianocardenas.com\/wp-content\/uploads\/2023\/03\/No_me_gusta_conducir_Serie_de_TV-527952634-large.jpg 142w\" sizes=\"auto, (max-width: 380px) 100vw, 380px\">\t\t\t\r\n\t\t\t\t\t\t\t\t<span class=\"estreno2\">2022<\/span>\r\n\t\t\t\t\t\t\t\t<div class=\"work-info-bg\"><\/div>\r\n\t\t\t\t\t\t\t\t<div class=\"work-info\"> \r\n\t\t\t\t\t\t\t\t\t\t<a href=\"https:\/\/marianocardenas.com\/wp-content\/uploads\/2023\/03\/No_me_gusta_conducir_Serie_de_TV-527952634-large.jpg\" class=\"gallery magnific\"><\/a><div class=\"infoS2\"><span class=\"tipe\">Series TV<\/span><br>\r\n\t\t\t\t\t\t\t\t\t\t\t<span class=\"title\">No me gusta conducir<\/span><br>\r\n\t\t\t\t\t\t\t\t\t\t\t<span class=\"estreno\">2022<\/span><br>\r\n\t\t\t\t\t\t\t\t\t\t\t<span class=\"sinopsis\">Dirigida por Borja Cobeaga.<\/span><\/div><div class=\"vert-center\">\r\n\t\t\t\t\t\t\t\t\t<\/div><!--\/vert-center-->\r\n\t\t\t\t\t\t\t\t<\/div>\r\n\t\t\t\t\t\t\t<\/div><!--work-item<\/div><\/div>-->\r\n\t\t\t\t\t\t<\/div><\/div><div class=\"owl-item active\" style=\"width: 381px !important; opacity: 1; transform: translate(0px, 0px);\"><div class=\"carousel-item\">\r\n            \t\t\t<!--<div class=\"col elastic-portfolio-item element\" data-project-cat=\"\" data-default-color=\"true\" data-title-color=\"\" data-subtitle-color=\"\" style=\"width: 381px; position: relative!important; left: 0px; top: 0px\r\n\t\t\t\t\t\t\t<div class=\"inner-wrap\" data-animation=\"none\">-->\r\n\r\n\t\t\t\t\t\t\t\r\n\t\t\t\t\t\t\t\t\t\t\t\t\t\t\r\n\t\t\t\t\t\t\t<div class=\"work-item style-2 fade\">\r\n\t\t\t\t\t\t\t\r\n\t\t\t\t\t\t\t\t<img loading=\"lazy\" decoding=\"async\" width=\"270\" height=\"480\" src=\"https:\/\/marianocardenas.com\/wp-content\/uploads\/2022\/01\/SENTIMOS-LAS-MOLESTIAS.jpg\" class=\"skip-lazy attachment-full imgfadeIn\" alt=\"\" loading=\"lazy\" srcset=\"https:\/\/marianocardenas.com\/wp-content\/uploads\/2022\/01\/SENTIMOS-LAS-MOLESTIAS.jpg 380w, https:\/\/marianocardenas.com\/wp-content\/uploads\/2022\/01\/SENTIMOS-LAS-MOLESTIAS.jpg 142w\" sizes=\"auto, (max-width: 380px) 100vw, 380px\">\t\t\t\r\n\t\t\t\t\t\t\t\t<span class=\"estreno2\">2022<\/span>\r\n\t\t\t\t\t\t\t\t<div class=\"work-info-bg\"><\/div>\r\n\t\t\t\t\t\t\t\t<div class=\"work-info\"> \r\n\t\t\t\t\t\t\t\t\t\t<a href=\"https:\/\/marianocardenas.com\/wp-content\/uploads\/2022\/01\/SENTIMOS-LAS-MOLESTIAS.jpg\" class=\"gallery magnific\"><\/a><a href=\"https:\/\/www.youtube.com\/watch?v=2KOLIIh3Ij0&ab_channel=mundoplustv\" data-style=\"default\" data-parent-hover=\"\" data-font-style=\"p\" data-color=\"default\" class=\"play_button_2 large nectar_video_lightbox magnific-popup homve3s\"><span><span class=\"play homev\"><span class=\"inner-wrap\"><svg version=\"1.1\" xmlns=\"http:\/\/www.w3.org\/2000\/svg\" xmlns:xlink=\"http:\/\/www.w3.org\/1999\/xlink\" width=\"600px\" height=\"800px\" x=\"0px\" y=\"0px\" viewBox=\"0 0 600 800\" enable-background=\"new 0 0 600 800\" xml:space=\"preserve\"><path fill=\"none\" d=\"M0-1.79v800L600,395L0-1.79z\"><\/path> <\/svg><\/span><\/span><\/span><\/a><div class=\"infoS2\"><span class=\"tipe\">Series TV<\/span><a href=\"https:\/\/www.youtube.com\/watch?v=2KOLIIh3Ij0&ab_channel=mundoplustv\" data-style=\"default\" data-parent-hover=\"\" data-font-style=\"p\" data-color=\"default\" class=\"play_button_2 large nectar_video_lightbox magnific-popup homve3s\"><span style=\"color:white; float:right; margin-top: -5%;\"><i class=\"fa fa-play\"><\/i><\/span><\/a><br>\r\n\t\t\t\t\t\t\t\t\t\t\t<span class=\"title\">Sentimos las Molestias<\/span><br>\r\n\t\t\t\t\t\t\t\t\t\t\t<span class=\"estreno\">2022<\/span><br>\r\n\t\t\t\t\t\t\t\t\t\t\t<span class=\"sinopsis\">Una serie de Cavestany y Fernandez-Armero<\/span><\/div><div class=\"vert-center\">\r\n\t\t\t\t\t\t\t\t\t<\/div><!--\/vert-center-->\r\n\t\t\t\t\t\t\t\t<\/div>\r\n\t\t\t\t\t\t\t<\/div><!--work-item<\/div><\/div>-->\r\n\t\t\t\t\t\t<\/div><\/div><div class=\"owl-item active\" style=\"width: 381px !important; opacity: 1; transform: translate(0px, 0px);\"><div class=\"carousel-item\">\r\n            \t\t\t<!--<div class=\"col elastic-portfolio-item element\" data-project-cat=\"\" data-default-color=\"true\" data-title-color=\"\" data-subtitle-color=\"\" style=\"width: 381px; position: relative!important; left: 0px; top: 0px\r\n\t\t\t\t\t\t\t<div class=\"inner-wrap\" data-animation=\"none\">-->\r\n\r\n\t\t\t\t\t\t\t\r\n\t\t\t\t\t\t\t\t\t\t\t\t\t\t\r\n\t\t\t\t\t\t\t<div class=\"work-item style-2 fade\">\r\n\t\t\t\t\t\t\t\r\n\t\t\t\t\t\t\t\t<img loading=\"lazy\" decoding=\"async\" width=\"270\" height=\"480\" src=\"https:\/\/marianocardenas.com\/wp-content\/uploads\/2022\/01\/LA-FORTUNA.jpg\" class=\"skip-lazy attachment-full imgfadeIn\" alt=\"\" loading=\"lazy\" srcset=\"https:\/\/marianocardenas.com\/wp-content\/uploads\/2022\/01\/LA-FORTUNA.jpg 380w, https:\/\/marianocardenas.com\/wp-content\/uploads\/2022\/01\/LA-FORTUNA.jpg 142w\" sizes=\"auto, (max-width: 380px) 100vw, 380px\">\t\t\t\r\n\t\t\t\t\t\t\t\t<span class=\"estreno2\">2021<\/span>\r\n\t\t\t\t\t\t\t\t<div class=\"work-info-bg\"><\/div>\r\n\t\t\t\t\t\t\t\t<div class=\"work-info\"> \r\n\t\t\t\t\t\t\t\t\t\t<a href=\"https:\/\/marianocardenas.com\/wp-content\/uploads\/2022\/01\/LA-FORTUNA.jpg\" class=\"gallery magnific\"><\/a><a href=\"https:\/\/www.youtube.com\/watch?v=-EHjd0nZauo&ab_channel=MovistarPlus%2B\" data-style=\"default\" data-parent-hover=\"\" data-font-style=\"p\" data-color=\"default\" class=\"play_button_2 large nectar_video_lightbox magnific-popup homve3s\"><span><span class=\"play homev\"><span class=\"inner-wrap\"><svg version=\"1.1\" xmlns=\"http:\/\/www.w3.org\/2000\/svg\" xmlns:xlink=\"http:\/\/www.w3.org\/1999\/xlink\" width=\"600px\" height=\"800px\" x=\"0px\" y=\"0px\" viewBox=\"0 0 600 800\" enable-background=\"new 0 0 600 800\" xml:space=\"preserve\"><path fill=\"none\" d=\"M0-1.79v800L600,395L0-1.79z\"><\/path> <\/svg><\/span><\/span><\/span><\/a><div class=\"infoS2\"><span class=\"tipe\">Series TV<\/span><a href=\"https:\/\/www.youtube.com\/watch?v=-EHjd0nZauo&ab_channel=MovistarPlus%2B\" data-style=\"default\" data-parent-hover=\"\" data-font-style=\"p\" data-color=\"default\" class=\"play_button_2 large nectar_video_lightbox magnific-popup homve3s\"><span style=\"color:white; float:right; margin-top: -5%;\"><i class=\"fa fa-play\"><\/i><\/span><\/a><br>\r\n\t\t\t\t\t\t\t\t\t\t\t<span class=\"title\">La Fortuna<\/span><br>\r\n\t\t\t\t\t\t\t\t\t\t\t<span class=\"estreno\">2021<\/span><br>\r\n\t\t\t\t\t\t\t\t\t\t\t<span class=\"sinopsis\">De Alejandro Amen\u00e1bar<\/span><\/div><div class=\"vert-center\">\r\n\t\t\t\t\t\t\t\t\t<\/div><!--\/vert-center-->\r\n\t\t\t\t\t\t\t\t<\/div>\r\n\t\t\t\t\t\t\t<\/div><!--work-item<\/div><\/div>-->\r\n\t\t\t\t\t\t<\/div><\/div><div class=\"owl-item active\" style=\"width: 381px !important; opacity: 1; transform: translate(0px, 0px);\"><div class=\"carousel-item\">\r\n            \t\t\t<!--<div class=\"col elastic-portfolio-item element\" data-project-cat=\"\" data-default-color=\"true\" data-title-color=\"\" data-subtitle-color=\"\" style=\"width: 381px; position: relative!important; left: 0px; top: 0px\r\n\t\t\t\t\t\t\t<div class=\"inner-wrap\" data-animation=\"none\">-->\r\n\r\n\t\t\t\t\t\t\t\r\n\t\t\t\t\t\t\t\t\t\t\t\t\t\t\r\n\t\t\t\t\t\t\t<div class=\"work-item style-2 fade\">\r\n\t\t\t\t\t\t\t\r\n\t\t\t\t\t\t\t\t<img loading=\"lazy\" decoding=\"async\" width=\"270\" height=\"480\" src=\"https:\/\/marianocardenas.com\/wp-content\/uploads\/2021\/03\/la_cocinera_de_castamar_tv_series-538599968-mmed.jpg\" class=\"skip-lazy attachment-full imgfadeIn\" alt=\"\" loading=\"lazy\" srcset=\"https:\/\/marianocardenas.com\/wp-content\/uploads\/2021\/03\/la_cocinera_de_castamar_tv_series-538599968-mmed.jpg 380w, https:\/\/marianocardenas.com\/wp-content\/uploads\/2021\/03\/la_cocinera_de_castamar_tv_series-538599968-mmed.jpg 142w\" sizes=\"auto, (max-width: 380px) 100vw, 380px\">\t\t\t\r\n\t\t\t\t\t\t\t\t<span class=\"estreno2\">2020<\/span>\r\n\t\t\t\t\t\t\t\t<div class=\"work-info-bg\"><\/div>\r\n\t\t\t\t\t\t\t\t<div class=\"work-info\"> \r\n\t\t\t\t\t\t\t\t\t\t<a href=\"https:\/\/marianocardenas.com\/wp-content\/uploads\/2021\/03\/la_cocinera_de_castamar_tv_series-538599968-mmed.jpg\" class=\"gallery magnific\"><\/a><a href=\"https:\/\/youtu.be\/25Yo-_jsvvc\" data-style=\"default\" data-parent-hover=\"\" data-font-style=\"p\" data-color=\"default\" class=\"play_button_2 large nectar_video_lightbox magnific-popup homve3s\"><span><span class=\"play homev\"><span class=\"inner-wrap\"><svg version=\"1.1\" xmlns=\"http:\/\/www.w3.org\/2000\/svg\" xmlns:xlink=\"http:\/\/www.w3.org\/1999\/xlink\" width=\"600px\" height=\"800px\" x=\"0px\" y=\"0px\" viewBox=\"0 0 600 800\" enable-background=\"new 0 0 600 800\" xml:space=\"preserve\"><path fill=\"none\" d=\"M0-1.79v800L600,395L0-1.79z\"><\/path> <\/svg><\/span><\/span><\/span><\/a><div class=\"infoS2\"><span class=\"tipe\">Series TV<\/span><a href=\"https:\/\/youtu.be\/25Yo-_jsvvc\" data-style=\"default\" data-parent-hover=\"\" data-font-style=\"p\" data-color=\"default\" class=\"play_button_2 large nectar_video_lightbox magnific-popup homve3s\"><span style=\"color:white; float:right; margin-top: -5%;\"><i class=\"fa fa-play\"><\/i><\/span><\/a><br>\r\n\t\t\t\t\t\t\t\t\t\t\t<span class=\"title\">La Cocinera de Castamar<\/span><br>\r\n\t\t\t\t\t\t\t\t\t\t\t<span class=\"estreno\">2020<\/span><br>\r\n\t\t\t\t\t\t\t\t\t\t\t<span class=\"sinopsis\">LA COCINERA DE CASTAMAR: Clara, una joven ca\u00edda en desgracia, sufre de agorafobia desde que perdi\u00f3 a su padre de forma repentina. Gracias a su prodigiosa cocina logra acceder al ducado de Castamar como oficial, trastocando con su llegada el ap\u00e1tico mundo de don Diego, el duque. Este, desde que perdi\u00f3 a su esposa en un accidente, vive aislado en su gran mansi\u00f3n rodeado del servicio. Clara descubrir\u00e1 pronto que la calma que rodea la hacienda es el preludio de una tormenta devastadora cuyo centro ser\u00e1 Castamar, su se\u00f1or y ella misma.\r\n<\/span><\/div><div class=\"vert-center\">\r\n\t\t\t\t\t\t\t\t\t<\/div><!--\/vert-center-->\r\n\t\t\t\t\t\t\t\t<\/div>\r\n\t\t\t\t\t\t\t<\/div><!--work-item<\/div><\/div>-->\r\n\t\t\t\t\t\t<\/div><\/div><div class=\"owl-item active\" style=\"width: 381px !important; opacity: 1; transform: translate(0px, 0px);\"><div class=\"carousel-item\">\r\n            \t\t\t<!--<div class=\"col elastic-portfolio-item element\" data-project-cat=\"\" data-default-color=\"true\" data-title-color=\"\" data-subtitle-color=\"\" style=\"width: 381px; position: relative!important; left: 0px; top: 0px\r\n\t\t\t\t\t\t\t<div class=\"inner-wrap\" data-animation=\"none\">-->\r\n\r\n\t\t\t\t\t\t\t\r\n\t\t\t\t\t\t\t\t\t\t\t\t\t\t\r\n\t\t\t\t\t\t\t<div class=\"work-item style-2 fade\">\r\n\t\t\t\t\t\t\t\r\n\t\t\t\t\t\t\t\t<img loading=\"lazy\" decoding=\"async\" width=\"270\" height=\"480\" src=\"https:\/\/marianocardenas.com\/wp-content\/uploads\/2021\/03\/los_favoritos_de_midas-368670725-mmed.jpg\" class=\"skip-lazy attachment-full imgfadeIn\" alt=\"\" loading=\"lazy\" srcset=\"https:\/\/marianocardenas.com\/wp-content\/uploads\/2021\/03\/los_favoritos_de_midas-368670725-mmed.jpg 380w, https:\/\/marianocardenas.com\/wp-content\/uploads\/2021\/03\/los_favoritos_de_midas-368670725-mmed.jpg 142w\" sizes=\"auto, (max-width: 380px) 100vw, 380px\">\t\t\t\r\n\t\t\t\t\t\t\t\t<span class=\"estreno2\">2020<\/span>\r\n\t\t\t\t\t\t\t\t<div class=\"work-info-bg\"><\/div>\r\n\t\t\t\t\t\t\t\t<div class=\"work-info\"> \r\n\t\t\t\t\t\t\t\t\t\t<a href=\"https:\/\/marianocardenas.com\/wp-content\/uploads\/2021\/03\/los_favoritos_de_midas-368670725-mmed.jpg\" class=\"gallery magnific\"><\/a><a href=\"https:\/\/youtu.be\/WF2nLcpuDRM\" data-style=\"default\" data-parent-hover=\"\" data-font-style=\"p\" data-color=\"default\" class=\"play_button_2 large nectar_video_lightbox magnific-popup homve3s\"><span><span class=\"play homev\"><span class=\"inner-wrap\"><svg version=\"1.1\" xmlns=\"http:\/\/www.w3.org\/2000\/svg\" xmlns:xlink=\"http:\/\/www.w3.org\/1999\/xlink\" width=\"600px\" height=\"800px\" x=\"0px\" y=\"0px\" viewBox=\"0 0 600 800\" enable-background=\"new 0 0 600 800\" xml:space=\"preserve\"><path fill=\"none\" d=\"M0-1.79v800L600,395L0-1.79z\"><\/path> <\/svg><\/span><\/span><\/span><\/a><div class=\"infoS2\"><span class=\"tipe\">Series TV<\/span><a href=\"https:\/\/youtu.be\/WF2nLcpuDRM\" data-style=\"default\" data-parent-hover=\"\" data-font-style=\"p\" data-color=\"default\" class=\"play_button_2 large nectar_video_lightbox magnific-popup homve3s\"><span style=\"color:white; float:right; margin-top: -5%;\"><i class=\"fa fa-play\"><\/i><\/span><\/a><br>\r\n\t\t\t\t\t\t\t\t\t\t\t<span class=\"title\">Los Favoritos de MIDAS<\/span><br>\r\n\t\t\t\t\t\t\t\t\t\t\t<span class=\"estreno\">2020<\/span><br>\r\n\t\t\t\t\t\t\t\t\t\t\t<span class=\"sinopsis\">V\u00edctor, un hombre de negocios, es chantajeado de una manera extra\u00f1a por una misteriosa organizaci\u00f3n. Si no accede a pagar una gran suma de dinero, el grupo matar\u00e1 a personas al azar.<\/span><\/div><div class=\"vert-center\">\r\n\t\t\t\t\t\t\t\t\t<\/div><!--\/vert-center-->\r\n\t\t\t\t\t\t\t\t<\/div>\r\n\t\t\t\t\t\t\t<\/div><!--work-item<\/div><\/div>-->\r\n\t\t\t\t\t\t<\/div><\/div><div class=\"owl-item active\" style=\"width: 381px !important; opacity: 1; transform: translate(0px, 0px);\"><div class=\"carousel-item\">\r\n            \t\t\t<!--<div class=\"col elastic-portfolio-item element\" data-project-cat=\"\" data-default-color=\"true\" data-title-color=\"\" data-subtitle-color=\"\" style=\"width: 381px; position: relative!important; left: 0px; top: 0px\r\n\t\t\t\t\t\t\t<div class=\"inner-wrap\" data-animation=\"none\">-->\r\n\r\n\t\t\t\t\t\t\t\r\n\t\t\t\t\t\t\t\t\t\t\t\t\t\t\r\n\t\t\t\t\t\t\t<div class=\"work-item style-2 fade\">\r\n\t\t\t\t\t\t\t\r\n\t\t\t\t\t\t\t\t<img loading=\"lazy\" decoding=\"async\" width=\"270\" height=\"480\" src=\"https:\/\/marianocardenas.com\/wp-content\/uploads\/2021\/03\/SOULMATES.jpg\" class=\"skip-lazy attachment-full imgfadeIn\" alt=\"\" loading=\"lazy\" srcset=\"https:\/\/marianocardenas.com\/wp-content\/uploads\/2021\/03\/SOULMATES.jpg 380w, https:\/\/marianocardenas.com\/wp-content\/uploads\/2021\/03\/SOULMATES.jpg 142w\" sizes=\"auto, (max-width: 380px) 100vw, 380px\">\t\t\t\r\n\t\t\t\t\t\t\t\t<span class=\"estreno2\">2019<\/span>\r\n\t\t\t\t\t\t\t\t<div class=\"work-info-bg\"><\/div>\r\n\t\t\t\t\t\t\t\t<div class=\"work-info\"> \r\n\t\t\t\t\t\t\t\t\t\t<a href=\"https:\/\/marianocardenas.com\/wp-content\/uploads\/2021\/03\/SOULMATES.jpg\" class=\"gallery magnific\"><\/a><div class=\"info2\"><span class=\"tipe\">Series TV<\/span><br>\r\n\t\t\t\t\t\t\t\t\t\t\t<span class=\"title\">SOULMATES<\/span><br>\r\n\t\t\t\t\t\t\t\t\t\t\t<span class=\"estreno\">2019<\/span><br>\r\n\t\t\t\t\t\t\t\t\t\t\t<span class=\"sinopsis\"><\/span><\/div><\/a><div class=\"vert-center\">\r\n\t\t\t\t\t\t\t\t\t<\/div><!--\/vert-center-->\r\n\t\t\t\t\t\t\t\t<\/div>\r\n\t\t\t\t\t\t\t<\/div><!--work-item<\/div><\/div>-->\r\n\t\t\t\t\t\t<\/div><\/div><div class=\"owl-item active\" style=\"width: 381px !important; opacity: 1; transform: translate(0px, 0px);\"><div class=\"carousel-item\">\r\n            \t\t\t<!--<div class=\"col elastic-portfolio-item element\" data-project-cat=\"\" data-default-color=\"true\" data-title-color=\"\" data-subtitle-color=\"\" style=\"width: 381px; position: relative!important; left: 0px; top: 0px\r\n\t\t\t\t\t\t\t<div class=\"inner-wrap\" data-animation=\"none\">-->\r\n\r\n\t\t\t\t\t\t\t\r\n\t\t\t\t\t\t\t\t\t\t\t\t\t\t\r\n\t\t\t\t\t\t\t<div class=\"work-item style-2 fade\">\r\n\t\t\t\t\t\t\t\r\n\t\t\t\t\t\t\t\t<img loading=\"lazy\" decoding=\"async\" width=\"270\" height=\"480\" src=\"https:\/\/marianocardenas.com\/wp-content\/uploads\/2021\/03\/LITTLE-BIRDS.jpg\" class=\"skip-lazy attachment-full imgfadeIn\" alt=\"\" loading=\"lazy\" srcset=\"https:\/\/marianocardenas.com\/wp-content\/uploads\/2021\/03\/LITTLE-BIRDS.jpg 380w, https:\/\/marianocardenas.com\/wp-content\/uploads\/2021\/03\/LITTLE-BIRDS.jpg 142w\" sizes=\"auto, (max-width: 380px) 100vw, 380px\">\t\t\t\r\n\t\t\t\t\t\t\t\t<span class=\"estreno2\">2019<\/span>\r\n\t\t\t\t\t\t\t\t<div class=\"work-info-bg\"><\/div>\r\n\t\t\t\t\t\t\t\t<div class=\"work-info\"> \r\n\t\t\t\t\t\t\t\t\t\t<a href=\"https:\/\/marianocardenas.com\/wp-content\/uploads\/2021\/03\/LITTLE-BIRDS.jpg\" class=\"gallery magnific\"><\/a><div class=\"info2\"><span class=\"tipe\">Series TV<\/span><br>\r\n\t\t\t\t\t\t\t\t\t\t\t<span class=\"title\">Litle Birds<\/span><br>\r\n\t\t\t\t\t\t\t\t\t\t\t<span class=\"estreno\">2019<\/span><br>\r\n\t\t\t\t\t\t\t\t\t\t\t<span class=\"sinopsis\"><\/span><\/div><\/a><div class=\"vert-center\">\r\n\t\t\t\t\t\t\t\t\t<\/div><!--\/vert-center-->\r\n\t\t\t\t\t\t\t\t<\/div>\r\n\t\t\t\t\t\t\t<\/div><!--work-item<\/div><\/div>-->\r\n\t\t\t\t\t\t<\/div><\/div><div class=\"owl-item active\" style=\"width: 381px !important; opacity: 1; transform: translate(0px, 0px);\"><div class=\"carousel-item\">\r\n            \t\t\t<!--<div class=\"col elastic-portfolio-item element\" data-project-cat=\"\" data-default-color=\"true\" data-title-color=\"\" data-subtitle-color=\"\" style=\"width: 381px; position: relative!important; left: 0px; top: 0px\r\n\t\t\t\t\t\t\t<div class=\"inner-wrap\" data-animation=\"none\">-->\r\n\r\n\t\t\t\t\t\t\t\r\n\t\t\t\t\t\t\t\t\t\t\t\t\t\t\r\n\t\t\t\t\t\t\t<div class=\"work-item style-2 fade\">\r\n\t\t\t\t\t\t\t\r\n\t\t\t\t\t\t\t\t<img loading=\"lazy\" decoding=\"async\" width=\"270\" height=\"480\" src=\"https:\/\/marianocardenas.com\/wp-content\/uploads\/2021\/03\/02_LAPESTE_MATEO_SECRETO-1.jpg\" class=\"skip-lazy attachment-full imgfadeIn\" alt=\"\" loading=\"lazy\" srcset=\"https:\/\/marianocardenas.com\/wp-content\/uploads\/2021\/03\/02_LAPESTE_MATEO_SECRETO-1.jpg 380w, https:\/\/marianocardenas.com\/wp-content\/uploads\/2021\/03\/02_LAPESTE_MATEO_SECRETO-1.jpg 142w\" sizes=\"auto, (max-width: 380px) 100vw, 380px\">\t\t\t\r\n\t\t\t\t\t\t\t\t<span class=\"estreno2\">2019<\/span>\r\n\t\t\t\t\t\t\t\t<div class=\"work-info-bg\"><\/div>\r\n\t\t\t\t\t\t\t\t<div class=\"work-info\"> \r\n\t\t\t\t\t\t\t\t\t\t<a href=\"https:\/\/marianocardenas.com\/wp-content\/uploads\/2021\/03\/02_LAPESTE_MATEO_SECRETO-1.jpg\" class=\"gallery magnific\"><\/a><div class=\"info2\"><span class=\"tipe\">Series TV<\/span><br>\r\n\t\t\t\t\t\t\t\t\t\t\t<span class=\"title\">La peste T2<\/span><br>\r\n\t\t\t\t\t\t\t\t\t\t\t<span class=\"estreno\">2019<\/span><br>\r\n\t\t\t\t\t\t\t\t\t\t\t<span class=\"sinopsis\"><\/span><\/div><\/a><div class=\"vert-center\">\r\n\t\t\t\t\t\t\t\t\t<\/div><!--\/vert-center-->\r\n\t\t\t\t\t\t\t\t<\/div>\r\n\t\t\t\t\t\t\t<\/div><!--work-item<\/div><\/div>-->\r\n\t\t\t\t\t\t<\/div><\/div><div class=\"owl-item active\" style=\"width: 381px !important; opacity: 1; transform: translate(0px, 0px);\"><div class=\"carousel-item\">\r\n            \t\t\t<!--<div class=\"col elastic-portfolio-item element\" data-project-cat=\"\" data-default-color=\"true\" data-title-color=\"\" data-subtitle-color=\"\" style=\"width: 381px; position: relative!important; left: 0px; top: 0px\r\n\t\t\t\t\t\t\t<div class=\"inner-wrap\" data-animation=\"none\">-->\r\n\r\n\t\t\t\t\t\t\t\r\n\t\t\t\t\t\t\t\t\t\t\t\t\t\t\r\n\t\t\t\t\t\t\t<div class=\"work-item style-2 fade\">\r\n\t\t\t\t\t\t\t\r\n\t\t\t\t\t\t\t\t<img loading=\"lazy\" decoding=\"async\" width=\"270\" height=\"480\" src=\"https:\/\/marianocardenas.com\/wp-content\/uploads\/2020\/01\/EMtT9JFX0AERzDU.jpg\" class=\"skip-lazy attachment-full imgfadeIn\" alt=\"\" loading=\"lazy\" srcset=\"https:\/\/marianocardenas.com\/wp-content\/uploads\/2020\/01\/EMtT9JFX0AERzDU.jpg 380w, https:\/\/marianocardenas.com\/wp-content\/uploads\/2020\/01\/EMtT9JFX0AERzDU.jpg 142w\" sizes=\"auto, (max-width: 380px) 100vw, 380px\">\t\t\t\r\n\t\t\t\t\t\t\t\t<span class=\"estreno2\">2019<\/span>\r\n\t\t\t\t\t\t\t\t<div class=\"work-info-bg\"><\/div>\r\n\t\t\t\t\t\t\t\t<div class=\"work-info\"> \r\n\t\t\t\t\t\t\t\t\t\t<a href=\"https:\/\/marianocardenas.com\/wp-content\/uploads\/2020\/01\/EMtT9JFX0AERzDU.jpg\" class=\"gallery magnific\"><\/a><div class=\"info2\"><span class=\"tipe\">Series TV<\/span><br>\r\n\t\t\t\t\t\t\t\t\t\t\t<span class=\"title\">Verguenza T3<\/span><br>\r\n\t\t\t\t\t\t\t\t\t\t\t<span class=\"estreno\">2019<\/span><br>\r\n\t\t\t\t\t\t\t\t\t\t\t<span class=\"sinopsis\"><\/span><\/div><\/a><div class=\"vert-center\">\r\n\t\t\t\t\t\t\t\t\t<\/div><!--\/vert-center-->\r\n\t\t\t\t\t\t\t\t<\/div>\r\n\t\t\t\t\t\t\t<\/div><!--work-item<\/div><\/div>-->\r\n\t\t\t\t\t\t<\/div><\/div><div class=\"owl-item active\" style=\"width: 381px !important; opacity: 1; transform: translate(0px, 0px);\"><div class=\"carousel-item\">\r\n            \t\t\t<!--<div class=\"col elastic-portfolio-item element\" data-project-cat=\"\" data-default-color=\"true\" data-title-color=\"\" data-subtitle-color=\"\" style=\"width: 381px; position: relative!important; left: 0px; top: 0px\r\n\t\t\t\t\t\t\t<div class=\"inner-wrap\" data-animation=\"none\">-->\r\n\r\n\t\t\t\t\t\t\t\r\n\t\t\t\t\t\t\t\t\t\t\t\t\t\t\r\n\t\t\t\t\t\t\t<div class=\"work-item style-2 fade\">\r\n\t\t\t\t\t\t\t\r\n\t\t\t\t\t\t\t\t<img loading=\"lazy\" decoding=\"async\" width=\"270\" height=\"480\" src=\"https:\/\/marianocardenas.com\/wp-content\/uploads\/2019\/03\/VERGUENZA-T2.jpg\" class=\"skip-lazy attachment-full imgfadeIn\" alt=\"\" loading=\"lazy\" srcset=\"https:\/\/marianocardenas.com\/wp-content\/uploads\/2019\/03\/VERGUENZA-T2.jpg 380w, https:\/\/marianocardenas.com\/wp-content\/uploads\/2019\/03\/VERGUENZA-T2.jpg 142w\" sizes=\"auto, (max-width: 380px) 100vw, 380px\">\t\t\t\r\n\t\t\t\t\t\t\t\t<span class=\"estreno2\">2018<\/span>\r\n\t\t\t\t\t\t\t\t<div class=\"work-info-bg\"><\/div>\r\n\t\t\t\t\t\t\t\t<div class=\"work-info\"> \r\n\t\t\t\t\t\t\t\t\t\t<a href=\"https:\/\/marianocardenas.com\/wp-content\/uploads\/2019\/03\/VERGUENZA-T2.jpg\" class=\"gallery magnific\"><\/a><div class=\"info2\"><span class=\"tipe\">Series TV<\/span><br>\r\n\t\t\t\t\t\t\t\t\t\t\t<span class=\"title\">Verguenza T2<\/span><br>\r\n\t\t\t\t\t\t\t\t\t\t\t<span class=\"estreno\">2018<\/span><br>\r\n\t\t\t\t\t\t\t\t\t\t\t<span class=\"sinopsis\"><\/span><\/div><\/a><div class=\"vert-center\">\r\n\t\t\t\t\t\t\t\t\t<\/div><!--\/vert-center-->\r\n\t\t\t\t\t\t\t\t<\/div>\r\n\t\t\t\t\t\t\t<\/div><!--work-item<\/div><\/div>-->\r\n\t\t\t\t\t\t<\/div><\/div><div class=\"owl-item active\" style=\"width: 381px !important; opacity: 1; transform: translate(0px, 0px);\"><div class=\"carousel-item\">\r\n            \t\t\t<!--<div class=\"col elastic-portfolio-item element\" data-project-cat=\"\" data-default-color=\"true\" data-title-color=\"\" data-subtitle-color=\"\" style=\"width: 381px; position: relative!important; left: 0px; top: 0px\r\n\t\t\t\t\t\t\t<div class=\"inner-wrap\" data-animation=\"none\">-->\r\n\r\n\t\t\t\t\t\t\t\r\n\t\t\t\t\t\t\t\t\t\t\t\t\t\t\r\n\t\t\t\t\t\t\t<div class=\"work-item style-2 fade\">\r\n\t\t\t\t\t\t\t\r\n\t\t\t\t\t\t\t\t<img loading=\"lazy\" decoding=\"async\" width=\"270\" height=\"480\" src=\"https:\/\/marianocardenas.com\/wp-content\/uploads\/2018\/04\/arde-madrid.png\" class=\"skip-lazy attachment-full imgfadeIn\" alt=\"arde madrid\" loading=\"lazy\" srcset=\"https:\/\/marianocardenas.com\/wp-content\/uploads\/2018\/04\/arde-madrid.png 380w, https:\/\/marianocardenas.com\/wp-content\/uploads\/2018\/04\/arde-madrid.png 142w\" sizes=\"auto, (max-width: 380px) 100vw, 380px\">\t\t\t\r\n\t\t\t\t\t\t\t\t<span class=\"estreno2\">2018<\/span>\r\n\t\t\t\t\t\t\t\t<div class=\"work-info-bg\"><\/div>\r\n\t\t\t\t\t\t\t\t<div class=\"work-info\"> \r\n\t\t\t\t\t\t\t\t\t\t<a href=\"https:\/\/marianocardenas.com\/wp-content\/uploads\/2018\/04\/arde-madrid.png\" class=\"gallery magnific\"><\/a><div class=\"info2\"><span class=\"tipe\">Series TV<\/span><br>\r\n\t\t\t\t\t\t\t\t\t\t\t<span class=\"title\">Arde Madrid<\/span><br>\r\n\t\t\t\t\t\t\t\t\t\t\t<span class=\"estreno\">2018<\/span><br>\r\n\t\t\t\t\t\t\t\t\t\t\t<span class=\"sinopsis\"><\/span><\/div><\/a><div class=\"vert-center\">\r\n\t\t\t\t\t\t\t\t\t<\/div><!--\/vert-center-->\r\n\t\t\t\t\t\t\t\t<\/div>\r\n\t\t\t\t\t\t\t<\/div><!--work-item<\/div><\/div>-->\r\n\t\t\t\t\t\t<\/div><\/div><div class=\"owl-item active\" style=\"width: 381px !important; opacity: 1; transform: translate(0px, 0px);\"><div class=\"carousel-item\">\r\n            \t\t\t<!--<div class=\"col elastic-portfolio-item element\" data-project-cat=\"\" data-default-color=\"true\" data-title-color=\"\" data-subtitle-color=\"\" style=\"width: 381px; position: relative!important; left: 0px; top: 0px\r\n\t\t\t\t\t\t\t<div class=\"inner-wrap\" data-animation=\"none\">-->\r\n\r\n\t\t\t\t\t\t\t\r\n\t\t\t\t\t\t\t\t\t\t\t\t\t\t\r\n\t\t\t\t\t\t\t<div class=\"work-item style-2 fade\">\r\n\t\t\t\t\t\t\t\r\n\t\t\t\t\t\t\t\t<img loading=\"lazy\" decoding=\"async\" width=\"270\" height=\"480\" src=\"https:\/\/marianocardenas.com\/wp-content\/uploads\/2021\/03\/si_fueras_tu_tv_series-706634855-large.jpg\" class=\"skip-lazy attachment-full imgfadeIn\" alt=\"\" loading=\"lazy\" srcset=\"https:\/\/marianocardenas.com\/wp-content\/uploads\/2021\/03\/si_fueras_tu_tv_series-706634855-large.jpg 380w, https:\/\/marianocardenas.com\/wp-content\/uploads\/2021\/03\/si_fueras_tu_tv_series-706634855-large.jpg 142w\" sizes=\"auto, (max-width: 380px) 100vw, 380px\">\t\t\t\r\n\t\t\t\t\t\t\t\t<span class=\"estreno2\">2017<\/span>\r\n\t\t\t\t\t\t\t\t<div class=\"work-info-bg\"><\/div>\r\n\t\t\t\t\t\t\t\t<div class=\"work-info\"> \r\n\t\t\t\t\t\t\t\t\t\t<a href=\"https:\/\/marianocardenas.com\/wp-content\/uploads\/2021\/03\/si_fueras_tu_tv_series-706634855-large.jpg\" class=\"gallery magnific\"><\/a><div class=\"info2\"><span class=\"tipe\">Series TV<\/span><br>\r\n\t\t\t\t\t\t\t\t\t\t\t<span class=\"title\">Si Fueras T\u00fa<\/span><br>\r\n\t\t\t\t\t\t\t\t\t\t\t<span class=\"estreno\">2017<\/span><br>\r\n\t\t\t\t\t\t\t\t\t\t\t<span class=\"sinopsis\"><\/span><\/div><\/a><div class=\"vert-center\">\r\n\t\t\t\t\t\t\t\t\t<\/div><!--\/vert-center-->\r\n\t\t\t\t\t\t\t\t<\/div>\r\n\t\t\t\t\t\t\t<\/div><!--work-item<\/div><\/div>-->\r\n\t\t\t\t\t\t<\/div><\/div><div class=\"owl-item active\" style=\"width: 381px !important; opacity: 1; transform: translate(0px, 0px);\"><div class=\"carousel-item\">\r\n            \t\t\t<!--<div class=\"col elastic-portfolio-item element\" data-project-cat=\"\" data-default-color=\"true\" data-title-color=\"\" data-subtitle-color=\"\" style=\"width: 381px; position: relative!important; left: 0px; top: 0px\r\n\t\t\t\t\t\t\t<div class=\"inner-wrap\" data-animation=\"none\">-->\r\n\r\n\t\t\t\t\t\t\t\r\n\t\t\t\t\t\t\t\t\t\t\t\t\t\t\r\n\t\t\t\t\t\t\t<div class=\"work-item style-2 fade\">\r\n\t\t\t\t\t\t\t\r\n\t\t\t\t\t\t\t\t<img loading=\"lazy\" decoding=\"async\" width=\"270\" height=\"480\" src=\"https:\/\/marianocardenas.com\/wp-content\/uploads\/2021\/03\/la_peste_tv_series-767875150-mmed.jpg\" class=\"skip-lazy attachment-full imgfadeIn\" alt=\"\" loading=\"lazy\" srcset=\"https:\/\/marianocardenas.com\/wp-content\/uploads\/2021\/03\/la_peste_tv_series-767875150-mmed.jpg 380w, https:\/\/marianocardenas.com\/wp-content\/uploads\/2021\/03\/la_peste_tv_series-767875150-mmed.jpg 142w\" sizes=\"auto, (max-width: 380px) 100vw, 380px\">\t\t\t\r\n\t\t\t\t\t\t\t\t<span class=\"estreno2\">2017<\/span>\r\n\t\t\t\t\t\t\t\t<div class=\"work-info-bg\"><\/div>\r\n\t\t\t\t\t\t\t\t<div class=\"work-info\"> \r\n\t\t\t\t\t\t\t\t\t\t<a href=\"https:\/\/marianocardenas.com\/wp-content\/uploads\/2021\/03\/la_peste_tv_series-767875150-mmed.jpg\" class=\"gallery magnific\"><\/a><div class=\"info2\"><span class=\"tipe\">Series TV<\/span><br>\r\n\t\t\t\t\t\t\t\t\t\t\t<span class=\"title\">La Peste<\/span><br>\r\n\t\t\t\t\t\t\t\t\t\t\t<span class=\"estreno\">2017<\/span><br>\r\n\t\t\t\t\t\t\t\t\t\t\t<span class=\"sinopsis\"><\/span><\/div><\/a><div class=\"vert-center\">\r\n\t\t\t\t\t\t\t\t\t<\/div><!--\/vert-center-->\r\n\t\t\t\t\t\t\t\t<\/div>\r\n\t\t\t\t\t\t\t<\/div><!--work-item<\/div><\/div>-->\r\n\t\t\t\t\t\t<\/div><\/div><div class=\"owl-item active\" style=\"width: 381px !important; opacity: 1; transform: translate(0px, 0px);\"><div class=\"carousel-item\">\r\n            \t\t\t<!--<div class=\"col elastic-portfolio-item element\" data-project-cat=\"\" data-default-color=\"true\" data-title-color=\"\" data-subtitle-color=\"\" style=\"width: 381px; position: relative!important; left: 0px; top: 0px\r\n\t\t\t\t\t\t\t<div class=\"inner-wrap\" data-animation=\"none\">-->\r\n\r\n\t\t\t\t\t\t\t\r\n\t\t\t\t\t\t\t\t\t\t\t\t\t\t\r\n\t\t\t\t\t\t\t<div class=\"work-item style-2 fade\">\r\n\t\t\t\t\t\t\t\r\n\t\t\t\t\t\t\t\t<img loading=\"lazy\" decoding=\"async\" width=\"270\" height=\"480\" src=\"https:\/\/marianocardenas.com\/wp-content\/uploads\/2016\/11\/incidente.jpg\" class=\"skip-lazy attachment-full imgfadeIn\" alt=\"\" loading=\"lazy\" srcset=\"https:\/\/marianocardenas.com\/wp-content\/uploads\/2016\/11\/incidente.jpg 380w, https:\/\/marianocardenas.com\/wp-content\/uploads\/2016\/11\/incidente.jpg 142w\" sizes=\"auto, (max-width: 380px) 100vw, 380px\">\t\t\t\r\n\t\t\t\t\t\t\t\t<span class=\"estreno2\">2016<\/span>\r\n\t\t\t\t\t\t\t\t<div class=\"work-info-bg\"><\/div>\r\n\t\t\t\t\t\t\t\t<div class=\"work-info\"> \r\n\t\t\t\t\t\t\t\t\t\t<a href=\"https:\/\/marianocardenas.com\/wp-content\/uploads\/2016\/11\/incidente.jpg\" class=\"gallery magnific\"><\/a><div class=\"info2\"><span class=\"tipe\">Series TV<\/span><br>\r\n\t\t\t\t\t\t\t\t\t\t\t<span class=\"title\">El Incidente<\/span><br>\r\n\t\t\t\t\t\t\t\t\t\t\t<span class=\"estreno\">2016<\/span><br>\r\n\t\t\t\t\t\t\t\t\t\t\t<span class=\"sinopsis\"><\/span><\/div><\/a><div class=\"vert-center\">\r\n\t\t\t\t\t\t\t\t\t<\/div><!--\/vert-center-->\r\n\t\t\t\t\t\t\t\t<\/div>\r\n\t\t\t\t\t\t\t<\/div><!--work-item<\/div><\/div>-->\r\n\t\t\t\t\t\t<\/div><\/div><div class=\"owl-item active\" style=\"width: 381px !important; opacity: 1; transform: translate(0px, 0px);\"><div class=\"carousel-item\">\r\n            \t\t\t<!--<div class=\"col elastic-portfolio-item element\" data-project-cat=\"\" data-default-color=\"true\" data-title-color=\"\" data-subtitle-color=\"\" style=\"width: 381px; position: relative!important; left: 0px; top: 0px\r\n\t\t\t\t\t\t\t<div class=\"inner-wrap\" data-animation=\"none\">-->\r\n\r\n\t\t\t\t\t\t\t\r\n\t\t\t\t\t\t\t\t\t\t\t\t\t\t\r\n\t\t\t\t\t\t\t<div class=\"work-item style-2 fade\">\r\n\t\t\t\t\t\t\t\r\n\t\t\t\t\t\t\t\t<img loading=\"lazy\" decoding=\"async\" width=\"270\" height=\"480\" src=\"https:\/\/marianocardenas.com\/wp-content\/uploads\/2018\/03\/CARTEL_MDT-T3.jpg\" class=\"skip-lazy attachment-full imgfadeIn\" alt=\"\" loading=\"lazy\" srcset=\"https:\/\/marianocardenas.com\/wp-content\/uploads\/2018\/03\/CARTEL_MDT-T3.jpg 380w, https:\/\/marianocardenas.com\/wp-content\/uploads\/2018\/03\/CARTEL_MDT-T3.jpg 142w\" sizes=\"auto, (max-width: 380px) 100vw, 380px\">\t\t\t\r\n\t\t\t\t\t\t\t\t<span class=\"estreno2\">2017<\/span>\r\n\t\t\t\t\t\t\t\t<div class=\"work-info-bg\"><\/div>\r\n\t\t\t\t\t\t\t\t<div class=\"work-info\"> \r\n\t\t\t\t\t\t\t\t\t\t<a href=\"https:\/\/marianocardenas.com\/wp-content\/uploads\/2018\/03\/CARTEL_MDT-T3.jpg\" class=\"gallery magnific\"><\/a><div class=\"info2\"><span class=\"tipe\">Series TV<\/span><br>\r\n\t\t\t\t\t\t\t\t\t\t\t<span class=\"title\">El Ministerio del Tiempo T3<\/span><br>\r\n\t\t\t\t\t\t\t\t\t\t\t<span class=\"estreno\">2017<\/span><br>\r\n\t\t\t\t\t\t\t\t\t\t\t<span class=\"sinopsis\"><\/span><\/div><\/a><div class=\"vert-center\">\r\n\t\t\t\t\t\t\t\t\t<\/div><!--\/vert-center-->\r\n\t\t\t\t\t\t\t\t<\/div>\r\n\t\t\t\t\t\t\t<\/div><!--work-item<\/div><\/div>-->\r\n\t\t\t\t\t\t<\/div><\/div><div class=\"owl-item active\" style=\"width: 381px !important; opacity: 1; transform: translate(0px, 0px);\"><div class=\"carousel-item\">\r\n            \t\t\t<!--<div class=\"col elastic-portfolio-item element\" data-project-cat=\"\" data-default-color=\"true\" data-title-color=\"\" data-subtitle-color=\"\" style=\"width: 381px; position: relative!important; left: 0px; top: 0px\r\n\t\t\t\t\t\t\t<div class=\"inner-wrap\" data-animation=\"none\">-->\r\n\r\n\t\t\t\t\t\t\t\r\n\t\t\t\t\t\t\t\t\t\t\t\t\t\t\r\n\t\t\t\t\t\t\t<div class=\"work-item style-2 fade\">\r\n\t\t\t\t\t\t\t\r\n\t\t\t\t\t\t\t\t<img loading=\"lazy\" decoding=\"async\" width=\"270\" height=\"480\" src=\"https:\/\/marianocardenas.com\/wp-content\/uploads\/2016\/07\/iluminacion-audiovisual-ministerio-poster.jpg\" class=\"skip-lazy attachment-full imgfadeIn\" alt=\"\" loading=\"lazy\" srcset=\"https:\/\/marianocardenas.com\/wp-content\/uploads\/2016\/07\/iluminacion-audiovisual-ministerio-poster.jpg 380w, https:\/\/marianocardenas.com\/wp-content\/uploads\/2016\/07\/iluminacion-audiovisual-ministerio-poster.jpg 142w\" sizes=\"auto, (max-width: 380px) 100vw, 380px\">\t\t\t\r\n\t\t\t\t\t\t\t\t<span class=\"estreno2\">2016<\/span>\r\n\t\t\t\t\t\t\t\t<div class=\"work-info-bg\"><\/div>\r\n\t\t\t\t\t\t\t\t<div class=\"work-info\"> \r\n\t\t\t\t\t\t\t\t\t\t<a href=\"https:\/\/marianocardenas.com\/wp-content\/uploads\/2016\/07\/iluminacion-audiovisual-ministerio-poster.jpg\" class=\"gallery magnific\"><\/a><div class=\"info2\"><span class=\"tipe\">Series TV<\/span><br>\r\n\t\t\t\t\t\t\t\t\t\t\t<span class=\"title\">El Ministerio del Tiempo<\/span><br>\r\n\t\t\t\t\t\t\t\t\t\t\t<span class=\"estreno\">2016<\/span><br>\r\n\t\t\t\t\t\t\t\t\t\t\t<span class=\"sinopsis\"><\/span><\/div><\/a><div class=\"vert-center\">\r\n\t\t\t\t\t\t\t\t\t<\/div><!--\/vert-center-->\r\n\t\t\t\t\t\t\t\t<\/div>\r\n\t\t\t\t\t\t\t<\/div><!--work-item<\/div><\/div>-->\r\n\t\t\t\t\t\t<\/div><\/div><div class=\"owl-item active\" style=\"width: 381px !important; opacity: 1; transform: translate(0px, 0px);\"><div class=\"carousel-item\">\r\n            \t\t\t<!--<div class=\"col elastic-portfolio-item element\" data-project-cat=\"\" data-default-color=\"true\" data-title-color=\"\" data-subtitle-color=\"\" style=\"width: 381px; position: relative!important; left: 0px; top: 0px\r\n\t\t\t\t\t\t\t<div class=\"inner-wrap\" data-animation=\"none\">-->\r\n\r\n\t\t\t\t\t\t\t\r\n\t\t\t\t\t\t\t\t\t\t\t\t\t\t\r\n\t\t\t\t\t\t\t<div class=\"work-item style-2 fade\">\r\n\t\t\t\t\t\t\t\r\n\t\t\t\t\t\t\t\t<img loading=\"lazy\" decoding=\"async\" width=\"270\" height=\"480\" src=\"https:\/\/marianocardenas.com\/wp-content\/uploads\/2016\/11\/mcgroup-costuras.jpg\" class=\"skip-lazy attachment-full imgfadeIn\" alt=\"\" loading=\"lazy\" srcset=\"https:\/\/marianocardenas.com\/wp-content\/uploads\/2016\/11\/mcgroup-costuras.jpg 380w, https:\/\/marianocardenas.com\/wp-content\/uploads\/2016\/11\/mcgroup-costuras.jpg 142w\" sizes=\"auto, (max-width: 380px) 100vw, 380px\">\t\t\t\r\n\t\t\t\t\t\t\t\t<span class=\"estreno2\">2015<\/span>\r\n\t\t\t\t\t\t\t\t<div class=\"work-info-bg\"><\/div>\r\n\t\t\t\t\t\t\t\t<div class=\"work-info\"> \r\n\t\t\t\t\t\t\t\t\t\t<a href=\"https:\/\/marianocardenas.com\/wp-content\/uploads\/2016\/11\/mcgroup-costuras.jpg\" class=\"gallery magnific\"><\/a><div class=\"info2\"><span class=\"tipe\">Series TV<\/span><br>\r\n\t\t\t\t\t\t\t\t\t\t\t<span class=\"title\">El Tiempo entre Costuras<\/span><br>\r\n\t\t\t\t\t\t\t\t\t\t\t<span class=\"estreno\">2015<\/span><br>\r\n\t\t\t\t\t\t\t\t\t\t\t<span class=\"sinopsis\"><\/span><\/div><\/a><div class=\"vert-center\">\r\n\t\t\t\t\t\t\t\t\t<\/div><!--\/vert-center-->\r\n\t\t\t\t\t\t\t\t<\/div>\r\n\t\t\t\t\t\t\t<\/div><!--work-item<\/div><\/div>-->\r\n\t\t\t\t\t\t<\/div><\/div><div class=\"owl-item active\" style=\"width: 381px !important; opacity: 1; transform: translate(0px, 0px);\"><div class=\"carousel-item\">\r\n            \t\t\t<!--<div class=\"col elastic-portfolio-item element\" data-project-cat=\"\" data-default-color=\"true\" data-title-color=\"\" data-subtitle-color=\"\" style=\"width: 381px; position: relative!important; left: 0px; top: 0px\r\n\t\t\t\t\t\t\t<div class=\"inner-wrap\" data-animation=\"none\">-->\r\n\r\n\t\t\t\t\t\t\t\r\n\t\t\t\t\t\t\t\t\t\t\t\t\t\t\r\n\t\t\t\t\t\t\t<div class=\"work-item style-2 fade\">\r\n\t\t\t\t\t\t\t\r\n\t\t\t\t\t\t\t\t<img loading=\"lazy\" decoding=\"async\" width=\"270\" height=\"480\" src=\"https:\/\/marianocardenas.com\/wp-content\/uploads\/2016\/11\/en-buena-compania.jpg\" class=\"skip-lazy attachment-full imgfadeIn\" alt=\"\" loading=\"lazy\" srcset=\"https:\/\/marianocardenas.com\/wp-content\/uploads\/2016\/11\/en-buena-compania.jpg 380w, https:\/\/marianocardenas.com\/wp-content\/uploads\/2016\/11\/en-buena-compania.jpg 142w\" sizes=\"auto, (max-width: 380px) 100vw, 380px\">\t\t\t\r\n\t\t\t\t\t\t\t\t<span class=\"estreno2\">2006<\/span>\r\n\t\t\t\t\t\t\t\t<div class=\"work-info-bg\"><\/div>\r\n\t\t\t\t\t\t\t\t<div class=\"work-info\"> \r\n\t\t\t\t\t\t\t\t\t\t<a href=\"https:\/\/marianocardenas.com\/wp-content\/uploads\/2016\/11\/en-buena-compania.jpg\" class=\"gallery magnific\"><\/a><div class=\"info2\"><span class=\"tipe\">Series TV<\/span><br>\r\n\t\t\t\t\t\t\t\t\t\t\t<span class=\"title\">En Buena Compa\u00f1\u00eda<\/span><br>\r\n\t\t\t\t\t\t\t\t\t\t\t<span class=\"estreno\">2006<\/span><br>\r\n\t\t\t\t\t\t\t\t\t\t\t<span class=\"sinopsis\"><\/span><\/div><\/a><div class=\"vert-center\">\r\n\t\t\t\t\t\t\t\t\t<\/div><!--\/vert-center-->\r\n\t\t\t\t\t\t\t\t<\/div>\r\n\t\t\t\t\t\t\t<\/div><!--work-item<\/div><\/div>-->\r\n\t\t\t\t\t\t<\/div><\/div><div class=\"owl-item active\" style=\"width: 381px !important; opacity: 1; transform: translate(0px, 0px);\"><div class=\"carousel-item\">\r\n            \t\t\t<!--<div class=\"col elastic-portfolio-item element\" data-project-cat=\"\" data-default-color=\"true\" data-title-color=\"\" data-subtitle-color=\"\" style=\"width: 381px; position: relative!important; left: 0px; top: 0px\r\n\t\t\t\t\t\t\t<div class=\"inner-wrap\" data-animation=\"none\">-->\r\n\r\n\t\t\t\t\t\t\t\r\n\t\t\t\t\t\t\t\t\t\t\t\t\t\t\r\n\t\t\t\t\t\t\t<div class=\"work-item style-2 fade\">\r\n\t\t\t\t\t\t\t\r\n\t\t\t\t\t\t\t\t<img loading=\"lazy\" decoding=\"async\" width=\"270\" height=\"480\" src=\"https:\/\/marianocardenas.com\/wp-content\/uploads\/2016\/10\/mcgroup-ana.jpg\" class=\"skip-lazy attachment-full imgfadeIn\" alt=\"\" loading=\"lazy\" srcset=\"https:\/\/marianocardenas.com\/wp-content\/uploads\/2016\/10\/mcgroup-ana.jpg 380w, https:\/\/marianocardenas.com\/wp-content\/uploads\/2016\/10\/mcgroup-ana.jpg 142w\" sizes=\"auto, (max-width: 380px) 100vw, 380px\">\t\t\t\r\n\t\t\t\t\t\t\t\t<span class=\"estreno2\">2002 - 2005<\/span>\r\n\t\t\t\t\t\t\t\t<div class=\"work-info-bg\"><\/div>\r\n\t\t\t\t\t\t\t\t<div class=\"work-info\"> \r\n\t\t\t\t\t\t\t\t\t\t<a href=\"https:\/\/marianocardenas.com\/wp-content\/uploads\/2016\/10\/mcgroup-ana.jpg\" class=\"gallery magnific\"><\/a><div class=\"info2\"><span class=\"tipe\">Series TV<\/span><br>\r\n\t\t\t\t\t\t\t\t\t\t\t<span class=\"title\">Ana y los 7<\/span><br>\r\n\t\t\t\t\t\t\t\t\t\t\t<span class=\"estreno\">2002 - 2005<\/span><br>\r\n\t\t\t\t\t\t\t\t\t\t\t<span class=\"sinopsis\"><\/span><\/div><\/a><div class=\"vert-center\">\r\n\t\t\t\t\t\t\t\t\t<\/div><!--\/vert-center-->\r\n\t\t\t\t\t\t\t\t<\/div>\r\n\t\t\t\t\t\t\t<\/div><!--work-item<\/div><\/div>-->\r\n\t\t\t\t\t\t<\/div><\/div><div class=\"owl-item active\" style=\"width: 381px !important; opacity: 1; transform: translate(0px, 0px);\"><div class=\"carousel-item\">\r\n            \t\t\t<!--<div class=\"col elastic-portfolio-item element\" data-project-cat=\"\" data-default-color=\"true\" data-title-color=\"\" data-subtitle-color=\"\" style=\"width: 381px; position: relative!important; left: 0px; top: 0px\r\n\t\t\t\t\t\t\t<div class=\"inner-wrap\" data-animation=\"none\">-->\r\n\r\n\t\t\t\t\t\t\t\r\n\t\t\t\t\t\t\t\t\t\t\t\t\t\t\r\n\t\t\t\t\t\t\t<div class=\"work-item style-2 fade\">\r\n\t\t\t\t\t\t\t\r\n\t\t\t\t\t\t\t\t<img loading=\"lazy\" decoding=\"async\" width=\"270\" height=\"480\" src=\"https:\/\/marianocardenas.com\/wp-content\/uploads\/2016\/10\/robles.jpg\" class=\"skip-lazy attachment-full imgfadeIn\" alt=\"\" loading=\"lazy\" srcset=\"https:\/\/marianocardenas.com\/wp-content\/uploads\/2016\/10\/robles.jpg 380w, https:\/\/marianocardenas.com\/wp-content\/uploads\/2016\/10\/robles.jpg 142w\" sizes=\"auto, (max-width: 380px) 100vw, 380px\">\t\t\t\r\n\t\t\t\t\t\t\t\t<span class=\"estreno2\">2000 - 2001<\/span>\r\n\t\t\t\t\t\t\t\t<div class=\"work-info-bg\"><\/div>\r\n\t\t\t\t\t\t\t\t<div class=\"work-info\"> \r\n\t\t\t\t\t\t\t\t\t\t<a href=\"https:\/\/marianocardenas.com\/wp-content\/uploads\/2016\/10\/robles.jpg\" class=\"gallery magnific\"><\/a><div class=\"info2\"><span class=\"tipe\">Series TV<\/span><br>\r\n\t\t\t\t\t\t\t\t\t\t\t<span class=\"title\">Robles Investigador<\/span><br>\r\n\t\t\t\t\t\t\t\t\t\t\t<span class=\"estreno\">2000 - 2001<\/span><br>\r\n\t\t\t\t\t\t\t\t\t\t\t<span class=\"sinopsis\"><\/span><\/div><\/a><div class=\"vert-center\">\r\n\t\t\t\t\t\t\t\t\t<\/div><!--\/vert-center-->\r\n\t\t\t\t\t\t\t\t<\/div>\r\n\t\t\t\t\t\t\t<\/div><!--work-item<\/div><\/div>-->\r\n\t\t\t\t\t\t<\/div><\/div><div class=\"owl-item active\" style=\"width: 381px !important; opacity: 1; transform: translate(0px, 0px);\"><div class=\"carousel-item\">\r\n            \t\t\t<!--<div class=\"col elastic-portfolio-item element\" data-project-cat=\"\" data-default-color=\"true\" data-title-color=\"\" data-subtitle-color=\"\" style=\"width: 381px; position: relative!important; left: 0px; top: 0px\r\n\t\t\t\t\t\t\t<div class=\"inner-wrap\" data-animation=\"none\">-->\r\n\r\n\t\t\t\t\t\t\t\r\n\t\t\t\t\t\t\t\t\t\t\t\t\t\t\r\n\t\t\t\t\t\t\t<div class=\"work-item style-2 fade\">\r\n\t\t\t\t\t\t\t\r\n\t\t\t\t\t\t\t\t<img loading=\"lazy\" decoding=\"async\" width=\"270\" height=\"480\" src=\"https:\/\/marianocardenas.com\/wp-content\/uploads\/2016\/10\/al-filo.jpg\" class=\"skip-lazy attachment-full imgfadeIn\" alt=\"\" loading=\"lazy\" srcset=\"https:\/\/marianocardenas.com\/wp-content\/uploads\/2016\/10\/al-filo.jpg 380w, https:\/\/marianocardenas.com\/wp-content\/uploads\/2016\/10\/al-filo.jpg 142w\" sizes=\"auto, (max-width: 380px) 100vw, 380px\">\t\t\t\r\n\t\t\t\t\t\t\t\t<span class=\"estreno2\">2005<\/span>\r\n\t\t\t\t\t\t\t\t<div class=\"work-info-bg\"><\/div>\r\n\t\t\t\t\t\t\t\t<div class=\"work-info\"> \r\n\t\t\t\t\t\t\t\t\t\t<a href=\"https:\/\/marianocardenas.com\/wp-content\/uploads\/2016\/10\/al-filo.jpg\" class=\"gallery magnific\"><\/a><div class=\"info2\"><span class=\"tipe\">Series TV<\/span><br>\r\n\t\t\t\t\t\t\t\t\t\t\t<span class=\"title\">Al Filo de la Ley<\/span><br>\r\n\t\t\t\t\t\t\t\t\t\t\t<span class=\"estreno\">2005<\/span><br>\r\n\t\t\t\t\t\t\t\t\t\t\t<span class=\"sinopsis\"><\/span><\/div><\/a><div class=\"vert-center\">\r\n\t\t\t\t\t\t\t\t\t<\/div><!--\/vert-center-->\r\n\t\t\t\t\t\t\t\t<\/div>\r\n\t\t\t\t\t\t\t<\/div><!--work-item<\/div><\/div>-->\r\n\t\t\t\t\t\t<\/div><\/div><div class=\"owl-item active\" style=\"width: 381px !important; opacity: 1; transform: translate(0px, 0px);\"><div class=\"carousel-item\">\r\n            \t\t\t<!--<div class=\"col elastic-portfolio-item element\" data-project-cat=\"\" data-default-color=\"true\" data-title-color=\"\" data-subtitle-color=\"\" style=\"width: 381px; position: relative!important; left: 0px; top: 0px\r\n\t\t\t\t\t\t\t<div class=\"inner-wrap\" data-animation=\"none\">-->\r\n\r\n\t\t\t\t\t\t\t\r\n\t\t\t\t\t\t\t\t\t\t\t\t\t\t\r\n\t\t\t\t\t\t\t<div class=\"work-item style-2 fade\">\r\n\t\t\t\t\t\t\t\r\n\t\t\t\t\t\t\t\t<img loading=\"lazy\" decoding=\"async\" width=\"270\" height=\"480\" src=\"https:\/\/marianocardenas.com\/wp-content\/uploads\/2016\/10\/dirlandaa.jpg\" class=\"skip-lazy attachment-full imgfadeIn\" alt=\"\" loading=\"lazy\" srcset=\"https:\/\/marianocardenas.com\/wp-content\/uploads\/2016\/10\/dirlandaa.jpg 380w, https:\/\/marianocardenas.com\/wp-content\/uploads\/2016\/10\/dirlandaa.jpg 142w\" sizes=\"auto, (max-width: 380px) 100vw, 380px\">\t\t\t\r\n\t\t\t\t\t\t\t\t<span class=\"estreno2\">2000<\/span>\r\n\t\t\t\t\t\t\t\t<div class=\"work-info-bg\"><\/div>\r\n\t\t\t\t\t\t\t\t<div class=\"work-info\"> \r\n\t\t\t\t\t\t\t\t\t\t<a href=\"https:\/\/marianocardenas.com\/wp-content\/uploads\/2016\/10\/dirlandaa.jpg\" class=\"gallery magnific\"><\/a><div class=\"info2\"><span class=\"tipe\">Series TV<\/span><br>\r\n\t\t\t\t\t\t\t\t\t\t\t<span class=\"title\">Dirlandaa<\/span><br>\r\n\t\t\t\t\t\t\t\t\t\t\t<span class=\"estreno\">2000<\/span><br>\r\n\t\t\t\t\t\t\t\t\t\t\t<span class=\"sinopsis\"><\/span><\/div><\/a><div class=\"vert-center\">\r\n\t\t\t\t\t\t\t\t\t<\/div><!--\/vert-center-->\r\n\t\t\t\t\t\t\t\t<\/div>\r\n\t\t\t\t\t\t\t<\/div><!--work-item<\/div><\/div>-->\r\n\t\t\t\t\t\t<\/div><\/div><div class=\"owl-item active\" style=\"width: 381px !important; opacity: 1; transform: translate(0px, 0px);\"><div class=\"carousel-item\">\r\n            \t\t\t<!--<div class=\"col elastic-portfolio-item element\" data-project-cat=\"\" data-default-color=\"true\" data-title-color=\"\" data-subtitle-color=\"\" style=\"width: 381px; position: relative!important; left: 0px; top: 0px\r\n\t\t\t\t\t\t\t<div class=\"inner-wrap\" data-animation=\"none\">-->\r\n\r\n\t\t\t\t\t\t\t\r\n\t\t\t\t\t\t\t\t\t\t\t\t\t\t\r\n\t\t\t\t\t\t\t<div class=\"work-item style-2 fade\">\r\n\t\t\t\t\t\t\t\r\n\t\t\t\t\t\t\t\t<img loading=\"lazy\" decoding=\"async\" width=\"270\" height=\"480\" src=\"https:\/\/marianocardenas.com\/wp-content\/uploads\/2016\/09\/aysenor-1.jpg\" class=\"skip-lazy attachment-full imgfadeIn\" alt=\"\" loading=\"lazy\" srcset=\"https:\/\/marianocardenas.com\/wp-content\/uploads\/2016\/09\/aysenor-1.jpg 380w, https:\/\/marianocardenas.com\/wp-content\/uploads\/2016\/09\/aysenor-1.jpg 142w\" sizes=\"auto, (max-width: 380px) 100vw, 380px\">\t\t\t\r\n\t\t\t\t\t\t\t\t<span class=\"estreno2\">1994 - 1995<\/span>\r\n\t\t\t\t\t\t\t\t<div class=\"work-info-bg\"><\/div>\r\n\t\t\t\t\t\t\t\t<div class=\"work-info\"> \r\n\t\t\t\t\t\t\t\t\t\t<a href=\"https:\/\/marianocardenas.com\/wp-content\/uploads\/2016\/09\/aysenor-1.jpg\" class=\"gallery magnific\"><\/a><div class=\"info2\"><span class=\"tipe\">Series TV<\/span><br>\r\n\t\t\t\t\t\t\t\t\t\t\t<span class=\"title\">\u00a1Ay, se\u00f1or, se\u00f1or!<\/span><br>\r\n\t\t\t\t\t\t\t\t\t\t\t<span class=\"estreno\">1994 - 1995<\/span><br>\r\n\t\t\t\t\t\t\t\t\t\t\t<span class=\"sinopsis\"><\/span><\/div><\/a><div class=\"vert-center\">\r\n\t\t\t\t\t\t\t\t\t<\/div><!--\/vert-center-->\r\n\t\t\t\t\t\t\t\t<\/div>\r\n\t\t\t\t\t\t\t<\/div><!--work-item<\/div><\/div>-->\r\n\t\t\t\t\t\t<\/div><\/div><div class=\"owl-item active\" style=\"width: 381px !important; opacity: 1; transform: translate(0px, 0px);\"><div class=\"carousel-item\">\r\n            \t\t\t<!--<div class=\"col elastic-portfolio-item element\" data-project-cat=\"\" data-default-color=\"true\" data-title-color=\"\" data-subtitle-color=\"\" style=\"width: 381px; position: relative!important; left: 0px; top: 0px\r\n\t\t\t\t\t\t\t<div class=\"inner-wrap\" data-animation=\"none\">-->\r\n\r\n\t\t\t\t\t\t\t\r\n\t\t\t\t\t\t\t\t\t\t\t\t\t\t\r\n\t\t\t\t\t\t\t<div class=\"work-item style-2 fade\">\r\n\t\t\t\t\t\t\t\r\n\t\t\t\t\t\t\t\t<img loading=\"lazy\" decoding=\"async\" width=\"270\" height=\"480\" src=\"https:\/\/marianocardenas.com\/wp-content\/uploads\/2016\/09\/huella-1.jpg\" class=\"skip-lazy attachment-full imgfadeIn\" alt=\"\" loading=\"lazy\" srcset=\"https:\/\/marianocardenas.com\/wp-content\/uploads\/2016\/09\/huella-1.jpg 380w, https:\/\/marianocardenas.com\/wp-content\/uploads\/2016\/09\/huella-1.jpg 142w\" sizes=\"auto, (max-width: 380px) 100vw, 380px\">\t\t\t\r\n\t\t\t\t\t\t\t\t<span class=\"estreno2\">1985<\/span>\r\n\t\t\t\t\t\t\t\t<div class=\"work-info-bg\"><\/div>\r\n\t\t\t\t\t\t\t\t<div class=\"work-info\"> \r\n\t\t\t\t\t\t\t\t\t\t<a href=\"https:\/\/marianocardenas.com\/wp-content\/uploads\/2016\/09\/huella-1.jpg\" class=\"gallery magnific\"><\/a><div class=\"info2\"><span class=\"tipe\">Series TV<\/span><br>\r\n\t\t\t\t\t\t\t\t\t\t\t<span class=\"title\">La Huella del Crimen 2<\/span><br>\r\n\t\t\t\t\t\t\t\t\t\t\t<span class=\"estreno\">1985<\/span><br>\r\n\t\t\t\t\t\t\t\t\t\t\t<span class=\"sinopsis\"><\/span><\/div><\/a><div class=\"vert-center\">\r\n\t\t\t\t\t\t\t\t\t<\/div><!--\/vert-center-->\r\n\t\t\t\t\t\t\t\t<\/div>\r\n\t\t\t\t\t\t\t<\/div><!--work-item<\/div><\/div>-->\r\n\t\t\t\t\t\t<\/div><\/div><\/div><\/div><div class=\"owl-nav disabled\"><button type=\"button\" role=\"presentation\" class=\"owl-prev\"><span aria-label=\"Previous\">\u2039<\/span><\/button><button type=\"button\" role=\"presentation\" class=\"owl-next\"><span aria-label=\"Next\">\u203a<\/span><\/button><\/div><div class=\"owl-dots disabled\"><button role=\"button\" class=\"owl-dot active\"><span><\/span><\/button><\/div><\/div>\r\n\t[\/vc_column_text][divider line_type=&#8221;No Line&#8221; custom_height=&#8221;90&#8243;][carousel script=&#8221;owl_carousel&#8221; desktop_cols=&#8221;5&#8243; desktop_small_cols=&#8221;4&#8243; tablet_cols=&#8221;2&#8243; mobile_cols=&#8221;1&#8243; column_padding=&#8221;0&#8243; loop=&#8221;true&#8221; enable_animation=&#8221;true&#8221;][item id=&#8221;1617946461621-3&#8243; tab_id=&#8221;1617946461622-8&#8243; title=&#8221;Elemento&#8221;][vc_column_text][\/vc_column_text][\/item][\/carousel][\/vc_column][\/vc_row]\n","protected":false},"excerpt":{"rendered":"<p>[vc_row type=&#8221;full_width_background&#8221; full_screen_row_position=&#8221;middle&#8221; column_margin=&#8221;default&#8221; column_direction=&#8221;default&#8221; column_direction_tablet=&#8221;default&#8221; column_direction_phone=&#8221;default&#8221; scene_position=&#8221;center&#8221; text_color=&#8221;dark&#8221; text_align=&#8221;left&#8221; row_border_radius=&#8221;none&#8221; row_border_radius_applies=&#8221;bg&#8221; overlay_strength=&#8221;0.3&#8243; gradient_direction=&#8221;left_to_right&#8221; shape_divider_position=&#8221;bottom&#8221; bg_image_animation=&#8221;none&#8221; shape_type=&#8221;&#8221;][vc_column column_padding=&#8221;no-extra-padding&#8221; column_padding_tablet=&#8221;inherit&#8221; column_padding_phone=&#8221;inherit&#8221; column_padding_position=&#8221;all&#8221; background_color_opacity=&#8221;1&#8243; background_hover_color_opacity=&#8221;1&#8243; column_shadow=&#8221;none&#8221; column_border_radius=&#8221;none&#8221; column_link_target=&#8221;_self&#8221; gradient_direction=&#8221;left_to_right&#8221; overlay_strength=&#8221;0.3&#8243; width=&#8221;1\/1&#8243; tablet_width_inherit=&#8221;default&#8221; tablet_text_alignment=&#8221;default&#8221; phone_text_alignment=&#8221;default&#8221; column_border_width=&#8221;none&#8221; column_border_style=&#8221;solid&#8221; bg_image_animation=&#8221;none&#8221;][divider line_type=&#8221;No Line&#8221; custom_height=&#8221;90&#8243;][vc_gallery type=&#8221;image_grid&#8221; layout=&#8221;fullwidth&#8221; item_spacing=&#8221;default&#8221; gallery_style=&#8221;7&#8243; load_in_animation=&#8221;none&#8221; img_size=&#8221;full&#8221; el_class=&#8221;hue&#8221;][vc_column_text] Cinema [\/vc_column_text][vc_column_text][\/vc_column_text][divider line_type=&#8221;No Line&#8221; custom_height=&#8221;90&#8243;][vc_column_text] Series [\/vc_column_text][vc_column_text][\/vc_column_text][divider line_type=&#8221;No Line&#8221; custom_height=&#8221;90&#8243;][carousel script=&#8221;owl_carousel&#8221; desktop_cols=&#8221;5&#8243; desktop_small_cols=&#8221;4&#8243; tablet_cols=&#8221;2&#8243; mobile_cols=&#8221;1&#8243;&#8230;<\/p>\n","protected":false},"author":3,"featured_media":0,"parent":0,"menu_order":0,"comment_status":"closed","ping_status":"closed","template":"elementor_header_footer","meta":{"_acf_changed":false,"footnotes":""},"class_list":["post-10671","page","type-page","status-publish"],"acf":[],"yoast_head":"<!-- This site is optimized with the Yoast SEO Premium plugin v24.6 (Yoast SEO v24.7) - https:\/\/yoast.com\/wordpress\/plugins\/seo\/ -->\n<title>Work Done - Mc Group<\/title>\n<meta name=\"robots\" content=\"index, follow, max-snippet:-1, max-image-preview:large, max-video-preview:-1\" \/>\n<link rel=\"canonical\" href=\"https:\/\/marianocardenas.com\/trabajos-realizados\/\" \/>\n<meta property=\"og:locale\" content=\"en_US\" \/>\n<meta property=\"og:type\" content=\"article\" \/>\n<meta property=\"og:title\" content=\"Work Done\" \/>\n<meta property=\"og:description\" content=\"[vc_row type=&#8221;full_width_background&#8221; full_screen_row_position=&#8221;middle&#8221; column_margin=&#8221;default&#8221; column_direction=&#8221;default&#8221; column_direction_tablet=&#8221;default&#8221; column_direction_phone=&#8221;default&#8221; scene_position=&#8221;center&#8221; text_color=&#8221;dark&#8221; text_align=&#8221;left&#8221; row_border_radius=&#8221;none&#8221; row_border_radius_applies=&#8221;bg&#8221; overlay_strength=&#8221;0.3&#8243; gradient_direction=&#8221;left_to_right&#8221; shape_divider_position=&#8221;bottom&#8221; bg_image_animation=&#8221;none&#8221; shape_type=&#8221;&#8221;][vc_column column_padding=&#8221;no-extra-padding&#8221; column_padding_tablet=&#8221;inherit&#8221; column_padding_phone=&#8221;inherit&#8221; column_padding_position=&#8221;all&#8221; background_color_opacity=&#8221;1&#8243; background_hover_color_opacity=&#8221;1&#8243; column_shadow=&#8221;none&#8221; column_border_radius=&#8221;none&#8221; column_link_target=&#8221;_self&#8221; gradient_direction=&#8221;left_to_right&#8221; overlay_strength=&#8221;0.3&#8243; width=&#8221;1\/1&#8243; tablet_width_inherit=&#8221;default&#8221; tablet_text_alignment=&#8221;default&#8221; phone_text_alignment=&#8221;default&#8221; column_border_width=&#8221;none&#8221; column_border_style=&#8221;solid&#8221; bg_image_animation=&#8221;none&#8221;][divider line_type=&#8221;No Line&#8221; custom_height=&#8221;90&#8243;][vc_gallery type=&#8221;image_grid&#8221; layout=&#8221;fullwidth&#8221; item_spacing=&#8221;default&#8221; gallery_style=&#8221;7&#8243; load_in_animation=&#8221;none&#8221; img_size=&#8221;full&#8221; el_class=&#8221;hue&#8221;][vc_column_text] Cinema [\/vc_column_text][vc_column_text][\/vc_column_text][divider line_type=&#8221;No Line&#8221; custom_height=&#8221;90&#8243;][vc_column_text] Series [\/vc_column_text][vc_column_text][\/vc_column_text][divider line_type=&#8221;No Line&#8221; custom_height=&#8221;90&#8243;][carousel script=&#8221;owl_carousel&#8221; desktop_cols=&#8221;5&#8243; desktop_small_cols=&#8221;4&#8243; tablet_cols=&#8221;2&#8243; mobile_cols=&#8221;1&#8243;...\" \/>\n<meta property=\"og:url\" content=\"https:\/\/marianocardenas.com\/trabajos-realizados\/\" \/>\n<meta property=\"og:site_name\" content=\"Mc Group\" \/>\n<meta property=\"article:modified_time\" content=\"2021-04-15T11:54:25+00:00\" \/>\n<meta name=\"twitter:card\" content=\"summary_large_image\" \/>\n<meta name=\"twitter:label1\" content=\"Est. reading time\" \/>\n\t<meta name=\"twitter:data1\" content=\"1 minute\" \/>\n<script type=\"application\/ld+json\" class=\"yoast-schema-graph\">{\"@context\":\"https:\/\/schema.org\",\"@graph\":[{\"@type\":\"WebPage\",\"@id\":\"https:\/\/marianocardenas.com\/trabajos-realizados\/\",\"url\":\"https:\/\/marianocardenas.com\/trabajos-realizados\/\",\"name\":\"Work Done - Mc Group\",\"isPartOf\":{\"@id\":\"https:\/\/marianocardenas.com\/#website\"},\"datePublished\":\"2018-02-14T08:44:39+00:00\",\"dateModified\":\"2021-04-15T11:54:25+00:00\",\"breadcrumb\":{\"@id\":\"https:\/\/marianocardenas.com\/trabajos-realizados\/#breadcrumb\"},\"inLanguage\":\"en-US\",\"potentialAction\":[{\"@type\":\"ReadAction\",\"target\":[\"https:\/\/marianocardenas.com\/trabajos-realizados\/\"]}]},{\"@type\":\"BreadcrumbList\",\"@id\":\"https:\/\/marianocardenas.com\/trabajos-realizados\/#breadcrumb\",\"itemListElement\":[{\"@type\":\"ListItem\",\"position\":1,\"name\":\"Inicio\",\"item\":\"https:\/\/marianocardenas.com\/\"},{\"@type\":\"ListItem\",\"position\":2,\"name\":\"Work Done\"}]},{\"@type\":\"WebSite\",\"@id\":\"https:\/\/marianocardenas.com\/#website\",\"url\":\"https:\/\/marianocardenas.com\/\",\"name\":\"Mc Group\",\"description\":\"Alquiler Iluminaci\u00f3n para Cine\",\"potentialAction\":[{\"@type\":\"SearchAction\",\"target\":{\"@type\":\"EntryPoint\",\"urlTemplate\":\"https:\/\/marianocardenas.com\/?s={search_term_string}\"},\"query-input\":{\"@type\":\"PropertyValueSpecification\",\"valueRequired\":true,\"valueName\":\"search_term_string\"}}],\"inLanguage\":\"en-US\"}]}<\/script>\n<!-- \/ Yoast SEO Premium plugin. -->","yoast_head_json":{"title":"Work Done - Mc Group","robots":{"index":"index","follow":"follow","max-snippet":"max-snippet:-1","max-image-preview":"max-image-preview:large","max-video-preview":"max-video-preview:-1"},"canonical":"https:\/\/marianocardenas.com\/trabajos-realizados\/","og_locale":"en_US","og_type":"article","og_title":"Work Done","og_description":"[vc_row type=&#8221;full_width_background&#8221; full_screen_row_position=&#8221;middle&#8221; column_margin=&#8221;default&#8221; column_direction=&#8221;default&#8221; column_direction_tablet=&#8221;default&#8221; column_direction_phone=&#8221;default&#8221; scene_position=&#8221;center&#8221; text_color=&#8221;dark&#8221; text_align=&#8221;left&#8221; row_border_radius=&#8221;none&#8221; row_border_radius_applies=&#8221;bg&#8221; overlay_strength=&#8221;0.3&#8243; gradient_direction=&#8221;left_to_right&#8221; shape_divider_position=&#8221;bottom&#8221; bg_image_animation=&#8221;none&#8221; shape_type=&#8221;&#8221;][vc_column column_padding=&#8221;no-extra-padding&#8221; column_padding_tablet=&#8221;inherit&#8221; column_padding_phone=&#8221;inherit&#8221; column_padding_position=&#8221;all&#8221; background_color_opacity=&#8221;1&#8243; background_hover_color_opacity=&#8221;1&#8243; column_shadow=&#8221;none&#8221; column_border_radius=&#8221;none&#8221; column_link_target=&#8221;_self&#8221; gradient_direction=&#8221;left_to_right&#8221; overlay_strength=&#8221;0.3&#8243; width=&#8221;1\/1&#8243; tablet_width_inherit=&#8221;default&#8221; tablet_text_alignment=&#8221;default&#8221; phone_text_alignment=&#8221;default&#8221; column_border_width=&#8221;none&#8221; column_border_style=&#8221;solid&#8221; bg_image_animation=&#8221;none&#8221;][divider line_type=&#8221;No Line&#8221; custom_height=&#8221;90&#8243;][vc_gallery type=&#8221;image_grid&#8221; layout=&#8221;fullwidth&#8221; item_spacing=&#8221;default&#8221; gallery_style=&#8221;7&#8243; load_in_animation=&#8221;none&#8221; img_size=&#8221;full&#8221; el_class=&#8221;hue&#8221;][vc_column_text] Cinema [\/vc_column_text][vc_column_text][\/vc_column_text][divider line_type=&#8221;No Line&#8221; custom_height=&#8221;90&#8243;][vc_column_text] Series [\/vc_column_text][vc_column_text][\/vc_column_text][divider line_type=&#8221;No Line&#8221; custom_height=&#8221;90&#8243;][carousel script=&#8221;owl_carousel&#8221; desktop_cols=&#8221;5&#8243; desktop_small_cols=&#8221;4&#8243; tablet_cols=&#8221;2&#8243; mobile_cols=&#8221;1&#8243;...","og_url":"https:\/\/marianocardenas.com\/trabajos-realizados\/","og_site_name":"Mc Group","article_modified_time":"2021-04-15T11:54:25+00:00","twitter_card":"summary_large_image","twitter_misc":{"Est. reading time":"1 minute"},"schema":{"@context":"https:\/\/schema.org","@graph":[{"@type":"WebPage","@id":"https:\/\/marianocardenas.com\/trabajos-realizados\/","url":"https:\/\/marianocardenas.com\/trabajos-realizados\/","name":"Work Done - Mc Group","isPartOf":{"@id":"https:\/\/marianocardenas.com\/#website"},"datePublished":"2018-02-14T08:44:39+00:00","dateModified":"2021-04-15T11:54:25+00:00","breadcrumb":{"@id":"https:\/\/marianocardenas.com\/trabajos-realizados\/#breadcrumb"},"inLanguage":"en-US","potentialAction":[{"@type":"ReadAction","target":["https:\/\/marianocardenas.com\/trabajos-realizados\/"]}]},{"@type":"BreadcrumbList","@id":"https:\/\/marianocardenas.com\/trabajos-realizados\/#breadcrumb","itemListElement":[{"@type":"ListItem","position":1,"name":"Inicio","item":"https:\/\/marianocardenas.com\/"},{"@type":"ListItem","position":2,"name":"Work Done"}]},{"@type":"WebSite","@id":"https:\/\/marianocardenas.com\/#website","url":"https:\/\/marianocardenas.com\/","name":"Mc Group","description":"Alquiler Iluminaci\u00f3n para Cine","potentialAction":[{"@type":"SearchAction","target":{"@type":"EntryPoint","urlTemplate":"https:\/\/marianocardenas.com\/?s={search_term_string}"},"query-input":{"@type":"PropertyValueSpecification","valueRequired":true,"valueName":"search_term_string"}}],"inLanguage":"en-US"}]}},"_links":{"self":[{"href":"https:\/\/marianocardenas.com\/en\/wp-json\/wp\/v2\/pages\/10671","targetHints":{"allow":["GET"]}}],"collection":[{"href":"https:\/\/marianocardenas.com\/en\/wp-json\/wp\/v2\/pages"}],"about":[{"href":"https:\/\/marianocardenas.com\/en\/wp-json\/wp\/v2\/types\/page"}],"author":[{"embeddable":true,"href":"https:\/\/marianocardenas.com\/en\/wp-json\/wp\/v2\/users\/3"}],"replies":[{"embeddable":true,"href":"https:\/\/marianocardenas.com\/en\/wp-json\/wp\/v2\/comments?post=10671"}],"version-history":[{"count":4,"href":"https:\/\/marianocardenas.com\/en\/wp-json\/wp\/v2\/pages\/10671\/revisions"}],"predecessor-version":[{"id":11280,"href":"https:\/\/marianocardenas.com\/en\/wp-json\/wp\/v2\/pages\/10671\/revisions\/11280"}],"wp:attachment":[{"href":"https:\/\/marianocardenas.com\/en\/wp-json\/wp\/v2\/media?parent=10671"}],"curies":[{"name":"wp","href":"https:\/\/api.w.org\/{rel}","templated":true}]}}